{"id":11436,"date":"2020-10-05T14:36:47","date_gmt":"2020-10-05T12:36:47","guid":{"rendered":"http:\/\/physics.uwb.edu.pl\/wf\/?page_id=11436"},"modified":"2020-10-14T13:22:30","modified_gmt":"2020-10-14T11:22:30","slug":"salon-maturzystow-perspektywy-2-2-2-3","status":"publish","type":"page","link":"https:\/\/physics.uwb.edu.pl\/wf\/?page_id=11436","title":{"rendered":"Inauguracja roku akademickiego 2020\/2021"},"content":{"rendered":"<p>05.10.2020 r. odby\u0142a si\u0119 uroczysta inauguracja roku akademickiego 2020\/2021. Ze wzgl\u0119du na obostrzenia zwi\u0105zane z COVID-19 by\u0142a to nietypowa impreza.<\/p>\n<p>Uroczysto\u015b\u0107 poprowadzi\u0142y <strong>nowe w\u0142adze<\/strong> dzieka\u0144skie (kadencja wystartowa\u0142a 1-szego pa\u017adziernika 2020 r.) &#8211; prof. dr hab. Jan Cie\u015bli\u0144ski (dziekan Wydzia\u0142u Fizyki), dr Cezary Walczyk (prodziekan ds. og\u00f3lnych) oraz dr Krystyna Perzy\u0144ska (prodziekan ds. studenckich). Mieli\u015bmy przyjemno\u015b\u0107 go\u015bci\u0107 Prorektor ds. Nauki prof. dr hab. Izabel\u0119 \u015awi\u0119cick\u0105, cz\u0142onk\u00f3w Rady Wydzia\u0142u Fizyki, pracownik\u00f3w Dziekanatu oraz biblioteki oraz <strong>student\u00f3w pierwszego roku<\/strong> (tylko pierwszego roku, ze wzgl\u0119du na konieczno\u015b\u0107 zachowania odst\u0119p\u00f3w zwi\u0105zanych z pandemi\u0105 koronawirusa).<\/p>\n<p style=\"text-align: center;\"><img loading=\"lazy\" decoding=\"async\" class=\"alignnone wp-image-11438 size-medium\" src=\"http:\/\/physics.uwb.edu.pl\/wf\/wp-content\/uploads\/2020\/10\/DSC_0382-300x169.jpg\" alt=\"\" width=\"300\" height=\"169\" srcset=\"https:\/\/physics.uwb.edu.pl\/wf\/wp-content\/uploads\/2020\/10\/DSC_0382-300x169.jpg 300w, https:\/\/physics.uwb.edu.pl\/wf\/wp-content\/uploads\/2020\/10\/DSC_0382-1024x576.jpg 1024w, https:\/\/physics.uwb.edu.pl\/wf\/wp-content\/uploads\/2020\/10\/DSC_0382-150x84.jpg 150w, https:\/\/physics.uwb.edu.pl\/wf\/wp-content\/uploads\/2020\/10\/DSC_0382-1536x864.jpg 1536w, https:\/\/physics.uwb.edu.pl\/wf\/wp-content\/uploads\/2020\/10\/DSC_0382-888x500.jpg 888w, https:\/\/physics.uwb.edu.pl\/wf\/wp-content\/uploads\/2020\/10\/DSC_0382.jpg 1800w\" sizes=\"auto, (max-width: 300px) 100vw, 300px\" \/> <img loading=\"lazy\" decoding=\"async\" class=\"alignnone size-medium wp-image-11439\" src=\"http:\/\/physics.uwb.edu.pl\/wf\/wp-content\/uploads\/2020\/10\/DSC_0381-300x169.jpg\" alt=\"\" width=\"300\" height=\"169\" srcset=\"https:\/\/physics.uwb.edu.pl\/wf\/wp-content\/uploads\/2020\/10\/DSC_0381-300x169.jpg 300w, https:\/\/physics.uwb.edu.pl\/wf\/wp-content\/uploads\/2020\/10\/DSC_0381-1024x576.jpg 1024w, https:\/\/physics.uwb.edu.pl\/wf\/wp-content\/uploads\/2020\/10\/DSC_0381-150x84.jpg 150w, https:\/\/physics.uwb.edu.pl\/wf\/wp-content\/uploads\/2020\/10\/DSC_0381-1536x864.jpg 1536w, https:\/\/physics.uwb.edu.pl\/wf\/wp-content\/uploads\/2020\/10\/DSC_0381-888x500.jpg 888w, https:\/\/physics.uwb.edu.pl\/wf\/wp-content\/uploads\/2020\/10\/DSC_0381.jpg 1800w\" sizes=\"auto, (max-width: 300px) 100vw, 300px\" \/> <img loading=\"lazy\" decoding=\"async\" class=\"alignnone size-medium wp-image-11440\" src=\"http:\/\/physics.uwb.edu.pl\/wf\/wp-content\/uploads\/2020\/10\/DSC_0379-300x169.jpg\" alt=\"\" width=\"300\" height=\"169\" srcset=\"https:\/\/physics.uwb.edu.pl\/wf\/wp-content\/uploads\/2020\/10\/DSC_0379-300x169.jpg 300w, https:\/\/physics.uwb.edu.pl\/wf\/wp-content\/uploads\/2020\/10\/DSC_0379-1024x576.jpg 1024w, https:\/\/physics.uwb.edu.pl\/wf\/wp-content\/uploads\/2020\/10\/DSC_0379-150x84.jpg 150w, https:\/\/physics.uwb.edu.pl\/wf\/wp-content\/uploads\/2020\/10\/DSC_0379-1536x864.jpg 1536w, https:\/\/physics.uwb.edu.pl\/wf\/wp-content\/uploads\/2020\/10\/DSC_0379-888x500.jpg 888w, https:\/\/physics.uwb.edu.pl\/wf\/wp-content\/uploads\/2020\/10\/DSC_0379.jpg 1800w\" sizes=\"auto, (max-width: 300px) 100vw, 300px\" \/> <img loading=\"lazy\" decoding=\"async\" class=\"alignnone size-medium wp-image-11437\" src=\"http:\/\/physics.uwb.edu.pl\/wf\/wp-content\/uploads\/2020\/10\/DSC_0389-300x169.jpg\" alt=\"\" width=\"300\" height=\"169\" srcset=\"https:\/\/physics.uwb.edu.pl\/wf\/wp-content\/uploads\/2020\/10\/DSC_0389-300x169.jpg 300w, https:\/\/physics.uwb.edu.pl\/wf\/wp-content\/uploads\/2020\/10\/DSC_0389-1024x576.jpg 1024w, https:\/\/physics.uwb.edu.pl\/wf\/wp-content\/uploads\/2020\/10\/DSC_0389-150x84.jpg 150w, https:\/\/physics.uwb.edu.pl\/wf\/wp-content\/uploads\/2020\/10\/DSC_0389-1536x864.jpg 1536w, https:\/\/physics.uwb.edu.pl\/wf\/wp-content\/uploads\/2020\/10\/DSC_0389-888x500.jpg 888w, https:\/\/physics.uwb.edu.pl\/wf\/wp-content\/uploads\/2020\/10\/DSC_0389.jpg 1800w\" sizes=\"auto, (max-width: 300px) 100vw, 300px\" \/><br \/>\n<em style=\"text-align: center;\"><span style=\"font-size: 12px;\">(autor zdj\u0119\u0107: K. Gawryluk)<\/span><\/em><\/p>\n<p>Dziekan Wydzia\u0142u Fizyki prof. dr hab. Jan Cie\u015bli\u0144ski w swoim wyst\u0105pieniu wymienia\u0142 sukcesy Wydzia\u0142u oraz podzi\u0119kowa\u0142 wszystkim pracownikom i studentom za zaanga\u017cowanie i prac\u0119 na rzecz rozwoju naszego Wydzia\u0142u. Ze wzgl\u0119du na COVID-19 nie odby\u0142a si\u0119 ceremonia wr\u0119czenia dyplom\u00f3w zas\u0142u\u017conym pracownikom. Dziekan przedstawi\u0142 perspektywiczn\u0105 wizj\u0119 Wydzia\u0142u, w tym powstanie nowego <strong>ko\u0142a naukowego astronomii <\/strong>(zobaczymy, co z tego wyniknie).<\/p>\n<p>Jednym z g\u0142\u00f3wnych punkt\u00f3w uroczysto\u015bci by\u0142a immatrykulacja student\u00f3w, kt\u00f3rzy pod wodz\u0105 Prorektora ds. Studenckich dr. Krystyny Perzy\u0144skiej z\u0142o\u017cyli uroczyste \u015blubowanie.<\/p>\n<p>Studenci, kt\u00f3rzy osi\u0105gn\u0119li najlepsze wyniki podczas obron prac dyplomowych zostali uhonorowani dyplomami &#8211; gratulujemy Pani Natalii Jaro\u015b oraz Panu Grzegorzowi Ostapczukowi.<\/p>\n<p>Tegoroczny wyk\u0142ad inauguracyjny pt. \u201eApologia decyzji najlepszych<span class=\"text_exposed_show\">&#8221; wyg\u0142osi\u0142 prof. dr hab. Edward Piotrowski.<\/span><\/p>\n<p>Serdecznie dzi\u0119kujemy wszystkim, kt\u00f3rzy przybyli, aby wsp\u00f3lnie z nami rozpocz\u0105\u0107 nowy rok akademicki, natomiast naszym studentom \u017cyczymy wielu sukces\u00f3w!<\/p>\n","protected":false},"excerpt":{"rendered":"<p>05.10.2020 r. odby\u0142a si\u0119 uroczysta inauguracja roku akademickiego 2020\/2021. Ze wzgl\u0119du na obostrzenia zwi\u0105zane z COVID-19 by\u0142a to nietypowa impreza. Uroczysto\u015b\u0107 poprowadzi\u0142y nowe w\u0142adze dzieka\u0144skie (kadencja wystartowa\u0142a 1-szego pa\u017adziernika 2020 <a href=\"https:\/\/physics.uwb.edu.pl\/wf\/?page_id=11436\" class=\"more-link\">[&hellip;]<\/a><\/p>\n","protected":false},"author":5,"featured_media":11439,"parent":2744,"menu_order":0,"comment_status":"closed","ping_status":"closed","template":"","meta":{"ngg_post_thumbnail":0,"Layout":"1c","footnotes":""},"categories":[166,131],"tags":[],"class_list":["entry","author-gawryl","post-11436","page","type-page","status-publish","has-post-thumbnail","category-edukacyjne","category-galeria_foto"],"jetpack_sharing_enabled":true,"jetpack_shortlink":"https:\/\/wp.me\/P7nvcn-2Ys","_links":{"self":[{"href":"https:\/\/physics.uwb.edu.pl\/wf\/index.php?rest_route=\/wp\/v2\/pages\/11436","targetHints":{"allow":["GET"]}}],"collection":[{"href":"https:\/\/physics.uwb.edu.pl\/wf\/index.php?rest_route=\/wp\/v2\/pages"}],"about":[{"href":"https:\/\/physics.uwb.edu.pl\/wf\/index.php?rest_route=\/wp\/v2\/types\/page"}],"author":[{"embeddable":true,"href":"https:\/\/physics.uwb.edu.pl\/wf\/index.php?rest_route=\/wp\/v2\/users\/5"}],"replies":[{"embeddable":true,"href":"https:\/\/physics.uwb.edu.pl\/wf\/index.php?rest_route=%2Fwp%2Fv2%2Fcomments&post=11436"}],"version-history":[{"count":3,"href":"https:\/\/physics.uwb.edu.pl\/wf\/index.php?rest_route=\/wp\/v2\/pages\/11436\/revisions"}],"predecessor-version":[{"id":11459,"href":"https:\/\/physics.uwb.edu.pl\/wf\/index.php?rest_route=\/wp\/v2\/pages\/11436\/revisions\/11459"}],"up":[{"embeddable":true,"href":"https:\/\/physics.uwb.edu.pl\/wf\/index.php?rest_route=\/wp\/v2\/pages\/2744"}],"wp:featuredmedia":[{"embeddable":true,"href":"https:\/\/physics.uwb.edu.pl\/wf\/index.php?rest_route=\/wp\/v2\/media\/11439"}],"wp:attachment":[{"href":"https:\/\/physics.uwb.edu.pl\/wf\/index.php?rest_route=%2Fwp%2Fv2%2Fmedia&parent=11436"}],"wp:term":[{"taxonomy":"category","embeddable":true,"href":"https:\/\/physics.uwb.edu.pl\/wf\/index.php?rest_route=%2Fwp%2Fv2%2Fcategories&post=11436"},{"taxonomy":"post_tag","embeddable":true,"href":"https:\/\/physics.uwb.edu.pl\/wf\/index.php?rest_route=%2Fwp%2Fv2%2Ftags&post=11436"}],"curies":[{"name":"wp","href":"https:\/\/api.w.org\/{rel}","templated":true}]}}