{"id":11694,"date":"2020-12-15T12:15:02","date_gmt":"2020-12-15T11:15:02","guid":{"rendered":"http:\/\/physics.uwb.edu.pl\/wf\/?page_id=11694"},"modified":"2020-12-18T11:09:48","modified_gmt":"2020-12-18T10:09:48","slug":"salon-maturzystow-perspektywy-2-2-2-3-2","status":"publish","type":"page","link":"https:\/\/physics.uwb.edu.pl\/wf\/?page_id=11694","title":{"rendered":"Profesor dr hab. Eugeniusz \u017bukowski \u2013 &#8220;50 lat wsp\u00f3\u0142tworzenia uniwersyteckiej fizyki w Bia\u0142ymstoku\u201d"},"content":{"rendered":"<p>Dnia 15.12.2020 o godz. 12:15 odby\u0142o si\u0119 uroczyste wydarzenie dedykowane odchodz\u0105cemu na zas\u0142u\u017con\u0105 emerytur\u0119 Profesorowi Eugeniuszowi \u017bukowskiemu. Spotkanie seminaryjne pt. <strong>&#8220;Profesor dr hab. Eugeniusz \u017bukowski &#8211; 50 lat wsp\u00f3\u0142tworzenia uniwersyteckiej fizyki w Bia\u0142ymstoku&#8221;<\/strong> ze wzgl\u0119du na aktualn\u0105 sytuacj\u0119 z COVID-19 musia\u0142o si\u0119 odby\u0107 w formie hybrydowej. Tylko cz\u0119\u015b\u0107 zaproszonych go\u015bci uczestniczy\u0142a na \u017cywo w auli Wydzia\u0142u Fizyki, natomiast inni mogli \u015bledzi\u0107 wydarzenie w transmisji na \u017cywo.<\/p>\n<p>ngg_shortcode_0_placeholderWspominali\u015bmy wsp\u00f3lnie bogat\u0105 dzia\u0142alno\u015b\u0107 dydaktyczn\u0105, organizacyjn\u0105 oraz przede wszystkim naukow\u0105 Pana Profesora na polu metod j\u0105drowych w fizyce cia\u0142a sta\u0142ego a zw\u0142aszcza jego niekwestionowane osi\u0105gni\u0119cia w spektroskopii komptonowskiej. Mieli\u015bmy przyjemno\u015b\u0107 go\u015bci\u0107 Rektora Uniwersytetu w Bia\u0142ymstoku Prof. dr hab. Roberta W. Ciborowskiego, Prorektora ds. nauki i wsp\u00f3\u0142pracy mi\u0119dzynarodowej Prof. dr hab. Izabel\u0119 \u015awi\u0119cick\u0105, Dziekan\u00f3w Wydzia\u0142u Fizyki Uniwersytetu (prof. L. Dobrzy\u0144ski, prof. P. Jaranowski, prof. J. L. Cie\u015bli\u0144ski) w Bia\u0142ymstoku oraz Dziekan\u00f3w zaprzyja\u017anionych wydzia\u0142\u00f3w (Dziekan Wydzia\u0142u Biologii dr hab. Piotr Zieli\u0144ski, prof. UwB, Prodziekan Wydzia\u0142u Biologii ds. rozwoju dr hab. Ada Wr\u00f3blewska, prof. UwB, Dziekan Wydzia\u0142u Chemii prof. dr hab. Joanna Karpi\u0144ska), a tak\u017ce najbli\u017cszych wsp\u00f3\u0142pracownik\u00f3w. Kilkadziesi\u0105t os\u00f3b uczestniczy\u0142o w uroczysto\u015bci on-line a w\u015br\u00f3d nich: wsp\u00f3\u0142pracownicy, studenci, koledzy z czas\u00f3w studenckich Pana Profesora oraz Rodzina.<\/p>\n<p>&nbsp;<\/p>\n<p style=\"text-align: right;\">Autor zdj\u0119\u0107 i tekstu: dr Marek Brancewicz, Wydzia\u0142 Fizyki UwB<\/p>\n","protected":false},"excerpt":{"rendered":"<p>Dnia 15.12.2020 o godz. 12:15 odby\u0142o si\u0119 uroczyste wydarzenie dedykowane odchodz\u0105cemu na zas\u0142u\u017con\u0105 emerytur\u0119 Profesorowi Eugeniuszowi \u017bukowskiemu. Spotkanie seminaryjne pt. &#8220;Profesor dr hab. Eugeniusz \u017bukowski &#8211; 50 lat wsp\u00f3\u0142tworzenia uniwersyteckiej <a href=\"https:\/\/physics.uwb.edu.pl\/wf\/?page_id=11694\" class=\"more-link\">[&hellip;]<\/a><\/p>\n","protected":false},"author":5,"featured_media":11712,"parent":2744,"menu_order":0,"comment_status":"closed","ping_status":"closed","template":"","meta":{"ngg_post_thumbnail":0,"Layout":"1c","footnotes":""},"categories":[166,131],"tags":[],"class_list":["entry","author-gawryl","post-11694","page","type-page","status-publish","has-post-thumbnail","category-edukacyjne","category-galeria_foto"],"jetpack_sharing_enabled":true,"jetpack_shortlink":"https:\/\/wp.me\/P7nvcn-32C","_links":{"self":[{"href":"https:\/\/physics.uwb.edu.pl\/wf\/index.php?rest_route=\/wp\/v2\/pages\/11694","targetHints":{"allow":["GET"]}}],"collection":[{"href":"https:\/\/physics.uwb.edu.pl\/wf\/index.php?rest_route=\/wp\/v2\/pages"}],"about":[{"href":"https:\/\/physics.uwb.edu.pl\/wf\/index.php?rest_route=\/wp\/v2\/types\/page"}],"author":[{"embeddable":true,"href":"https:\/\/physics.uwb.edu.pl\/wf\/index.php?rest_route=\/wp\/v2\/users\/5"}],"replies":[{"embeddable":true,"href":"https:\/\/physics.uwb.edu.pl\/wf\/index.php?rest_route=%2Fwp%2Fv2%2Fcomments&post=11694"}],"version-history":[{"count":7,"href":"https:\/\/physics.uwb.edu.pl\/wf\/index.php?rest_route=\/wp\/v2\/pages\/11694\/revisions"}],"predecessor-version":[{"id":11719,"href":"https:\/\/physics.uwb.edu.pl\/wf\/index.php?rest_route=\/wp\/v2\/pages\/11694\/revisions\/11719"}],"up":[{"embeddable":true,"href":"https:\/\/physics.uwb.edu.pl\/wf\/index.php?rest_route=\/wp\/v2\/pages\/2744"}],"wp:featuredmedia":[{"embeddable":true,"href":"https:\/\/physics.uwb.edu.pl\/wf\/index.php?rest_route=\/wp\/v2\/media\/11712"}],"wp:attachment":[{"href":"https:\/\/physics.uwb.edu.pl\/wf\/index.php?rest_route=%2Fwp%2Fv2%2Fmedia&parent=11694"}],"wp:term":[{"taxonomy":"category","embeddable":true,"href":"https:\/\/physics.uwb.edu.pl\/wf\/index.php?rest_route=%2Fwp%2Fv2%2Fcategories&post=11694"},{"taxonomy":"post_tag","embeddable":true,"href":"https:\/\/physics.uwb.edu.pl\/wf\/index.php?rest_route=%2Fwp%2Fv2%2Ftags&post=11694"}],"curies":[{"name":"wp","href":"https:\/\/api.w.org\/{rel}","templated":true}]}}