{"id":2744,"date":"2016-05-20T11:12:24","date_gmt":"2016-05-20T09:12:24","guid":{"rendered":"http:\/\/physics.uwb.edu.pl\/wf\/?page_id=2744"},"modified":"2017-03-27T10:59:48","modified_gmt":"2017-03-27T08:59:48","slug":"galeria","status":"publish","type":"page","link":"https:\/\/physics.uwb.edu.pl\/wf\/?page_id=2744","title":{"rendered":"Kronika Wydzia\u0142u Fizyki"},"content":{"rendered":"<p>\n<!-- Page-list plugin v.5.9 wordpress.org\/plugins\/page-list\/ -->\n<div class=\"page-list page-list-ext \">\n<div class=\"page-list-ext-item\"><div class=\"page-list-ext-image\"><a href=\"https:\/\/physics.uwb.edu.pl\/wf\/?page_id=13247\" title=\"Radio Naukowe [E81] - rozmowa z prof. Piotrem Jaranowskim\"><img decoding=\"async\" src=\"https:\/\/physics.uwb.edu.pl\/wf\/wp-content\/uploads\/2022\/02\/radionaukowe202202x-150x113.jpg\" width=\"150\" alt=\"Radio Naukowe [E81] - rozmowa z prof. Piotrem Jaranowskim\" \/><\/a><\/div> <h3 class=\"page-list-ext-title\"><a href=\"https:\/\/physics.uwb.edu.pl\/wf\/?page_id=13247\" title=\"Radio Naukowe [E81] - rozmowa z prof. Piotrem Jaranowskim\">Radio Naukowe [E81] - rozmowa z prof. Piotrem Jaranowskim<\/a><\/h3><div class=\"page-list-ext-item-content\"> \r\n\r\nZach\u0119camy do wys\u0142uchania bardzo ciekawej rozmowy o nauce - cho\u0107 temat g\u0142\u00f3wny koncentruje si\u0119 wok\u00f3\u0142 Og\u00f3lnej Teorii Wzgl\u0119dno\u015bci i jej konkurentach (OTW nie jest jedyna \"na rynku\"!) to pojawi\u0105 si\u0119 tak\u017ce wzmianki o fizyce kwantowej czy podr\u00f3\u017cach w c...<\/div><\/div>\n<div class=\"page-list-ext-item\"><div class=\"page-list-ext-image\"><a href=\"https:\/\/physics.uwb.edu.pl\/wf\/?page_id=12944\" title=\"Noc Innowacji 2021\"><img decoding=\"async\" src=\"https:\/\/physics.uwb.edu.pl\/wf\/wp-content\/uploads\/2021\/10\/noc-innowacji2021logo-150x140.jpg\" width=\"150\" alt=\"Noc Innowacji 2021\" \/><\/a><\/div> <h3 class=\"page-list-ext-title\"><a href=\"https:\/\/physics.uwb.edu.pl\/wf\/?page_id=12944\" title=\"Noc Innowacji 2021\">Noc Innowacji 2021<\/a><\/h3><div class=\"page-list-ext-item-content\">Noc Innowacji  to og\u00f3lnopolska inicjatywa realizowana w ramach Festiwalu Cyfryzacji , kt\u00f3rej celem jest przedstawienie osi\u0105gni\u0119\u0107 polskiej nauki i biznesu, a tak\u017ce prezentacja tego, w jaki spos\u00f3b cyfryzacja, zaawansowane technologie i robotyka zmieniaj\u0105 nasz \u015bw...<\/div><\/div>\n<div class=\"page-list-ext-item\"><div class=\"page-list-ext-image\"><a href=\"https:\/\/physics.uwb.edu.pl\/wf\/?page_id=12853\" title=\"Xylopolis - zimny, ultraszybki zapis magnetyczny\"><img decoding=\"async\" src=\"https:\/\/physics.uwb.edu.pl\/wf\/wp-content\/uploads\/2021\/10\/Zrzut-ekranu-z-2021-10-07-22-06-50-150x84.png\" width=\"150\" alt=\"Xylopolis - zimny, ultraszybki zapis magnetyczny\" \/><\/a><\/div> <h3 class=\"page-list-ext-title\"><a href=\"https:\/\/physics.uwb.edu.pl\/wf\/?page_id=12853\" title=\"Xylopolis - zimny, ultraszybki zapis magnetyczny\">Xylopolis - zimny, ultraszybki zapis magnetyczny<\/a><\/h3><div class=\"page-list-ext-item-content\">Xylopolis to projekt promuj\u0105cy ekologi\u0119 i wojew\u00f3dztwo podlaskie podczas \u015awiatowej Wystawy EXPO 2020 w Dubaju. Pa\u0144stwa uczestnicz\u0105ce w Wystawie EXPO przygotowuj\u0105 w\u0142asn\u0105 przestrze\u0144, kt\u00f3ra jest wizyt\u00f3wk\u0105 danego kraju. Projekt polskiego pawilonu  b\u0119dzie wyko...<\/div><\/div>\n<div class=\"page-list-ext-item\"><div class=\"page-list-ext-image\"><a href=\"https:\/\/physics.uwb.edu.pl\/wf\/?page_id=12816\" title=\"Inauguracja roku akademickiego 2021\/2022\"><img decoding=\"async\" src=\"https:\/\/physics.uwb.edu.pl\/wf\/wp-content\/uploads\/2021\/10\/DSC_2606-150x84.jpg\" width=\"150\" alt=\"Inauguracja roku akademickiego 2021\/2022\" \/><\/a><\/div> <h3 class=\"page-list-ext-title\"><a href=\"https:\/\/physics.uwb.edu.pl\/wf\/?page_id=12816\" title=\"Inauguracja roku akademickiego 2021\/2022\">Inauguracja roku akademickiego 2021\/2022<\/a><\/h3><div class=\"page-list-ext-item-content\">W dniu 04.10.2020 r. odby\u0142a si\u0119 uroczysta inauguracja roku akademickiego 2021\/2022. Uroczysto\u015b\u0107 poprowadzi\u0142y W\u0142adze Dzieka\u0144skie - prof. dr hab. Jan Cie\u015bli\u0144ski (dziekan Wydzia\u0142u Fizyki), dr Cezary Walczyk (prodziekan ds. og\u00f3lnych) oraz dr Krystyna Perzy\u0144ska ...<\/div><\/div>\n<div class=\"page-list-ext-item\"><div class=\"page-list-ext-image\"><a href=\"https:\/\/physics.uwb.edu.pl\/wf\/?page_id=12720\" title=\"Publiczna obrona doktoratu mgr. Marcina Marculewicza\"><img decoding=\"async\" src=\"https:\/\/physics.uwb.edu.pl\/wf\/wp-content\/uploads\/2021\/10\/IMG_20211001_135359-150x113.jpg\" width=\"150\" alt=\"Publiczna obrona doktoratu mgr. Marcina Marculewicza\" \/><\/a><\/div> <h3 class=\"page-list-ext-title\"><a href=\"https:\/\/physics.uwb.edu.pl\/wf\/?page_id=12720\" title=\"Publiczna obrona doktoratu mgr. Marcina Marculewicza\">Publiczna obrona doktoratu mgr. Marcina Marculewicza<\/a><\/h3><div class=\"page-list-ext-item-content\">W pi\u0105tek 01.10.2021 r. odby\u0142a si\u0119 publiczna obrona doktoratu mgr. Marcina Marculewicza. Wydarzenie mia\u0142o form\u0119 hybrydow\u0105 - przygotowane by\u0142y miejsca w auli Wydzia\u0142u Fizyki oraz dost\u0119p przez komunikator&nbsp; internetowy Zoom. Rozprawa spisana by\u0142a w j...<\/div><\/div>\n<div class=\"page-list-ext-item\"><div class=\"page-list-ext-image\"><a href=\"https:\/\/physics.uwb.edu.pl\/wf\/?page_id=12706\" title=\"Symulacje pandemii - artyku\u0142 w Nature - udzia\u0142 dr. Jana Kisielewskiego\"><img decoding=\"async\" src=\"https:\/\/physics.uwb.edu.pl\/wf\/wp-content\/uploads\/2021\/10\/dr-jan-kisielewski-baner-615595c3d1c6b-150x100.jpg\" width=\"150\" alt=\"Symulacje pandemii - artyku\u0142 w Nature - udzia\u0142 dr. Jana Kisielewskiego\" \/><\/a><\/div> <h3 class=\"page-list-ext-title\"><a href=\"https:\/\/physics.uwb.edu.pl\/wf\/?page_id=12706\" title=\"Symulacje pandemii - artyku\u0142 w Nature - udzia\u0142 dr. Jana Kisielewskiego\">Symulacje pandemii - artyku\u0142 w Nature - udzia\u0142 dr. Jana Kisielewskiego<\/a><\/h3><div class=\"page-list-ext-item-content\">W czasopi\u015bmie Nature Communications  ukaza\u0142 si\u0119 artyku\u0142 podsumowuj\u0105cy prac\u0119 polskich i niemieckich zespo\u0142\u00f3w modeluj\u0105cych przebieg pandemii COVID-19 podczas tzw. drugiej fali. Do jednej z tych grup nale\u017cy pracownik Wydzia\u0142u Fizyki Uniwersytetu w Bia\u0142ymst...<\/div><\/div>\n<div class=\"page-list-ext-item\"><div class=\"page-list-ext-image\"><a href=\"https:\/\/physics.uwb.edu.pl\/wf\/?page_id=12696\" title=\"V Konferencja Nauczycieli Fizyki\"><img decoding=\"async\" src=\"https:\/\/physics.uwb.edu.pl\/wf\/wp-content\/uploads\/2021\/10\/DSC_4101-150x100.jpg\" width=\"150\" alt=\"V Konferencja Nauczycieli Fizyki\" \/><\/a><\/div> <h3 class=\"page-list-ext-title\"><a href=\"https:\/\/physics.uwb.edu.pl\/wf\/?page_id=12696\" title=\"V Konferencja Nauczycieli Fizyki\">V Konferencja Nauczycieli Fizyki<\/a><\/h3><div class=\"page-list-ext-item-content\">Dn. 25.09.2021 na Wydziale Fizyki Uniwersytetu w Bia\u0142ymstoku odby\u0142a si\u0119 V konferencja Nauczycieli Fizyki . Jak co roku g\u0142\u00f3wnym celem konferencji by\u0142a integracja \u015brodowiska akademickiego i nauczycieli przedmiot\u00f3w przyrodniczych oraz poszerzanie kompete...<\/div><\/div>\n<div class=\"page-list-ext-item\"><div class=\"page-list-ext-image\"><a href=\"https:\/\/physics.uwb.edu.pl\/wf\/?page_id=12644\" title=\"Zesp\u00f3\u0142 Szk\u00f3\u0142 Elektrycznych z wizyt\u0105 na Wydziale Fizyki\"><img decoding=\"async\" src=\"https:\/\/physics.uwb.edu.pl\/wf\/wp-content\/uploads\/2021\/09\/DSC_2456-150x84.jpg\" width=\"150\" alt=\"Zesp\u00f3\u0142 Szk\u00f3\u0142 Elektrycznych z wizyt\u0105 na Wydziale Fizyki\" \/><\/a><\/div> <h3 class=\"page-list-ext-title\"><a href=\"https:\/\/physics.uwb.edu.pl\/wf\/?page_id=12644\" title=\"Zesp\u00f3\u0142 Szk\u00f3\u0142 Elektrycznych z wizyt\u0105 na Wydziale Fizyki\">Zesp\u00f3\u0142 Szk\u00f3\u0142 Elektrycznych z wizyt\u0105 na Wydziale Fizyki<\/a><\/h3><div class=\"page-list-ext-item-content\">W dniu 16 wrze\u015bnia 2021 r. Wydzia\u0142 Fizyki odwiedzili uczniowie klasy 4F (profil technik informatyk) Zespo\u0142u Szk\u00f3\u0142 Elektrycznych im. prof. Janusza Groszkowskiego w Bia\u0142ymstoku. Spotkanie mia\u0142o na celu zaprezentowanie specjalno\u015bci Fizyka gier komputerowych i robot...<\/div><\/div>\n<div class=\"page-list-ext-item\"><div class=\"page-list-ext-image\"><a href=\"https:\/\/physics.uwb.edu.pl\/wf\/?page_id=12614\" title=\"Konferencja ESOP XL na Wydziale Fizyki\"><img decoding=\"async\" src=\"https:\/\/physics.uwb.edu.pl\/wf\/wp-content\/uploads\/2021\/08\/ESOP_XL-150x109.png\" width=\"150\" alt=\"Konferencja ESOP XL na Wydziale Fizyki\" \/><\/a><\/div> <h3 class=\"page-list-ext-title\"><a href=\"https:\/\/physics.uwb.edu.pl\/wf\/?page_id=12614\" title=\"Konferencja ESOP XL na Wydziale Fizyki\">Konferencja ESOP XL na Wydziale Fizyki<\/a><\/h3><div class=\"page-list-ext-item-content\">W dniach 27-29 sierpie\u0144 2021 r. odby\u0142a si\u0119 konferencji ESOP (European Symposium on Occultation Project), kt\u00f3rej wsp\u00f3\u0142organizatorem jest Wydzia\u0142 Fizyki Uniwersytetu w Bia\u0142ymstoku. To coroczne spotkanie obserwator\u00f3w zjawisk zakryciowych (m.in. za\u0107mieni...<\/div><\/div>\n<div class=\"page-list-ext-item\"><div class=\"page-list-ext-image\"><a href=\"https:\/\/physics.uwb.edu.pl\/wf\/?page_id=12598\" title=\"Urodziny Epi-Centrum Nauki z udzia\u0142em pracownik\u00f3w Wydzia\u0142u Fizyki\"><img decoding=\"async\" src=\"https:\/\/physics.uwb.edu.pl\/wf\/wp-content\/uploads\/2021\/08\/EpiCentrum1urodziny-150x98.png\" width=\"150\" alt=\"Urodziny Epi-Centrum Nauki z udzia\u0142em pracownik\u00f3w Wydzia\u0142u Fizyki\" \/><\/a><\/div> <h3 class=\"page-list-ext-title\"><a href=\"https:\/\/physics.uwb.edu.pl\/wf\/?page_id=12598\" title=\"Urodziny Epi-Centrum Nauki z udzia\u0142em pracownik\u00f3w Wydzia\u0142u Fizyki\">Urodziny Epi-Centrum Nauki z udzia\u0142em pracownik\u00f3w Wydzia\u0142u Fizyki<\/a><\/h3><div class=\"page-list-ext-item-content\">Epi-Centrum Nauki to plac\u00f3wka edukacyjna przedstawiaj\u0105ca zjawiska naukowe w interaktywny spos\u00f3b - mo\u017cna wi\u0119c samemu bawi\u0107 si\u0119 eksponatami, a tym samym uczy\u0107 si\u0119 i poznawa\u0107. Jest to nasz regionalny o\u015brodek (dzia\u0142a w Bia\u0142ymstoku w budynku Stadionu Miejskiego) ...<\/div><\/div>\n<div class=\"page-list-ext-item\"><div class=\"page-list-ext-image\"><a href=\"https:\/\/physics.uwb.edu.pl\/wf\/?page_id=12461\" title=\"Teleskop ASA600 w Obserwatorium Uniwersytetu w Bia\u0142ymstoku\"><img decoding=\"async\" src=\"https:\/\/physics.uwb.edu.pl\/wf\/wp-content\/uploads\/2021\/07\/uwb-montaz-teleskopu-150x89.jpg\" width=\"150\" alt=\"Teleskop ASA600 w Obserwatorium Uniwersytetu w Bia\u0142ymstoku\" \/><\/a><\/div> <h3 class=\"page-list-ext-title\"><a href=\"https:\/\/physics.uwb.edu.pl\/wf\/?page_id=12461\" title=\"Teleskop ASA600 w Obserwatorium Uniwersytetu w Bia\u0142ymstoku\">Teleskop ASA600 w Obserwatorium Uniwersytetu w Bia\u0142ymstoku<\/a><\/h3><div class=\"page-list-ext-item-content\">Teleskop ASA600  wa\u017cy kilkaset kilogram\u00f3w, a \u015brednica g\u0142\u00f3wnego lustra wynosi 60 centymetr\u00f3w. Ju\u017c nied\u0142ugo umo\u017cliwi prowadzenie zaawansowanych obserwacji dydaktycznych, a tak\u017ce badawczych. W Obserwatorium Uniwersytetu w Bia\u0142ymstoku stan\u0105\u0142 w\u0142a\u015bnie tele...<\/div><\/div>\n<div class=\"page-list-ext-item\"><div class=\"page-list-ext-image\"><a href=\"https:\/\/physics.uwb.edu.pl\/wf\/?page_id=12350\" title=\"Wydzia\u0142 Fizyki w rankingach 2021\"><img decoding=\"async\" src=\"https:\/\/physics.uwb.edu.pl\/wf\/wp-content\/uploads\/2021\/06\/perspektywy2021-150x137.png\" width=\"150\" alt=\"Wydzia\u0142 Fizyki w rankingach 2021\" \/><\/a><\/div> <h3 class=\"page-list-ext-title\"><a href=\"https:\/\/physics.uwb.edu.pl\/wf\/?page_id=12350\" title=\"Wydzia\u0142 Fizyki w rankingach 2021\">Wydzia\u0142 Fizyki w rankingach 2021<\/a><\/h3><div class=\"page-list-ext-item-content\">Co roku odbywaj\u0105 si\u0119 r\u00f3\u017cne rankingi, ale rok 2021 jest dla Wydzia\u0142u Fizyki bardzo przychylny w ocenach. W\u0142a\u015bnie w tym roku:\r\n\r\n \tw rankingu Perspektyw uzyskali\u015bmy 3 miejsce w Polsce , w kategorii kierunk\u00f3w fizyka, oraz \r\n \tpo raz pierwszy Uniwersytet w Bia\u0142ym...<\/div><\/div>\n<div class=\"page-list-ext-item\"><div class=\"page-list-ext-image\"><a href=\"https:\/\/physics.uwb.edu.pl\/wf\/?page_id=12305\" title=\"Wystawa: Fizycy stulecia PTF\"><img decoding=\"async\" src=\"https:\/\/physics.uwb.edu.pl\/wf\/wp-content\/uploads\/2021\/06\/wystawa1-150x84.png\" width=\"150\" alt=\"Wystawa: Fizycy stulecia PTF\" \/><\/a><\/div> <h3 class=\"page-list-ext-title\"><a href=\"https:\/\/physics.uwb.edu.pl\/wf\/?page_id=12305\" title=\"Wystawa: Fizycy stulecia PTF\">Wystawa: Fizycy stulecia PTF<\/a><\/h3><div class=\"page-list-ext-item-content\">\r\n\r\nFizycy stulecia Polskiego Towarzystwa Fizycznego \u2013 to wyj\u0105tkowa wystawa w kampusie Uniwersytetu w Bia\u0142ymstoku \r\n10 wybitnych polskich fizyk\u00f3w, kt\u00f3rych dokonania i odkrycia przyczyni\u0142y si\u0119 do rozwoju tej dyscypliny naukowej nie tylko w naszym kraju, ...<\/div><\/div>\n<div class=\"page-list-ext-item\"><div class=\"page-list-ext-image\"><a href=\"https:\/\/physics.uwb.edu.pl\/wf\/?page_id=12398\" title=\"Podcast: Niebo na ko\u0144cu \u015bwiata\"><img decoding=\"async\" src=\"https:\/\/physics.uwb.edu.pl\/wf\/wp-content\/uploads\/2021\/07\/niebo_na_koncu-150x78.png\" width=\"150\" alt=\"Podcast: Niebo na ko\u0144cu \u015bwiata\" \/><\/a><\/div> <h3 class=\"page-list-ext-title\"><a href=\"https:\/\/physics.uwb.edu.pl\/wf\/?page_id=12398\" title=\"Podcast: Niebo na ko\u0144cu \u015bwiata\">Podcast: Niebo na ko\u0144cu \u015bwiata<\/a><\/h3><div class=\"page-list-ext-item-content\">Ciekawa inicjatywa dla mi\u0142o\u015bnik\u00f3w patrzenia w niebo - podcast \"Niebo na ko\u0144cu \u015bwiata\" . Zapraszaj\u0105 Dorota Sawicka (UwB, prowadz\u0105ca), Marek Niko\u0142ajuk (Wydzia\u0142 Fizyki UwB) oraz Wojciech Burzy\u0144ski (Polskie Towarzystwo Mi\u0142o\u015bnik\u00f3w Astronomii). Warto wys\u0142uc...<\/div><\/div>\n<div class=\"page-list-ext-item\"><div class=\"page-list-ext-image\"><a href=\"https:\/\/physics.uwb.edu.pl\/wf\/?page_id=12256\" title=\"Meteoryty, myszy i ksi\u0119\u017cyc. Rodzinne warsztaty w kampusie UwB\"><img decoding=\"async\" src=\"https:\/\/physics.uwb.edu.pl\/wf\/wp-content\/uploads\/2021\/06\/arsena2-150x100.jpg\" width=\"150\" alt=\"Meteoryty, myszy i ksi\u0119\u017cyc. Rodzinne warsztaty w kampusie UwB\" \/><\/a><\/div> <h3 class=\"page-list-ext-title\"><a href=\"https:\/\/physics.uwb.edu.pl\/wf\/?page_id=12256\" title=\"Meteoryty, myszy i ksi\u0119\u017cyc. Rodzinne warsztaty w kampusie UwB\">Meteoryty, myszy i ksi\u0119\u017cyc. Rodzinne warsztaty w kampusie UwB<\/a><\/h3><div class=\"page-list-ext-item-content\">By\u0142o rodzinnie, kosmicznie, edukacyjnie i artystycznie. W niedziel\u0119, 30 maja 2021, Uniwersytet w Bia\u0142ymstoku zaprosi\u0142 wsp\u00f3lnie z Galeri\u0105 Arsena\u0142 na warsztaty rodzinne do Uniwersyteckiego Centrum Kultury. Warsztaty skierowane by\u0142y do dzieci w wieku&nbsp;5-8 lat ora...<\/div><\/div>\n<div class=\"page-list-ext-item\"><div class=\"page-list-ext-image\"><a href=\"https:\/\/physics.uwb.edu.pl\/wf\/?page_id=12179\" title=\"Marcowe Spotkania z Nauk\u0105 2021\"><img decoding=\"async\" src=\"https:\/\/physics.uwb.edu.pl\/wf\/wp-content\/uploads\/2021\/05\/spotkania_z_nauka2021-150x68.png\" width=\"150\" alt=\"Marcowe Spotkania z Nauk\u0105 2021\" \/><\/a><\/div> <h3 class=\"page-list-ext-title\"><a href=\"https:\/\/physics.uwb.edu.pl\/wf\/?page_id=12179\" title=\"Marcowe Spotkania z Nauk\u0105 2021\">Marcowe Spotkania z Nauk\u0105 2021<\/a><\/h3><div class=\"page-list-ext-item-content\">W miesi\u0105cach marzec-kwiecie\u0144-maj 2021 r. odby\u0142y si\u0119 Marcowe Spotkania z Nauk\u0105. Na spotkania wsp\u00f3lnie zaprasza\u0142y Wydzia\u0142 Biologiczno-Chemiczny, Wydzia\u0142 Matematyki i Informatyki oraz Wydzia\u0142 Fizyki. Ze wzgl\u0119du na sytuacj\u0119 pandemiczn\u0105 zwi\u0105zan\u0105 z COVID19 wszy...<\/div><\/div>\n<div class=\"page-list-ext-item\"><div class=\"page-list-ext-image\"><a href=\"https:\/\/physics.uwb.edu.pl\/wf\/?page_id=12230\" title=\"Wizyta w 1LO Bia\u0142ystok\"><img decoding=\"async\" src=\"https:\/\/physics.uwb.edu.pl\/wf\/wp-content\/uploads\/2021\/06\/31maj2021a-1LO-150x86.png\" width=\"150\" alt=\"Wizyta w 1LO Bia\u0142ystok\" \/><\/a><\/div> <h3 class=\"page-list-ext-title\"><a href=\"https:\/\/physics.uwb.edu.pl\/wf\/?page_id=12230\" title=\"Wizyta w 1LO Bia\u0142ystok\">Wizyta w 1LO Bia\u0142ystok<\/a><\/h3><div class=\"page-list-ext-item-content\">W dniu 31 kwietnia 2021 r. odby\u0142o si\u0119 spotkanie z uczniami 1-szego Liceum Og\u00f3lnokszta\u0142c\u0105cego w Bia\u0142ymstoku - klas 1C oraz 2B (profil matematyka-fizyka-informatyka\/kreatywno\u015b\u0107). Spotkanie mia\u0142o na celu pokazanie \"szkolnej fizyki\" po\u0142\u0105czonej z informat...<\/div><\/div>\n<div class=\"page-list-ext-item\"><div class=\"page-list-ext-image\"><a href=\"https:\/\/physics.uwb.edu.pl\/wf\/?page_id=12173\" title=\"e-wizyta uczni\u00f3w Zespo\u0142u Szk\u00f3\u0142 Zawodowych Nr 2 w Bia\u0142ymstoku\"><img decoding=\"async\" src=\"https:\/\/physics.uwb.edu.pl\/wf\/wp-content\/uploads\/2021\/05\/ZSZ2-150x83.png\" width=\"150\" alt=\"e-wizyta uczni\u00f3w Zespo\u0142u Szk\u00f3\u0142 Zawodowych Nr 2 w Bia\u0142ymstoku\" \/><\/a><\/div> <h3 class=\"page-list-ext-title\"><a href=\"https:\/\/physics.uwb.edu.pl\/wf\/?page_id=12173\" title=\"e-wizyta uczni\u00f3w Zespo\u0142u Szk\u00f3\u0142 Zawodowych Nr 2 w Bia\u0142ymstoku\">e-wizyta uczni\u00f3w Zespo\u0142u Szk\u00f3\u0142 Zawodowych Nr 2 w Bia\u0142ymstoku<\/a><\/h3><div class=\"page-list-ext-item-content\">W dniu 20 maja 2021 r. odby\u0142a si\u0119 spotkanie z uczniami drugiej klasy technikum Zespo\u0142u Szk\u00f3\u0142 Zawodowych Nr 2 w Bia\u0142ymstoku.&nbsp; Prelegentem by\u0142 dr Krzysztof Gawryluk - a z racji na obostrzenia zwi\u0105zane z pandemi\u0105 COVID19, wizyta odby\u0142a si\u0119 w formie z...<\/div><\/div>\n<div class=\"page-list-ext-item\"><div class=\"page-list-ext-image\"><a href=\"https:\/\/physics.uwb.edu.pl\/wf\/?page_id=12076\" title=\"e-wizyta maturzyst\u00f3w bia\u0142ostockiego 1LO\"><img decoding=\"async\" src=\"https:\/\/physics.uwb.edu.pl\/wf\/wp-content\/uploads\/2020\/07\/PD14_BBrender-150x84.png\" width=\"150\" alt=\"e-wizyta maturzyst\u00f3w bia\u0142ostockiego 1LO\" \/><\/a><\/div> <h3 class=\"page-list-ext-title\"><a href=\"https:\/\/physics.uwb.edu.pl\/wf\/?page_id=12076\" title=\"e-wizyta maturzyst\u00f3w bia\u0142ostockiego 1LO\">e-wizyta maturzyst\u00f3w bia\u0142ostockiego 1LO<\/a><\/h3><div class=\"page-list-ext-item-content\">W dniu 26 kwietnia 2021 r. odby\u0142a si\u0119 prezentacja specjalno\u015bci Fizyka gier komputerowych i robot\u00f3w  dla maturzyst\u00f3w 1-szego Liceum Og\u00f3lnokszta\u0142c\u0105cego w Bia\u0142ymstoku - klas o profilu matematyka-fizyka-informatyka. Spotkanie w ostatnich dniach przed maturami...<\/div><\/div>\n<div class=\"page-list-ext-item\"><div class=\"page-list-ext-image\"><a href=\"https:\/\/physics.uwb.edu.pl\/wf\/?page_id=12083\" title=\"Dziewczyny do \u015bcis\u0142ych!\"><img decoding=\"async\" src=\"https:\/\/physics.uwb.edu.pl\/wf\/wp-content\/uploads\/2021\/04\/dziewczyny-do-scislych-150x132.jpg\" width=\"150\" alt=\"Dziewczyny do \u015bcis\u0142ych!\" \/><\/a><\/div> <h3 class=\"page-list-ext-title\"><a href=\"https:\/\/physics.uwb.edu.pl\/wf\/?page_id=12083\" title=\"Dziewczyny do \u015bcis\u0142ych!\">Dziewczyny do \u015bcis\u0142ych!<\/a><\/h3><div class=\"page-list-ext-item-content\">W dniu 22 kwietnia 2021 r. odby\u0142a si\u0119 akcja Fundacji Edukacyjnej Perspektywy \"Dziewczyny do \u015bcis\u0142ych\" - zach\u0119caj\u0105ca p\u0142e\u0107 pi\u0119kn\u0105 do studiowania nauk \u015bcis\u0142ych. Wydzia\u0142 Fizyki wsp\u00f3lnie z Instytutem Informatyki oraz Wydzia\u0142em Matematyki bra\u0142 w niej czynny u...<\/div><\/div>\n<div class=\"page-list-ext-item\"><div class=\"page-list-ext-image\"><a href=\"https:\/\/physics.uwb.edu.pl\/wf\/?page_id=11694\" title=\"Profesor dr hab. Eugeniusz \u017bukowski \u2013 &quot;50 lat wsp\u00f3\u0142tworzenia uniwersyteckiej fizyki w Bia\u0142ymstoku\u201d\"><img decoding=\"async\" src=\"https:\/\/physics.uwb.edu.pl\/wf\/wp-content\/uploads\/2020\/12\/DSC_3553.jpg\" width=\"150\" alt=\"Profesor dr hab. Eugeniusz \u017bukowski \u2013 &quot;50 lat wsp\u00f3\u0142tworzenia uniwersyteckiej fizyki w Bia\u0142ymstoku\u201d\" \/><\/a><\/div> <h3 class=\"page-list-ext-title\"><a href=\"https:\/\/physics.uwb.edu.pl\/wf\/?page_id=11694\" title=\"Profesor dr hab. Eugeniusz \u017bukowski \u2013 &quot;50 lat wsp\u00f3\u0142tworzenia uniwersyteckiej fizyki w Bia\u0142ymstoku\u201d\">Profesor dr hab. Eugeniusz \u017bukowski \u2013 &quot;50 lat wsp\u00f3\u0142tworzenia uniwersyteckiej fizyki w Bia\u0142ymstoku\u201d<\/a><\/h3><div class=\"page-list-ext-item-content\">Dnia 15.12.2020 o godz. 12:15 odby\u0142o si\u0119 uroczyste wydarzenie dedykowane odchodz\u0105cemu na zas\u0142u\u017con\u0105 emerytur\u0119 Profesorowi Eugeniuszowi \u017bukowskiemu. Spotkanie seminaryjne pt. \"Profesor dr hab. Eugeniusz \u017bukowski - 50 lat wsp\u00f3\u0142tworzenia uniwersyteckiej fizyki w B...<\/div><\/div>\n<div class=\"page-list-ext-item\"><div class=\"page-list-ext-image\"><a href=\"https:\/\/physics.uwb.edu.pl\/wf\/?page_id=11606\" title=\"Szczepionka na COVID-19: audycja w Radiu Bia\u0142ystok\"><img decoding=\"async\" src=\"https:\/\/physics.uwb.edu.pl\/wf\/wp-content\/uploads\/2020\/11\/radio-covid19-janek-150x84.jpeg\" width=\"150\" alt=\"Szczepionka na COVID-19: audycja w Radiu Bia\u0142ystok\" \/><\/a><\/div> <h3 class=\"page-list-ext-title\"><a href=\"https:\/\/physics.uwb.edu.pl\/wf\/?page_id=11606\" title=\"Szczepionka na COVID-19: audycja w Radiu Bia\u0142ystok\">Szczepionka na COVID-19: audycja w Radiu Bia\u0142ystok<\/a><\/h3><div class=\"page-list-ext-item-content\">W dniu 12 pa\u017adziernika 2020 r. go\u015bciem audycji Wersja lokalna w Radiu Bia\u0142ystok  by\u0142 pracownik Wydzia\u0142u Fizyki - dr Jan Kisielewski oraz prof. Robert Flisiak \u2013 prezes Polskiego Towarzystwa Epidemiolog\u00f3w i Lekarzy Chor\u00f3b Zaka\u017anych z UMB. Rozmowa dotyczy\u0142a...<\/div><\/div>\n<div class=\"page-list-ext-item\"><div class=\"page-list-ext-image\"><a href=\"https:\/\/physics.uwb.edu.pl\/wf\/?page_id=11436\" title=\"Inauguracja roku akademickiego 2020\/2021\"><img decoding=\"async\" src=\"https:\/\/physics.uwb.edu.pl\/wf\/wp-content\/uploads\/2020\/10\/DSC_0381-150x84.jpg\" width=\"150\" alt=\"Inauguracja roku akademickiego 2020\/2021\" \/><\/a><\/div> <h3 class=\"page-list-ext-title\"><a href=\"https:\/\/physics.uwb.edu.pl\/wf\/?page_id=11436\" title=\"Inauguracja roku akademickiego 2020\/2021\">Inauguracja roku akademickiego 2020\/2021<\/a><\/h3><div class=\"page-list-ext-item-content\">05.10.2020 r. odby\u0142a si\u0119 uroczysta inauguracja roku akademickiego 2020\/2021. Ze wzgl\u0119du na obostrzenia zwi\u0105zane z COVID-19 by\u0142a to nietypowa impreza.\r\n\r\nUroczysto\u015b\u0107 poprowadzi\u0142y nowe w\u0142adze  dzieka\u0144skie (kadencja wystartowa\u0142a 1-szego pa\u017adziernika 2020 r.) - ...<\/div><\/div>\n<div class=\"page-list-ext-item\"><div class=\"page-list-ext-image\"><a href=\"https:\/\/physics.uwb.edu.pl\/wf\/?page_id=11203\" title=\"Modele pandemii: audycja w Radiu Bia\u0142ystok\"><img decoding=\"async\" src=\"https:\/\/physics.uwb.edu.pl\/wf\/wp-content\/uploads\/2020\/06\/radioskop-modelowanie_pandemii-150x84.jpeg\" width=\"150\" alt=\"Modele pandemii: audycja w Radiu Bia\u0142ystok\" \/><\/a><\/div> <h3 class=\"page-list-ext-title\"><a href=\"https:\/\/physics.uwb.edu.pl\/wf\/?page_id=11203\" title=\"Modele pandemii: audycja w Radiu Bia\u0142ystok\">Modele pandemii: audycja w Radiu Bia\u0142ystok<\/a><\/h3><div class=\"page-list-ext-item-content\">Dnia 19 czerwca 2020 r. go\u015bciem audycji Radioskop w Radiu Bia\u0142ystok  by\u0142 pracownik Wydzia\u0142u Fizyki - dr Jan Kisielewski. Rozmowa dotyczy\u0142a modelowania pandemii jako narz\u0119dzia walki z koronawirusem.\r\n\r\n\r\n\r\nDr Jan Kisielewski z Wydzia\u0142u Fizyki Uniwersytetu w Bia\u0142...<\/div><\/div>\n<div class=\"page-list-ext-item\"><div class=\"page-list-ext-image\"><a href=\"https:\/\/physics.uwb.edu.pl\/wf\/?page_id=12119\" title=\"Jak si\u0119 tworzy gry? QED z wizyt\u0105 dla Fizyki gier!\"><img decoding=\"async\" src=\"https:\/\/physics.uwb.edu.pl\/wf\/wp-content\/uploads\/2021\/05\/qed-logo.png\" width=\"150\" alt=\"Jak si\u0119 tworzy gry? QED z wizyt\u0105 dla Fizyki gier!\" \/><\/a><\/div> <h3 class=\"page-list-ext-title\"><a href=\"https:\/\/physics.uwb.edu.pl\/wf\/?page_id=12119\" title=\"Jak si\u0119 tworzy gry? QED z wizyt\u0105 dla Fizyki gier!\">Jak si\u0119 tworzy gry? QED z wizyt\u0105 dla Fizyki gier!<\/a><\/h3><div class=\"page-list-ext-item-content\">W dniu 5 czerwca 2020 r. mieli\u015bmy przyjemno\u015b\u0107 go\u015bci\u0107 przedstawiciela sektora prywatnego - firma QED , specjalizuj\u0105cej si\u0119 w programowaniu szeroko poj\u0119tej sztucznej inteligencji. Prezentacj\u0119 poprowadzi\u0142 Rafa\u0142 Kowalski, kt\u00f3ry skoncentrowa\u0142 si\u0119 na tworz...<\/div><\/div>\n<div class=\"page-list-ext-item\"><div class=\"page-list-ext-image\"><a href=\"https:\/\/physics.uwb.edu.pl\/wf\/?page_id=11069\" title=\"e-wizyta uczni\u00f3w bia\u0142ostockiego 1LO i 4LO\"><img decoding=\"async\" src=\"https:\/\/physics.uwb.edu.pl\/wf\/wp-content\/uploads\/2020\/05\/1LO4LO-150x83.png\" width=\"150\" alt=\"e-wizyta uczni\u00f3w bia\u0142ostockiego 1LO i 4LO\" \/><\/a><\/div> <h3 class=\"page-list-ext-title\"><a href=\"https:\/\/physics.uwb.edu.pl\/wf\/?page_id=11069\" title=\"e-wizyta uczni\u00f3w bia\u0142ostockiego 1LO i 4LO\">e-wizyta uczni\u00f3w bia\u0142ostockiego 1LO i 4LO<\/a><\/h3><div class=\"page-list-ext-item-content\">W dniu 15 maja 2020 r. odby\u0142a si\u0119 prezentacja specjalno\u015bci Fizyka gier komputerowych i robot\u00f3w  dla uczni\u00f3w Liceum Og\u00f3lnokszta\u0142c\u0105cego Nr 1 oraz Nr 4 w Bia\u0142ymstoku. Spotkanie zorganizowa\u0142 nasz absolwent - mgr Pawe\u0142 Andryszak (nauczyciel fizyki w tych szk...<\/div><\/div>\n<div class=\"page-list-ext-item\"><div class=\"page-list-ext-image\"><a href=\"https:\/\/physics.uwb.edu.pl\/wf\/?page_id=11012\" title=\"e-wizyta absolwent\u00f3w Zespo\u0142u Szk\u00f3\u0142 Zawodowych Nr 2 w Bia\u0142ymstoku\"><img decoding=\"async\" src=\"https:\/\/physics.uwb.edu.pl\/wf\/wp-content\/uploads\/2020\/05\/Zrzut-ekranu-z-2020-05-08-11-55-20b-150x105.png\" width=\"150\" alt=\"e-wizyta absolwent\u00f3w Zespo\u0142u Szk\u00f3\u0142 Zawodowych Nr 2 w Bia\u0142ymstoku\" \/><\/a><\/div> <h3 class=\"page-list-ext-title\"><a href=\"https:\/\/physics.uwb.edu.pl\/wf\/?page_id=11012\" title=\"e-wizyta absolwent\u00f3w Zespo\u0142u Szk\u00f3\u0142 Zawodowych Nr 2 w Bia\u0142ymstoku\">e-wizyta absolwent\u00f3w Zespo\u0142u Szk\u00f3\u0142 Zawodowych Nr 2 w Bia\u0142ymstoku<\/a><\/h3><div class=\"page-list-ext-item-content\">W dniu 8 maja 2020 r. odby\u0142a si\u0119 prezentacja specjalno\u015bci Fizyka gier komputerowych i robot\u00f3w  dla tegorocznych absolwent\u00f3w Zespo\u0142u Szk\u00f3\u0142 Zawodowych Nr 2 w Bia\u0142ymstoku, kierunek Technik mechatronik. Spotkanie poprowadzi\u0142 dr Krzysztof Gawryluk - oczywi\u015b...<\/div><\/div>\n<div class=\"page-list-ext-item\"><div class=\"page-list-ext-image\"><a href=\"https:\/\/physics.uwb.edu.pl\/wf\/?page_id=10949\" title=\"Zdalne nauczanie w praktyce- audycja w Radiu Bia\u0142ystok\"><img decoding=\"async\" src=\"https:\/\/physics.uwb.edu.pl\/wf\/wp-content\/uploads\/2020\/03\/1dbc54bfd443dba930fe5e9c2a295f87-150x84.jpeg\" width=\"150\" alt=\"Zdalne nauczanie w praktyce- audycja w Radiu Bia\u0142ystok\" \/><\/a><\/div> <h3 class=\"page-list-ext-title\"><a href=\"https:\/\/physics.uwb.edu.pl\/wf\/?page_id=10949\" title=\"Zdalne nauczanie w praktyce- audycja w Radiu Bia\u0142ystok\">Zdalne nauczanie w praktyce- audycja w Radiu Bia\u0142ystok<\/a><\/h3><div class=\"page-list-ext-item-content\">Dnia 27 marca 2020 r. go\u015bciem audycji Radioskop w Radiu Bia\u0142ystok  by\u0142 pracownik Wydzia\u0142u Fizyki - dr Krzysztof Gawryluk. Rozmowa dotyczy\u0142a e-nauczania w dobie walki z koronawirusem.\r\n \r\nJak radz\u0105 sobie bia\u0142ostockie licea? Jak uczelnie? Zapraszamy do ods...<\/div><\/div>\n<div class=\"page-list-ext-item\"><div class=\"page-list-ext-image\"><a href=\"https:\/\/physics.uwb.edu.pl\/wf\/?page_id=10706\" title=\"Prezentacje Edukacyjno \u2013 Doradcze \u201eUczelnie w powiecie\u201d -- E\u0142k\"><img decoding=\"async\" src=\"https:\/\/physics.uwb.edu.pl\/wf\/wp-content\/uploads\/2020\/03\/20200305_094449-150x84.jpg\" width=\"150\" alt=\"Prezentacje Edukacyjno \u2013 Doradcze \u201eUczelnie w powiecie\u201d -- E\u0142k\" \/><\/a><\/div> <h3 class=\"page-list-ext-title\"><a href=\"https:\/\/physics.uwb.edu.pl\/wf\/?page_id=10706\" title=\"Prezentacje Edukacyjno \u2013 Doradcze \u201eUczelnie w powiecie\u201d -- E\u0142k\">Prezentacje Edukacyjno \u2013 Doradcze \u201eUczelnie w powiecie\u201d -- E\u0142k<\/a><\/h3><div class=\"page-list-ext-item-content\">W dniu 05-03-2020 r. uczestniczyli\u015bmy w Prezentacjach Edukacyjno \u2013 Doradczych \u201eUczelnie w powiecie\u201d - odwiedzili\u015bmy E\u0142k.\r\n\r\n\"Uczelnie w powiecie\" to impreza kierowana do uczni\u00f3w szk\u00f3\u0142 ponadpodstawowych, g\u0142\u00f3wnie maturzyst\u00f3w, dostarczaj\u0105ca wyczerpuj\u0105cej i...<\/div><\/div>\n<div class=\"page-list-ext-item\"><div class=\"page-list-ext-image\"><a href=\"https:\/\/physics.uwb.edu.pl\/wf\/?page_id=10691\" title=\"Prezentacje Edukacyjno \u2013 Doradcze \u201eUczelnie w powiecie\u201d -- Grajewo\"><img decoding=\"async\" src=\"https:\/\/physics.uwb.edu.pl\/wf\/wp-content\/uploads\/2020\/03\/IMG_20200304_100126-150x113.jpg\" width=\"150\" alt=\"Prezentacje Edukacyjno \u2013 Doradcze \u201eUczelnie w powiecie\u201d -- Grajewo\" \/><\/a><\/div> <h3 class=\"page-list-ext-title\"><a href=\"https:\/\/physics.uwb.edu.pl\/wf\/?page_id=10691\" title=\"Prezentacje Edukacyjno \u2013 Doradcze \u201eUczelnie w powiecie\u201d -- Grajewo\">Prezentacje Edukacyjno \u2013 Doradcze \u201eUczelnie w powiecie\u201d -- Grajewo<\/a><\/h3><div class=\"page-list-ext-item-content\">W dniu 04-03-2020 r. uczestniczyli\u015bmy w Prezentacjach Edukacyjno \u2013 Doradczych \u201eUczelnie w powiecie\u201d - odwiedzili\u015bmy Grajewo.\r\n\r\n\"Uczelnie w powiecie\" to impreza kierowana do uczni\u00f3w szk\u00f3\u0142 ponadpodstawowych, g\u0142\u00f3wnie maturzyst\u00f3w, dostarczaj\u0105ca wyczerpuj\u0105cej ...<\/div><\/div>\n<div class=\"page-list-ext-item\"><div class=\"page-list-ext-image\"><a href=\"https:\/\/physics.uwb.edu.pl\/wf\/?page_id=10685\" title=\"Prezentacje Edukacyjno \u2013 Doradcze \u201eUczelnie w powiecie\u201d -- Zambr\u00f3w\"><img decoding=\"async\" src=\"https:\/\/physics.uwb.edu.pl\/wf\/wp-content\/uploads\/2020\/03\/20200303_110143-150x113.jpg\" width=\"150\" alt=\"Prezentacje Edukacyjno \u2013 Doradcze \u201eUczelnie w powiecie\u201d -- Zambr\u00f3w\" \/><\/a><\/div> <h3 class=\"page-list-ext-title\"><a href=\"https:\/\/physics.uwb.edu.pl\/wf\/?page_id=10685\" title=\"Prezentacje Edukacyjno \u2013 Doradcze \u201eUczelnie w powiecie\u201d -- Zambr\u00f3w\">Prezentacje Edukacyjno \u2013 Doradcze \u201eUczelnie w powiecie\u201d -- Zambr\u00f3w<\/a><\/h3><div class=\"page-list-ext-item-content\">W dniu 03-03-2020 r. uczestniczyli\u015bmy w Prezentacjach Edukacyjno \u2013 Doradczych \u201eUczelnie w powiecie\u201d - odwiedzili\u015bmy Zambr\u00f3w.\r\n\r\n\"Uczelnie w powiecie\" to impreza kierowana do uczni\u00f3w szk\u00f3\u0142 ponadpodstawowych, g\u0142\u00f3wnie maturzyst\u00f3w, dostarczaj\u0105ca wyczerpuj\u0105cej i...<\/div><\/div>\n<div class=\"page-list-ext-item\"><div class=\"page-list-ext-image\"><a href=\"https:\/\/physics.uwb.edu.pl\/wf\/?page_id=10665\" title=\"Prezentacje Edukacyjno \u2013 Doradcze \u201eUczelnie w powiecie\u201d -- Hajn\u00f3wka\"><img decoding=\"async\" src=\"https:\/\/physics.uwb.edu.pl\/wf\/wp-content\/uploads\/2020\/02\/87796688_219447205845587_9058322890415407104_n-150x84.jpg\" width=\"150\" alt=\"Prezentacje Edukacyjno \u2013 Doradcze \u201eUczelnie w powiecie\u201d -- Hajn\u00f3wka\" \/><\/a><\/div> <h3 class=\"page-list-ext-title\"><a href=\"https:\/\/physics.uwb.edu.pl\/wf\/?page_id=10665\" title=\"Prezentacje Edukacyjno \u2013 Doradcze \u201eUczelnie w powiecie\u201d -- Hajn\u00f3wka\">Prezentacje Edukacyjno \u2013 Doradcze \u201eUczelnie w powiecie\u201d -- Hajn\u00f3wka<\/a><\/h3><div class=\"page-list-ext-item-content\">W dniu 26-02-2020 r. uczestniczyli\u015bmy w Prezentacjach Edukacyjno \u2013 Doradczych \u201eUczelnie w powiecie\u201d - odwiedzili\u015bmy Hajn\u00f3wk\u0119.\r\n\r\n\"Uczelnie w powiecie\" to impreza kierowana do uczni\u00f3w szk\u00f3\u0142 ponadpodstawowych, g\u0142\u00f3wnie maturzyst\u00f3w, dostarczaj\u0105ca wyczerpuj\u0105cej in...<\/div><\/div>\n<div class=\"page-list-ext-item\"><div class=\"page-list-ext-image\"><a href=\"https:\/\/physics.uwb.edu.pl\/wf\/?page_id=10662\" title=\"Prezentacje Edukacyjno \u2013 Doradcze \u201eUczelnie w powiecie\u201d -- Sok\u00f3\u0142ka\"><img decoding=\"async\" src=\"https:\/\/physics.uwb.edu.pl\/wf\/wp-content\/uploads\/2020\/02\/20200225_104842-150x84.jpg\" width=\"150\" alt=\"Prezentacje Edukacyjno \u2013 Doradcze \u201eUczelnie w powiecie\u201d -- Sok\u00f3\u0142ka\" \/><\/a><\/div> <h3 class=\"page-list-ext-title\"><a href=\"https:\/\/physics.uwb.edu.pl\/wf\/?page_id=10662\" title=\"Prezentacje Edukacyjno \u2013 Doradcze \u201eUczelnie w powiecie\u201d -- Sok\u00f3\u0142ka\">Prezentacje Edukacyjno \u2013 Doradcze \u201eUczelnie w powiecie\u201d -- Sok\u00f3\u0142ka<\/a><\/h3><div class=\"page-list-ext-item-content\">W dniu 25-02-2020 r. uczestniczyli\u015bmy w Prezentacjach Edukacyjno \u2013 Doradczych \u201eUczelnie w powiecie\u201d - odwiedzili\u015bmy Sok\u00f3\u0142k\u0119.\r\n\r\n\"Uczelnie w powiecie\" to impreza kierowana do uczni\u00f3w szk\u00f3\u0142 ponadpodstawowych, g\u0142\u00f3wnie maturzyst\u00f3w, dostarczaj\u0105ca wyczerpuj\u0105cej inf...<\/div><\/div>\n<div class=\"page-list-ext-item\"><div class=\"page-list-ext-image\"><a href=\"https:\/\/physics.uwb.edu.pl\/wf\/?page_id=10650\" title=\"Dni Astronomii w Elektryku 2020\"><img decoding=\"async\" src=\"https:\/\/physics.uwb.edu.pl\/wf\/wp-content\/uploads\/2020\/02\/IMG_20200211_105224488_HDR-1-150x93.jpg\" width=\"150\" alt=\"Dni Astronomii w Elektryku 2020\" \/><\/a><\/div> <h3 class=\"page-list-ext-title\"><a href=\"https:\/\/physics.uwb.edu.pl\/wf\/?page_id=10650\" title=\"Dni Astronomii w Elektryku 2020\">Dni Astronomii w Elektryku 2020<\/a><\/h3><div class=\"page-list-ext-item-content\">W dniu 11-02-2020 r. odwiedzili\u015bmy Zesp\u00f3\u0142 Szk\u00f3\u0142 Elektrycznych w Bia\u0142ostoku. Z inicjatywy nauczycieli fizyki tej\u017ce szko\u0142y zorganizowano Dzie\u0144 Astronomii, na kt\u00f3ry zaproszono dr. hab. Marka Niko\u0142ajuka, prof. UwB. Nasz pracownik wyg\u0142osi\u0142 wyk\u0142ad pt. \u201ePierwsze...<\/div><\/div>\n<div class=\"page-list-ext-item\"><div class=\"page-list-ext-image\"><a href=\"https:\/\/physics.uwb.edu.pl\/wf\/?page_id=10697\" title=\"Stypendy\u015bci Fulbrighta - audycja w Radiu Bia\u0142ystok\"><img decoding=\"async\" src=\"https:\/\/physics.uwb.edu.pl\/wf\/wp-content\/uploads\/2020\/03\/d88fb9c1880c89b2924069841282b6f4-150x84.jpeg\" width=\"150\" alt=\"Stypendy\u015bci Fulbrighta - audycja w Radiu Bia\u0142ystok\" \/><\/a><\/div> <h3 class=\"page-list-ext-title\"><a href=\"https:\/\/physics.uwb.edu.pl\/wf\/?page_id=10697\" title=\"Stypendy\u015bci Fulbrighta - audycja w Radiu Bia\u0142ystok\">Stypendy\u015bci Fulbrighta - audycja w Radiu Bia\u0142ystok<\/a><\/h3><div class=\"page-list-ext-item-content\">W dniu 7 lutego 2020 r. go\u015b\u0107mi audycji Radioskop w Radiu Bia\u0142ystok  by\u0142 mgr \u0141ukasz \u0141abieniec - doktorant Wydzia\u0142u Fizyki, wraz z mgr Mart\u0105 D\u0105browska z Wydzia\u0142u Prawa. Ta dw\u00f3jka to tegoroczni stypendy\u015bci fundacji Fulbrighta. Nale\u017cy podkre\u015bli\u0107, \u017ce w tym roku ...<\/div><\/div>\n<div class=\"page-list-ext-item\"><div class=\"page-list-ext-image\"><a href=\"https:\/\/physics.uwb.edu.pl\/wf\/?page_id=10572\" title=\"XV Targi Edukacyjne w 2LO w Bia\u0142ymstoku\"><img decoding=\"async\" src=\"https:\/\/physics.uwb.edu.pl\/wf\/wp-content\/uploads\/2020\/01\/DSCPDC_0000_BURST20200115091332610-150x84.jpg\" width=\"150\" alt=\"XV Targi Edukacyjne w 2LO w Bia\u0142ymstoku\" \/><\/a><\/div> <h3 class=\"page-list-ext-title\"><a href=\"https:\/\/physics.uwb.edu.pl\/wf\/?page_id=10572\" title=\"XV Targi Edukacyjne w 2LO w Bia\u0142ymstoku\">XV Targi Edukacyjne w 2LO w Bia\u0142ymstoku<\/a><\/h3><div class=\"page-list-ext-item-content\">W dniu 15-01-2020 r. uczestniczyli\u015bmy w XV Targach Edukacyjnych zorganizowanych przez 2LO w Bia\u0142ystoku . W promocji Wydzia\u0142u Fizyki udzia\u0142 wzi\u0119li: dr Cezary Walczyk (kt\u00f3ry przygotowa\u0142 prezentacj\u0119 \"Internet Rzeczy z uk\u0142adami Arduino i ESP8266\" ), dokto...<\/div><\/div>\n<div class=\"page-list-ext-item\"><div class=\"page-list-ext-image\"><a href=\"https:\/\/physics.uwb.edu.pl\/wf\/?page_id=12182\" title=\"Nasz student w radio Akadera - Dobry kierunek\"><img decoding=\"async\" src=\"https:\/\/physics.uwb.edu.pl\/wf\/wp-content\/uploads\/2021\/05\/dobry_kierunek-150x99.png\" width=\"150\" alt=\"Nasz student w radio Akadera - Dobry kierunek\" \/><\/a><\/div> <h3 class=\"page-list-ext-title\"><a href=\"https:\/\/physics.uwb.edu.pl\/wf\/?page_id=12182\" title=\"Nasz student w radio Akadera - Dobry kierunek\">Nasz student w radio Akadera - Dobry kierunek<\/a><\/h3><div class=\"page-list-ext-item-content\">W dniu 14 stycznia 2020 r. uczestniczyli\u015bmy w nagraniu audycji Dobry kierunek  dla radia Akadera. W swojej autorskiej audycji prowadz\u0105ca Natalia Galicz rozmawia z go\u015b\u0107mi o ofertach edukacyjnych bia\u0142ostockich uczelni. Tym razem spotkanie dotyczy\u0142o Wydzi...<\/div><\/div>\n<div class=\"page-list-ext-item\"><div class=\"page-list-ext-image\"><a href=\"https:\/\/physics.uwb.edu.pl\/wf\/?page_id=10504\" title=\"Nauka w polsce - audycja w Radiu Bia\u0142ystok\"><img decoding=\"async\" src=\"https:\/\/physics.uwb.edu.pl\/wf\/wp-content\/uploads\/2019\/12\/radioskop-2019-grudzien-150x84.jpeg\" width=\"150\" alt=\"Nauka w polsce - audycja w Radiu Bia\u0142ystok\" \/><\/a><\/div> <h3 class=\"page-list-ext-title\"><a href=\"https:\/\/physics.uwb.edu.pl\/wf\/?page_id=10504\" title=\"Nauka w polsce - audycja w Radiu Bia\u0142ystok\">Nauka w polsce - audycja w Radiu Bia\u0142ystok<\/a><\/h3><div class=\"page-list-ext-item-content\">W dniu 6 grudnia 2019 r. go\u015b\u0107mi audycji Radioskop w Radiu Bia\u0142ystok  byli prof. Piotr Jaranowski (Dziekan Wydzia\u0142u Fizyki) oraz prof. Ewa Schmeidel (Instytut Informatyki UwB). Temat audycji by\u0142 do\u015b\u0107 przewrotny \"Jak rozwija\u0107 badania naukowe na polskic...<\/div><\/div>\n<div class=\"page-list-ext-item\"><div class=\"page-list-ext-image\"><a href=\"https:\/\/physics.uwb.edu.pl\/wf\/?page_id=10476\" title=\"Gram off on - czyli w kawiarni o nauce\"><img decoding=\"async\" src=\"https:\/\/physics.uwb.edu.pl\/wf\/wp-content\/uploads\/2019\/12\/gramm-off-2-150x94.jpg\" width=\"150\" alt=\"Gram off on - czyli w kawiarni o nauce\" \/><\/a><\/div> <h3 class=\"page-list-ext-title\"><a href=\"https:\/\/physics.uwb.edu.pl\/wf\/?page_id=10476\" title=\"Gram off on - czyli w kawiarni o nauce\">Gram off on - czyli w kawiarni o nauce<\/a><\/h3><div class=\"page-list-ext-item-content\">26 listopada 2019 r. dr hab. Marek Niko\u0142ajuk, prof. UwB zainaugurowa\u0142 cykl spotka\u0144 popularnonaukowych w kawiarni naukowo-spo\u0142ecznej Gram off on . Idea spotka\u0144 polega na przedstawianiu&nbsp; nauk \u015bcis\u0142ych oraz spo\u0142ecznych poza murami uczelni.\r\n\r\n\r\n\r\nNa \"pierws...<\/div><\/div>\n<div class=\"page-list-ext-item\"><div class=\"page-list-ext-image\"><a href=\"https:\/\/physics.uwb.edu.pl\/wf\/?page_id=10377\" title=\"Fizyka w grach i robotach? Wizyta w SP19 w Bia\u0142ymstoku\"><img decoding=\"async\" src=\"https:\/\/physics.uwb.edu.pl\/wf\/wp-content\/uploads\/2019\/11\/DSC_8953-150x84.jpg\" width=\"150\" alt=\"Fizyka w grach i robotach? Wizyta w SP19 w Bia\u0142ymstoku\" \/><\/a><\/div> <h3 class=\"page-list-ext-title\"><a href=\"https:\/\/physics.uwb.edu.pl\/wf\/?page_id=10377\" title=\"Fizyka w grach i robotach? Wizyta w SP19 w Bia\u0142ymstoku\">Fizyka w grach i robotach? Wizyta w SP19 w Bia\u0142ymstoku<\/a><\/h3><div class=\"page-list-ext-item-content\">28 pa\u017adziernika 2019 r. odwiedzili\u015bmy Szko\u0142\u0119 Podstawow\u0105 nr 19 im. Mieszka I w Bia\u0142ymstoku. Cztery klasy si\u00f3dme wys\u0142ucha\u0142y \"motywuj\u0105c\u0105\" lekcj\u0119 fizyki.  Motywacja polega\u0142a na przedstawieniu powi\u0105zania pomi\u0119dzy fizyk\u0105 a informatyk\u0105, grami komputerowymi i ...<\/div><\/div>\n<div class=\"page-list-ext-item\"><div class=\"page-list-ext-image\"><a href=\"https:\/\/physics.uwb.edu.pl\/wf\/?page_id=10337\" title=\"Tydzie\u0144 kariery w Zesole Szk\u00f3\u0142 Mechanicznych\"><img decoding=\"async\" src=\"https:\/\/physics.uwb.edu.pl\/wf\/wp-content\/uploads\/2019\/11\/20191025122225_IMG_6886-150x100.jpg\" width=\"150\" alt=\"Tydzie\u0144 kariery w Zesole Szk\u00f3\u0142 Mechanicznych\" \/><\/a><\/div> <h3 class=\"page-list-ext-title\"><a href=\"https:\/\/physics.uwb.edu.pl\/wf\/?page_id=10337\" title=\"Tydzie\u0144 kariery w Zesole Szk\u00f3\u0142 Mechanicznych\">Tydzie\u0144 kariery w Zesole Szk\u00f3\u0142 Mechanicznych<\/a><\/h3><div class=\"page-list-ext-item-content\">W dniach 21-25 pa\u017adziernika 2019 r. w bia\u0142ostockim Mechaniaku odby\u0142 si\u0119 \"Tydzie\u0144 kariery\" - rokroczna impreza skierowana do uczni\u00f3w, prezentuj\u0105ca r\u00f3\u017cne mo\u017cliwo\u015bci pracy zawodowej, ale tak\u017ce i kontynuowania dalszego uczenia si\u0119. Zaproszenie otrzymali\u015bmy...<\/div><\/div>\n<div class=\"page-list-ext-item\"><div class=\"page-list-ext-image\"><a href=\"https:\/\/physics.uwb.edu.pl\/wf\/?page_id=10304\" title=\"Pozna\u0144 Game Arena (PGA), GIC i godotcon\"><img decoding=\"async\" src=\"https:\/\/physics.uwb.edu.pl\/wf\/wp-content\/uploads\/2019\/10\/PGA_ToBilet-500x480-150x144.jpg\" width=\"150\" alt=\"Pozna\u0144 Game Arena (PGA), GIC i godotcon\" \/><\/a><\/div> <h3 class=\"page-list-ext-title\"><a href=\"https:\/\/physics.uwb.edu.pl\/wf\/?page_id=10304\" title=\"Pozna\u0144 Game Arena (PGA), GIC i godotcon\">Pozna\u0144 Game Arena (PGA), GIC i godotcon<\/a><\/h3><div class=\"page-list-ext-item-content\">W dniach 15-20 pa\u017adziernika 2019 r. pracownicy naszego Wydzia\u0142u (dr hab. Tomasz Karpiuk oraz dr Krzysztof Gawryluk) uczestniczyli w najwi\u0119kszej imprezie gameingowej w Polsce - PGA. Ich pobyt podyktowany by\u0142 obserwowaniem bran\u017cy gier komputerowych, a ta...<\/div><\/div>\n<div class=\"page-list-ext-item\"><div class=\"page-list-ext-image\"><a href=\"https:\/\/physics.uwb.edu.pl\/wf\/?page_id=10190\" title=\"Inauguracja roku akademickiego 2019\/2020\"><img decoding=\"async\" src=\"https:\/\/physics.uwb.edu.pl\/wf\/wp-content\/uploads\/2019\/10\/20191001_120911-150x113.jpg\" width=\"150\" alt=\"Inauguracja roku akademickiego 2019\/2020\" \/><\/a><\/div> <h3 class=\"page-list-ext-title\"><a href=\"https:\/\/physics.uwb.edu.pl\/wf\/?page_id=10190\" title=\"Inauguracja roku akademickiego 2019\/2020\">Inauguracja roku akademickiego 2019\/2020<\/a><\/h3><div class=\"page-list-ext-item-content\">01.10.2019 r. odby\u0142a si\u0119 uroczysta inauguracja roku akademickiego 2019\/2020.\r\n\r\nW uroczysto\u015bci wzi\u0119li udzia\u0142: Prorektor ds. Nauki prof. dr hab. Izabela \u015awi\u0119cicka, w\u0142adze dzieka\u0144skie - prof. dr hab. Piotr Jaranowski (dziekan Wydzia\u0142u Fizyki), dr. hab. ...<\/div><\/div>\n<div class=\"page-list-ext-item\"><div class=\"page-list-ext-image\"><a href=\"https:\/\/physics.uwb.edu.pl\/wf\/?page_id=10085\" title=\"Salon Maturzyst\u00f3w &quot;Perspektywy&quot; 2019 r. ponownie w Kampusie UwB\"><img decoding=\"async\" src=\"https:\/\/physics.uwb.edu.pl\/wf\/wp-content\/uploads\/2019\/09\/70313301_2913798338672866_3258941834684006400_o-150x100.jpg\" width=\"150\" alt=\"Salon Maturzyst\u00f3w &quot;Perspektywy&quot; 2019 r. ponownie w Kampusie UwB\" \/><\/a><\/div> <h3 class=\"page-list-ext-title\"><a href=\"https:\/\/physics.uwb.edu.pl\/wf\/?page_id=10085\" title=\"Salon Maturzyst\u00f3w &quot;Perspektywy&quot; 2019 r. ponownie w Kampusie UwB\">Salon Maturzyst\u00f3w &quot;Perspektywy&quot; 2019 r. ponownie w Kampusie UwB<\/a><\/h3><div class=\"page-list-ext-item-content\">Po raz kolejny odby\u0142y si\u0119 targi edukacyjne Salon Maturzyst\u00f3w - organizowane przez \"Perspektywy\" (9 wrze\u015bnia 2019 r.).\r\n\r\nPodczas targ\u00f3w mo\u017cna by\u0142o porozmawia\u0107 o studiowaniu fizyki z dr. Wojciechem Olszewskim, dr. Krzysztofem Gawrylukiem a tak\u017ce z naszym...<\/div><\/div>\n<div class=\"page-list-ext-item\"><div class=\"page-list-ext-image\"><a href=\"https:\/\/physics.uwb.edu.pl\/wf\/?page_id=9897\" title=\"&quot;Nie szukaj daleko&quot; - wizyta w 1LO w Bia\u0142ymstoku\"><img decoding=\"async\" src=\"https:\/\/physics.uwb.edu.pl\/wf\/wp-content\/uploads\/2019\/06\/IMG-20190607-WA0001-150x106.jpg\" width=\"150\" alt=\"&quot;Nie szukaj daleko&quot; - wizyta w 1LO w Bia\u0142ymstoku\" \/><\/a><\/div> <h3 class=\"page-list-ext-title\"><a href=\"https:\/\/physics.uwb.edu.pl\/wf\/?page_id=9897\" title=\"&quot;Nie szukaj daleko&quot; - wizyta w 1LO w Bia\u0142ymstoku\">&quot;Nie szukaj daleko&quot; - wizyta w 1LO w Bia\u0142ymstoku<\/a><\/h3><div class=\"page-list-ext-item-content\">7 czerwca 2019 r. byli\u015bmy w 1 LO im. Adama Mickiewicza w Bia\u0142ymstoku. Wyst\u0105pienie zatytuowane \"Nie szukaj daleko: fizyka gier komputerowych i robot\u00f3w na UwB\" wyg\u0142osi\u0142 dr Krzysztof Gawryluk. Ko\u0144c\u00f3wka roku sprzyja tego typu wizytom - oceny s\u0105 ju\u017c zapropono...<\/div><\/div>\n<div class=\"page-list-ext-item\"><div class=\"page-list-ext-image\"><a href=\"https:\/\/physics.uwb.edu.pl\/wf\/?page_id=9855\" title=\"II Uczniowska Konferencja Naukowa - 3LO w Bia\u0142ymstoku\"><img decoding=\"async\" src=\"https:\/\/physics.uwb.edu.pl\/wf\/wp-content\/uploads\/2019\/05\/IMG_1589-150x100.jpg\" width=\"150\" alt=\"II Uczniowska Konferencja Naukowa - 3LO w Bia\u0142ymstoku\" \/><\/a><\/div> <h3 class=\"page-list-ext-title\"><a href=\"https:\/\/physics.uwb.edu.pl\/wf\/?page_id=9855\" title=\"II Uczniowska Konferencja Naukowa - 3LO w Bia\u0142ymstoku\">II Uczniowska Konferencja Naukowa - 3LO w Bia\u0142ymstoku<\/a><\/h3><div class=\"page-list-ext-item-content\">28 maja 2019 r. w III Liceum Og\u00f3lnokszta\u0142c\u0105cym w Bia\u0142ymstoku odby\u0142a si\u0119 II Uczniowska Konferencja Naukowa zatytu\u0142owana \"Pasja to rozw\u00f3j\". Wydzia\u0142 Fizyki zosta\u0142 zaproszony do zakrzewienia pasji fizyk\u0105 i informatyk\u0105.\r\n\r\n\r\n\r\n(\u017ar\u00f3d\u0142o zdj\u0119\u0107: www aktualno\u015bci ...<\/div><\/div>\n<div class=\"page-list-ext-item\"><div class=\"page-list-ext-image\"><a href=\"https:\/\/physics.uwb.edu.pl\/wf\/?page_id=9775\" title=\"XVII Podlaski Festiwal Nauki i Sztuki na Wydziale Fizyki UwB\"><img decoding=\"async\" src=\"https:\/\/physics.uwb.edu.pl\/wf\/wp-content\/uploads\/2019\/05\/17PFNiSz-150x64.jpg\" width=\"150\" alt=\"XVII Podlaski Festiwal Nauki i Sztuki na Wydziale Fizyki UwB\" \/><\/a><\/div> <h3 class=\"page-list-ext-title\"><a href=\"https:\/\/physics.uwb.edu.pl\/wf\/?page_id=9775\" title=\"XVII Podlaski Festiwal Nauki i Sztuki na Wydziale Fizyki UwB\">XVII Podlaski Festiwal Nauki i Sztuki na Wydziale Fizyki UwB<\/a><\/h3><div class=\"page-list-ext-item-content\">20.05.2019 \r\n\r\n32 imprezy z r\u00f3\u017cnych dzia\u0142\u00f3w fizyki i astronomii, wyk\u0142ady, pokazy oraz do\u015bwiadczenia na \u017cywo. Tak w skr\u00f3cie mo\u017cna podsumowa\u0107 20 maja 2019 - pierwszy dzie\u0144 17. edycji Podlaskiego Festiwalu Nauki i Sztuki na naszym wydziale. Wydzia\u0142 Fizyki Uniw...<\/div><\/div>\n<div class=\"page-list-ext-item\"><div class=\"page-list-ext-image\"><a href=\"https:\/\/physics.uwb.edu.pl\/wf\/?page_id=9651\" title=\"Tajemnice czarnych dziur - audycja w Radiu Bia\u0142ystok\"><img decoding=\"async\" src=\"https:\/\/physics.uwb.edu.pl\/wf\/wp-content\/uploads\/2019\/04\/radioskop-PJ_MN-150x86.jpeg\" width=\"150\" alt=\"Tajemnice czarnych dziur - audycja w Radiu Bia\u0142ystok\" \/><\/a><\/div> <h3 class=\"page-list-ext-title\"><a href=\"https:\/\/physics.uwb.edu.pl\/wf\/?page_id=9651\" title=\"Tajemnice czarnych dziur - audycja w Radiu Bia\u0142ystok\">Tajemnice czarnych dziur - audycja w Radiu Bia\u0142ystok<\/a><\/h3><div class=\"page-list-ext-item-content\">W dniu 19 kwietnia 2019 r. go\u015b\u0107mi audycji Radioskop w Radiu Bia\u0142ystok  byli prof. Piotr Jaranowski oraz dr hab. Marek Niko\u0142ajuk. Tematem przewodnim by\u0142a niedawna informacja o sfotografowaniu czarnej dziury.\r\n\r\n\r\n\r\nPe\u0142na audycja do ods\u0142uchania pod tym li...<\/div><\/div>\n<div class=\"page-list-ext-item\"><div class=\"page-list-ext-image\"><a href=\"https:\/\/physics.uwb.edu.pl\/wf\/?page_id=9407\" title=\"III Konferencja Nauczycieli Fizyki 2019\"><img decoding=\"async\" src=\"https:\/\/physics.uwb.edu.pl\/wf\/wp-content\/uploads\/2019\/04\/knf2019_logo_narrow-150x42.png\" width=\"150\" alt=\"III Konferencja Nauczycieli Fizyki 2019\" \/><\/a><\/div> <h3 class=\"page-list-ext-title\"><a href=\"https:\/\/physics.uwb.edu.pl\/wf\/?page_id=9407\" title=\"III Konferencja Nauczycieli Fizyki 2019\">III Konferencja Nauczycieli Fizyki 2019<\/a><\/h3><div class=\"page-list-ext-item-content\">W dniu 30.03.2019 r. na Wydziale Fizyki UwB odby\u0142a si\u0119 III Konferencja Nauczycieli Fizyki 2019. Szczeg\u00f3\u0142y na stronie konferencji .<\/div><\/div>\n<div class=\"page-list-ext-item\"><div class=\"page-list-ext-image\"><a href=\"https:\/\/physics.uwb.edu.pl\/wf\/?page_id=9569\" title=\"Szko\u0142a Wyzwa\u0144 - Akademia Chemika, Astronoma i Newtona\"><img decoding=\"async\" src=\"https:\/\/physics.uwb.edu.pl\/wf\/wp-content\/uploads\/2019\/04\/20190323_093932-150x113.jpg\" width=\"150\" alt=\"Szko\u0142a Wyzwa\u0144 - Akademia Chemika, Astronoma i Newtona\" \/><\/a><\/div> <h3 class=\"page-list-ext-title\"><a href=\"https:\/\/physics.uwb.edu.pl\/wf\/?page_id=9569\" title=\"Szko\u0142a Wyzwa\u0144 - Akademia Chemika, Astronoma i Newtona\">Szko\u0142a Wyzwa\u0144 - Akademia Chemika, Astronoma i Newtona<\/a><\/h3><div class=\"page-list-ext-item-content\">W dniu 23 marzec 2019 r. w Kampusie UwB ruszy\u0142y warsztaty w ramach \"Szko\u0142y Wyzwa\u0144\" - programu realizowanego przez Miasto Siemiatycze. Celem projektu jest podnoszenie kompetencji uczni\u00f3w szk\u00f3\u0142 podstawowych i gimnazjalnych z Siemiatycz. Finansowanie uzysk...<\/div><\/div>\n<div class=\"page-list-ext-item\"><div class=\"page-list-ext-image\"><a href=\"https:\/\/physics.uwb.edu.pl\/wf\/?page_id=9384\" title=\"Marcowe Spotkania z Nauk\u0105 - czyli Dni Otwarte w Kampusie UwB\"><img decoding=\"async\" src=\"https:\/\/physics.uwb.edu.pl\/wf\/wp-content\/uploads\/2019\/03\/macowe_spotkania_z_nauka2019-1-150x54.png\" width=\"150\" alt=\"Marcowe Spotkania z Nauk\u0105 - czyli Dni Otwarte w Kampusie UwB\" \/><\/a><\/div> <h3 class=\"page-list-ext-title\"><a href=\"https:\/\/physics.uwb.edu.pl\/wf\/?page_id=9384\" title=\"Marcowe Spotkania z Nauk\u0105 - czyli Dni Otwarte w Kampusie UwB\">Marcowe Spotkania z Nauk\u0105 - czyli Dni Otwarte w Kampusie UwB<\/a><\/h3><div class=\"page-list-ext-item-content\">W dniach 21-23.03.2019 r. odby\u0142y si\u0119 Dni Otwarte w Kampusie UwB - na spotkania wsp\u00f3lnie zaprasza\u0142y Wydzia\u0142 Biologiczno-Chemiczny, Wydzia\u0142 Matematyki i Informatyki oraz Wydzia\u0142 Fizyki. By\u0142y to ju\u017c trzecie Dni Otwarte wydzia\u0142\u00f3w tzw. nauk \u015bcis\u0142ych - ka\u017cdy m\u00f3g\u0142...<\/div><\/div>\n<div class=\"page-list-ext-item\"><div class=\"page-list-ext-image\"><a href=\"https:\/\/physics.uwb.edu.pl\/wf\/?page_id=9607\" title=\"Talenty XXI wieku - edycja VI (2019 r)\"><img decoding=\"async\" src=\"https:\/\/physics.uwb.edu.pl\/wf\/wp-content\/uploads\/2019\/04\/talentyXXIw-150x96.png\" width=\"150\" alt=\"Talenty XXI wieku - edycja VI (2019 r)\" \/><\/a><\/div> <h3 class=\"page-list-ext-title\"><a href=\"https:\/\/physics.uwb.edu.pl\/wf\/?page_id=9607\" title=\"Talenty XXI wieku - edycja VI (2019 r)\">Talenty XXI wieku - edycja VI (2019 r)<\/a><\/h3><div class=\"page-list-ext-item-content\">Jak co rok Wydzia\u0142 Fizyki bierze aktywny udzia\u0142 w Talentach XXI wieku  - zaj\u0119ciach pozalekcyjnych organizowanych przez Centrum Edukcaji Ustwicznej  w Bia\u0142ymstoku. Tegoroczne warsztaty (edycja VI-ta) rozpocz\u0119\u0142y si\u0119 w marcu 2019 i obejmuj\u0105 6 spotka\u0144 w miesi\u0105...<\/div><\/div>\n<div class=\"page-list-ext-item\"><div class=\"page-list-ext-image\"><a href=\"https:\/\/physics.uwb.edu.pl\/wf\/?page_id=9377\" title=\"Warsztaty dla LO w Mo\u0144kach\"><img decoding=\"async\" src=\"https:\/\/physics.uwb.edu.pl\/wf\/wp-content\/uploads\/2019\/03\/DSCPDC_0001_BURST20190316134926088_COVER-150x84.jpg\" width=\"150\" alt=\"Warsztaty dla LO w Mo\u0144kach\" \/><\/a><\/div> <h3 class=\"page-list-ext-title\"><a href=\"https:\/\/physics.uwb.edu.pl\/wf\/?page_id=9377\" title=\"Warsztaty dla LO w Mo\u0144kach\">Warsztaty dla LO w Mo\u0144kach<\/a><\/h3><div class=\"page-list-ext-item-content\">W dniu 16-03-2019 r. rozpocz\u0119\u0142y si\u0119 warsztaty z fizyki dla uczni\u00f3w Liceum Og\u00f3lnokszta\u0142c\u0105cego w Mo\u0144kach. Z inicjatyw\u0105 wyst\u0105pi\u0142 wicedyrektor szko\u0142y Dariusz Hry\u0144, kt\u00f3ry postara\u0142 si\u0119 o zorganizowanie finansowania dla swoich uczni\u00f3w (projekt \"Wymagane kompet...<\/div><\/div>\n<div class=\"page-list-ext-item\"><div class=\"page-list-ext-image\"><a href=\"https:\/\/physics.uwb.edu.pl\/wf\/?page_id=9371\" title=\"Gie\u0142da pomys\u0142\u00f3w na \u017cycie --- \u0141om\u017ca\"><img decoding=\"async\" src=\"https:\/\/physics.uwb.edu.pl\/wf\/wp-content\/uploads\/2019\/03\/20190313_095649-e1553324589961-150x126.jpg\" width=\"150\" alt=\"Gie\u0142da pomys\u0142\u00f3w na \u017cycie --- \u0141om\u017ca\" \/><\/a><\/div> <h3 class=\"page-list-ext-title\"><a href=\"https:\/\/physics.uwb.edu.pl\/wf\/?page_id=9371\" title=\"Gie\u0142da pomys\u0142\u00f3w na \u017cycie --- \u0141om\u017ca\">Gie\u0142da pomys\u0142\u00f3w na \u017cycie --- \u0141om\u017ca<\/a><\/h3><div class=\"page-list-ext-item-content\">W dniu 13-03-2019 r. uczestniczyli\u015bmy w XIX Gie\u0142dzie pomys\u0142\u00f3w na \u017cycie zorganiozowanej przez III Liceum Og\u00f3lnokszta\u0142c\u0105cym w \u0141om\u017cy.\r\n\r\nTo du\u017ca impreza adresowana do m\u0142odzie\u017cy - w tym roku prezentowali si\u0119: Akademia Marynarki Wojennej im. Bohater\u00f3w Wes...<\/div><\/div>\n<div class=\"page-list-ext-item\"><div class=\"page-list-ext-image\"><a href=\"https:\/\/physics.uwb.edu.pl\/wf\/?page_id=9301\" title=\"Prezentacje Edukacyjno \u2013 Doradcze \u201eUczelnie w powiecie\u201d -- Siemiatycze\"><img decoding=\"async\" src=\"https:\/\/physics.uwb.edu.pl\/wf\/wp-content\/uploads\/2019\/03\/DSC_9938-150x93.jpg\" width=\"150\" alt=\"Prezentacje Edukacyjno \u2013 Doradcze \u201eUczelnie w powiecie\u201d -- Siemiatycze\" \/><\/a><\/div> <h3 class=\"page-list-ext-title\"><a href=\"https:\/\/physics.uwb.edu.pl\/wf\/?page_id=9301\" title=\"Prezentacje Edukacyjno \u2013 Doradcze \u201eUczelnie w powiecie\u201d -- Siemiatycze\">Prezentacje Edukacyjno \u2013 Doradcze \u201eUczelnie w powiecie\u201d -- Siemiatycze<\/a><\/h3><div class=\"page-list-ext-item-content\">W dniu 27-02-2019 r. uczestniczyli\u015bmy w Prezentacjach Edukacyjno \u2013 Doradczych \u201eUczelnie w powiecie\u201d - odwiedzili\u015bmy Siemiatycze.\r\n\r\nIde\u0105 cyklu imprez pt. \"Uczelnie w powiecie\" jest dostarczenie uczniom szk\u00f3\u0142 ponadpodstawowych, g\u0142\u00f3wnie maturzystom, wyczerpuj\u0105ce...<\/div><\/div>\n<div class=\"page-list-ext-item\"><div class=\"page-list-ext-image\"><a href=\"https:\/\/physics.uwb.edu.pl\/wf\/?page_id=9305\" title=\"Prezentacje Edukacyjno \u2013 Doradcze \u201eUczelnie w powiecie\u201d -- Sok\u00f3\u0142ka\"><img decoding=\"async\" src=\"https:\/\/physics.uwb.edu.pl\/wf\/wp-content\/uploads\/2019\/03\/zdj_42-2-150x100.jpg\" width=\"150\" alt=\"Prezentacje Edukacyjno \u2013 Doradcze \u201eUczelnie w powiecie\u201d -- Sok\u00f3\u0142ka\" \/><\/a><\/div> <h3 class=\"page-list-ext-title\"><a href=\"https:\/\/physics.uwb.edu.pl\/wf\/?page_id=9305\" title=\"Prezentacje Edukacyjno \u2013 Doradcze \u201eUczelnie w powiecie\u201d -- Sok\u00f3\u0142ka\">Prezentacje Edukacyjno \u2013 Doradcze \u201eUczelnie w powiecie\u201d -- Sok\u00f3\u0142ka<\/a><\/h3><div class=\"page-list-ext-item-content\">W dniu 25-02-2019 r. uczestniczyli\u015bmy w Prezentacjach Edukacyjno \u2013 Doradczych \u201eUczelnie w powiecie\u201d - wsp\u00f3lnie z Dzie\u0142em Rekrutacji UwB odwiedzili\u015bmy Sok\u00f3\u0142k\u0119.\r\n\r\nCykl imprez pt. \"Uczelnie w powiecie\" adresowany jest g\u0142\u00f3wnie do maturzyst\u00f3w chc\u0105cych kontyn...<\/div><\/div>\n<div class=\"page-list-ext-item\"><div class=\"page-list-ext-image\"><a href=\"https:\/\/physics.uwb.edu.pl\/wf\/?page_id=9153\" title=\"XIV Targi Edukacyjne w 2LO w Bia\u0142ymstoku\"><img decoding=\"async\" src=\"https:\/\/physics.uwb.edu.pl\/wf\/wp-content\/uploads\/2019\/01\/DSCPDC_0003_BURST20190116100232104_COVER-150x84.jpg\" width=\"150\" alt=\"XIV Targi Edukacyjne w 2LO w Bia\u0142ymstoku\" \/><\/a><\/div> <h3 class=\"page-list-ext-title\"><a href=\"https:\/\/physics.uwb.edu.pl\/wf\/?page_id=9153\" title=\"XIV Targi Edukacyjne w 2LO w Bia\u0142ymstoku\">XIV Targi Edukacyjne w 2LO w Bia\u0142ymstoku<\/a><\/h3><div class=\"page-list-ext-item-content\">W dniu 16-01-2019 r. uczestniczyli\u015bmy w Targach Edukacyjnych (to ju\u017c XIV edycja!) zorganizowanych przez 2LO w Bia\u0142ystoku . W promocji Wydzia\u0142u Fizyki udzia\u0142 wzi\u0119li: Mateusz Ko\u0142odziejczyk (student trzeciego roku specjalno\u015bci Fizyka Gier Komputerowych i Robot...<\/div><\/div>\n<div class=\"page-list-ext-item\"><div class=\"page-list-ext-image\"><a href=\"https:\/\/physics.uwb.edu.pl\/wf\/?page_id=9142\" title=\"Wsp\u00f3\u0142praca z I LO im. Adama Mickiewicza w Bia\u0142ymstoku\"><img decoding=\"async\" src=\"https:\/\/physics.uwb.edu.pl\/wf\/wp-content\/uploads\/2019\/01\/destination-imagination-150x39.png\" width=\"150\" alt=\"Wsp\u00f3\u0142praca z I LO im. Adama Mickiewicza w Bia\u0142ymstoku\" \/><\/a><\/div> <h3 class=\"page-list-ext-title\"><a href=\"https:\/\/physics.uwb.edu.pl\/wf\/?page_id=9142\" title=\"Wsp\u00f3\u0142praca z I LO im. Adama Mickiewicza w Bia\u0142ymstoku\">Wsp\u00f3\u0142praca z I LO im. Adama Mickiewicza w Bia\u0142ymstoku<\/a><\/h3><div class=\"page-list-ext-item-content\">Destination Imagination &nbsp;to Olimpiada Kreatywno\u015bci skierowana do uczni\u00f3w - uczy rozwi\u0105zywania problem\u00f3w z dziedziny zagadnie\u0144 technicznych, naukowych, konstrukcyjnych, artystycznych, improwizacyjnych lub spo\u0142ecznych. 7-mio osobowa dru\u017cyna, pod ki...<\/div><\/div>\n<div class=\"page-list-ext-item\"><div class=\"page-list-ext-image\"><a href=\"https:\/\/physics.uwb.edu.pl\/wf\/?page_id=9175\" title=\"Ewolucja gwiazd - wizyta w ZSM w Bia\u0142ymstoku (&quot;mechaniak&quot;)\"><img decoding=\"async\" src=\"https:\/\/physics.uwb.edu.pl\/wf\/wp-content\/uploads\/2019\/01\/20181128-mechaniak-tydzien_nauk_hum-JarekRyszkiewicz-150x113.jpg\" width=\"150\" alt=\"Ewolucja gwiazd - wizyta w ZSM w Bia\u0142ymstoku (&quot;mechaniak&quot;)\" \/><\/a><\/div> <h3 class=\"page-list-ext-title\"><a href=\"https:\/\/physics.uwb.edu.pl\/wf\/?page_id=9175\" title=\"Ewolucja gwiazd - wizyta w ZSM w Bia\u0142ymstoku (&quot;mechaniak&quot;)\">Ewolucja gwiazd - wizyta w ZSM w Bia\u0142ymstoku (&quot;mechaniak&quot;)<\/a><\/h3><div class=\"page-list-ext-item-content\">W ramach Tygodnia Nauk Humanistycznych zaproszono do naszej szko\u0142y mgr.&nbsp;Jaros\u0142awa Ryszkiewicza , doktoranta trzeciego roku z Wydzia\u0142u Fizyki Uniwersytetu w Bia\u0142ymstoku. Poprowadzi\u0142 on prelekcj\u0119 na temat \"Ewolucja gwiazd \". Pan Jaros\u0142aw szczeg\u00f3\u0142owo i ciekaw...<\/div><\/div>\n<div class=\"page-list-ext-item\"><div class=\"page-list-ext-image\"><a href=\"https:\/\/physics.uwb.edu.pl\/wf\/?page_id=8349\" title=\"Inauguracja roku akademickiego 2018\/2019\"><img decoding=\"async\" src=\"https:\/\/physics.uwb.edu.pl\/wf\/wp-content\/uploads\/2018\/10\/2-150x100.jpg\" width=\"150\" alt=\"Inauguracja roku akademickiego 2018\/2019\" \/><\/a><\/div> <h3 class=\"page-list-ext-title\"><a href=\"https:\/\/physics.uwb.edu.pl\/wf\/?page_id=8349\" title=\"Inauguracja roku akademickiego 2018\/2019\">Inauguracja roku akademickiego 2018\/2019<\/a><\/h3><div class=\"page-list-ext-item-content\">W dniu 1 pa\u017adziernika 2018 r. odby\u0142a si\u0119 uroczysta inauguracja roku akademickiego 2018\/2019 na Wydziale Fizyki UwB. Uroczysto\u015b\u0107 prowadzi\u0142 prof. Piotra Jaranowskiego  (dziekana Wydzia\u0142u Fizyki) oraz dr. hab. Andrzeja Andrejczuka , prof. UwB (prodziekana ds. og...<\/div><\/div>\n<div class=\"page-list-ext-item\"><div class=\"page-list-ext-image\"><a href=\"https:\/\/physics.uwb.edu.pl\/wf\/?page_id=8270\" title=\"Salon Maturzyst\u00f3w &quot;Perspektywy&quot; 2018 w Kampusie UwB\"><img decoding=\"async\" src=\"https:\/\/physics.uwb.edu.pl\/wf\/wp-content\/uploads\/2018\/09\/DSC_6123-150x84.jpg\" width=\"150\" alt=\"Salon Maturzyst\u00f3w &quot;Perspektywy&quot; 2018 w Kampusie UwB\" \/><\/a><\/div> <h3 class=\"page-list-ext-title\"><a href=\"https:\/\/physics.uwb.edu.pl\/wf\/?page_id=8270\" title=\"Salon Maturzyst\u00f3w &quot;Perspektywy&quot; 2018 w Kampusie UwB\">Salon Maturzyst\u00f3w &quot;Perspektywy&quot; 2018 w Kampusie UwB<\/a><\/h3><div class=\"page-list-ext-item-content\">W dniu 7 wrze\u015bnia 2018 r. odby\u0142y si\u0119 targi edukacyjne organizowane przez \"Perspektywy\". Tak\u017ce i w tym roku impreza odby\u0142a si\u0119 na terenie Kampusu UwB.&nbsp;\r\n\r\n &nbsp; \r\n\r\nPodczas targ\u00f3w mo\u017cna by\u0142o porozmawia\u0107 o studiowaniu fizyki z dr. Krzysztofem Gawryluki...<\/div><\/div>\n<div class=\"page-list-ext-item\"><div class=\"page-list-ext-image\"><a href=\"https:\/\/physics.uwb.edu.pl\/wf\/?page_id=8088\" title=\"Fizyka... w \u015bwiecie rozrywki? Wizyta w SP19 w Bia\u0142ymstoku\"><img decoding=\"async\" src=\"https:\/\/physics.uwb.edu.pl\/wf\/wp-content\/uploads\/2018\/06\/IMG_1373-150x100.jpg\" width=\"150\" alt=\"Fizyka... w \u015bwiecie rozrywki? Wizyta w SP19 w Bia\u0142ymstoku\" \/><\/a><\/div> <h3 class=\"page-list-ext-title\"><a href=\"https:\/\/physics.uwb.edu.pl\/wf\/?page_id=8088\" title=\"Fizyka... w \u015bwiecie rozrywki? Wizyta w SP19 w Bia\u0142ymstoku\">Fizyka... w \u015bwiecie rozrywki? Wizyta w SP19 w Bia\u0142ymstoku<\/a><\/h3><div class=\"page-list-ext-item-content\">15 czerwca 2018 r. dostali\u015bmy zaproszenie do odwiedzenia Szko\u0142y Podstawowej nr 19 im. Mieszka I w Bia\u0142ymstoku na \"motywuj\u0105c\u0105\" lekcj\u0119 fizyki . Pomys\u0142odawczyni\u0105 spotkania by\u0142a nasza studentka mgr Joanna Zieziula - aktualnie nauczycielka przedmiotu fizyka w...<\/div><\/div>\n<div class=\"page-list-ext-item\"><div class=\"page-list-ext-image\"><a href=\"https:\/\/physics.uwb.edu.pl\/wf\/?page_id=8072\" title=\"XVI Podlaski Festiwal Nauki i Sztuki\"><img decoding=\"async\" src=\"https:\/\/physics.uwb.edu.pl\/wf\/wp-content\/uploads\/2018\/06\/IMG_20180609_114703-150x113.jpg\" width=\"150\" alt=\"XVI Podlaski Festiwal Nauki i Sztuki\" \/><\/a><\/div> <h3 class=\"page-list-ext-title\"><a href=\"https:\/\/physics.uwb.edu.pl\/wf\/?page_id=8072\" title=\"XVI Podlaski Festiwal Nauki i Sztuki\">XVI Podlaski Festiwal Nauki i Sztuki<\/a><\/h3><div class=\"page-list-ext-item-content\">W dniach 6-9 marca 2018 r. odby\u0142y si\u0119 XVI Festiwal Nauki &nbsp;-&nbsp;coroczna impreza, kt\u00f3re na dobre wpisa\u0142a si\u0119 w bia\u0142ostockie \u017cycie szkolne. Nie zabrak\u0142o Wydzia\u0142u Fizyki, kt\u00f3ry przygotowa\u0142 zaj\u0119cia warsztatowe oraz wyk\u0142ady. By\u0142y to:\r\n\r\n \t\"Pierwsze sp...<\/div><\/div>\n<div class=\"page-list-ext-item\"><div class=\"page-list-ext-image\"><a href=\"https:\/\/physics.uwb.edu.pl\/wf\/?page_id=8008\" title=\"I Uczniowska Konferencja Naukowa - 3LO w Bia\u0142ymstoku\"><img decoding=\"async\" src=\"https:\/\/physics.uwb.edu.pl\/wf\/wp-content\/uploads\/2018\/06\/gaw0-150x100.png\" width=\"150\" alt=\"I Uczniowska Konferencja Naukowa - 3LO w Bia\u0142ymstoku\" \/><\/a><\/div> <h3 class=\"page-list-ext-title\"><a href=\"https:\/\/physics.uwb.edu.pl\/wf\/?page_id=8008\" title=\"I Uczniowska Konferencja Naukowa - 3LO w Bia\u0142ymstoku\">I Uczniowska Konferencja Naukowa - 3LO w Bia\u0142ymstoku<\/a><\/h3><div class=\"page-list-ext-item-content\">30 maja 2018 r. w III Liceum Og\u00f3lnokszta\u0142c\u0105cym w Bia\u0142ymstoku odby\u0142a si\u0119 I Uczniowska Konferencja Naukowa. Cho\u0107 nazwa wskazuje, \u017ce jest to nowa inicjatywa - to w rzeczywisto\u015bci pod now\u0105 nazw\u0105 (i numeracj\u0105 \"od jedynki\") kryje si\u0119 kontynuacja wcze\u015bniejszy...<\/div><\/div>\n<div class=\"page-list-ext-item\"><div class=\"page-list-ext-image\"><a href=\"https:\/\/physics.uwb.edu.pl\/wf\/?page_id=7830\" title=\"Targi pracy i edukacji -- Mo\u0144ki\"><img decoding=\"async\" src=\"https:\/\/physics.uwb.edu.pl\/wf\/wp-content\/uploads\/2018\/04\/2698320A-3546-43FF-AB5C-6381E036EB37-150x113.jpeg\" width=\"150\" alt=\"Targi pracy i edukacji -- Mo\u0144ki\" \/><\/a><\/div> <h3 class=\"page-list-ext-title\"><a href=\"https:\/\/physics.uwb.edu.pl\/wf\/?page_id=7830\" title=\"Targi pracy i edukacji -- Mo\u0144ki\">Targi pracy i edukacji -- Mo\u0144ki<\/a><\/h3><div class=\"page-list-ext-item-content\">24 marca 2018 r. uczestniczyli\u015bmy w Targach Pracy i Edukacji w Mo\u0144kach. Uczniowie zapoznali si\u0119 z ofertami szk\u00f3\u0142, uczelni, firm oraz innych plac\u00f3wek o\u015bwiatowych i edukacyjnych.\r\n\r\n&nbsp;&nbsp;\r\n\r\nW promocji wydzia\u0142u udzia\u0142 wzi\u0105\u0142 nasz doktorant mgr Jaros\u0142...<\/div><\/div>\n<div class=\"page-list-ext-item\"><div class=\"page-list-ext-image\"><a href=\"https:\/\/physics.uwb.edu.pl\/wf\/?page_id=7841\" title=\"Fizyka Gier i Robot\u00f3w - wizyta w III LO w Bia\u0142ymstoku\"><img decoding=\"async\" src=\"https:\/\/physics.uwb.edu.pl\/wf\/wp-content\/uploads\/2018\/04\/III_Liceum_Og_C3_B3lnokszta_C5_82c_C4_85ce_w_Bia_C5_82ymstoku_2_JPG-seo-150x87.jpg\" width=\"150\" alt=\"Fizyka Gier i Robot\u00f3w - wizyta w III LO w Bia\u0142ymstoku\" \/><\/a><\/div> <h3 class=\"page-list-ext-title\"><a href=\"https:\/\/physics.uwb.edu.pl\/wf\/?page_id=7841\" title=\"Fizyka Gier i Robot\u00f3w - wizyta w III LO w Bia\u0142ymstoku\">Fizyka Gier i Robot\u00f3w - wizyta w III LO w Bia\u0142ymstoku<\/a><\/h3><div class=\"page-list-ext-item-content\">W dniu 24.04.2018 r. dr hab. Tomasz Karpiuk odwiedzi\u0142 III LO im.&nbsp;K. K. Baczy\u0144skiego w Bia\u0142ymstoku. M\u0142odzie\u017c klas drugich (i trzecich, cho\u0107 tych akurat by\u0142o niewielu - pewnie przygotowuj\u0105 si\u0119 do matury \ud83d\ude09 wys\u0142ucha\u0142a wyst\u0105pienia pt. \"Fizyka gier komput...<\/div><\/div>\n<div class=\"page-list-ext-item\"><div class=\"page-list-ext-image\"><a href=\"https:\/\/physics.uwb.edu.pl\/wf\/?page_id=7789\" title=\"Fizyka Gier i Robot\u00f3w - wizyta w IV LO w Bia\u0142ymstoku\"><img decoding=\"async\" src=\"https:\/\/physics.uwb.edu.pl\/wf\/wp-content\/uploads\/2018\/04\/IVLO-150x87.jpg\" width=\"150\" alt=\"Fizyka Gier i Robot\u00f3w - wizyta w IV LO w Bia\u0142ymstoku\" \/><\/a><\/div> <h3 class=\"page-list-ext-title\"><a href=\"https:\/\/physics.uwb.edu.pl\/wf\/?page_id=7789\" title=\"Fizyka Gier i Robot\u00f3w - wizyta w IV LO w Bia\u0142ymstoku\">Fizyka Gier i Robot\u00f3w - wizyta w IV LO w Bia\u0142ymstoku<\/a><\/h3><div class=\"page-list-ext-item-content\">W dniu 20.04.2018 r. dr Krzysztof Gawryluk odwiedzi\u0142 IV LO im. Cypriana Kamila Norwida w Bia\u0142ymstoku. M\u0142odzie\u017c klas drugich i trzecich (o profilu politechnicznym) wys\u0142ucha\u0142a wyst\u0105pienia pt. \"Fizyka gier komputerowych i robot\u00f3w - specjalno\u015b\u0107 z przysz\u0142...<\/div><\/div>\n<div class=\"page-list-ext-item\"><div class=\"page-list-ext-image\"><a href=\"https:\/\/physics.uwb.edu.pl\/wf\/?page_id=7763\" title=\"Wizyta licealist\u00f3w z Grodna\"><img decoding=\"async\" src=\"https:\/\/physics.uwb.edu.pl\/wf\/wp-content\/uploads\/2018\/04\/R\u00f3\u017cnorodno\u015b\u0107-planet-150x120.jpg\" width=\"150\" alt=\"Wizyta licealist\u00f3w z Grodna\" \/><\/a><\/div> <h3 class=\"page-list-ext-title\"><a href=\"https:\/\/physics.uwb.edu.pl\/wf\/?page_id=7763\" title=\"Wizyta licealist\u00f3w z Grodna\">Wizyta licealist\u00f3w z Grodna<\/a><\/h3><div class=\"page-list-ext-item-content\">W dniu 13.04.2018 r. go\u015bcili\u015bmy maturzyst\u00f3w z Polskiej Szko\u0142y Spo\u0142ecznej przy Zwi\u0105zku Polak\u00f3w na Bia\u0142orusi w Grodnie. M\u0142odzie\u017c pozna\u0142a&nbsp; zasady rekrutacji na Uniwersytecie obowi\u0105zuj\u0105ce w roku akademickim 2018\/2019. Odby\u0142o si\u0119 tak\u017ce zwiedzanie nasz...<\/div><\/div>\n<div class=\"page-list-ext-item\"><div class=\"page-list-ext-image\"><a href=\"https:\/\/physics.uwb.edu.pl\/wf\/?page_id=7765\" title=\"Fizyka Gier i Robot\u00f3w - wizyta w I LO w Bia\u0142ymstoku\"><img decoding=\"async\" src=\"https:\/\/physics.uwb.edu.pl\/wf\/wp-content\/uploads\/2018\/04\/I_Liceum_Og\u00f3lnokszta\u0142c\u0105ce_w_Bia\u0142ymstoku-wiki-150x100.jpg\" width=\"150\" alt=\"Fizyka Gier i Robot\u00f3w - wizyta w I LO w Bia\u0142ymstoku\" \/><\/a><\/div> <h3 class=\"page-list-ext-title\"><a href=\"https:\/\/physics.uwb.edu.pl\/wf\/?page_id=7765\" title=\"Fizyka Gier i Robot\u00f3w - wizyta w I LO w Bia\u0142ymstoku\">Fizyka Gier i Robot\u00f3w - wizyta w I LO w Bia\u0142ymstoku<\/a><\/h3><div class=\"page-list-ext-item-content\">W dniu 13.04.2018 r. dr Cezary Walczyk odwiedzi\u0142 I LO im. Adama Mickiewicza w Bia\u0142ymstoku. M\u0142odzie\u017c klas matematyczno-fizyczno-informatycznych wys\u0142ucha\u0142a wyst\u0105pienia pt. \"Fizyka gier komputerowych i robot\u00f3w - specjalno\u015b\u0107 z przysz\u0142o\u015bci\u0105\". Uczniowie mi...<\/div><\/div>\n<div class=\"page-list-ext-item\"><div class=\"page-list-ext-image\"><a href=\"https:\/\/physics.uwb.edu.pl\/wf\/?page_id=7577\" title=\"Marcowe spotkania z nauk\u0105 - Dni Otwarte na Kampusie UwB\"><img decoding=\"async\" src=\"https:\/\/physics.uwb.edu.pl\/wf\/wp-content\/uploads\/2018\/03\/Marcowe-dni-Otwarte2-150x100.jpg\" width=\"150\" alt=\"Marcowe spotkania z nauk\u0105 - Dni Otwarte na Kampusie UwB\" \/><\/a><\/div> <h3 class=\"page-list-ext-title\"><a href=\"https:\/\/physics.uwb.edu.pl\/wf\/?page_id=7577\" title=\"Marcowe spotkania z nauk\u0105 - Dni Otwarte na Kampusie UwB\">Marcowe spotkania z nauk\u0105 - Dni Otwarte na Kampusie UwB<\/a><\/h3><div class=\"page-list-ext-item-content\">W dniach 15-17 marca 2018 r. odby\u0142y si\u0119 po raz pierwszy Marcowe Spotkania z Nauk\u0105 - Dni Otwarte na Kampusie  UwB . To nowa inicjatywa popularyzacji  nauki a tak\u017ce wydzia\u0142\u00f3w nauk \u015bcis\u0142ych, mieszcz\u0105cych si\u0119 w\u0142a\u015bnie w Kampusie UwB.&nbsp;Wydzia\u0142 Fizyki&nbsp;...<\/div><\/div>\n<div class=\"page-list-ext-item\"><div class=\"page-list-ext-image\"><a href=\"https:\/\/physics.uwb.edu.pl\/wf\/?page_id=7417\" title=\"Dlaczego zajmujemy si\u0119 gwiazdami? - audycja w Radiu Bia\u0142ystok\"><img decoding=\"async\" src=\"https:\/\/physics.uwb.edu.pl\/wf\/wp-content\/uploads\/2018\/03\/radioskop20180316-150x86.jpeg\" width=\"150\" alt=\"Dlaczego zajmujemy si\u0119 gwiazdami? - audycja w Radiu Bia\u0142ystok\" \/><\/a><\/div> <h3 class=\"page-list-ext-title\"><a href=\"https:\/\/physics.uwb.edu.pl\/wf\/?page_id=7417\" title=\"Dlaczego zajmujemy si\u0119 gwiazdami? - audycja w Radiu Bia\u0142ystok\">Dlaczego zajmujemy si\u0119 gwiazdami? - audycja w Radiu Bia\u0142ystok<\/a><\/h3><div class=\"page-list-ext-item-content\">W dniu 15 marca 2018 r. go\u015bciem audycji Radioskop w Radiu Bia\u0142ystok  by\u0142 dr hab. Marek Niko\u0142ajuk. Dr Niko\u0142ajuk jest Dziekanem Wydzia\u0142u Fizyki do spraw studenckich a tak\u017ce... astrofizykiem. W\u0142a\u015bnie wok\u00f3\u0142 tego tematu \"kr\u0119ci\u0142a\" si\u0119 ca\u0142a rozmowa.\r\n\r\n\r\n\r\nPe\u0142na audycja do ods\u0142...<\/div><\/div>\n<div class=\"page-list-ext-item\"><div class=\"page-list-ext-image\"><a href=\"https:\/\/physics.uwb.edu.pl\/wf\/?page_id=7413\" title=\"XII M\u0142odzie\u017cowe Targi Edukacji i Pracy -- Ostro\u0142\u0119ka\"><img decoding=\"async\" src=\"https:\/\/physics.uwb.edu.pl\/wf\/wp-content\/uploads\/2018\/03\/F8E0E610-CAD3-47D3-A994-DF4E27BBD99F-150x113.jpeg\" width=\"150\" alt=\"XII M\u0142odzie\u017cowe Targi Edukacji i Pracy -- Ostro\u0142\u0119ka\" \/><\/a><\/div> <h3 class=\"page-list-ext-title\"><a href=\"https:\/\/physics.uwb.edu.pl\/wf\/?page_id=7413\" title=\"XII M\u0142odzie\u017cowe Targi Edukacji i Pracy -- Ostro\u0142\u0119ka\">XII M\u0142odzie\u017cowe Targi Edukacji i Pracy -- Ostro\u0142\u0119ka<\/a><\/h3><div class=\"page-list-ext-item-content\">15 marca 2018 r. uczestniczyli\u015bmy w&nbsp;dwunastej edycji M\u0142odzie\u017cowych Targ\u00f3w Edukacji i Pracy w Ostro\u0142\u0119ce. Uczniowie zapoznali si\u0119 z ofertami szk\u00f3\u0142, uczelni, firm oraz innych plac\u00f3wek o\u015bwiatowych i edukacyjnych.\r\n\r\n\r\n\r\nW promocji wydzia\u0142u wzi\u0119\u0142a udzi...<\/div><\/div>\n<div class=\"page-list-ext-item\"><div class=\"page-list-ext-image\"><a href=\"https:\/\/physics.uwb.edu.pl\/wf\/?page_id=7407\" title=\"XVIII Gie\u0142da pomys\u0142\u00f3w na \u017cycie - \u0141om\u017ca\"><img decoding=\"async\" src=\"https:\/\/physics.uwb.edu.pl\/wf\/wp-content\/uploads\/2018\/03\/AC335542-4478-47A7-A0C8-C11A5A795C72-150x113.jpeg\" width=\"150\" alt=\"XVIII Gie\u0142da pomys\u0142\u00f3w na \u017cycie - \u0141om\u017ca\" \/><\/a><\/div> <h3 class=\"page-list-ext-title\"><a href=\"https:\/\/physics.uwb.edu.pl\/wf\/?page_id=7407\" title=\"XVIII Gie\u0142da pomys\u0142\u00f3w na \u017cycie - \u0141om\u017ca\">XVIII Gie\u0142da pomys\u0142\u00f3w na \u017cycie - \u0141om\u017ca<\/a><\/h3><div class=\"page-list-ext-item-content\">14 marca 2018 r. - czyli w Mi\u0119dzynarodym Dniu Liczby Pi - wzi\u0119li\u015bmy udzia\u0142 w XVIII Gie\u0142dzie Pomys\u0142\u00f3w Na \u017bycie - organizowanej przez 3LO w \u0141om\u017cy.&nbsp;Warto doda\u0107, \u017ce liczba pi=3.141592... jest \"dniem urodzin\" Alberta Einsteina (urodzonym w\u0142a\u015bnie 14 marca 1879...<\/div><\/div>\n<div class=\"page-list-ext-item\"><div class=\"page-list-ext-image\"><a href=\"https:\/\/physics.uwb.edu.pl\/wf\/?page_id=7371\" title=\"Uczelnie w Powiecie -- E\u0142k -- puchar!\"><img decoding=\"async\" src=\"https:\/\/physics.uwb.edu.pl\/wf\/wp-content\/uploads\/2018\/03\/5DC993FF-C435-4979-BE8B-DFCB0BF86FA5-150x113.jpeg\" width=\"150\" alt=\"Uczelnie w Powiecie -- E\u0142k -- puchar!\" \/><\/a><\/div> <h3 class=\"page-list-ext-title\"><a href=\"https:\/\/physics.uwb.edu.pl\/wf\/?page_id=7371\" title=\"Uczelnie w Powiecie -- E\u0142k -- puchar!\">Uczelnie w Powiecie -- E\u0142k -- puchar!<\/a><\/h3><div class=\"page-list-ext-item-content\">W dniu 12 marca 2018 r. uczestniczyli\u015bmy w targach edukacyjnych w E\u0142ku. By\u0142 to wyjazd w ramach Prezentacji Edukacyjno - Doradczych (XVI edycja). Wydzia\u0142 Fizyki reprezentowali dr Piotr Zaleski oraz mgr Marcin Marculewicz, student III stopnia (doktorant).\r\n\r\n\" ord...<\/div><\/div>\n<div class=\"page-list-ext-item\"><div class=\"page-list-ext-image\"><a href=\"https:\/\/physics.uwb.edu.pl\/wf\/?page_id=7269\" title=\"Tydzie\u0144 Nauk Technicznych - w bia\u0142ostockim &quot;Mechaniaku&quot;\"><img decoding=\"async\" src=\"https:\/\/physics.uwb.edu.pl\/wf\/wp-content\/uploads\/2018\/03\/mechaniak-150x75.jpg\" width=\"150\" alt=\"Tydzie\u0144 Nauk Technicznych - w bia\u0142ostockim &quot;Mechaniaku&quot;\" \/><\/a><\/div> <h3 class=\"page-list-ext-title\"><a href=\"https:\/\/physics.uwb.edu.pl\/wf\/?page_id=7269\" title=\"Tydzie\u0144 Nauk Technicznych - w bia\u0142ostockim &quot;Mechaniaku&quot;\">Tydzie\u0144 Nauk Technicznych - w bia\u0142ostockim &quot;Mechaniaku&quot;<\/a><\/h3><div class=\"page-list-ext-item-content\">7 marca 2018 r. do Zespo\u0142u Szk\u00f3\u0142 Mechanicznych CKP Nr 2 pojecha\u0142 dr Cezary Walczyk. Nasz pracownik zosta\u0142 zaproszony do uczestniczenia w corocznej imprezie pt. Tydzie\u0144 Nauk Technicznych, gdzie zaprezentowa\u0142 Wydzia\u0142 Fizyki wyg\u0142aszaj\u0105c prezentacj\u0119 pt. Intern...<\/div><\/div>\n<div class=\"page-list-ext-item\"><div class=\"page-list-ext-image\"><a href=\"https:\/\/physics.uwb.edu.pl\/wf\/?page_id=7125\" title=\"II Konferencja Nauczycieli Fizyki\"><img decoding=\"async\" src=\"https:\/\/physics.uwb.edu.pl\/wf\/wp-content\/uploads\/2018\/03\/DSC_7970-150x100.jpg\" width=\"150\" alt=\"II Konferencja Nauczycieli Fizyki\" \/><\/a><\/div> <h3 class=\"page-list-ext-title\"><a href=\"https:\/\/physics.uwb.edu.pl\/wf\/?page_id=7125\" title=\"II Konferencja Nauczycieli Fizyki\">II Konferencja Nauczycieli Fizyki<\/a><\/h3><div class=\"page-list-ext-item-content\">W dn. 03 marca 2018 roku na Wydziale Fizyki Uniwersytetu w Bia\u0142ymstoku odby\u0142a si\u0119 II Konferencja Nauczycieli Fizyki. To ju\u017c drugie tego typu spotkanie zorganizowane przez Wydzia\u0142 Fizyki UwB we wsp\u00f3\u0142pracy z Polskim Towarzystwem Fizycznym oddzia\u0142 w Bia\u0142y...<\/div><\/div>\n<div class=\"page-list-ext-item\"><div class=\"page-list-ext-image\"><a href=\"https:\/\/physics.uwb.edu.pl\/wf\/?page_id=7242\" title=\"Uczelnie w Powiecie -- Grajewo\"><img decoding=\"async\" src=\"https:\/\/physics.uwb.edu.pl\/wf\/wp-content\/uploads\/2018\/03\/20180228_100543-150x84.jpg\" width=\"150\" alt=\"Uczelnie w Powiecie -- Grajewo\" \/><\/a><\/div> <h3 class=\"page-list-ext-title\"><a href=\"https:\/\/physics.uwb.edu.pl\/wf\/?page_id=7242\" title=\"Uczelnie w Powiecie -- Grajewo\">Uczelnie w Powiecie -- Grajewo<\/a><\/h3><div class=\"page-list-ext-item-content\">W dniu 28 lutego 2018 r. uczestniczyli\u015bmy w targach edukacyjnych w Grajewie. By\u0142 to wyjazd w ramach Prezentacji Edukacyjno - Doradczych (XVI edycja). Wydzia\u0142 Fizyki reprezentowali mgr Anna Ostasz-Sokolik, studentka III stopnia (doktorantka).\r\n\r\n\r\n\r\n&...<\/div><\/div>\n<div class=\"page-list-ext-item\"><div class=\"page-list-ext-image\"><a href=\"https:\/\/physics.uwb.edu.pl\/wf\/?page_id=7092\" title=\"Otwarcie wystawy \u201ePod przewodni\u0105 gwiazd\u0105 nauki. W stulecie \u015bmierci Mariana Smoluchowskiego\u201d\"><img decoding=\"async\" src=\"https:\/\/physics.uwb.edu.pl\/wf\/wp-content\/uploads\/2018\/03\/MS_portretowe-lwow-maly2-150x103.jpg\" width=\"150\" alt=\"Otwarcie wystawy \u201ePod przewodni\u0105 gwiazd\u0105 nauki. W stulecie \u015bmierci Mariana Smoluchowskiego\u201d\" \/><\/a><\/div> <h3 class=\"page-list-ext-title\"><a href=\"https:\/\/physics.uwb.edu.pl\/wf\/?page_id=7092\" title=\"Otwarcie wystawy \u201ePod przewodni\u0105 gwiazd\u0105 nauki. W stulecie \u015bmierci Mariana Smoluchowskiego\u201d\">Otwarcie wystawy \u201ePod przewodni\u0105 gwiazd\u0105 nauki. W stulecie \u015bmierci Mariana Smoluchowskiego\u201d<\/a><\/h3><div class=\"page-list-ext-item-content\">W dniu 27 lutego 2018 r. w sali \"Feniks\" Uniwersyteckiego Centrum Kultury nast\u0105pi\u0142o uroczyste otwarcie wystawy po\u015bwi\u0119conej 100-tnej rocznicy \u015bmierci wybitnego fizyka - Mariana Smoluchowskiego.\r\n\r\n\r\n\r\nOtwacie wystawy pt. \"Pod przewodni\u0105 gwiazd\u0105 nauki....<\/div><\/div>\n<div class=\"page-list-ext-item\"><div class=\"page-list-ext-image\"><a href=\"https:\/\/physics.uwb.edu.pl\/wf\/?page_id=7603\" title=\"Uczelnie w Powiecie -- Zambr\u00f3w\"><img decoding=\"async\" src=\"https:\/\/physics.uwb.edu.pl\/wf\/wp-content\/uploads\/2018\/03\/20180226_102045-150x84.jpg\" width=\"150\" alt=\"Uczelnie w Powiecie -- Zambr\u00f3w\" \/><\/a><\/div> <h3 class=\"page-list-ext-title\"><a href=\"https:\/\/physics.uwb.edu.pl\/wf\/?page_id=7603\" title=\"Uczelnie w Powiecie -- Zambr\u00f3w\">Uczelnie w Powiecie -- Zambr\u00f3w<\/a><\/h3><div class=\"page-list-ext-item-content\">W dniu 26 lutego 2018 r. uczestniczyli\u015bmy w targach edukacyjnych w Zambrowie. By\u0142a to kolejna impreza w cyklu Prezentacji Edukacyjno - Doradczych (XVI edycja). Wydzia\u0142 Fizyki reprezentowali dr Jan Kisielewski oraz mgr Jaros\u0142aw Ryszkiewicz, student III...<\/div><\/div>\n<div class=\"page-list-ext-item\"><div class=\"page-list-ext-image\"><a href=\"https:\/\/physics.uwb.edu.pl\/wf\/?page_id=7024\" title=\"Uczelnie w Powiecie -- Siemiatycze\"><img decoding=\"async\" src=\"https:\/\/physics.uwb.edu.pl\/wf\/wp-content\/uploads\/2018\/02\/IMG_1786-150x113.jpg\" width=\"150\" alt=\"Uczelnie w Powiecie -- Siemiatycze\" \/><\/a><\/div> <h3 class=\"page-list-ext-title\"><a href=\"https:\/\/physics.uwb.edu.pl\/wf\/?page_id=7024\" title=\"Uczelnie w Powiecie -- Siemiatycze\">Uczelnie w Powiecie -- Siemiatycze<\/a><\/h3><div class=\"page-list-ext-item-content\">W dniu 22 lutego 2018 r. uczestniczyli\u015bmy w targach edukacyjnych w Siemiatyczach. By\u0142 to wyjazd w ramach Prezentacji Edukacyjno - Doradczych (XVI edycja). Wydzia\u0142 Fizyki reprezentowali dr hab. Katarzyna Re\u0107ko oraz mgr Marcin Marculewicz - nasz student III...<\/div><\/div>\n<div class=\"page-list-ext-item\"><div class=\"page-list-ext-image\"><a href=\"https:\/\/physics.uwb.edu.pl\/wf\/?page_id=7028\" title=\"Uczelnie w Powiecie -- Hajn\u00f3wka\"><img decoding=\"async\" src=\"https:\/\/physics.uwb.edu.pl\/wf\/wp-content\/uploads\/2018\/02\/IMG_1757-150x113.jpg\" width=\"150\" alt=\"Uczelnie w Powiecie -- Hajn\u00f3wka\" \/><\/a><\/div> <h3 class=\"page-list-ext-title\"><a href=\"https:\/\/physics.uwb.edu.pl\/wf\/?page_id=7028\" title=\"Uczelnie w Powiecie -- Hajn\u00f3wka\">Uczelnie w Powiecie -- Hajn\u00f3wka<\/a><\/h3><div class=\"page-list-ext-item-content\">W dniu 21 lutego 2018 r. uczestniczyli\u015bmy w targach edukacyjnych w Hajn\u00f3wce. By\u0142 to wyjazd w ramach Prezentacji Edukacyjno - Doradczych (XVI edycja). Wydzia\u0142 Fizyki reprezentowali dr hab. Katarzyna Re\u0107ko oraz dr Marek Brancewicz.\r\n\r\n\" order_by=\"sortorder\" orde...<\/div><\/div>\n<div class=\"page-list-ext-item\"><div class=\"page-list-ext-image\"><a href=\"https:\/\/physics.uwb.edu.pl\/wf\/?page_id=6980\" title=\"Uczelnie w Powiecie -- Sok\u00f3\u0142ka -- puchar!\"><img decoding=\"async\" src=\"https:\/\/physics.uwb.edu.pl\/wf\/wp-content\/uploads\/2018\/02\/IMG_1650.jpg\" width=\"150\" alt=\"Uczelnie w Powiecie -- Sok\u00f3\u0142ka -- puchar!\" \/><\/a><\/div> <h3 class=\"page-list-ext-title\"><a href=\"https:\/\/physics.uwb.edu.pl\/wf\/?page_id=6980\" title=\"Uczelnie w Powiecie -- Sok\u00f3\u0142ka -- puchar!\">Uczelnie w Powiecie -- Sok\u00f3\u0142ka -- puchar!<\/a><\/h3><div class=\"page-list-ext-item-content\">W dniu 19 lutego 2018 r. uczestniczyli\u015bmy w targach edukacyjnych w Sok\u00f3\u0142ce. By\u0142 to wyjazd w ramach Prezentacji Edukacyjno - Doradczych (XVI edycja).&nbsp;\r\n\r\n\r\n\r\nPrzedstawicielami Wydzia\u0142u Fizyki byli doktorzy Jan Kisielewski i Andrzej Pisarski, kt\u00f3r...<\/div><\/div>\n<div class=\"page-list-ext-item\"><div class=\"page-list-ext-image\"><a href=\"https:\/\/physics.uwb.edu.pl\/wf\/?page_id=7002\" title=\"Fizyka gier i robot\u00f3w oraz rechabilitacja s\u0142uchu - w Radiu Bia\u0142ystok\"><img decoding=\"async\" src=\"https:\/\/physics.uwb.edu.pl\/wf\/wp-content\/uploads\/2018\/02\/radioskop-16luty18-150x86.jpeg\" width=\"150\" alt=\"Fizyka gier i robot\u00f3w oraz rechabilitacja s\u0142uchu - w Radiu Bia\u0142ystok\" \/><\/a><\/div> <h3 class=\"page-list-ext-title\"><a href=\"https:\/\/physics.uwb.edu.pl\/wf\/?page_id=7002\" title=\"Fizyka gier i robot\u00f3w oraz rechabilitacja s\u0142uchu - w Radiu Bia\u0142ystok\">Fizyka gier i robot\u00f3w oraz rechabilitacja s\u0142uchu - w Radiu Bia\u0142ystok<\/a><\/h3><div class=\"page-list-ext-item-content\">W dniu 16 lutego 2018 r. go\u015bciami audycji Radioskop w Radiu Bia\u0142ystok  byli prof. dr hab. Krzysztof Szyma\u0144ski oraz dr Cezary Walczyk.\r\n\r\n\r\n\r\nRozmowa dotyczy\u0142a kompetencji, jakie mo\u017cna zdoby\u0107 studiuj\u0105c atrakcyjn\u0105 specjanlno\u015b\u0107 Fizyka Gier Komputerowych i Robot\u00f3w...<\/div><\/div>\n<div class=\"page-list-ext-item\"><div class=\"page-list-ext-image\"><a href=\"https:\/\/physics.uwb.edu.pl\/wf\/?page_id=6818\" title=\"XIII Targi Edukacyjne w 2LO w Bia\u0142ymstoku\"><img decoding=\"async\" src=\"https:\/\/physics.uwb.edu.pl\/wf\/wp-content\/uploads\/2018\/01\/DSC_4348-150x84.jpg\" width=\"150\" alt=\"XIII Targi Edukacyjne w 2LO w Bia\u0142ymstoku\" \/><\/a><\/div> <h3 class=\"page-list-ext-title\"><a href=\"https:\/\/physics.uwb.edu.pl\/wf\/?page_id=6818\" title=\"XIII Targi Edukacyjne w 2LO w Bia\u0142ymstoku\">XIII Targi Edukacyjne w 2LO w Bia\u0142ymstoku<\/a><\/h3><div class=\"page-list-ext-item-content\">W dniu 17-01-2018 r. uczestniczyli\u015bmy w Targach Edukacyjnych zorganizowanych przez 2LO w Bia\u0142ystoku . W promocji Wydzia\u0142u Fizyki udzia\u0142 wzi\u0119li nasi studenci ze specjalno\u015bci Fizyka Gier Komputerowych i Robot\u00f3w , doktoranci drugiego roku a tak\u017ce dr Krzy...<\/div><\/div>\n<div class=\"page-list-ext-item\"><div class=\"page-list-ext-image\"><a href=\"https:\/\/physics.uwb.edu.pl\/wf\/?page_id=6703\" title=\"East Games United 2017\"><img decoding=\"async\" src=\"https:\/\/physics.uwb.edu.pl\/wf\/wp-content\/uploads\/2017\/12\/25317160_3346359108808_1774460587_o-150x113.jpg\" width=\"150\" alt=\"East Games United 2017\" \/><\/a><\/div> <h3 class=\"page-list-ext-title\"><a href=\"https:\/\/physics.uwb.edu.pl\/wf\/?page_id=6703\" title=\"East Games United 2017\">East Games United 2017<\/a><\/h3><div class=\"page-list-ext-item-content\">W dniu 9 grudnia 2017 r. na terenie Kampusu UwB odby\u0142a si\u0119 impreza East Games United , kierowana do fan\u00f3w fantazy, gier karcianych i komputerowych. Uniwersytet jako gospodarz przedstawia\u0142 swoj\u0105 ofert\u0119 edukacyjn\u0105 - nie zabrak\u0142o Wydzia\u0142u Fizyki.\r\n\r\n\r\n\r\nW prezenta...<\/div><\/div>\n<div class=\"page-list-ext-item\"><div class=\"page-list-ext-image\"><a href=\"https:\/\/physics.uwb.edu.pl\/wf\/?page_id=7007\" title=\"M&amp;M Symposium\"><img decoding=\"async\" src=\"https:\/\/physics.uwb.edu.pl\/wf\/wp-content\/uploads\/2016\/02\/MMsymposium-150x41.png\" width=\"150\" alt=\"M&amp;M Symposium\" \/><\/a><\/div> <h3 class=\"page-list-ext-title\"><a href=\"https:\/\/physics.uwb.edu.pl\/wf\/?page_id=7007\" title=\"M&amp;M Symposium\">M&amp;M Symposium<\/a><\/h3><div class=\"page-list-ext-item-content\">W dniu 20 pa\u017adziernika 2017 r. \u015bwi\u0119towali\u015bmy urodziny profesora Miros\u0142awa Brewczyka z Zak\u0142adu Fizyki Nieliniowej  oraz profesora Mariusza Gajdy z Instytutu Fizyki PAN Warszawa.&nbsp;\r\n\r\n \r\n\r\nImprez\u0119 zorganizowali doktoranci obu profesor\u00f3w - a by\u0142o to...<\/div><\/div>\n<div class=\"page-list-ext-item\"><div class=\"page-list-ext-image\"><a href=\"https:\/\/physics.uwb.edu.pl\/wf\/?page_id=6373\" title=\"Nobel za s\u0142uchanie Wszech\u015bwiata - wyk\u0142ad popularnonaukowy\"><img decoding=\"async\" src=\"https:\/\/physics.uwb.edu.pl\/wf\/wp-content\/uploads\/2017\/10\/OK_DSC8179-150x84.jpg\" width=\"150\" alt=\"Nobel za s\u0142uchanie Wszech\u015bwiata - wyk\u0142ad popularnonaukowy\" \/><\/a><\/div> <h3 class=\"page-list-ext-title\"><a href=\"https:\/\/physics.uwb.edu.pl\/wf\/?page_id=6373\" title=\"Nobel za s\u0142uchanie Wszech\u015bwiata - wyk\u0142ad popularnonaukowy\">Nobel za s\u0142uchanie Wszech\u015bwiata - wyk\u0142ad popularnonaukowy<\/a><\/h3><div class=\"page-list-ext-item-content\">24 pa\u017adziernika 2017 r. Dziekan Wydzia\u0142u Fizyki, prof. Piotr Jaranowski wyg\u0142osi\u0142 wyk\u0142ad popularnonaukowy pt. \"Nobel za s\u0142uchanie Wszech\u015bwiata\". Frekwencja dopisa\u0142a!\r\n\r\n\r\n\r\nProfesor Jaranowski, nasz ekspert od fal grawitacyjnych, w prosty spos\u00f3b postara\u0142...<\/div><\/div>\n<div class=\"page-list-ext-item\"><div class=\"page-list-ext-image\"><a href=\"https:\/\/physics.uwb.edu.pl\/wf\/?page_id=6227\" title=\"Inauguracja roku akademickiego 2017\/2018\"><img decoding=\"async\" src=\"https:\/\/physics.uwb.edu.pl\/wf\/wp-content\/uploads\/2017\/10\/IMG_20171009_113946-150x113.jpg\" width=\"150\" alt=\"Inauguracja roku akademickiego 2017\/2018\" \/><\/a><\/div> <h3 class=\"page-list-ext-title\"><a href=\"https:\/\/physics.uwb.edu.pl\/wf\/?page_id=6227\" title=\"Inauguracja roku akademickiego 2017\/2018\">Inauguracja roku akademickiego 2017\/2018<\/a><\/h3><div class=\"page-list-ext-item-content\">W dniu 9 pa\u017adziernika 2017 r. odby\u0142a si\u0119 uroczysta inauguracja roku akademickiego 2017\/2018 na Wydziale Fizyki UwB. Otwarcie nowego roku prowadzi\u0142y w\u0142adze dzieka\u0144skie w osobach prof. Piotra Jaranowskiego  (dziekana Wydzia\u0142u Fizyki), dr. hab. Andrzeja Andrej...<\/div><\/div>\n<div class=\"page-list-ext-item\"><div class=\"page-list-ext-image\"><a href=\"https:\/\/physics.uwb.edu.pl\/wf\/?page_id=6038\" title=\"&quot;Krok po kroku...&quot; - uczniowie z \u0141om\u017cy na Wydziale Fizyki\"><img decoding=\"async\" src=\"https:\/\/physics.uwb.edu.pl\/wf\/wp-content\/uploads\/2017\/09\/DSC_3781-150x84.jpg\" width=\"150\" alt=\"&quot;Krok po kroku...&quot; - uczniowie z \u0141om\u017cy na Wydziale Fizyki\" \/><\/a><\/div> <h3 class=\"page-list-ext-title\"><a href=\"https:\/\/physics.uwb.edu.pl\/wf\/?page_id=6038\" title=\"&quot;Krok po kroku...&quot; - uczniowie z \u0141om\u017cy na Wydziale Fizyki\">&quot;Krok po kroku...&quot; - uczniowie z \u0141om\u017cy na Wydziale Fizyki<\/a><\/h3><div class=\"page-list-ext-item-content\">W dniu 14 wrze\u015bnia 2017 r. rozpocz\u0105\u0142 si\u0119 projekt edukacyjny \"Krok po kroku do sukcesu edukacyjnego uczni\u00f3w\/uczennic ZSO w \u0141om\u017cy\". Uczniowie z \u0142om\u017cy\u0144skiego liceum i gimnazjum go\u015bcili na Wydziale Fizyki na zaj\u0119ciach laboratoryjnych z elementami pokazowymi ...<\/div><\/div>\n<div class=\"page-list-ext-item\"><div class=\"page-list-ext-image\"><a href=\"https:\/\/physics.uwb.edu.pl\/wf\/?page_id=6035\" title=\"Salon maturzyst\u00f3w &quot;Perspektywy&quot;\"><img decoding=\"async\" src=\"https:\/\/physics.uwb.edu.pl\/wf\/wp-content\/uploads\/2017\/09\/DSC_3779-150x84.jpg\" width=\"150\" alt=\"Salon maturzyst\u00f3w &quot;Perspektywy&quot;\" \/><\/a><\/div> <h3 class=\"page-list-ext-title\"><a href=\"https:\/\/physics.uwb.edu.pl\/wf\/?page_id=6035\" title=\"Salon maturzyst\u00f3w &quot;Perspektywy&quot;\">Salon maturzyst\u00f3w &quot;Perspektywy&quot;<\/a><\/h3><div class=\"page-list-ext-item-content\">W dniu 14 wrze\u015bnia 2017 r. odby\u0142y si\u0119 targi edukacyjne organizowane przez \"Perspektywy\". W tym roku impreza odby\u0142a si\u0119 na terenie Kampusu UwB.&nbsp;\r\n\r\n\r\n\r\nPodczas targ\u00f3w mo\u017cna by\u0142o porozmawia\u0107 o studiowaniu fizyki z dr. Janem Kisielewskim, dr. Andrzeje...<\/div><\/div>\n<div class=\"page-list-ext-item\"><div class=\"page-list-ext-image\"><a href=\"https:\/\/physics.uwb.edu.pl\/wf\/?page_id=6054\" title=\"Talenty XXI wieku na Wydziale Fizyki (IV edycja, gimnazjum)\"><img decoding=\"async\" src=\"https:\/\/physics.uwb.edu.pl\/wf\/wp-content\/uploads\/2016\/04\/talentyXXIb-150x83.png\" width=\"150\" alt=\"Talenty XXI wieku na Wydziale Fizyki (IV edycja, gimnazjum)\" \/><\/a><\/div> <h3 class=\"page-list-ext-title\"><a href=\"https:\/\/physics.uwb.edu.pl\/wf\/?page_id=6054\" title=\"Talenty XXI wieku na Wydziale Fizyki (IV edycja, gimnazjum)\">Talenty XXI wieku na Wydziale Fizyki (IV edycja, gimnazjum)<\/a><\/h3><div class=\"page-list-ext-item-content\">Talenty XXI wieku na Wydziale Fizyki - IV edycja (gimnazjum) \r\n\r\n\r\nPo raz kolejny Wydzia\u0142 Fizyki UwB bierze udzia\u0142 w edukacji m\u0142odzie\u017cy - ruszy\u0142 projekt Talenty XXI wieku  (IV-cia edycja) organizowany przez Centrum Kszta\u0142cenia Ustawicznego &nbsp;w Bia\u0142y...<\/div><\/div>\n<div class=\"page-list-ext-item\"><div class=\"page-list-ext-image\"><a href=\"https:\/\/physics.uwb.edu.pl\/wf\/?page_id=5896\" title=\"Wakacyjny wyk\u0142ad dla stypendyst\u00f3w fundacji Dzie\u0142o Nowego Tysi\u0105clecia\"><img decoding=\"async\" src=\"https:\/\/physics.uwb.edu.pl\/wf\/wp-content\/uploads\/2017\/07\/IMG_0674-150x100.jpg\" width=\"150\" alt=\"Wakacyjny wyk\u0142ad dla stypendyst\u00f3w fundacji Dzie\u0142o Nowego Tysi\u0105clecia\" \/><\/a><\/div> <h3 class=\"page-list-ext-title\"><a href=\"https:\/\/physics.uwb.edu.pl\/wf\/?page_id=5896\" title=\"Wakacyjny wyk\u0142ad dla stypendyst\u00f3w fundacji Dzie\u0142o Nowego Tysi\u0105clecia\">Wakacyjny wyk\u0142ad dla stypendyst\u00f3w fundacji Dzie\u0142o Nowego Tysi\u0105clecia<\/a><\/h3><div class=\"page-list-ext-item-content\">W dniu 17 lipca 2017 r. odwiedzili nas stypendy\u015bci \u201eDzie\u0142a Nowego Tysi\u0105clecia\u201d &nbsp; - gimnazjali\u015bci i liceali\u015bci uczestniczyli w wyk\u0142adzie profesora Marka Kisielewskiego pt. \"Magnetyzm i nanomagnetyzm w walce o przetrwanie\".\r\n\r\n\r\n\r\nDla m\u0142odzie\u017cy z fundacji ...<\/div><\/div>\n<div class=\"page-list-ext-item\"><div class=\"page-list-ext-image\"><a href=\"https:\/\/physics.uwb.edu.pl\/wf\/?page_id=5842\" title=\"Wyk\u0142ad Ko\u0142a Naukowego Fizyk\u00f3w na zako\u0144czenie roku akademickiego\"><img decoding=\"async\" src=\"https:\/\/physics.uwb.edu.pl\/wf\/wp-content\/uploads\/2017\/07\/KNF2-150x150.png\" width=\"150\" alt=\"Wyk\u0142ad Ko\u0142a Naukowego Fizyk\u00f3w na zako\u0144czenie roku akademickiego\" \/><\/a><\/div> <h3 class=\"page-list-ext-title\"><a href=\"https:\/\/physics.uwb.edu.pl\/wf\/?page_id=5842\" title=\"Wyk\u0142ad Ko\u0142a Naukowego Fizyk\u00f3w na zako\u0144czenie roku akademickiego\">Wyk\u0142ad Ko\u0142a Naukowego Fizyk\u00f3w na zako\u0144czenie roku akademickiego<\/a><\/h3><div class=\"page-list-ext-item-content\">W dniu 6 lipca 2017, Ko\u0142o Naukowe Fizyk\u00f3w  organizowa\u0142o wyk\u0142ad pt. \"O symetriach i wzgl\u0119dno\u015bci \", kt\u00f3ry wyg\u0142osi\u0142 prof. dr hab. Krzysztof Szyma\u0144ski.\r\n\r\n&nbsp;\r\n\r\nNa wyk\u0142adzie nie zabrak\u0142o pokaz\u00f3w i eksperyment\u00f3w my\u015blowych. S\u0142uchacze zostali wprowadzeni w t...<\/div><\/div>\n<div class=\"page-list-ext-item\"><div class=\"page-list-ext-image\"><a href=\"https:\/\/physics.uwb.edu.pl\/wf\/?page_id=5723\" title=\"Dzie\u0144 Otwarty Wydzia\u0142u Fizyki\"><img decoding=\"async\" src=\"https:\/\/physics.uwb.edu.pl\/wf\/wp-content\/uploads\/2017\/06\/IMG_0566sss-150x109.jpg\" width=\"150\" alt=\"Dzie\u0144 Otwarty Wydzia\u0142u Fizyki\" \/><\/a><\/div> <h3 class=\"page-list-ext-title\"><a href=\"https:\/\/physics.uwb.edu.pl\/wf\/?page_id=5723\" title=\"Dzie\u0144 Otwarty Wydzia\u0142u Fizyki\">Dzie\u0144 Otwarty Wydzia\u0142u Fizyki<\/a><\/h3><div class=\"page-list-ext-item-content\">3 czerwca 2017 r. Wydzia\u0142 Fizyki prezentowa\u0142 si\u0119 w ramach Dni Otwartych zorganizowanych w Kamusie UwB.\r\n\r\n \r\n\r\nImpreza rozpocz\u0119\u0142a si\u0119 wyk\u0142adem pt.\"W\u0119z\u0142y w teorii i praktyce\", kt\u00f3ry prezentowa\u0142 dr hab. Piotr Su\u0142kowski z Wydzia\u0142u Fizyki Uniwersytetu Warszawskieg...<\/div><\/div>\n<div class=\"page-list-ext-item\"><div class=\"page-list-ext-image\"><a href=\"https:\/\/physics.uwb.edu.pl\/wf\/?page_id=5614\" title=\"Dr Krzysztof Szerenos - obrona z wyr\u00f3\u017cnieniem\"><img decoding=\"async\" src=\"https:\/\/physics.uwb.edu.pl\/wf\/wp-content\/uploads\/2017\/05\/DSC_3200-150x84.jpg\" width=\"150\" alt=\"Dr Krzysztof Szerenos - obrona z wyr\u00f3\u017cnieniem\" \/><\/a><\/div> <h3 class=\"page-list-ext-title\"><a href=\"https:\/\/physics.uwb.edu.pl\/wf\/?page_id=5614\" title=\"Dr Krzysztof Szerenos - obrona z wyr\u00f3\u017cnieniem\">Dr Krzysztof Szerenos - obrona z wyr\u00f3\u017cnieniem<\/a><\/h3><div class=\"page-list-ext-item-content\">W dniu 29 maja 2017 r. odby\u0142a si\u0119 publiczna obrona rozprawy doktorskiej mgra Krzysztof Szerenosa zatytu\u0142owanej \u201eUltrafast nonthermal photo-magnetic recording in dielectrics\u201d.\r\n\r\nPromotorem rozprawy by\u0142 dr hab. Andrzej Stupakiewicz, prof. UwB, natomia...<\/div><\/div>\n<div class=\"page-list-ext-item\"><div class=\"page-list-ext-image\"><a href=\"https:\/\/physics.uwb.edu.pl\/wf\/?page_id=5685\" title=\"Dzie\u0144 Akademicki\"><img decoding=\"async\" src=\"https:\/\/physics.uwb.edu.pl\/wf\/wp-content\/uploads\/2017\/05\/20170521_144404ssss-150x142.jpg\" width=\"150\" alt=\"Dzie\u0144 Akademicki\" \/><\/a><\/div> <h3 class=\"page-list-ext-title\"><a href=\"https:\/\/physics.uwb.edu.pl\/wf\/?page_id=5685\" title=\"Dzie\u0144 Akademicki\">Dzie\u0144 Akademicki<\/a><\/h3><div class=\"page-list-ext-item-content\">21 maja 2017 r. w ramach XV Polaskiego Festiwalu Nauki i Sztuki odby\u0142 si\u0119 Dzie\u0144 Akademicki.  Pracownicy i studenci&nbsp; Wydzia\u0142u Fizyki aktywnie uczestniczyli w tej akcji propaguj\u0105cej nauk\u0119 i sztuk\u0119. &nbsp;\r\n\r\nImpreza oby\u0142a si\u0119 w s\u0142oneczn\u0105 niedziel\u0119 ...<\/div><\/div>\n<div class=\"page-list-ext-item\"><div class=\"page-list-ext-image\"><a href=\"https:\/\/physics.uwb.edu.pl\/wf\/?page_id=5538\" title=\"Zako\u0144czenie warsztat\u00f3w &quot;Z fizyk\u0105 w przysz\u0142o\u015b\u0107&quot;\"><img decoding=\"async\" src=\"https:\/\/physics.uwb.edu.pl\/wf\/wp-content\/uploads\/2017\/05\/IMG_0520-150x100.jpg\" width=\"150\" alt=\"Zako\u0144czenie warsztat\u00f3w &quot;Z fizyk\u0105 w przysz\u0142o\u015b\u0107&quot;\" \/><\/a><\/div> <h3 class=\"page-list-ext-title\"><a href=\"https:\/\/physics.uwb.edu.pl\/wf\/?page_id=5538\" title=\"Zako\u0144czenie warsztat\u00f3w &quot;Z fizyk\u0105 w przysz\u0142o\u015b\u0107&quot;\">Zako\u0144czenie warsztat\u00f3w &quot;Z fizyk\u0105 w przysz\u0142o\u015b\u0107&quot;<\/a><\/h3><div class=\"page-list-ext-item-content\">W dniu 20 maja 2017 r. zako\u0144czy\u0142y si\u0119 warsztaty \"Z fizyk\u0105 w przysz\u0142o\u015b\u0107\"  wyk\u0142adem pt. \"Fale wok\u00f3\u0142 nas\", kt\u00f3ry wyg\u0142osi\u0142 prof Marek Kisielewski, w asy\u015bcie mgr Piotra Chomieni.&nbsp;\r\n\r\n \r\n\r\nWyk\u0142ad to wpisane w program warsztat\u00f3w sobotnie spotkanie z wid...<\/div><\/div>\n<div class=\"page-list-ext-item\"><div class=\"page-list-ext-image\"><a href=\"https:\/\/physics.uwb.edu.pl\/wf\/?page_id=5507\" title=\"XV Polaski Festiwal Nauki i Sztuki\"><img decoding=\"async\" src=\"https:\/\/physics.uwb.edu.pl\/wf\/wp-content\/uploads\/2017\/05\/IMG_0393-150x100.jpg\" width=\"150\" alt=\"XV Polaski Festiwal Nauki i Sztuki\" \/><\/a><\/div> <h3 class=\"page-list-ext-title\"><a href=\"https:\/\/physics.uwb.edu.pl\/wf\/?page_id=5507\" title=\"XV Polaski Festiwal Nauki i Sztuki\">XV Polaski Festiwal Nauki i Sztuki<\/a><\/h3><div class=\"page-list-ext-item-content\">19 maja 2017 r. \"ruszy\u0142\" w Kampusie UwB festiwal . Jak co roku Wydzia\u0142 Fizyki aktywnie uczestniczy\u0142 w tej akcji propaguj\u0105cej nauk\u0119 i sztuk\u0119. &nbsp;\r\n\r\n \r\n\r\nPomimo pi\u0119knej, d\u0142ugo wyczekiwanej majowej pogody nie zabrak\u0142o ch\u0119tnych do odwiedzenia naszego w...<\/div><\/div>\n<div class=\"page-list-ext-item\"><div class=\"page-list-ext-image\"><a href=\"https:\/\/physics.uwb.edu.pl\/wf\/?page_id=6060\" title=\"Talenty XXI wieku na Wydziale Fizyki (IV edycja, liceum+gimnazjum)\"><img decoding=\"async\" src=\"https:\/\/physics.uwb.edu.pl\/wf\/wp-content\/uploads\/2016\/04\/talentyXXIb-150x83.png\" width=\"150\" alt=\"Talenty XXI wieku na Wydziale Fizyki (IV edycja, liceum+gimnazjum)\" \/><\/a><\/div> <h3 class=\"page-list-ext-title\"><a href=\"https:\/\/physics.uwb.edu.pl\/wf\/?page_id=6060\" title=\"Talenty XXI wieku na Wydziale Fizyki (IV edycja, liceum+gimnazjum)\">Talenty XXI wieku na Wydziale Fizyki (IV edycja, liceum+gimnazjum)<\/a><\/h3><div class=\"page-list-ext-item-content\">Talenty XXI wieku na Wydziale Fizyki - IV edycja (liceum + gimnazjum) \r\n\r\n\r\nPo raz kolejny Wydzia\u0142 Fizyki UwB bierze udzia\u0142 w edukacji m\u0142odzie\u017cy - ruszy\u0142 projekt Talenty XXI wieku  (IV-cia edycja) organizowany przez Centrum Kszta\u0142cenia Ustawicznego &nbsp...<\/div><\/div>\n<div class=\"page-list-ext-item\"><div class=\"page-list-ext-image\"><a href=\"https:\/\/physics.uwb.edu.pl\/wf\/?page_id=5422\" title=\"Warsztaty Adamed SmartUp Academy\"><img decoding=\"async\" src=\"https:\/\/physics.uwb.edu.pl\/wf\/wp-content\/uploads\/2017\/05\/IMG_0335-150x100.jpg\" width=\"150\" alt=\"Warsztaty Adamed SmartUp Academy\" \/><\/a><\/div> <h3 class=\"page-list-ext-title\"><a href=\"https:\/\/physics.uwb.edu.pl\/wf\/?page_id=5422\" title=\"Warsztaty Adamed SmartUp Academy\">Warsztaty Adamed SmartUp Academy<\/a><\/h3><div class=\"page-list-ext-item-content\">W dniu 13 maja 2017 r. ruszy\u0142y warsztaty dla m\u0142odzie\u017cy organizowane przez Grup\u0119 Adamed we wsp\u00f3\u0142pracy z Wydzia\u0142em Fizyki UwB. Poni\u017cej fotorelacja z wyk\u0142adu inauguracyjnego pt. \"Eksperyment Cavendisha i obracaj\u0105ce si\u0119 uk\u0142ady odniesienia\", kt\u00f3ry prowadzi dr ...<\/div><\/div>\n<div class=\"page-list-ext-item\"><div class=\"page-list-ext-image\"><a href=\"https:\/\/physics.uwb.edu.pl\/wf\/?page_id=5334\" title=\"Wyk\u0142ad PTF o. Bia\u0142ystok\"><img decoding=\"async\" src=\"https:\/\/physics.uwb.edu.pl\/wf\/wp-content\/uploads\/2017\/04\/m0293-150x119.jpg\" width=\"150\" alt=\"Wyk\u0142ad PTF o. Bia\u0142ystok\" \/><\/a><\/div> <h3 class=\"page-list-ext-title\"><a href=\"https:\/\/physics.uwb.edu.pl\/wf\/?page_id=5334\" title=\"Wyk\u0142ad PTF o. Bia\u0142ystok\">Wyk\u0142ad PTF o. Bia\u0142ystok<\/a><\/h3><div class=\"page-list-ext-item-content\">W dniu 29 kwietnia 2017 r. w ramach sobotnich wyk\u0142ad\u00f3w Polskiego Towarzystwa Fizycznego o. Bia\u0142ystok wys\u0142uchalismy prof. dr hab. Ryszarda \u0141a\u017anego z Wydzia\u0142u Biologiczno-Chemicznego Uniwersytetu w Bia\u0142ymstoku, kt\u00f3ry zaprezentowa\u0142 wyk\u0142ad pt. \"Czy \u015bwiat...<\/div><\/div>\n<div class=\"page-list-ext-item\"><div class=\"page-list-ext-image\"><a href=\"https:\/\/physics.uwb.edu.pl\/wf\/?page_id=5185\" title=\"XIX Targi Szk\u00f3\u0142 Wy\u017cszych w Augustowie\"><img decoding=\"async\" src=\"https:\/\/physics.uwb.edu.pl\/wf\/wp-content\/uploads\/2017\/04\/18159454_10212744706082742_106948302_o-150x84.jpg\" width=\"150\" alt=\"XIX Targi Szk\u00f3\u0142 Wy\u017cszych w Augustowie\" \/><\/a><\/div> <h3 class=\"page-list-ext-title\"><a href=\"https:\/\/physics.uwb.edu.pl\/wf\/?page_id=5185\" title=\"XIX Targi Szk\u00f3\u0142 Wy\u017cszych w Augustowie\">XIX Targi Szk\u00f3\u0142 Wy\u017cszych w Augustowie<\/a><\/h3><div class=\"page-list-ext-item-content\">W dniu 21 kwietnia 2017 r. uczestniczyli\u015bmy w XIX Targach Szk\u00f3\u0142 Wy\u017cszych w Augustowie.\r\n\r\nPrzedstawicielami Wydzia\u0142u Fizyki byli doktorzy El\u017cbieta Dzimida-Chmielewska, Marek Brancewicz i Piotr Zaleski, kt\u00f3rzy prezentowali nasz\u0105 now\u0105 ofert\u0119 edukacyjn\u0105 - specjaln...<\/div><\/div>\n<div class=\"page-list-ext-item\"><div class=\"page-list-ext-image\"><a href=\"https:\/\/physics.uwb.edu.pl\/wf\/?page_id=5138\" title=\"Pokazy z fizyki - &quot;Fale wok\u00f3\u0142 nas&quot;\"><img decoding=\"async\" src=\"https:\/\/physics.uwb.edu.pl\/wf\/wp-content\/uploads\/2017\/04\/m-kis-150x136.jpg\" width=\"150\" alt=\"Pokazy z fizyki - &quot;Fale wok\u00f3\u0142 nas&quot;\" \/><\/a><\/div> <h3 class=\"page-list-ext-title\"><a href=\"https:\/\/physics.uwb.edu.pl\/wf\/?page_id=5138\" title=\"Pokazy z fizyki - &quot;Fale wok\u00f3\u0142 nas&quot;\">Pokazy z fizyki - &quot;Fale wok\u00f3\u0142 nas&quot;<\/a><\/h3><div class=\"page-list-ext-item-content\">W dniu 12.04.2017 r. Wydzia\u0142 Fizyki odwiedzili uczniowie II Liceum Og\u00f3lnokszta\u0142c\u0105cego im. Anny z Sapieh\u00f3w Jab\u0142onowskiej w Bia\u0142ymstoku. M\u0142odzie\u017c uczestniczy\u0142a w pokazach zjawisk falowych &nbsp;przygotowanych przez dr. hab. Marka Kisielewskiego, prof. UwB...<\/div><\/div>\n<div class=\"page-list-ext-item\"><div class=\"page-list-ext-image\"><a href=\"https:\/\/physics.uwb.edu.pl\/wf\/?page_id=5084\" title=\"Pokazy z fizyki - mechanika dla VIII LO w Bia\u0142ymstoku\"><img decoding=\"async\" src=\"https:\/\/physics.uwb.edu.pl\/wf\/wp-content\/uploads\/2017\/04\/DSCN0317-150x113.jpg\" width=\"150\" alt=\"Pokazy z fizyki - mechanika dla VIII LO w Bia\u0142ymstoku\" \/><\/a><\/div> <h3 class=\"page-list-ext-title\"><a href=\"https:\/\/physics.uwb.edu.pl\/wf\/?page_id=5084\" title=\"Pokazy z fizyki - mechanika dla VIII LO w Bia\u0142ymstoku\">Pokazy z fizyki - mechanika dla VIII LO w Bia\u0142ymstoku<\/a><\/h3><div class=\"page-list-ext-item-content\">W dniu 05.04.2017 r. Wydzia\u0142 Fizyki odwiedzili uczniowie VIII Liceum Og\u00f3lnokszta\u0142c\u0105cego im. Kr\u00f3la Kazimierza Wielkiego w Bia\u0142ymstoku. M\u0142odzie\u017c uczestniczy\u0142a w pokazach z mechaniki  przygotowanych przez dr. hab. Dariusza Satu\u0142\u0119, prof. UwB (asystowa\u0142 mgr Piotr C...<\/div><\/div>\n<div class=\"page-list-ext-item\"><div class=\"page-list-ext-image\"><a href=\"https:\/\/physics.uwb.edu.pl\/wf\/?page_id=5066\" title=\"Targi edukacyjne w Grajewie\"><img decoding=\"async\" src=\"https:\/\/physics.uwb.edu.pl\/wf\/wp-content\/uploads\/2017\/04\/20170403_105108-150x84.jpg\" width=\"150\" alt=\"Targi edukacyjne w Grajewie\" \/><\/a><\/div> <h3 class=\"page-list-ext-title\"><a href=\"https:\/\/physics.uwb.edu.pl\/wf\/?page_id=5066\" title=\"Targi edukacyjne w Grajewie\">Targi edukacyjne w Grajewie<\/a><\/h3><div class=\"page-list-ext-item-content\">W dniu 03 kwietnia 2017 r. uczestniczyli\u015bmy w targach edukacyjnych w Grajewie.\r\n\r\n\r\n\r\nPrzedstawicielami Wydzia\u0142u Fizyki byli doktorzy Marek Brancewicz i Piotr Zaleski, kt\u00f3rzy prezentowali nasz\u0105 now\u0105 ofert\u0119 edukacyjn\u0105 - specjalno\u015b\u0107 z przysz\u0142o\u015bci\u0105: Fizyk\u0119 Gier...<\/div><\/div>\n<div class=\"page-list-ext-item\"><div class=\"page-list-ext-image\"><a href=\"https:\/\/physics.uwb.edu.pl\/wf\/?page_id=5051\" title=\"Spektakularne pokazy z fizyki - Rura Rubensa\"><img decoding=\"async\" src=\"https:\/\/physics.uwb.edu.pl\/wf\/wp-content\/uploads\/2017\/04\/IMG_0080-150x100.jpg\" width=\"150\" alt=\"Spektakularne pokazy z fizyki - Rura Rubensa\" \/><\/a><\/div> <h3 class=\"page-list-ext-title\"><a href=\"https:\/\/physics.uwb.edu.pl\/wf\/?page_id=5051\" title=\"Spektakularne pokazy z fizyki - Rura Rubensa\">Spektakularne pokazy z fizyki - Rura Rubensa<\/a><\/h3><div class=\"page-list-ext-item-content\">W ramach warsztat\u00f3w \"Z fizyk\u0105 w przysz\u0142o\u015b\u0107 \" w sobot\u0119 1-go kwietnia 2017 r. odby\u0142o si\u0119 spotkanie, na kt\u00f3rym dr Jan Kisielwski w asy\u015bcie dr hab. Andrzeja Andrejczuka, prof. UwB poprowadzili demonstracj\u0119 pt. Rura Rubensa .\r\n\r\n\r\nDr Jan Kisielewski rozpocz\u0105\u0142 ...<\/div><\/div>\n<div class=\"page-list-ext-item\"><div class=\"page-list-ext-image\"><a href=\"https:\/\/physics.uwb.edu.pl\/wf\/?page_id=5062\" title=\"Targi edukacyjno-zawodowe &quot;Dni edukacji i pracy&quot;\"><img decoding=\"async\" src=\"https:\/\/physics.uwb.edu.pl\/wf\/wp-content\/uploads\/2017\/04\/20170331_100005-150x84.jpg\" width=\"150\" alt=\"Targi edukacyjno-zawodowe &quot;Dni edukacji i pracy&quot;\" \/><\/a><\/div> <h3 class=\"page-list-ext-title\"><a href=\"https:\/\/physics.uwb.edu.pl\/wf\/?page_id=5062\" title=\"Targi edukacyjno-zawodowe &quot;Dni edukacji i pracy&quot;\">Targi edukacyjno-zawodowe &quot;Dni edukacji i pracy&quot;<\/a><\/h3><div class=\"page-list-ext-item-content\">Bia\u0142ostocki \"ekonomik\", czyli Zesp\u00f3\u0142 Szk\u00f3\u0142 Handlowo-Ekonomicznych  im. Miko\u0142aja Kopernika w Bia\u0142ymstoku po raz kolejny zorganizowa\u0142 targi edukacyjne dla swojej m\u0142odzie\u017cy - nie mog\u0142o nas tam zabrakn\u0105\u0107. Impreza odby\u0142a si\u0119 w dniu 31 marca 2017r .\r\n\r\n\r\n\r...<\/div><\/div>\n<div class=\"page-list-ext-item\"><div class=\"page-list-ext-image\"><a href=\"https:\/\/physics.uwb.edu.pl\/wf\/?page_id=4879\" title=\"Wizyta licealist\u00f3w z Grodna\"><img decoding=\"async\" src=\"https:\/\/physics.uwb.edu.pl\/wf\/wp-content\/uploads\/2017\/03\/DSC_2868-150x84.jpg\" width=\"150\" alt=\"Wizyta licealist\u00f3w z Grodna\" \/><\/a><\/div> <h3 class=\"page-list-ext-title\"><a href=\"https:\/\/physics.uwb.edu.pl\/wf\/?page_id=4879\" title=\"Wizyta licealist\u00f3w z Grodna\">Wizyta licealist\u00f3w z Grodna<\/a><\/h3><div class=\"page-list-ext-item-content\">W dniu 29.03.2017 r. Wydzia\u0142 Fizyki odwiedzi\u0142a m\u0142odzie\u017c z Liceum Spo\u0142ecznego im. E. Orzeszkowej w Grodnie z my\u015bl\u0105 o wybraniu naszej uczelni jako miejsca do studiowania. \r\n\r\nSpotkanie z m\u0142odzie\u017c\u0105 rozpocz\u0119to od kwestii formalnych - sposobu rekrutacji na studia,...<\/div><\/div>\n<div class=\"page-list-ext-item\"><div class=\"page-list-ext-image\"><a href=\"https:\/\/physics.uwb.edu.pl\/wf\/?page_id=4866\" title=\"Pokazy z fizyki - mechanika\"><img decoding=\"async\" src=\"https:\/\/physics.uwb.edu.pl\/wf\/wp-content\/uploads\/2017\/03\/DSC_2820-150x84.jpg\" width=\"150\" alt=\"Pokazy z fizyki - mechanika\" \/><\/a><\/div> <h3 class=\"page-list-ext-title\"><a href=\"https:\/\/physics.uwb.edu.pl\/wf\/?page_id=4866\" title=\"Pokazy z fizyki - mechanika\">Pokazy z fizyki - mechanika<\/a><\/h3><div class=\"page-list-ext-item-content\">W dniu 29.03.2017 r. Wydzia\u0142 Fizyki odwiedzili uczniowie szko\u0142y gimnazjalnej z Wysokiego Mazowieckiego oraz liceli\u015bci z VI LO w Bia\u0142ymstoku. M\u0142odzie\u017c uczestniczyla w pokazach z mechaniki  przygotowanych przez dr. hab. Dariusza Satu\u0142\u0119, prof. UwB (asysto...<\/div><\/div>\n<div class=\"page-list-ext-item\"><div class=\"page-list-ext-image\"><a href=\"https:\/\/physics.uwb.edu.pl\/wf\/?page_id=4875\" title=\"VIII Kolne\u0144skie Targi Edukacji i Pracy\"><img decoding=\"async\" src=\"https:\/\/physics.uwb.edu.pl\/wf\/wp-content\/uploads\/2017\/03\/kolno2-150x100.jpg\" width=\"150\" alt=\"VIII Kolne\u0144skie Targi Edukacji i Pracy\" \/><\/a><\/div> <h3 class=\"page-list-ext-title\"><a href=\"https:\/\/physics.uwb.edu.pl\/wf\/?page_id=4875\" title=\"VIII Kolne\u0144skie Targi Edukacji i Pracy\">VIII Kolne\u0144skie Targi Edukacji i Pracy<\/a><\/h3><div class=\"page-list-ext-item-content\">Wydzia\u0142 Fizyki razem z Central\u0105 UwB prezentowa\u0142 si\u0119 w Kolnie na VII Targach Edukacji i Pracy.&nbsp;Nasze stoisko reprezentowali doktorzy Jan \u017bochowski oraz Andrzej Pisarski.\r\n\r\n&nbsp;\r\n\r\n(fotorelacja z serwisu kolniak24.pl )\r\n\r\nNa naszym stoisku mo\u017cn...<\/div><\/div>\n<div class=\"page-list-ext-item\"><div class=\"page-list-ext-image\"><a href=\"https:\/\/physics.uwb.edu.pl\/wf\/?page_id=4858\" title=\"I Konferencja Nauczycieli Fizyki\"><img decoding=\"async\" src=\"https:\/\/physics.uwb.edu.pl\/wf\/wp-content\/uploads\/2017\/03\/knf2017_logo_narrow-150x43.png\" width=\"150\" alt=\"I Konferencja Nauczycieli Fizyki\" \/><\/a><\/div> <h3 class=\"page-list-ext-title\"><a href=\"https:\/\/physics.uwb.edu.pl\/wf\/?page_id=4858\" title=\"I Konferencja Nauczycieli Fizyki\">I Konferencja Nauczycieli Fizyki<\/a><\/h3><div class=\"page-list-ext-item-content\">Dnia 25.03.2017 r. na Wydziale Fizyki odby\u0142a si\u0119 I Konferencja Nauczycieli Fizyki . Organizatorami konferencji byli: Wydzia\u0142 Fizyki UwB, Polskie Towarzystwo Fizyczne, Polska Akademia Nauk Oddzia\u0142 w Olsztynie i w Bia\u0142ymstoku oraz Fundacja Edukacji Mate...<\/div><\/div>\n<div class=\"page-list-ext-item\"><div class=\"page-list-ext-image\"><a href=\"https:\/\/physics.uwb.edu.pl\/wf\/?page_id=5072\" title=\"Gry i roboty w bia\u0142ostockim &quot;elektryku&quot;\"><img decoding=\"async\" src=\"https:\/\/physics.uwb.edu.pl\/wf\/wp-content\/uploads\/2016\/03\/gry_2-150x86.png\" width=\"150\" alt=\"Gry i roboty w bia\u0142ostockim &quot;elektryku&quot;\" \/><\/a><\/div> <h3 class=\"page-list-ext-title\"><a href=\"https:\/\/physics.uwb.edu.pl\/wf\/?page_id=5072\" title=\"Gry i roboty w bia\u0142ostockim &quot;elektryku&quot;\">Gry i roboty w bia\u0142ostockim &quot;elektryku&quot;<\/a><\/h3><div class=\"page-list-ext-item-content\">W dniu 21 marca 2017 r.&nbsp;dr Cezary Walczyk odwiedzi\u0142 Zesp\u00f3\u0142 Szk\u00f3\u0142 Elektrycznych&nbsp;im. prof. Janusza Groszkowskiego w Bia\u0142ymstoku. Jego wizyta by\u0142a odpowiedzi\u0105 na zaproszenie ZSE i pro\u015bb\u0119 o przybli\u017cenie oferty edukacyjnej Wydzia\u0142u Fizyki, a w szczeg\u00f3...<\/div><\/div>\n<div class=\"page-list-ext-item\"><div class=\"page-list-ext-image\"><a href=\"https:\/\/physics.uwb.edu.pl\/wf\/?page_id=4832\" title=\"Prezentacje Edukacyjno \u2013 Doradcze \u201eUczelnie w powiecie\u201d (Ostro\u0142\u0119ka)\"><img decoding=\"async\" src=\"https:\/\/physics.uwb.edu.pl\/wf\/wp-content\/uploads\/2017\/03\/IMG_0223-150x111.jpg\" width=\"150\" alt=\"Prezentacje Edukacyjno \u2013 Doradcze \u201eUczelnie w powiecie\u201d (Ostro\u0142\u0119ka)\" \/><\/a><\/div> <h3 class=\"page-list-ext-title\"><a href=\"https:\/\/physics.uwb.edu.pl\/wf\/?page_id=4832\" title=\"Prezentacje Edukacyjno \u2013 Doradcze \u201eUczelnie w powiecie\u201d (Ostro\u0142\u0119ka)\">Prezentacje Edukacyjno \u2013 Doradcze \u201eUczelnie w powiecie\u201d (Ostro\u0142\u0119ka)<\/a><\/h3><div class=\"page-list-ext-item-content\">Kolejny wyjazd promocyjno-rekrutacyjny w ramach programu \"Uczelnie w powiecie\". W dniu 16-go marca 2017 r. Wydzia\u0142 Fizyki prezentowa\u0142 si\u0119 wsp\u00f3lnie z Dzia\u0142em Rekrutacji UwB - tym razem w Ostro\u0142\u0119ce.&nbsp;\r\n\r\n&nbsp;&nbsp;\r\n\r\nWydzia\u0142u Fizyki reprezentowali dr hab....<\/div><\/div>\n<div class=\"page-list-ext-item\"><div class=\"page-list-ext-image\"><a href=\"https:\/\/physics.uwb.edu.pl\/wf\/?page_id=4818\" title=\"XVII Gie\u0142da pomys\u0142\u00f3w na \u017cycie - \u0141om\u017ca\"><img decoding=\"async\" src=\"https:\/\/physics.uwb.edu.pl\/wf\/wp-content\/uploads\/2017\/03\/DSC_2772b-150x127.jpg\" width=\"150\" alt=\"XVII Gie\u0142da pomys\u0142\u00f3w na \u017cycie - \u0141om\u017ca\" \/><\/a><\/div> <h3 class=\"page-list-ext-title\"><a href=\"https:\/\/physics.uwb.edu.pl\/wf\/?page_id=4818\" title=\"XVII Gie\u0142da pomys\u0142\u00f3w na \u017cycie - \u0141om\u017ca\">XVII Gie\u0142da pomys\u0142\u00f3w na \u017cycie - \u0141om\u017ca<\/a><\/h3><div class=\"page-list-ext-item-content\">15 marca 2017 r. wsp\u00f3lnie z Dzia\u0142em Rekrutacji UwB i pracownikami wydzia\u0142u filologicznego UwB uczestniczyli\u015bmy w XVII Gie\u0142dzie pomys\u0142\u00f3w na \u017cycie - organizowanej przez 3LO w \u0141om\u017cy.&nbsp;Impreza skierowana jest do m\u0142odzie\u017cy stoj\u0105cej przed decyzj\u0105 o swojej przy...<\/div><\/div>\n<div class=\"page-list-ext-item\"><div class=\"page-list-ext-image\"><a href=\"https:\/\/physics.uwb.edu.pl\/wf\/?page_id=4720\" title=\"Wizyta uczni\u00f3w z 3 LO w Bia\u0142ymstoku\"><img decoding=\"async\" src=\"https:\/\/physics.uwb.edu.pl\/wf\/wp-content\/uploads\/2017\/03\/DSC_2779-150x84.jpg\" width=\"150\" alt=\"Wizyta uczni\u00f3w z 3 LO w Bia\u0142ymstoku\" \/><\/a><\/div> <h3 class=\"page-list-ext-title\"><a href=\"https:\/\/physics.uwb.edu.pl\/wf\/?page_id=4720\" title=\"Wizyta uczni\u00f3w z 3 LO w Bia\u0142ymstoku\">Wizyta uczni\u00f3w z 3 LO w Bia\u0142ymstoku<\/a><\/h3><div class=\"page-list-ext-item-content\">Uczniowie dw\u00f3ch klas pierwszych (1B i 1H, klasy matematyczno-fizyczno-informatyczne) z 3 LO w Bia\u0142ymstoku im. Krzysztofa Kamila Baczy\u0144skiego zawitali na nasz Wydzia\u0142 z (zapowiedzian\u0105) wizyt\u0105 w dniu 6 marca 2017 r.&nbsp;\r\n\r\nPomys\u0142odawczyni\u0105 spotkania by\u0142a mg...<\/div><\/div>\n<div class=\"page-list-ext-item\"><div class=\"page-list-ext-image\"><a href=\"https:\/\/physics.uwb.edu.pl\/wf\/?page_id=4672\" title=\"Tydzie\u0144 nauk technicznych -- spotkanie w bia\u0142ostockim mechaniaku\"><img decoding=\"async\" src=\"https:\/\/physics.uwb.edu.pl\/wf\/wp-content\/uploads\/2017\/03\/DSCF4871b-150x126.jpg\" width=\"150\" alt=\"Tydzie\u0144 nauk technicznych -- spotkanie w bia\u0142ostockim mechaniaku\" \/><\/a><\/div> <h3 class=\"page-list-ext-title\"><a href=\"https:\/\/physics.uwb.edu.pl\/wf\/?page_id=4672\" title=\"Tydzie\u0144 nauk technicznych -- spotkanie w bia\u0142ostockim mechaniaku\">Tydzie\u0144 nauk technicznych -- spotkanie w bia\u0142ostockim mechaniaku<\/a><\/h3><div class=\"page-list-ext-item-content\">Zesp\u00f3\u0142 Szk\u00f3\u0142 Mechanicznych  Centrum Kszta\u0142cenia Praktycznego Nr 2 im. \u015aw. J\u00f3zefa w Bia\u0142ymstoku zorganizowa\u0142 \"Tydzie\u0144 nauk technicznych\", w kt\u00f3rym jeden dzie\u0144 (3 marzec 2017 r.) po\u015bwi\u0119cony by\u0142 tematyce \"Technika da si\u0119 lubi\u0107\". Jednym z blok\u00f3w w ramach ...<\/div><\/div>\n<div class=\"page-list-ext-item\"><div class=\"page-list-ext-image\"><a href=\"https:\/\/physics.uwb.edu.pl\/wf\/?page_id=4643\" title=\"Prezentacje Edukacyjno \u2013 Doradcze \u201eUczelnie w powiecie\u201d (Hanjn\u00f3wka)\"><img decoding=\"async\" src=\"https:\/\/physics.uwb.edu.pl\/wf\/wp-content\/uploads\/2017\/03\/IMG_0194a-150x142.jpg\" width=\"150\" alt=\"Prezentacje Edukacyjno \u2013 Doradcze \u201eUczelnie w powiecie\u201d (Hanjn\u00f3wka)\" \/><\/a><\/div> <h3 class=\"page-list-ext-title\"><a href=\"https:\/\/physics.uwb.edu.pl\/wf\/?page_id=4643\" title=\"Prezentacje Edukacyjno \u2013 Doradcze \u201eUczelnie w powiecie\u201d (Hanjn\u00f3wka)\">Prezentacje Edukacyjno \u2013 Doradcze \u201eUczelnie w powiecie\u201d (Hanjn\u00f3wka)<\/a><\/h3><div class=\"page-list-ext-item-content\">Kolejny wyjazd promocyjno-rekrutacyjny w ramach \"Uczelni w powiecie\" - XV Prezentacji Edukacyjno - Doradczych. Dnia 1-go marca 2017 r. Wydzia\u0142 Fizyki prezentowa\u0142 si\u0119 w Hajn\u00f3wce&nbsp;wsp\u00f3lnie z Dzia\u0142em Rekrutacji UwB.&nbsp;\r\n\r\n\r\n\r\nPrezentacj\u0119 Wydzia\u0142u Fizyki ...<\/div><\/div>\n<div class=\"page-list-ext-item\"><div class=\"page-list-ext-image\"><a href=\"https:\/\/physics.uwb.edu.pl\/wf\/?page_id=4608\" title=\"Prezentacje Edukacyjno \u2013 Doradcze \u201eUczelnie w powiecie\u201d (Bielsk Podlaski)\"><img decoding=\"async\" src=\"https:\/\/physics.uwb.edu.pl\/wf\/wp-content\/uploads\/2017\/02\/IMG_20170228_135005_971-150x127.jpg\" width=\"150\" alt=\"Prezentacje Edukacyjno \u2013 Doradcze \u201eUczelnie w powiecie\u201d (Bielsk Podlaski)\" \/><\/a><\/div> <h3 class=\"page-list-ext-title\"><a href=\"https:\/\/physics.uwb.edu.pl\/wf\/?page_id=4608\" title=\"Prezentacje Edukacyjno \u2013 Doradcze \u201eUczelnie w powiecie\u201d (Bielsk Podlaski)\">Prezentacje Edukacyjno \u2013 Doradcze \u201eUczelnie w powiecie\u201d (Bielsk Podlaski)<\/a><\/h3><div class=\"page-list-ext-item-content\">Kolejny wyjazd promocyjno-rekrutacyjny w ramach \"Uczelni w powiecie\" - XV Prezentacji Edukacyjno - Doradczych. W dniu dzisiejszym, tj. 28 lutego 2017 r. Wydzia\u0142 Fizyki prezentowa\u0142 si\u0119 w Bielsku Podlaskim wsp\u00f3lnie z Dzia\u0142em Rekrutacji UwB.&nbsp;\r\n\r\nW prez...<\/div><\/div>\n<div class=\"page-list-ext-item\"><div class=\"page-list-ext-image\"><a href=\"https:\/\/physics.uwb.edu.pl\/wf\/?page_id=4572\" title=\"Prezentacje Edukacyjno \u2013 Doradcze \u201eUczelnie w powiecie\u201d (Sok\u00f3\u0142ka) -- puchar!\"><img decoding=\"async\" src=\"https:\/\/physics.uwb.edu.pl\/wf\/wp-content\/uploads\/2017\/02\/PART_1488210717488_IMG_0156-150x113.jpg\" width=\"150\" alt=\"Prezentacje Edukacyjno \u2013 Doradcze \u201eUczelnie w powiecie\u201d (Sok\u00f3\u0142ka) -- puchar!\" \/><\/a><\/div> <h3 class=\"page-list-ext-title\"><a href=\"https:\/\/physics.uwb.edu.pl\/wf\/?page_id=4572\" title=\"Prezentacje Edukacyjno \u2013 Doradcze \u201eUczelnie w powiecie\u201d (Sok\u00f3\u0142ka) -- puchar!\">Prezentacje Edukacyjno \u2013 Doradcze \u201eUczelnie w powiecie\u201d (Sok\u00f3\u0142ka) -- puchar!<\/a><\/h3><div class=\"page-list-ext-item-content\">Sezon rekrutacyjno-promocyjny w pe\u0142ni - w dniu 27 luty 2017 r. Wydzia\u0142 Fizyki prezentowa\u0142 si\u0119 w Sok\u00f3\u0142ce na XV Prezentacjach Edukacyjno-Doradczych \"Uczelnie w powiecie\". Wsp\u00f3lnie z Dzia\u0142em Rekrutacji UwB mieli\u015bmy stoisko, na kt\u00f3rym zach\u0119cali\u015bmy do studiowa...<\/div><\/div>\n<div class=\"page-list-ext-item\"><div class=\"page-list-ext-image\"><a href=\"https:\/\/physics.uwb.edu.pl\/wf\/?page_id=4516\" title=\"Prezentacje Edukacyjno \u2013 Doradcze \u201eUczelnie w powiecie\u201d (Zambr\u00f3w) -- puchar!\"><img decoding=\"async\" src=\"https:\/\/physics.uwb.edu.pl\/wf\/wp-content\/uploads\/2017\/02\/DSC_2699-150x84.jpg\" width=\"150\" alt=\"Prezentacje Edukacyjno \u2013 Doradcze \u201eUczelnie w powiecie\u201d (Zambr\u00f3w) -- puchar!\" \/><\/a><\/div> <h3 class=\"page-list-ext-title\"><a href=\"https:\/\/physics.uwb.edu.pl\/wf\/?page_id=4516\" title=\"Prezentacje Edukacyjno \u2013 Doradcze \u201eUczelnie w powiecie\u201d (Zambr\u00f3w) -- puchar!\">Prezentacje Edukacyjno \u2013 Doradcze \u201eUczelnie w powiecie\u201d (Zambr\u00f3w) -- puchar!<\/a><\/h3><div class=\"page-list-ext-item-content\">W dniu 21 luty 2017 r. Wydzia\u0142 Fizyki prezentowa\u0142 si\u0119 w Zambrowie na XV Prezentacjach Edukacyjno-Doradczych \"Uczelnie w powiecie\". Wsp\u00f3lnie z Dzia\u0142em Rekrutacji UwB mieli\u015bmy stoisko, na kt\u00f3rym zach\u0119cali\u015bmy do studiowania na naszej uczelni.&nbsp;\r\n\r\n\r\n\r\nW prezenta...<\/div><\/div>\n<div class=\"page-list-ext-item\"><div class=\"page-list-ext-image\"><a href=\"https:\/\/physics.uwb.edu.pl\/wf\/?page_id=4469\" title=\"Ultraszybkie pami\u0119ci przysz\u0142o\u015bci - wyk\u0142ad bez wzor\u00f3w!\"><img decoding=\"async\" src=\"https:\/\/physics.uwb.edu.pl\/wf\/wp-content\/uploads\/2017\/02\/DSC_2640-150x84.jpg\" width=\"150\" alt=\"Ultraszybkie pami\u0119ci przysz\u0142o\u015bci - wyk\u0142ad bez wzor\u00f3w!\" \/><\/a><\/div> <h3 class=\"page-list-ext-title\"><a href=\"https:\/\/physics.uwb.edu.pl\/wf\/?page_id=4469\" title=\"Ultraszybkie pami\u0119ci przysz\u0142o\u015bci - wyk\u0142ad bez wzor\u00f3w!\">Ultraszybkie pami\u0119ci przysz\u0142o\u015bci - wyk\u0142ad bez wzor\u00f3w!<\/a><\/h3><div class=\"page-list-ext-item-content\">W dniu 11 luty 2017 r. dr hab. Andrzej Stupakiewicz , prof. UwB wyg\u0142osi\u0142 wyk\u0142ad na temat ultraszybkich pami\u0119ci przysz\u0142o\u015bci &nbsp;- nowatorskiego pomys\u0142u, kt\u00f3re narodzi\u0142o si\u0119 na Wydziale Fizyki w Bia\u0142ymstoku i zosta\u0142o opublikowane przez presti\u017cowe czasopismo N...<\/div><\/div>\n<div class=\"page-list-ext-item\"><div class=\"page-list-ext-image\"><a href=\"https:\/\/physics.uwb.edu.pl\/wf\/?page_id=4337\" title=\"Nowa technologia ultraszybkiego zapisu informacji -- wyk\u0142ad\"><img decoding=\"async\" src=\"https:\/\/physics.uwb.edu.pl\/wf\/wp-content\/uploads\/2017\/01\/mDSC_2581.jpg\" width=\"150\" alt=\"Nowa technologia ultraszybkiego zapisu informacji -- wyk\u0142ad\" \/><\/a><\/div> <h3 class=\"page-list-ext-title\"><a href=\"https:\/\/physics.uwb.edu.pl\/wf\/?page_id=4337\" title=\"Nowa technologia ultraszybkiego zapisu informacji -- wyk\u0142ad\">Nowa technologia ultraszybkiego zapisu informacji -- wyk\u0142ad<\/a><\/h3><div class=\"page-list-ext-item-content\">W dniu 31 stycznia 2017 r. dr hab. Andrzej Stupakiewicz &nbsp;wyg\u0142osi\u0142 wyk\u0142ad na temat ultraszybkiego, zimnego zapisu fotomagnetyczneg o - osi\u0105gni\u0119cia, kt\u00f3re zosta\u0142o opublikowane przez presti\u017cowe czasopismo Nature [1].&nbsp;\r\n\r\nWyk\u0142ad rozpocz\u0105\u0142 Dziekan Wy...<\/div><\/div>\n<div class=\"page-list-ext-item\"><div class=\"page-list-ext-image\"><a href=\"https:\/\/physics.uwb.edu.pl\/wf\/?page_id=4151\" title=\"XII Targi Edukacyjne w 2LO w Bia\u0142ystoku\"><img decoding=\"async\" src=\"https:\/\/physics.uwb.edu.pl\/wf\/wp-content\/uploads\/2017\/01\/DSC_2505b-150x116.jpg\" width=\"150\" alt=\"XII Targi Edukacyjne w 2LO w Bia\u0142ystoku\" \/><\/a><\/div> <h3 class=\"page-list-ext-title\"><a href=\"https:\/\/physics.uwb.edu.pl\/wf\/?page_id=4151\" title=\"XII Targi Edukacyjne w 2LO w Bia\u0142ystoku\">XII Targi Edukacyjne w 2LO w Bia\u0142ystoku<\/a><\/h3><div class=\"page-list-ext-item-content\">W dniu 18-01-2017 r. uczestniczyli\u015bmy w Targach Edukacyjnych zorganizowanych przez 2LO w Bia\u0142ystoku . W prezentacji Wydzia\u0142u udzia\u0142 wzi\u0119li dr Tomasz Karpiuk, dr Krzysztof Gawryluk oraz dr Cezary Walczyk, kt\u00f3ry dodatkowo wyg\u0142osi\u0142 prezentacj\u0119 pt. \"Roboty,...<\/div><\/div>\n<div class=\"page-list-ext-item\"><div class=\"page-list-ext-image\"><a href=\"https:\/\/physics.uwb.edu.pl\/wf\/?page_id=4056\" title=\"Warsztaty &quot;Z fizyk\u0105 w przysz\u0142o\u015b\u0107&quot; -- fina\u0142 + pokazy &quot;Mechanika&quot;\"><img decoding=\"async\" src=\"https:\/\/physics.uwb.edu.pl\/wf\/wp-content\/uploads\/2016\/12\/IMG_9782b-150x150.jpg\" width=\"150\" alt=\"Warsztaty &quot;Z fizyk\u0105 w przysz\u0142o\u015b\u0107&quot; -- fina\u0142 + pokazy &quot;Mechanika&quot;\" \/><\/a><\/div> <h3 class=\"page-list-ext-title\"><a href=\"https:\/\/physics.uwb.edu.pl\/wf\/?page_id=4056\" title=\"Warsztaty &quot;Z fizyk\u0105 w przysz\u0142o\u015b\u0107&quot; -- fina\u0142 + pokazy &quot;Mechanika&quot;\">Warsztaty &quot;Z fizyk\u0105 w przysz\u0142o\u015b\u0107&quot; -- fina\u0142 + pokazy &quot;Mechanika&quot;<\/a><\/h3><div class=\"page-list-ext-item-content\">Pokazy z \"Mechaniki\u201d dla uczestnik\u00f3w warsztat\u00f3w \"Z fizyk\u0105 w przysz\u0142o\u015b\u0107\" , prowadzi dr hab. Dariusz Satu\u0142a w asy\u015bcie dr. hab. Andrzeja Andrejczuka.&nbsp;\r\n\r\nDrugie, zarazem ostatnie sobotnie spotkanie z pokazami po\u0142\u0105czone by\u0142o z rozdaniem Dyplom\u00f3w uko...<\/div><\/div>\n<div class=\"page-list-ext-item\"><div class=\"page-list-ext-image\"><a href=\"https:\/\/physics.uwb.edu.pl\/wf\/?page_id=3922\" title=\"Pokazy dla szk\u00f3\u0142 - Mechanika 01-12-2016\"><img decoding=\"async\" src=\"https:\/\/physics.uwb.edu.pl\/wf\/wp-content\/uploads\/2016\/12\/DSC_2377b.jpg\" width=\"150\" alt=\"Pokazy dla szk\u00f3\u0142 - Mechanika 01-12-2016\" \/><\/a><\/div> <h3 class=\"page-list-ext-title\"><a href=\"https:\/\/physics.uwb.edu.pl\/wf\/?page_id=3922\" title=\"Pokazy dla szk\u00f3\u0142 - Mechanika 01-12-2016\">Pokazy dla szk\u00f3\u0142 - Mechanika 01-12-2016<\/a><\/h3><div class=\"page-list-ext-item-content\">\"Pokazy z&nbsp;Fizyki\u201d dla uczni\u00f3w i nauczycieli szk\u00f3\u0142 gimnazjalnych i ponadgimnazjalnych  -- \"Mechanika\", prowadzi dr hab. Dariusz Satu\u0142a w asy\u015bcie mgr. Piotra Chomieni -- na sali uczniowie Publicznego Gimnazjum w Szczuczynie.&nbsp;\r\n\r\nCho\u0107 Prowadz\u0105cy wielokro...<\/div><\/div>\n<div class=\"page-list-ext-item\"><div class=\"page-list-ext-image\"><a href=\"https:\/\/physics.uwb.edu.pl\/wf\/?page_id=3734\" title=\"Pokazy dla szk\u00f3\u0142 - Mechanika 24-11-2016\"><img decoding=\"async\" src=\"https:\/\/physics.uwb.edu.pl\/wf\/wp-content\/uploads\/2016\/11\/DSC_2348b.jpg\" width=\"150\" alt=\"Pokazy dla szk\u00f3\u0142 - Mechanika 24-11-2016\" \/><\/a><\/div> <h3 class=\"page-list-ext-title\"><a href=\"https:\/\/physics.uwb.edu.pl\/wf\/?page_id=3734\" title=\"Pokazy dla szk\u00f3\u0142 - Mechanika 24-11-2016\">Pokazy dla szk\u00f3\u0142 - Mechanika 24-11-2016<\/a><\/h3><div class=\"page-list-ext-item-content\">24-11-2016: \"Pokazy z&nbsp;Fizyki\u201d dla uczni\u00f3w i nauczycieli szk\u00f3\u0142 gimnazjalnych i ponadgimnazjalnych  -- \"Mechanika\", prowadzi dr hab. Dariusz Satu\u0142a w asy\u015bcie mgr. Piotra Chomieni -- na sali uczniowie Publicznego Gimnazjum #3 w Grajewie.\r\n\r\nZamawianie pokaz\u00f3...<\/div><\/div>\n<div class=\"page-list-ext-item\"><div class=\"page-list-ext-image\"><a href=\"https:\/\/physics.uwb.edu.pl\/wf\/?page_id=3770\" title=\"East Games United -- 2016 w Kampusie UwB!\"><img decoding=\"async\" src=\"https:\/\/physics.uwb.edu.pl\/wf\/wp-content\/uploads\/2016\/11\/gra-150x115.png\" width=\"150\" alt=\"East Games United -- 2016 w Kampusie UwB!\" \/><\/a><\/div> <h3 class=\"page-list-ext-title\"><a href=\"https:\/\/physics.uwb.edu.pl\/wf\/?page_id=3770\" title=\"East Games United -- 2016 w Kampusie UwB!\">East Games United -- 2016 w Kampusie UwB!<\/a><\/h3><div class=\"page-list-ext-item-content\">Impreza zrzeszaj\u0105ca graczy wszelkich ma\u015bci (gry wideo, karciane, role-playing...) odby\u0142a si\u0119 w tym roku w Kampusie UwB. Jako wsp\u00f3\u0142organizator - Wydzia\u0142 Fizyki mia\u0142 tam sw\u00f3j k\u0105cik.\r\n\r\nNa naszym stoisku prezentowali\u015bmy jak tworzy\u0107 gry wideo . Dziwne? n...<\/div><\/div>\n<div class=\"page-list-ext-item\"><div class=\"page-list-ext-image\"><a href=\"https:\/\/physics.uwb.edu.pl\/wf\/?page_id=3794\" title=\"Pokazy z fizyki -- Rura Rubensa -- Warsztaty &quot;Z fizyk\u0105 w przysz\u0142o\u015b\u0107&quot;\"><img decoding=\"async\" src=\"https:\/\/physics.uwb.edu.pl\/wf\/wp-content\/uploads\/2016\/10\/IMG_9769b-150x100.jpg\" width=\"150\" alt=\"Pokazy z fizyki -- Rura Rubensa -- Warsztaty &quot;Z fizyk\u0105 w przysz\u0142o\u015b\u0107&quot;\" \/><\/a><\/div> <h3 class=\"page-list-ext-title\"><a href=\"https:\/\/physics.uwb.edu.pl\/wf\/?page_id=3794\" title=\"Pokazy z fizyki -- Rura Rubensa -- Warsztaty &quot;Z fizyk\u0105 w przysz\u0142o\u015b\u0107&quot;\">Pokazy z fizyki -- Rura Rubensa -- Warsztaty &quot;Z fizyk\u0105 w przysz\u0142o\u015b\u0107&quot;<\/a><\/h3><div class=\"page-list-ext-item-content\">W ramach warsztat\u00f3w \"Z fizyk\u0105 w przysz\u0142o\u015b\u0107\" odby\u0142a si\u0119 pierwsze spotkania sobotnie pt. \"Spektakularne pokazy z fizyki\". Zaj\u0119cia prowadzi\u0142 dr hab. Andrzej Andrejczuk, prof. UwB w asy\u015bcie dr. hab. Dariusza Satu\u0142y.\r\n\r\nWarsztaty adresowane s\u0105 do m\u0142odzie\u017c...<\/div><\/div>\n<div class=\"page-list-ext-item\"><div class=\"page-list-ext-image\"><a href=\"https:\/\/physics.uwb.edu.pl\/wf\/?page_id=4276\" title=\"Inauguracja roku akademickiego 2016\/2017\"><img decoding=\"async\" src=\"https:\/\/physics.uwb.edu.pl\/wf\/wp-content\/uploads\/2016\/10\/DSC_5082-150x100.jpg\" width=\"150\" alt=\"Inauguracja roku akademickiego 2016\/2017\" \/><\/a><\/div> <h3 class=\"page-list-ext-title\"><a href=\"https:\/\/physics.uwb.edu.pl\/wf\/?page_id=4276\" title=\"Inauguracja roku akademickiego 2016\/2017\">Inauguracja roku akademickiego 2016\/2017<\/a><\/h3><div class=\"page-list-ext-item-content\">W dniu 3 pa\u017adziernika 2016 r. odby\u0142a si\u0119 uroczysta inauguracja roku akademickiego 2016\/2017 na Wydziale Fizyki UwB. Otwarcie nowego roku prowadzi\u0142y nowe w\u0142adze dzieka\u0144skie - prof. Piotr Jaranowski  (dziekan Wydzia\u0142u Fizyki), dr hab. Andrzej Andrejczuk , prof...<\/div><\/div>\n<div class=\"page-list-ext-item\"><div class=\"page-list-ext-image\"><a href=\"https:\/\/physics.uwb.edu.pl\/wf\/?page_id=2746\" title=\"XIV Podlaski Festiwal Nauki i Sztuki 2016\"><img decoding=\"async\" src=\"https:\/\/physics.uwb.edu.pl\/wf\/wp-content\/uploads\/ngg_featured\/DSC05447-150x84.jpg\" width=\"150\" alt=\"XIV Podlaski Festiwal Nauki i Sztuki 2016\" \/><\/a><\/div> <h3 class=\"page-list-ext-title\"><a href=\"https:\/\/physics.uwb.edu.pl\/wf\/?page_id=2746\" title=\"XIV Podlaski Festiwal Nauki i Sztuki 2016\">XIV Podlaski Festiwal Nauki i Sztuki 2016<\/a><\/h3><div class=\"page-list-ext-item-content\">Dzi\u0119kujemy za tak liczne uczestnictwo w naszych wydzia\u0142owych imprezach. Odwiedzi\u0142o nas prawie 1000 uczni\u00f3w klas gimnazjalnych i ponadgimnazjalnych! Bardzo cieszy nas tak du\u017ce zainteresowanie m\u0142odych ludzi nauk\u0105, a w szczeg\u00f3lno\u015bci fizyk\u0105.&nbsp;\r\n\r\n\r\n\r\nPodzi\u0119kowania sk\u0142adamy t...<\/div><\/div>\n\n<\/div><br \/>\n<strong><a href=\"http:\/\/physics.uwb.edu.pl\/main\/galeria.php?g=24\">Galerie na starej stronie WWW Wydzia\u0142u Fizyki<\/a><\/strong><\/p>\n","protected":false},"excerpt":{"rendered":"<p>Galerie na starej stronie WWW Wydzia\u0142u Fizyki<\/p>\n","protected":false},"author":2,"featured_media":0,"parent":119,"menu_order":0,"comment_status":"closed","ping_status":"closed","template":"","meta":{"ngg_post_thumbnail":0,"Layout":"","footnotes":""},"categories":[131],"tags":[],"class_list":["entry","author-dobrog","post-2744","page","type-page","status-publish","category-galeria_foto"],"jetpack_sharing_enabled":true,"jetpack_shortlink":"https:\/\/wp.me\/P7nvcn-Ig","_links":{"self":[{"href":"https:\/\/physics.uwb.edu.pl\/wf\/index.php?rest_route=\/wp\/v2\/pages\/2744","targetHints":{"allow":["GET"]}}],"collection":[{"href":"https:\/\/physics.uwb.edu.pl\/wf\/index.php?rest_route=\/wp\/v2\/pages"}],"about":[{"href":"https:\/\/physics.uwb.edu.pl\/wf\/index.php?rest_route=\/wp\/v2\/types\/page"}],"author":[{"embeddable":true,"href":"https:\/\/physics.uwb.edu.pl\/wf\/index.php?rest_route=\/wp\/v2\/users\/2"}],"replies":[{"embeddable":true,"href":"https:\/\/physics.uwb.edu.pl\/wf\/index.php?rest_route=%2Fwp%2Fv2%2Fcomments&post=2744"}],"version-history":[{"count":15,"href":"https:\/\/physics.uwb.edu.pl\/wf\/index.php?rest_route=\/wp\/v2\/pages\/2744\/revisions"}],"predecessor-version":[{"id":2751,"href":"https:\/\/physics.uwb.edu.pl\/wf\/index.php?rest_route=\/wp\/v2\/pages\/2744\/revisions\/2751"}],"up":[{"embeddable":true,"href":"https:\/\/physics.uwb.edu.pl\/wf\/index.php?rest_route=\/wp\/v2\/pages\/119"}],"wp:attachment":[{"href":"https:\/\/physics.uwb.edu.pl\/wf\/index.php?rest_route=%2Fwp%2Fv2%2Fmedia&parent=2744"}],"wp:term":[{"taxonomy":"category","embeddable":true,"href":"https:\/\/physics.uwb.edu.pl\/wf\/index.php?rest_route=%2Fwp%2Fv2%2Fcategories&post=2744"},{"taxonomy":"post_tag","embeddable":true,"href":"https:\/\/physics.uwb.edu.pl\/wf\/index.php?rest_route=%2Fwp%2Fv2%2Ftags&post=2744"}],"curies":[{"name":"wp","href":"https:\/\/api.w.org\/{rel}","templated":true}]}}