{"id":5208,"date":"2016-05-18T12:34:08","date_gmt":"2016-05-18T10:34:08","guid":{"rendered":"http:\/\/physics.uwb.edu.pl\/wf\/?page_id=5208"},"modified":"2019-03-06T13:12:34","modified_gmt":"2019-03-06T12:12:34","slug":"xiv-podlaski-festiwal-nauki-i-sztuki-2","status":"publish","type":"page","link":"https:\/\/physics.uwb.edu.pl\/wf\/?page_id=5208","title":{"rendered":"XIV Podlaski Festiwal nauki i Sztuki"},"content":{"rendered":"<h2>Wydzia\u0142 Fizyki UwB: 18-05-2016 (Kampus)<\/h2>\n<p>Dzi\u0119kujemy wszystkim za tak liczn\u0105 obecno\u015b\u0107 na naszych imprezach festiwalowych! Fotorelacja z dnia 18-maja-2016 znajduj\u0119 si\u0119 <a href=\"http:\/\/physics.uwb.edu.pl\/wf\/?page_id=2746\">tutaj<\/a>.<\/p>\n<p><a href=\"http:\/\/physics.uwb.edu.pl\/wf\/?page_id=2746\"><img loading=\"lazy\" decoding=\"async\" class=\"alignnone wp-image-2828 size-medium\" src=\"http:\/\/physics.uwb.edu.pl\/wf\/wp-content\/uploads\/2016\/04\/DSC_1191-300x169.jpg\" alt=\"DSC_1191\" width=\"300\" height=\"169\" srcset=\"https:\/\/physics.uwb.edu.pl\/wf\/wp-content\/uploads\/2016\/04\/DSC_1191-300x169.jpg 300w, https:\/\/physics.uwb.edu.pl\/wf\/wp-content\/uploads\/2016\/04\/DSC_1191-150x84.jpg 150w, https:\/\/physics.uwb.edu.pl\/wf\/wp-content\/uploads\/2016\/04\/DSC_1191-1024x576.jpg 1024w, https:\/\/physics.uwb.edu.pl\/wf\/wp-content\/uploads\/2016\/04\/DSC_1191-889x500.jpg 889w\" sizes=\"auto, (max-width: 300px) 100vw, 300px\" \/><img loading=\"lazy\" decoding=\"async\" class=\"alignnone wp-image-2831\" src=\"http:\/\/physics.uwb.edu.pl\/wf\/wp-content\/uploads\/2016\/04\/DSC_4321_00067-300x200.jpg\" alt=\"DSC_4321_00067\" width=\"294\" height=\"196\" srcset=\"https:\/\/physics.uwb.edu.pl\/wf\/wp-content\/uploads\/2016\/04\/DSC_4321_00067-300x200.jpg 300w, https:\/\/physics.uwb.edu.pl\/wf\/wp-content\/uploads\/2016\/04\/DSC_4321_00067-150x100.jpg 150w, https:\/\/physics.uwb.edu.pl\/wf\/wp-content\/uploads\/2016\/04\/DSC_4321_00067-1024x683.jpg 1024w, https:\/\/physics.uwb.edu.pl\/wf\/wp-content\/uploads\/2016\/04\/DSC_4321_00067-600x400.jpg 600w, https:\/\/physics.uwb.edu.pl\/wf\/wp-content\/uploads\/2016\/04\/DSC_4321_00067-750x500.jpg 750w, https:\/\/physics.uwb.edu.pl\/wf\/wp-content\/uploads\/2016\/04\/DSC_4321_00067-272x182.jpg 272w\" sizes=\"auto, (max-width: 294px) 100vw, 294px\" \/><\/a><\/p>\n<p>&nbsp;<\/p>\n<p><a href=\"http:\/\/physics.uwb.edu.pl\/wf\/wp-content\/uploads\/2016\/04\/PFNiSzXIV-plakat_v1.0bialy_wwwPL.pdf\"><img loading=\"lazy\" decoding=\"async\" class=\"alignleft wp-image-2507 size-large\" src=\"http:\/\/physics.uwb.edu.pl\/wf\/wp-content\/uploads\/2016\/04\/PFNiSzXIV_wwwPL-724x1024.jpg\" alt=\"\" width=\"724\" height=\"1024\" srcset=\"https:\/\/physics.uwb.edu.pl\/wf\/wp-content\/uploads\/2016\/04\/PFNiSzXIV_wwwPL-724x1024.jpg 724w, https:\/\/physics.uwb.edu.pl\/wf\/wp-content\/uploads\/2016\/04\/PFNiSzXIV_wwwPL-106x150.jpg 106w, https:\/\/physics.uwb.edu.pl\/wf\/wp-content\/uploads\/2016\/04\/PFNiSzXIV_wwwPL-212x300.jpg 212w, https:\/\/physics.uwb.edu.pl\/wf\/wp-content\/uploads\/2016\/04\/PFNiSzXIV_wwwPL-354x500.jpg 354w, https:\/\/physics.uwb.edu.pl\/wf\/wp-content\/uploads\/2016\/04\/PFNiSzXIV_wwwPL.jpg 992w\" sizes=\"auto, (max-width: 724px) 100vw, 724px\" \/><\/a><\/p>\n<p>Serdecznie zapraszamy Pa\u0144stwa na imprezy przygotowane przez <strong>Wydzia\u0142 Fizyki UwB<\/strong> na&nbsp;<a href=\"http:\/\/festiwal.uwb.edu.pl\/\" target=\"_blank\" rel=\"noopener noreferrer\">XIV Podlaski Festiwal Nauki i Sztuki<\/a>. Jak co roku zach\u0119camy Pa\u0144stwa do wybrania czego\u015b z naszej szerokiej oferty. Przypominamy, \u017ce na niekt\u00f3re imprezy wymagana jest <strong>wcze\u015bniejsza rejestracja<\/strong> (telefoniczna, emailowa). W razie w\u0105tpliwo\u015bci prosz\u0119 si\u0119 kontaktowa\u0107 z wydzia\u0142owym koordynatorem festiwalu &#8211; dr. K. Gawrylukiem (<a href=\"mailto:k.gawryluk@uwb.edu.pl\">k.gawryluk@uwb.edu.pl<\/a>). Zach\u0119camy te\u017c do pobrania <strong>plakatu festiwalowego<\/strong> z imprezami przygotowanymi przez Wydzia\u0142 Fizyki (klikaj\u0105c <a href=\"http:\/\/physics.uwb.edu.pl\/wf\/wp-content\/uploads\/2016\/04\/PFNiSzXIV-plakat_v1.0bialy_wwwPL.pdf\">ten link<\/a> lub powy\u017cszy obrazek, 2.3MB pdf). dddd<\/p>\n<h4>9:00-15:00 KOMPUTEROWO WSPOMAGANE DYDAKTYCZNE EKSPERYMENTY FIZYCZNE<\/h4>\n<p><img loading=\"lazy\" decoding=\"async\" class=\"size-medium wp-image-2339 alignleft\" src=\"http:\/\/physics.uwb.edu.pl\/wf\/wp-content\/uploads\/2016\/04\/DSC_0174-300x169.jpg\" alt=\"DSC_0174\" width=\"300\" height=\"169\" srcset=\"https:\/\/physics.uwb.edu.pl\/wf\/wp-content\/uploads\/2016\/04\/DSC_0174-300x169.jpg 300w, https:\/\/physics.uwb.edu.pl\/wf\/wp-content\/uploads\/2016\/04\/DSC_0174-150x84.jpg 150w, https:\/\/physics.uwb.edu.pl\/wf\/wp-content\/uploads\/2016\/04\/DSC_0174-1024x576.jpg 1024w, https:\/\/physics.uwb.edu.pl\/wf\/wp-content\/uploads\/2016\/04\/DSC_0174-888x500.jpg 888w, https:\/\/physics.uwb.edu.pl\/wf\/wp-content\/uploads\/2016\/04\/DSC_0174.jpg 1800w\" sizes=\"auto, (max-width: 300px) 100vw, 300px\" \/>Eksperymenty fizyczne wspomagane komputerowo. Pomiary zjawisk fizycznych z akustyki, mechaniki, elektryczno\u015bci i innych z wykorzystaniem komputera. Prezentacja Regionalnego Laboratorium do Nauczania Przedmiot\u00f3w Przyrodniczych LABFIZ.&nbsp;<a href=\"http:\/\/festiwal.uwb.edu.pl\/imprezy-festiwalowe\/komputerowo-wspomagane-dydaktyczne-eksperymenty-fizyczne\" target=\"_blank\" rel=\"noopener noreferrer\">Wi\u0119cej<\/a>.<\/p>\n<h4>9:00-15:00 ZABAWKI FIZYCZNE<\/h4>\n<p>Zabawki fizyczne s\u0105 skuteczn\u0105 form\u0105 nauczania fizyki, bowiem bawi\u0105c ucz\u0105, a ucz\u0105c bawi\u0105. Impreza skierowana jest do uczni\u00f3w i nauczycieli. Na kilkunastu stanowiskach zgromadzone b\u0119d\u0105 tzw. zabawki fizyczne w postaci prostych ale atrakcyjnych eksperyment\u00f3w. Dzia\u0142anie ka\u017cdej zabawki podlega prawom fizyki. Podyskutowa\u0107 mo\u017cna b\u0119dzie mi\u0119dzy innymi na temat: Co wida\u0107 we wn\u0119trzu kalejdoskopu? Czy lewitacja wymaga wiedzy tajemnej? Zobaczy\u0107 np. kamie\u0144 celtycki, model silnika, pij\u0105cy ptak i wiele innych. <a href=\"http:\/\/festiwal.uwb.edu.pl\/imprezy-festiwalowe\/zabawki-fizyczne\" target=\"_blank\" rel=\"noopener noreferrer\">Wi\u0119cej<\/a>.<\/p>\n<h4>9:30-10:15 KOMPUTERY KWANTOWE<\/h4>\n<p>W 1994 r. Peter Shor opublikowa\u0142 artyku\u0142, w kt\u00f3rym poda\u0142 algorytm wykorzystuj\u0105cy komputer kwantowy do rozk\u0142adu wielkich liczb na czynniki pierwsze. Wzbudzi\u0142o to ogromne zainteresowanie komputerami kwantowymi gdy\u017c z zadaniem tym nie radz\u0105 sobie nawet najpot\u0119\u017cniejsze komputery klasyczne, a zarazem jest to niezwykle wa\u017cny problem z punktu widzenia kryptografii. Na wyk\u0142adzie postaram si\u0119 przekona\u0107 Pa\u0144stwa, \u017ce komputery kwantowe rzeczywi\u015bcie mog\u0105 wi\u0119cej ni\u017c komputery klasyczne. <a href=\"http:\/\/festiwal.uwb.edu.pl\/imprezy-festiwalowe\/komputery-kwantowe\" target=\"_blank\" rel=\"noopener noreferrer\">Wi\u0119cej<\/a>.<\/p>\n<h4>10:00-14:00&nbsp;CZY FIZYK POTRAFI STWORZY\u0106 GR\u0118 KOMPUTEROW\u0104?<\/h4>\n<p><img loading=\"lazy\" decoding=\"async\" class=\"size-medium wp-image-1786 alignleft\" src=\"http:\/\/physics.uwb.edu.pl\/wf\/wp-content\/uploads\/2016\/03\/samochod_2D_2-300x169.png\" alt=\"samochod_2D_2\" width=\"300\" height=\"169\" srcset=\"https:\/\/physics.uwb.edu.pl\/wf\/wp-content\/uploads\/2016\/03\/samochod_2D_2-300x169.png 300w, https:\/\/physics.uwb.edu.pl\/wf\/wp-content\/uploads\/2016\/03\/samochod_2D_2-150x84.png 150w, https:\/\/physics.uwb.edu.pl\/wf\/wp-content\/uploads\/2016\/03\/samochod_2D_2-1024x576.png 1024w, https:\/\/physics.uwb.edu.pl\/wf\/wp-content\/uploads\/2016\/03\/samochod_2D_2-889x500.png 889w, https:\/\/physics.uwb.edu.pl\/wf\/wp-content\/uploads\/2016\/03\/samochod_2D_2.png 1920w\" sizes=\"auto, (max-width: 300px) 100vw, 300px\" \/>Na zaj\u0119ciach zostan\u0105 zaprezentowane proste modele fizyczne, kt\u00f3re mog\u0105 zosta\u0107 wykorzystane do stworzenia gry komputerowej. B\u0119dzie to zrobione na bazie prac dyplomowych napisanych na Wydziale Fizyki. Tym samym spr\u00f3bujemy odpowiedzie\u0107 na zadanie w tytule pytanie. Zaj\u0119cia b\u0119d\u0105 odbywa\u0107 si\u0119 przy komputerach z aktywnym udzia\u0142em uczestnik\u00f3w. <a href=\"http:\/\/festiwal.uwb.edu.pl\/imprezy-festiwalowe\/czy-fizyk-potrafi-stworzyc-gre-komputerowa\" target=\"_blank\" rel=\"noopener noreferrer\">Wi\u0119cej<\/a>.<\/p>\n<h4>10:00-11:00 PATYCZKI, LUSTRO, NO\u017bYCZKI<\/h4>\n<p><img loading=\"lazy\" decoding=\"async\" class=\"alignleft wp-image-2363\" src=\"http:\/\/physics.uwb.edu.pl\/wf\/wp-content\/uploads\/2016\/04\/at-96x150.jpg\" alt=\"at\" width=\"150\" height=\"233\" srcset=\"https:\/\/physics.uwb.edu.pl\/wf\/wp-content\/uploads\/2016\/04\/at-96x150.jpg 96w, https:\/\/physics.uwb.edu.pl\/wf\/wp-content\/uploads\/2016\/04\/at-193x300.jpg 193w, https:\/\/physics.uwb.edu.pl\/wf\/wp-content\/uploads\/2016\/04\/at-659x1024.jpg 659w, https:\/\/physics.uwb.edu.pl\/wf\/wp-content\/uploads\/2016\/04\/at-322x500.jpg 322w, https:\/\/physics.uwb.edu.pl\/wf\/wp-content\/uploads\/2016\/04\/at.jpg 800w\" sizes=\"auto, (max-width: 150px) 100vw, 150px\" \/>Zobaczymy jakie wnioski, u\u017cyteczne dla fizyki i fizyk\u00f3w, daj\u0105 si\u0119 wyci\u0105gn\u0105\u0107 z zabawy niekt\u00f3rymi przedmiotami z naszego otoczenia. I przekonamy si\u0119 te\u017c, \u017ce teatrzyk odegrany przed oczami PT publiczno\u015bci ma co\u015b wsp\u00f3lnego ze \u015bwiatem zmys\u0142\u00f3w cz\u0142owieka. Bo co jak co, ale teatr w\u0142a\u015bnie na zmys\u0142y widza oddzia\u0142ywa\u0107 powinien, i musi, i b\u0119dzie. <a href=\"http:\/\/festiwal.uwb.edu.pl\/imprezy-festiwalowe\/patyczki-lustro-nozyczki\" target=\"_blank\" rel=\"noopener noreferrer\">Wi\u0119cej<\/a>.<\/p>\n<h4>10:00-14:00 ROBOTYKA DLA KA\u017bDEGO &#8211; ARDUINO<\/h4>\n<p><img loading=\"lazy\" decoding=\"async\" class=\"size-medium wp-image-2247 alignleft\" src=\"http:\/\/physics.uwb.edu.pl\/wf\/wp-content\/uploads\/2016\/03\/tcrt5000s-300x169.jpg\" alt=\"tcrt5000s\" width=\"300\" height=\"169\" srcset=\"https:\/\/physics.uwb.edu.pl\/wf\/wp-content\/uploads\/2016\/03\/tcrt5000s-300x169.jpg 300w, https:\/\/physics.uwb.edu.pl\/wf\/wp-content\/uploads\/2016\/03\/tcrt5000s-150x84.jpg 150w, https:\/\/physics.uwb.edu.pl\/wf\/wp-content\/uploads\/2016\/03\/tcrt5000s.jpg 1024w, https:\/\/physics.uwb.edu.pl\/wf\/wp-content\/uploads\/2016\/03\/tcrt5000s-889x500.jpg 889w\" sizes=\"auto, (max-width: 300px) 100vw, 300px\" \/>Chcesz zapozna\u0107 si\u0119 z automatyk\u0105\/robotyk\u0105? Zapraszamy do nas &#8211; studenci <strong>Ko\u0142a Robotyk\u00f3w Fi-BOT<\/strong> z Wydzia\u0142u Fizyki UwB zapoznaj\u0105 ci\u0119 z platform\u0105 Arduino, na kt\u00f3rej zbudujesz i zaprogramujesz swojego pierwszego robota. Sam si\u0119 przekonasz, jakie to proste! <a href=\"http:\/\/festiwal.uwb.edu.pl\/imprezy-festiwalowe\/robotyka-dla-kazdego-arduino\" target=\"_blank\" rel=\"noopener noreferrer\">Wi\u0119cej<\/a>.<\/p>\n<h4>10:00-11:00 WAHAD\u0141O FOUCAULTA<\/h4>\n<p><img loading=\"lazy\" decoding=\"async\" class=\"size-medium wp-image-2336 alignleft\" src=\"http:\/\/physics.uwb.edu.pl\/wf\/wp-content\/uploads\/2016\/04\/popularyzacja-1-300x199-300x199.jpg\" alt=\"popularyzacja-1-300x199\" width=\"300\" height=\"199\" srcset=\"https:\/\/physics.uwb.edu.pl\/wf\/wp-content\/uploads\/2016\/04\/popularyzacja-1-300x199.jpg 300w, https:\/\/physics.uwb.edu.pl\/wf\/wp-content\/uploads\/2016\/04\/popularyzacja-1-300x199-150x100.jpg 150w\" sizes=\"auto, (max-width: 300px) 100vw, 300px\" \/>Zaprezentowane zostanie dzia\u0142anie wahad\u0142a Foucaulta. Podczas pokazu przekonamy si\u0119, w kt\u00f3r\u0105 stron\u0119 i jak szybko obraca si\u0119 Ziemia wok\u00f3\u0142 w\u0142asnej osi. <a href=\"http:\/\/festiwal.uwb.edu.pl\/imprezy-festiwalowe\/wahadlo-foucaulta\" target=\"_blank\" rel=\"noopener noreferrer\">Wi\u0119cej<\/a>.<\/p>\n<h4>10:45-14:45 CAMERA OBSCURA<\/h4>\n<p><img loading=\"lazy\" decoding=\"async\" class=\"size-medium wp-image-2438 alignleft\" src=\"http:\/\/physics.uwb.edu.pl\/wf\/wp-content\/uploads\/2016\/04\/camera-300x228.jpg\" alt=\"camera\" width=\"300\" height=\"228\" srcset=\"https:\/\/physics.uwb.edu.pl\/wf\/wp-content\/uploads\/2016\/04\/camera-300x228.jpg 300w, https:\/\/physics.uwb.edu.pl\/wf\/wp-content\/uploads\/2016\/04\/camera-150x114.jpg 150w, https:\/\/physics.uwb.edu.pl\/wf\/wp-content\/uploads\/2016\/04\/camera-1024x777.jpg 1024w, https:\/\/physics.uwb.edu.pl\/wf\/wp-content\/uploads\/2016\/04\/camera-659x500.jpg 659w, https:\/\/physics.uwb.edu.pl\/wf\/wp-content\/uploads\/2016\/04\/camera.jpg 1459w\" sizes=\"auto, (max-width: 300px) 100vw, 300px\" \/>Poka\u017cemy konstrukcj\u0119 najprostszego aparatu fotograficznego &#8211; wystarczy do tego tylko ciemna komnata (\u0142ac. camera obscura) z otworkiem, przez kt\u00f3ry wpadnie do \u015brodka troch\u0119 \u015bwiat\u0142a. <a href=\"http:\/\/festiwal.uwb.edu.pl\/imprezy-festiwalowe\/camera-obscura\" target=\"_blank\" rel=\"noopener noreferrer\">Wi\u0119cej<\/a>.<\/p>\n<h4>10:45-11:30 PROMIENIOWANIE ATOMOWE I J\u0104DROWE<\/h4>\n<p><img loading=\"lazy\" decoding=\"async\" class=\"wp-image-2372 size-medium alignleft\" src=\"http:\/\/physics.uwb.edu.pl\/wf\/wp-content\/uploads\/2016\/04\/DSCF7847s-300x197.jpg\" alt=\"\" width=\"300\" height=\"197\" srcset=\"https:\/\/physics.uwb.edu.pl\/wf\/wp-content\/uploads\/2016\/04\/DSCF7847s-300x197.jpg 300w, https:\/\/physics.uwb.edu.pl\/wf\/wp-content\/uploads\/2016\/04\/DSCF7847s-150x98.jpg 150w, https:\/\/physics.uwb.edu.pl\/wf\/wp-content\/uploads\/2016\/04\/DSCF7847s-1024x671.jpg 1024w, https:\/\/physics.uwb.edu.pl\/wf\/wp-content\/uploads\/2016\/04\/DSCF7847s-763x500.jpg 763w, https:\/\/physics.uwb.edu.pl\/wf\/wp-content\/uploads\/2016\/04\/DSCF7847s.jpg 1455w\" sizes=\"auto, (max-width: 300px) 100vw, 300px\" \/>Podczas prezentacji om\u00f3wiona zostanie kwantowa budowa atomu i j\u0105dra atomowego pod k\u0105tem promieniowania jakie emituj\u0105. Zademonstrowane b\u0119d\u0105 widma promieniowania optycznego wybranych pierwiastk\u00f3w, widmo promieniowania z lampy rentgenowskiej oraz widma promieniowania gamma emitowanego przez wybrane izotopy promieniotw\u00f3rcze. <a href=\"http:\/\/festiwal.uwb.edu.pl\/imprezy-festiwalowe\/promieniowanie-atomowe-i-jadrowe\" target=\"_blank\" rel=\"noopener noreferrer\">Wi\u0119cej<\/a>.<\/p>\n<h4>11:00-12:00 FALE GRAWITACYJNE: POCZ\u0104TEK NOWEJ ERY W ASTRONOMII<\/h4>\n<p><img loading=\"lazy\" decoding=\"async\" class=\"wp-image-2360 size-full alignleft\" src=\"http:\/\/physics.uwb.edu.pl\/wf\/wp-content\/uploads\/2016\/04\/BBH.jpg\" alt=\"\" width=\"220\" height=\"220\" srcset=\"https:\/\/physics.uwb.edu.pl\/wf\/wp-content\/uploads\/2016\/04\/BBH.jpg 220w, https:\/\/physics.uwb.edu.pl\/wf\/wp-content\/uploads\/2016\/04\/BBH-150x150.jpg 150w\" sizes=\"auto, (max-width: 220px) 100vw, 220px\" \/>Wieloletnie pr\u00f3by bezpo\u015bredniej detekcji fal grawitacyjnych zako\u0144czy\u0142y si\u0119 spektakularnym sukcesem. W dniu 11 lutego br. og\u0142oszone zosta\u0142y wyniki analizy obserwacji dokonanych przez ameryka\u0144skie detektory LIGO. Detektory te wykry\u0142y fale grawitacyjne wytworzone w procesie zlewania si\u0119 dw\u00f3ch czarnych dziur. W ten spos\u00f3b po raz pierwszy wykryto w spos\u00f3b bezpo\u015bredni fale grawitacyjne oraz r\u00f3wnie\u017c po raz pierwszy bezpo\u015brednio potwierdzono istnienie czarnych dziur i uk\u0142ad\u00f3w podw\u00f3jnych z\u0142o\u017conych z czarnych dziur. Odkrycie to oznacza narodziny nowej dziedziny astronomii obserwacyjnej \u2013 astronomii fal grawitacyjnych. Badania by\u0142y prowadzone w mi\u0119dzynarodowym zespole, w kt\u00f3rego pracach uczestniczy\u0142 wyk\u0142adowca. Na spotkaniu podanych zostanie wi\u0119cej informacji o falach grawitacyjnych, detektorach je wykrywaj\u0105cych i samym odkryciu. <a href=\"http:\/\/festiwal.uwb.edu.pl\/imprezy-festiwalowe\/fale-grawitacyjne-poczatek-nowej-ery-w-astronomii\" target=\"_blank\" rel=\"noopener noreferrer\">Wi\u0119cej<\/a>.<\/p>\n<h4>12:00-14:00 ROBOTYKA I \u015aWIAT DRUKU 3D<\/h4>\n<p><img loading=\"lazy\" decoding=\"async\" class=\"wp-image-2344 size-medium alignleft\" src=\"http:\/\/physics.uwb.edu.pl\/wf\/wp-content\/uploads\/2016\/04\/podest-300x234.png\" alt=\"\" width=\"300\" height=\"234\" srcset=\"https:\/\/physics.uwb.edu.pl\/wf\/wp-content\/uploads\/2016\/04\/podest-300x234.png 300w, https:\/\/physics.uwb.edu.pl\/wf\/wp-content\/uploads\/2016\/04\/podest-150x117.png 150w, https:\/\/physics.uwb.edu.pl\/wf\/wp-content\/uploads\/2016\/04\/podest-1024x800.png 1024w, https:\/\/physics.uwb.edu.pl\/wf\/wp-content\/uploads\/2016\/04\/podest-640x500.png 640w, https:\/\/physics.uwb.edu.pl\/wf\/wp-content\/uploads\/2016\/04\/podest.png 1920w\" sizes=\"auto, (max-width: 300px) 100vw, 300px\" \/> Ostatnie dziesi\u0119ciolecie to okres narodzin dw\u00f3ch wielkich projekt\u00f3w RepRap i Arduino. Pierwszy z nich doprowadzi\u0142 do upowszechnienia wytwarzania oryginalnych obiekt\u00f3w tr\u00f3jwymiarowych, za\u015b drugi znacz\u0105co upro\u015bci\u0142 implementacj\u0119 mikrokontroler\u00f3w, oferuj\u0105c sprz\u0119t oparty na koncepcji otwartej architektury. Przedmiotem wyst\u0105pienia b\u0119dzie prezentacja, stworzonych przy pomocy wspomnianych technologii, robot\u00f3w C.W.Tekla. <a href=\"http:\/\/festiwal.uwb.edu.pl\/imprezy-festiwalowe\/robotyka-i-swiat-druku-3d\" target=\"_blank\" rel=\"noopener noreferrer\">Wi\u0119cej<\/a>.<\/p>\n<h4>12:00-13:30 WA\u017bYMY ZIEMI\u0118<\/h4>\n<p>Podczas wyk\u0142adu zostanie om\u00f3wione i zaprezentowane do\u015bwiadczenie H. Cavendisha. Eksperyment umo\u017cliwia wyznaczenie masy Ziemi lub pomiar sta\u0142ej grawitacyjnej w warunkach laboratoryjnych. Po prezentacji mo\u017cna b\u0119dzie zapozna\u0107 si\u0119 z uk\u0142adem pomiarowym. <a href=\"http:\/\/festiwal.uwb.edu.pl\/imprezy-festiwalowe\/wazymy-ziemie\" target=\"_blank\" rel=\"noopener noreferrer\">Wi\u0119cej<\/a>.<\/p>\n<h4>14:00-14:45 DOTARCIE DO ISTOTY PRACY Z OTARCIEM SI\u0118 O TARCIE<\/h4>\n<p>Dlaczego na pytanie: &#8220;jaka praca zosta\u0142a wykonana przy podniesieniu jednego kilograma o jeden metr&#8221; nie ma jednoznacznej odpowiedzi? Co ma wsp\u00f3lnego praca omawiana na szkolnych zaj\u0119\u0107 fizyki z matematyk\u0105 wy\u017csz\u0105? Czy samoch\u00f3d wykonuje wi\u0119ksz\u0105 prac\u0119 podczas jazdy, czy w trakcie po\u015blizgu? <a href=\"http:\/\/festiwal.uwb.edu.pl\/imprezy-festiwalowe\/dotarcie-do-istoty-pracy-z-otarciem-sie-o-tarcie\" target=\"_blank\" rel=\"noopener noreferrer\">Wi\u0119cej<\/a>.<\/p>\n<h4>14:00-15:00 POKAZY Z MECHANIKI<\/h4>\n<p>Demonstracje z kinematyki i dynamiki. Opr\u00f3cz tego przeprowadzone zostan\u0105 ciekawe do\u015bwiadczenia z ruchu drgaj\u0105cego i zjawisk falowych. <a href=\"http:\/\/festiwal.uwb.edu.pl\/imprezy-festiwalowe\/pokazy-z-mechaniki\" target=\"_blank\" rel=\"noopener noreferrer\">Wi\u0119cej<\/a>.<\/p>\n<h4>15:30-16:15 RURA RUBENSA &#8211; WIZUALIZACJA FAL DZWI\u0118KOWYCH<\/h4>\n<p><img loading=\"lazy\" decoding=\"async\" class=\"size-medium wp-image-2369 alignleft\" src=\"http:\/\/physics.uwb.edu.pl\/wf\/wp-content\/uploads\/2016\/04\/DSC02903-300x169.jpg\" alt=\"DSC02903\" width=\"300\" height=\"169\" srcset=\"https:\/\/physics.uwb.edu.pl\/wf\/wp-content\/uploads\/2016\/04\/DSC02903-300x169.jpg 300w, https:\/\/physics.uwb.edu.pl\/wf\/wp-content\/uploads\/2016\/04\/DSC02903-150x84.jpg 150w, https:\/\/physics.uwb.edu.pl\/wf\/wp-content\/uploads\/2016\/04\/DSC02903-1024x576.jpg 1024w, https:\/\/physics.uwb.edu.pl\/wf\/wp-content\/uploads\/2016\/04\/DSC02903-889x500.jpg 889w\" sizes=\"auto, (max-width: 300px) 100vw, 300px\" \/>Rura Rubensa jest rur\u0105 z szeregiem ma\u0142ych otwork\u00f3w wywierconych w g\u00f3rnej cz\u0119\u015bci. Rur\u0119 nape\u0142nia si\u0119 gazem i zapala gaz wydostaj\u0105cy si\u0119 przez ma\u0142e otworki. Za pomoc\u0105 g\u0142o\u015bnika wytwarza si\u0119 w rurze stoj\u0105c\u0105 fal\u0105 d\u017awi\u0119kow\u0105, kt\u00f3ra uwidacznia si\u0119 zmienn\u0105 wysoko\u015bci\u0105 p\u0142omyk\u00f3w. W ten spos\u00f3b widzimy jak\u0105 d\u0142ugo\u015b\u0107 posiadaj\u0105 fale d\u017awi\u0119kowe przy okre\u015blonej cz\u0119sto\u015bci d\u017awi\u0119ku. <a href=\"http:\/\/festiwal.uwb.edu.pl\/imprezy-festiwalowe\/rura-rubensa-wizualizacja-fal-dzwiekowych\" target=\"_blank\" rel=\"noopener noreferrer\">Wi\u0119cej<\/a>.<\/p>\n<h4>17:00-18:00 JAK ASTRONOMOWIE URATOWALI ASTRONAUT\u00d3W, CZYLI S\u0141\u00d3W KILKA O OPTYCE&nbsp;AKTYWNEJ<\/h4>\n<p><img loading=\"lazy\" decoding=\"async\" class=\"size-medium wp-image-2355 alignleft\" src=\"http:\/\/physics.uwb.edu.pl\/wf\/wp-content\/uploads\/2016\/04\/1280px-Space_Shuttle_Columbia_launching-300x253.jpg\" alt=\"1280px-Space_Shuttle_Columbia_launching\" width=\"300\" height=\"253\" srcset=\"https:\/\/physics.uwb.edu.pl\/wf\/wp-content\/uploads\/2016\/04\/1280px-Space_Shuttle_Columbia_launching-300x253.jpg 300w, https:\/\/physics.uwb.edu.pl\/wf\/wp-content\/uploads\/2016\/04\/1280px-Space_Shuttle_Columbia_launching-150x126.jpg 150w, https:\/\/physics.uwb.edu.pl\/wf\/wp-content\/uploads\/2016\/04\/1280px-Space_Shuttle_Columbia_launching-1024x863.jpg 1024w, https:\/\/physics.uwb.edu.pl\/wf\/wp-content\/uploads\/2016\/04\/1280px-Space_Shuttle_Columbia_launching-593x500.jpg 593w, https:\/\/physics.uwb.edu.pl\/wf\/wp-content\/uploads\/2016\/04\/1280px-Space_Shuttle_Columbia_launching.jpg 1280w\" sizes=\"auto, (max-width: 300px) 100vw, 300px\" \/>W latach 80tych XX w. astronauci na wahad\u0142owcu podczas pewnej misji kosmicznej nie dostali zielonego \u015bwiat\u0142a na powr\u00f3t na Ziemi\u0119. Z pomoc\u0105 przysz\u0142a nieznana technika wymy\u015blona przez astronom\u00f3w. Na wyk\u0142adzie opowiem o katastrofach wahad\u0142owc\u00f3w kosmicznych i optyce aktywnej. <a href=\"http:\/\/festiwal.uwb.edu.pl\/imprezy-festiwalowe\/jak-astronomowie-uratowali-astronautow-czyli-slow-kilka-o-optyce-aktywnej\" target=\"_blank\" rel=\"noopener noreferrer\">Wi\u0119cej<\/a>.<\/p>\n<h4>19:00-19:45 LASEROWE EFEKTY<\/h4>\n<p><img loading=\"lazy\" decoding=\"async\" class=\"size-medium wp-image-2429 alignleft\" src=\"http:\/\/physics.uwb.edu.pl\/wf\/wp-content\/uploads\/2016\/04\/laser-300x199.jpg\" alt=\"laser\" width=\"300\" height=\"199\" srcset=\"https:\/\/physics.uwb.edu.pl\/wf\/wp-content\/uploads\/2016\/04\/laser-300x199.jpg 300w, https:\/\/physics.uwb.edu.pl\/wf\/wp-content\/uploads\/2016\/04\/laser-150x100.jpg 150w, https:\/\/physics.uwb.edu.pl\/wf\/wp-content\/uploads\/2016\/04\/laser-600x400.jpg 600w, https:\/\/physics.uwb.edu.pl\/wf\/wp-content\/uploads\/2016\/04\/laser-753x500.jpg 753w, https:\/\/physics.uwb.edu.pl\/wf\/wp-content\/uploads\/2016\/04\/laser.jpg 1000w\" sizes=\"auto, (max-width: 300px) 100vw, 300px\" \/>W\u015br\u00f3d kolor\u00f3w i b\u0142ysk\u00f3w zaprezentujemy par\u0119 interesuj\u0105cych zjawisk fizycznych z dziedziny optyki i magnetyzmu. <a href=\"http:\/\/festiwal.uwb.edu.pl\/imprezy-festiwalowe\/laserowe-efekty\" target=\"_blank\" rel=\"noopener noreferrer\">Wi\u0119cej<\/a>.<\/p>\n<h4>22:00-23:30 BLI\u017bEJ NIEBA<\/h4>\n<p><img loading=\"lazy\" decoding=\"async\" class=\"size-medium wp-image-2342 alignleft\" src=\"http:\/\/physics.uwb.edu.pl\/wf\/wp-content\/uploads\/2016\/04\/9-300x199.jpg\" alt=\"9\" width=\"300\" height=\"199\" srcset=\"https:\/\/physics.uwb.edu.pl\/wf\/wp-content\/uploads\/2016\/04\/9-300x199.jpg 300w, https:\/\/physics.uwb.edu.pl\/wf\/wp-content\/uploads\/2016\/04\/9-150x100.jpg 150w, https:\/\/physics.uwb.edu.pl\/wf\/wp-content\/uploads\/2016\/04\/9-1024x680.jpg 1024w, https:\/\/physics.uwb.edu.pl\/wf\/wp-content\/uploads\/2016\/04\/9-600x400.jpg 600w, https:\/\/physics.uwb.edu.pl\/wf\/wp-content\/uploads\/2016\/04\/9-753x500.jpg 753w, https:\/\/physics.uwb.edu.pl\/wf\/wp-content\/uploads\/2016\/04\/9.jpg 1800w\" sizes=\"auto, (max-width: 300px) 100vw, 300px\" \/>Je\u015bli pozwoli na to pogoda czas spotkania b\u0119dzie po\u015bwi\u0119cony teleskopowym obserwacjom Ksi\u0119\u017cyca oraz Jowisza i Marsa. Przed p\u00f3\u0142noc\u0105 spod horyzontu wy\u0142oni si\u0119 wprawdzie Saturn, lecz b\u0119dzie on s\u0142abo widoczny ze wzgl\u0119du na niewielk\u0105 wysoko\u015b\u0107. Obserwacje poprzedzone b\u0119d\u0105 kr\u00f3tkim om\u00f3wieniem. <a href=\"http:\/\/festiwal.uwb.edu.pl\/imprezy-festiwalowe\/blizej-nieba\" target=\"_blank\" rel=\"noopener noreferrer\">Wi\u0119cej<\/a>.<\/p>\n","protected":false},"excerpt":{"rendered":"<p>Wydzia\u0142 Fizyki UwB: 18-05-2016 (Kampus) Dzi\u0119kujemy wszystkim za tak liczn\u0105 obecno\u015b\u0107 na naszych imprezach festiwalowych! Fotorelacja z dnia 18-maja-2016 znajduj\u0119 si\u0119 tutaj. &nbsp; Serdecznie zapraszamy Pa\u0144stwa na imprezy przygotowane przez <a href=\"https:\/\/physics.uwb.edu.pl\/wf\/?page_id=5208\" class=\"more-link\">[&hellip;]<\/a><\/p>\n","protected":false},"author":5,"featured_media":2310,"parent":305,"menu_order":6,"comment_status":"closed","ping_status":"closed","template":"","meta":{"ngg_post_thumbnail":0,"Layout":"","footnotes":""},"categories":[35],"tags":[],"class_list":["entry","author-gawryl","post-5208","page","type-page","status-publish","has-post-thumbnail","category-popularyzacja_pl"],"jetpack_sharing_enabled":true,"jetpack_shortlink":"https:\/\/wp.me\/P7nvcn-1m0","_links":{"self":[{"href":"https:\/\/physics.uwb.edu.pl\/wf\/index.php?rest_route=\/wp\/v2\/pages\/5208","targetHints":{"allow":["GET"]}}],"collection":[{"href":"https:\/\/physics.uwb.edu.pl\/wf\/index.php?rest_route=\/wp\/v2\/pages"}],"about":[{"href":"https:\/\/physics.uwb.edu.pl\/wf\/index.php?rest_route=\/wp\/v2\/types\/page"}],"author":[{"embeddable":true,"href":"https:\/\/physics.uwb.edu.pl\/wf\/index.php?rest_route=\/wp\/v2\/users\/5"}],"replies":[{"embeddable":true,"href":"https:\/\/physics.uwb.edu.pl\/wf\/index.php?rest_route=%2Fwp%2Fv2%2Fcomments&post=5208"}],"version-history":[{"count":1,"href":"https:\/\/physics.uwb.edu.pl\/wf\/index.php?rest_route=\/wp\/v2\/pages\/5208\/revisions"}],"predecessor-version":[{"id":5209,"href":"https:\/\/physics.uwb.edu.pl\/wf\/index.php?rest_route=\/wp\/v2\/pages\/5208\/revisions\/5209"}],"up":[{"embeddable":true,"href":"https:\/\/physics.uwb.edu.pl\/wf\/index.php?rest_route=\/wp\/v2\/pages\/305"}],"wp:featuredmedia":[{"embeddable":true,"href":"https:\/\/physics.uwb.edu.pl\/wf\/index.php?rest_route=\/wp\/v2\/media\/2310"}],"wp:attachment":[{"href":"https:\/\/physics.uwb.edu.pl\/wf\/index.php?rest_route=%2Fwp%2Fv2%2Fmedia&parent=5208"}],"wp:term":[{"taxonomy":"category","embeddable":true,"href":"https:\/\/physics.uwb.edu.pl\/wf\/index.php?rest_route=%2Fwp%2Fv2%2Fcategories&post=5208"},{"taxonomy":"post_tag","embeddable":true,"href":"https:\/\/physics.uwb.edu.pl\/wf\/index.php?rest_route=%2Fwp%2Fv2%2Ftags&post=5208"}],"curies":[{"name":"wp","href":"https:\/\/api.w.org\/{rel}","templated":true}]}}