{"id":789,"date":"2016-03-16T15:39:18","date_gmt":"2016-03-16T14:39:18","guid":{"rendered":"http:\/\/physics.uwb.edu.pl\/wf\/?page_id=789"},"modified":"2021-02-15T13:58:57","modified_gmt":"2021-02-15T12:58:57","slug":"wyklady-ptf","status":"publish","type":"page","link":"https:\/\/physics.uwb.edu.pl\/wf\/?page_id=789","title":{"rendered":"Wyk\u0142ady PTF"},"content":{"rendered":"<h2>Wyk\u0142ady PTF o\/Bia\u0142ystok &#8211; zapowiedzi<\/h2>\n\n<!-- Page-list plugin v.5.9 wordpress.org\/plugins\/page-list\/ -->\n<div class=\"page-list page-list-ext \">\n<div class=\"page-list-ext-item\"><div class=\"page-list-ext-image\"><a href=\"https:\/\/physics.uwb.edu.pl\/wf\/?page_id=13259\" title=\"Wyk\u0142ady PTF: Podstawowe sta\u0142e fizyki a kszta\u0142t Wszech\u015bwiata\"><img decoding=\"async\" src=\"https:\/\/physics.uwb.edu.pl\/wf\/wp-content\/uploads\/2016\/03\/wyklad-ptf-v0-150x44.png\" width=\"150\" alt=\"Wyk\u0142ady PTF: Podstawowe sta\u0142e fizyki a kszta\u0142t Wszech\u015bwiata\" \/><\/a><\/div> <h3 class=\"page-list-ext-title\"><a href=\"https:\/\/physics.uwb.edu.pl\/wf\/?page_id=13259\" title=\"Wyk\u0142ady PTF: Podstawowe sta\u0142e fizyki a kszta\u0142t Wszech\u015bwiata\">Wyk\u0142ady PTF: Podstawowe sta\u0142e fizyki a kszta\u0142t Wszech\u015bwiata<\/a><\/h3><div class=\"page-list-ext-item-content\">Wyk\u0142ady PTF o\/Bia\u0142ystok - zapowiedzi  \r\nW sobot\u0119 12 lutego 2022 roku o godz. 11.00 \r\nw sali 2011 Wydzia\u0142u Fizyki przy ul. Konstantego Cio\u0142kowskiego 1L \r\nprof. dr hab. Mariusz P. D\u0105browski \r\n  \r\nze Szczeci\u0144skiej Grupy Kosmologicznej (cosmo.usz.edu.pl) oraz\r\n...<\/div><\/div>\n<div class=\"page-list-ext-item\"><div class=\"page-list-ext-image\"><a href=\"https:\/\/physics.uwb.edu.pl\/wf\/?page_id=13055\" title=\"Wyk\u0142ady PTF: Kwantowa zasada wzgl\u0119dno\u015bci\"><img decoding=\"async\" src=\"https:\/\/physics.uwb.edu.pl\/wf\/wp-content\/uploads\/2016\/03\/wyklad-ptf-v0-150x44.png\" width=\"150\" alt=\"Wyk\u0142ady PTF: Kwantowa zasada wzgl\u0119dno\u015bci\" \/><\/a><\/div> <h3 class=\"page-list-ext-title\"><a href=\"https:\/\/physics.uwb.edu.pl\/wf\/?page_id=13055\" title=\"Wyk\u0142ady PTF: Kwantowa zasada wzgl\u0119dno\u015bci\">Wyk\u0142ady PTF: Kwantowa zasada wzgl\u0119dno\u015bci<\/a><\/h3><div class=\"page-list-ext-item-content\">Wyk\u0142ady PTF o\/Bia\u0142ystok - zapowiedzi  \r\nW sobot\u0119 27 listopada 2021 roku o godz. 11.00 \r\nw sali 2011 Wydzia\u0142u Fizyki przy ul. Konstantego Cio\u0142kowskiego 1L \r\nDr hab. Andrzej Dragan \r\n  \r\nz Wydzia\u0142u Fizyki Uniwersytetu Warszawskiego\r\n  \r\nwyg\u0142osi wyk\u0142ad pt. \r\nK...<\/div><\/div>\n<div class=\"page-list-ext-item\"><div class=\"page-list-ext-image\"><a href=\"https:\/\/physics.uwb.edu.pl\/wf\/?page_id=12899\" title=\"Wyk\u0142ady PTF: Fascynuj\u0105ca fizyka mechanizm\u00f3w zegarowych\"><img decoding=\"async\" src=\"https:\/\/physics.uwb.edu.pl\/wf\/wp-content\/uploads\/2016\/03\/wyklad-ptf-v0-150x44.png\" width=\"150\" alt=\"Wyk\u0142ady PTF: Fascynuj\u0105ca fizyka mechanizm\u00f3w zegarowych\" \/><\/a><\/div> <h3 class=\"page-list-ext-title\"><a href=\"https:\/\/physics.uwb.edu.pl\/wf\/?page_id=12899\" title=\"Wyk\u0142ady PTF: Fascynuj\u0105ca fizyka mechanizm\u00f3w zegarowych\">Wyk\u0142ady PTF: Fascynuj\u0105ca fizyka mechanizm\u00f3w zegarowych<\/a><\/h3><div class=\"page-list-ext-item-content\">Wyk\u0142ady PTF o\/Bia\u0142ystok - zapowiedzi  \r\nW sobot\u0119 23 pa\u017adziernika 2021 roku o godz. 11.00 \r\nw sali 2011 Wydzia\u0142u Fizyki przy ul. Konstantego Cio\u0142kowskiego 1L \r\nDr David Ziemkiewicz \r\n  \r\nz Politechniki Bydgoskiej im Jana i J\u0119drzeja \u015aniadeckich  \r\nwyg\u0142...<\/div><\/div>\n<div class=\"page-list-ext-item\"><div class=\"page-list-ext-image\"><a href=\"https:\/\/physics.uwb.edu.pl\/wf\/?page_id=10657\" title=\"Wyk\u0142ady PTF: Toroidalne obiekty wok\u00f3\u0142 czarnych dziur\"><img decoding=\"async\" src=\"https:\/\/physics.uwb.edu.pl\/wf\/wp-content\/uploads\/2016\/03\/wyklad-ptf-v0-150x44.png\" width=\"150\" alt=\"Wyk\u0142ady PTF: Toroidalne obiekty wok\u00f3\u0142 czarnych dziur\" \/><\/a><\/div> <h3 class=\"page-list-ext-title\"><a href=\"https:\/\/physics.uwb.edu.pl\/wf\/?page_id=10657\" title=\"Wyk\u0142ady PTF: Toroidalne obiekty wok\u00f3\u0142 czarnych dziur\">Wyk\u0142ady PTF: Toroidalne obiekty wok\u00f3\u0142 czarnych dziur<\/a><\/h3><div class=\"page-list-ext-item-content\">Wyk\u0142ady PTF o\/Bia\u0142ystok - zapowiedzi  \r\nW sobot\u0119 7 marca 2020 roku o godz. 11.00 \r\nw sali 2011 Wydzia\u0142u Fizyki przy ul. Konstantego Cio\u0142kowskiego 1L \r\nDr hab. Andrzej Odrzywo\u0142ek  \r\nz Instytutu Fizyki Teoretycznej UJ w Krakowie  \r\nwyg\u0142osi wyk\u0142ad pt. \r\nT...<\/div><\/div>\n<div class=\"page-list-ext-item\"><div class=\"page-list-ext-image\"><a href=\"https:\/\/physics.uwb.edu.pl\/wf\/?page_id=10511\" title=\"Wyk\u0142ady PTF: Fizyka w Gwiezdnych Wojnach\"><img decoding=\"async\" src=\"https:\/\/physics.uwb.edu.pl\/wf\/wp-content\/uploads\/2016\/03\/wyklad-ptf-v0-150x44.png\" width=\"150\" alt=\"Wyk\u0142ady PTF: Fizyka w Gwiezdnych Wojnach\" \/><\/a><\/div> <h3 class=\"page-list-ext-title\"><a href=\"https:\/\/physics.uwb.edu.pl\/wf\/?page_id=10511\" title=\"Wyk\u0142ady PTF: Fizyka w Gwiezdnych Wojnach\">Wyk\u0142ady PTF: Fizyka w Gwiezdnych Wojnach<\/a><\/h3><div class=\"page-list-ext-item-content\">Wyk\u0142ady PTF o\/Bia\u0142ystok - zapowiedzi  \r\nW sobot\u0119 11 stycznia 2020 roku o godz. 11.00\r\nw sali 2011 Wydzia\u0142u Fizyki przy ul. Konstantego Cio\u0142kowskiego 1L\r\nDr Witold Zawadzki \r\nz Instytutu Fizyki Uniwersytetu Jagiello\u0144skiego\r\nwyg\u0142osi wyk\u0142ad pt.\r\nFizyka w Gwiez...<\/div><\/div>\n<div class=\"page-list-ext-item\"><div class=\"page-list-ext-image\"><a href=\"https:\/\/physics.uwb.edu.pl\/wf\/?page_id=10264\" title=\"Wyk\u0142ady PTF: Czy zdo\u0142amy zahamowa\u0107 globalne ocieplenie?\"><img decoding=\"async\" src=\"https:\/\/physics.uwb.edu.pl\/wf\/wp-content\/uploads\/2016\/03\/wyklad-ptf-v0-150x44.png\" width=\"150\" alt=\"Wyk\u0142ady PTF: Czy zdo\u0142amy zahamowa\u0107 globalne ocieplenie?\" \/><\/a><\/div> <h3 class=\"page-list-ext-title\"><a href=\"https:\/\/physics.uwb.edu.pl\/wf\/?page_id=10264\" title=\"Wyk\u0142ady PTF: Czy zdo\u0142amy zahamowa\u0107 globalne ocieplenie?\">Wyk\u0142ady PTF: Czy zdo\u0142amy zahamowa\u0107 globalne ocieplenie?<\/a><\/h3><div class=\"page-list-ext-item-content\">Wyk\u0142ady PTF o\/Bia\u0142ystok - zapowiedzi  \r\nW sobot\u0119 26 pa\u017adziernika 2019 roku o godz. 11.00\r\nw sali 2011 Wydzia\u0142u Fizyki przy ul. Konstantego Cio\u0142kowskiego 1L\r\nProf. dr hab. in\u017c. Kazimierz R\u00f3\u017ca\u0144ski \r\nz Wydzia\u0142u Fizyki i Informatyki Stosowanej Akademii G...<\/div><\/div>\n<div class=\"page-list-ext-item\"><div class=\"page-list-ext-image\"><a href=\"https:\/\/physics.uwb.edu.pl\/wf\/?page_id=10146\" title=\"Wyk\u0142ady PTF: Fizyka j\u0105drowa w s\u0142u\u017cbie zdrowiu ludzko\u015bci czyli  medycyna XXI wieku...\"><img decoding=\"async\" src=\"https:\/\/physics.uwb.edu.pl\/wf\/wp-content\/uploads\/2016\/03\/wyklad-ptf-v0-150x44.png\" width=\"150\" alt=\"Wyk\u0142ady PTF: Fizyka j\u0105drowa w s\u0142u\u017cbie zdrowiu ludzko\u015bci czyli  medycyna XXI wieku...\" \/><\/a><\/div> <h3 class=\"page-list-ext-title\"><a href=\"https:\/\/physics.uwb.edu.pl\/wf\/?page_id=10146\" title=\"Wyk\u0142ady PTF: Fizyka j\u0105drowa w s\u0142u\u017cbie zdrowiu ludzko\u015bci czyli  medycyna XXI wieku...\">Wyk\u0142ady PTF: Fizyka j\u0105drowa w s\u0142u\u017cbie zdrowiu ludzko\u015bci czyli  medycyna XXI wieku...<\/a><\/h3><div class=\"page-list-ext-item-content\">Wyk\u0142ady PTF o\/Bia\u0142ystok - zapowiedzi  \r\nW sobot\u0119 5 pa\u017adziernika 2019 roku o godz. 11.00 \r\nw sali 2011 Wydzia\u0142u Fizyki przy ul. Konstantego Cio\u0142kowskiego 1L \r\nprof. dr hab. Janusz My\u015bliwiec  \r\nz Zak\u0142adu Medycyny Nuklearnej   \r\nUniwersyteckiego Szpital...<\/div><\/div>\n<div class=\"page-list-ext-item\"><div class=\"page-list-ext-image\"><a href=\"https:\/\/physics.uwb.edu.pl\/wf\/?page_id=9810\" title=\"Wyk\u0142ady PTF: Dziwno\u015b\u0107 - dziwna w\u0142asno\u015b\u0107 cz\u0105stek  elementarnych\"><img decoding=\"async\" src=\"https:\/\/physics.uwb.edu.pl\/wf\/wp-content\/uploads\/2016\/03\/wyklad-ptf-v0-150x44.png\" width=\"150\" alt=\"Wyk\u0142ady PTF: Dziwno\u015b\u0107 - dziwna w\u0142asno\u015b\u0107 cz\u0105stek  elementarnych\" \/><\/a><\/div> <h3 class=\"page-list-ext-title\"><a href=\"https:\/\/physics.uwb.edu.pl\/wf\/?page_id=9810\" title=\"Wyk\u0142ady PTF: Dziwno\u015b\u0107 - dziwna w\u0142asno\u015b\u0107 cz\u0105stek  elementarnych\">Wyk\u0142ady PTF: Dziwno\u015b\u0107 - dziwna w\u0142asno\u015b\u0107 cz\u0105stek  elementarnych<\/a><\/h3><div class=\"page-list-ext-item-content\">Wyk\u0142ady PTF o\/Bia\u0142ystok - zapowiedzi  \r\nW sobot\u0119 1 czerwca 2019 roku o godz. 11.00\r\nw sali 2011 Wydzia\u0142u Fizyki przy ul. Konstantego Cio\u0142kowskiego 1L\r\ndr Eryk Czerwi\u0144ski \r\nz Instytutu Fizyki Uniwersytetu Jagiello\u0144skiego\r\nwyg\u0142osi wyk\u0142ad pt.\r\nDziwno\u015b\u0107 - dziwna w...<\/div><\/div>\n<div class=\"page-list-ext-item\"><div class=\"page-list-ext-image\"><a href=\"https:\/\/physics.uwb.edu.pl\/wf\/?page_id=9616\" title=\"Wyk\u0142ady PTF: Kszta\u0142t Wszech\u015bwiata\"><img decoding=\"async\" src=\"https:\/\/physics.uwb.edu.pl\/wf\/wp-content\/uploads\/2016\/03\/wyklad-ptf-v0-150x44.png\" width=\"150\" alt=\"Wyk\u0142ady PTF: Kszta\u0142t Wszech\u015bwiata\" \/><\/a><\/div> <h3 class=\"page-list-ext-title\"><a href=\"https:\/\/physics.uwb.edu.pl\/wf\/?page_id=9616\" title=\"Wyk\u0142ady PTF: Kszta\u0142t Wszech\u015bwiata\">Wyk\u0142ady PTF: Kszta\u0142t Wszech\u015bwiata<\/a><\/h3><div class=\"page-list-ext-item-content\">Wyk\u0142ady PTF o\/Bia\u0142ystok - zapowiedzi  \r\nW sobot\u0119 13 kwietnia 2019 roku o godz. 11.00\r\nw sali 2011 Wydzia\u0142u Fizyki przy ul. Konstantego Cio\u0142kowskiego 1L\r\nDr Stanis\u0142aw Bajtlik \r\nz Centrum Astronomicznego im. Miko\u0142aja Kopernika, PAN, Warszawa \r\nwyg\u0142osi wyk\u0142ad ...<\/div><\/div>\n<div class=\"page-list-ext-item\"><div class=\"page-list-ext-image\"><a href=\"https:\/\/physics.uwb.edu.pl\/wf\/?page_id=8808\" title=\"Wyk\u0142ady PTF: NanoLego - niezwyk\u0142e w\u0142a\u015bciwo\u015bci struktur z pojedynczych warstw atomowych\"><img decoding=\"async\" src=\"https:\/\/physics.uwb.edu.pl\/wf\/wp-content\/uploads\/2016\/03\/wyklad-ptf-v0-150x44.png\" width=\"150\" alt=\"Wyk\u0142ady PTF: NanoLego - niezwyk\u0142e w\u0142a\u015bciwo\u015bci struktur z pojedynczych warstw atomowych\" \/><\/a><\/div> <h3 class=\"page-list-ext-title\"><a href=\"https:\/\/physics.uwb.edu.pl\/wf\/?page_id=8808\" title=\"Wyk\u0142ady PTF: NanoLego - niezwyk\u0142e w\u0142a\u015bciwo\u015bci struktur z pojedynczych warstw atomowych\">Wyk\u0142ady PTF: NanoLego - niezwyk\u0142e w\u0142a\u015bciwo\u015bci struktur z pojedynczych warstw atomowych<\/a><\/h3><div class=\"page-list-ext-item-content\">Wyk\u0142ady PTF o\/Bia\u0142ystok - zapowiedzi  \r\nW sobot\u0119 8 grudnia 2018 roku o godz. 11.00 \r\nw sali 2011 Wydzia\u0142u Fizyki przy ul. Konstantego Cio\u0142kowskiego 1L \r\nprof. dr hab. Andrzej Wysmo\u0142ek  \r\nz Wydzia\u0142u Fizyki Uniwersytetu Warszawskiego  \r\nwyg\u0142osi wyk\u0142ad ...<\/div><\/div>\n<div class=\"page-list-ext-item\"><div class=\"page-list-ext-image\"><a href=\"https:\/\/physics.uwb.edu.pl\/wf\/?page_id=8560\" title=\"Wyk\u0142ady PTF: \u017bycie na Mi\u0119dzynarodowej Stacji Kosmicznej\"><img decoding=\"async\" src=\"https:\/\/physics.uwb.edu.pl\/wf\/wp-content\/uploads\/2016\/03\/wyklad-ptf-v0-150x44.png\" width=\"150\" alt=\"Wyk\u0142ady PTF: \u017bycie na Mi\u0119dzynarodowej Stacji Kosmicznej\" \/><\/a><\/div> <h3 class=\"page-list-ext-title\"><a href=\"https:\/\/physics.uwb.edu.pl\/wf\/?page_id=8560\" title=\"Wyk\u0142ady PTF: \u017bycie na Mi\u0119dzynarodowej Stacji Kosmicznej\">Wyk\u0142ady PTF: \u017bycie na Mi\u0119dzynarodowej Stacji Kosmicznej<\/a><\/h3><div class=\"page-list-ext-item-content\">Wyk\u0142ady PTF o\/Bia\u0142ystok - zapowiedzi  \r\nW sobot\u0119 17 listopada 2018 roku o godz. 11.00  \r\nw sali 2011 Wydzia\u0142u Fizyki przy ul. Konstantego Cio\u0142kowskiego 1L  \r\nDr hab. Marek Niko\u0142ajuk  \r\nz Wydzia\u0142u Fizyki UwB  \r\nwyg\u0142osi wyk\u0142ad pt. \r\n\u017bycie na Mi\u0119dzynarodowej Stacji Kos...<\/div><\/div>\n<div class=\"page-list-ext-item\"><div class=\"page-list-ext-image\"><a href=\"https:\/\/physics.uwb.edu.pl\/wf\/?page_id=8388\" title=\"Wyk\u0142ady PTF: Czy zimne atomy s\u0105 cool ?\"><img decoding=\"async\" src=\"https:\/\/physics.uwb.edu.pl\/wf\/wp-content\/uploads\/2016\/03\/wyklad-ptf-v0-150x44.png\" width=\"150\" alt=\"Wyk\u0142ady PTF: Czy zimne atomy s\u0105 cool ?\" \/><\/a><\/div> <h3 class=\"page-list-ext-title\"><a href=\"https:\/\/physics.uwb.edu.pl\/wf\/?page_id=8388\" title=\"Wyk\u0142ady PTF: Czy zimne atomy s\u0105 cool ?\">Wyk\u0142ady PTF: Czy zimne atomy s\u0105 cool ?<\/a><\/h3><div class=\"page-list-ext-item-content\">Wyk\u0142ady PTF o\/Bia\u0142ystok - zapowiedzi  \r\nW sobot\u0119 20 pa\u017adziernika 2018 roku o godz. 11.00 \r\nw sali 2011 Wydzia\u0142u Fizyki przy ul. Konstantego Cio\u0142kowskiego 1L \r\ndr Krzysztof Gawryluk  \r\nz Wydzia\u0142u Fizyki Uniwersytetu w Bia\u0142ymstoku  \r\nwyg\u0142osi wyk\u0142ad pt. \r\nCzy...<\/div><\/div>\n<div class=\"page-list-ext-item\"><div class=\"page-list-ext-image\"><a href=\"https:\/\/physics.uwb.edu.pl\/wf\/?page_id=7719\" title=\"Wyk\u0142ady PTF: Komunikacja mi\u0119dzykom\u00f3rkowa\"><img decoding=\"async\" src=\"https:\/\/physics.uwb.edu.pl\/wf\/wp-content\/uploads\/2016\/03\/wyklad-ptf-v0-150x44.png\" width=\"150\" alt=\"Wyk\u0142ady PTF: Komunikacja mi\u0119dzykom\u00f3rkowa\" \/><\/a><\/div> <h3 class=\"page-list-ext-title\"><a href=\"https:\/\/physics.uwb.edu.pl\/wf\/?page_id=7719\" title=\"Wyk\u0142ady PTF: Komunikacja mi\u0119dzykom\u00f3rkowa\">Wyk\u0142ady PTF: Komunikacja mi\u0119dzykom\u00f3rkowa<\/a><\/h3><div class=\"page-list-ext-item-content\">Wyk\u0142ady PTF o\/Bia\u0142ystok - zapowiedzi  \r\nW sobot\u0119 14 kwietnia 2018 roku o godz. 11.00\r\nw sali 2011 Wydzia\u0142u Fizyki przy ul. Konstantego Cio\u0142kowskiego 1L\r\ndr hab. Ewa \u0141ucja St\u0119pie\u0144, prof. UJ \r\nz Instytutu Fizyki im. Mariana Smoluchowskiego Wydzia\u0142u\r\nFAIS Uniwersy...<\/div><\/div>\n<div class=\"page-list-ext-item\"><div class=\"page-list-ext-image\"><a href=\"https:\/\/physics.uwb.edu.pl\/wf\/?page_id=6998\" title=\"Wyk\u0142ady PTF: Pami\u0119c i uwaga.  Dlaczego tak trudno cokolwiek zapami\u0119ta\u0107? oraz Inteligentne maszyny:  nie-biologiczna ewolucja inteligencji\"><img decoding=\"async\" src=\"https:\/\/physics.uwb.edu.pl\/wf\/wp-content\/uploads\/2016\/03\/wyklad-ptf-v0-150x44.png\" width=\"150\" alt=\"Wyk\u0142ady PTF: Pami\u0119c i uwaga.  Dlaczego tak trudno cokolwiek zapami\u0119ta\u0107? oraz Inteligentne maszyny:  nie-biologiczna ewolucja inteligencji\" \/><\/a><\/div> <h3 class=\"page-list-ext-title\"><a href=\"https:\/\/physics.uwb.edu.pl\/wf\/?page_id=6998\" title=\"Wyk\u0142ady PTF: Pami\u0119c i uwaga.  Dlaczego tak trudno cokolwiek zapami\u0119ta\u0107? oraz Inteligentne maszyny:  nie-biologiczna ewolucja inteligencji\">Wyk\u0142ady PTF: Pami\u0119c i uwaga.  Dlaczego tak trudno cokolwiek zapami\u0119ta\u0107? oraz Inteligentne maszyny:  nie-biologiczna ewolucja inteligencji<\/a><\/h3><div class=\"page-list-ext-item-content\">Wyk\u0142ady PTF o\/Bia\u0142ystok - zapowiedzi  \r\nW sobot\u0119 3 marca 2018 roku\r\nw sali 2011 Wydzia\u0142u Fizyki przy ul. Konstantego Cio\u0142kowskiego 1L\r\npodczas II Konferencji Nauczycieli Fizyki\r\nwyg\u0142oszone zostan\u0105 og\u00f3lnodost\u0119pne wyk\u0142ady popularnonaukowe \r\ngodzina 10:30 Dr ...<\/div><\/div>\n<div class=\"page-list-ext-item\"><div class=\"page-list-ext-image\"><a href=\"https:\/\/physics.uwb.edu.pl\/wf\/?page_id=6830\" title=\"Wyk\u0142ad PTF: Ile fizyki w muzyce! czyli  us\u0142ysze\u0107 zasad\u0119 nieokre\u015blono\u015bci, spontaniczne \u0142amanie symetrii\u2026\"><img decoding=\"async\" src=\"https:\/\/physics.uwb.edu.pl\/wf\/wp-content\/uploads\/2016\/03\/wyklad-ptf-v0-150x44.png\" width=\"150\" alt=\"Wyk\u0142ad PTF: Ile fizyki w muzyce! czyli  us\u0142ysze\u0107 zasad\u0119 nieokre\u015blono\u015bci, spontaniczne \u0142amanie symetrii\u2026\" \/><\/a><\/div> <h3 class=\"page-list-ext-title\"><a href=\"https:\/\/physics.uwb.edu.pl\/wf\/?page_id=6830\" title=\"Wyk\u0142ad PTF: Ile fizyki w muzyce! czyli  us\u0142ysze\u0107 zasad\u0119 nieokre\u015blono\u015bci, spontaniczne \u0142amanie symetrii\u2026\">Wyk\u0142ad PTF: Ile fizyki w muzyce! czyli  us\u0142ysze\u0107 zasad\u0119 nieokre\u015blono\u015bci, spontaniczne \u0142amanie symetrii\u2026<\/a><\/h3><div class=\"page-list-ext-item-content\">Wyk\u0142ady PTF o\/Bia\u0142ystok - zapowiedzi  \r\nW sobot\u0119 10 lutego 2018 roku o godz. 11.00 \r\nw sali 2011 Wydzia\u0142u Fizyki przy ul. Konstantego Cio\u0142kowskiego 1L \r\nprof. dr hab. Piotr Zieli\u0144ski  \r\nz Instytutu Fizyki J\u0105drowej im. H. Niewodnicza\u0144skiego PAN  \r\noraz...<\/div><\/div>\n<div class=\"page-list-ext-item\"><div class=\"page-list-ext-image\"><a href=\"https:\/\/physics.uwb.edu.pl\/wf\/?page_id=6796\" title=\"Wyk\u0142ad PTF: Ile fizyki w muzyce! czyli  us\u0142ysze\u0107 zasad\u0119 nieokre\u015blono\u015bci, spontaniczne \u0142amanie symetrii\u2026\"><img decoding=\"async\" src=\"https:\/\/physics.uwb.edu.pl\/wf\/wp-content\/uploads\/2016\/03\/wyklad-ptf-v0-150x44.png\" width=\"150\" alt=\"Wyk\u0142ad PTF: Ile fizyki w muzyce! czyli  us\u0142ysze\u0107 zasad\u0119 nieokre\u015blono\u015bci, spontaniczne \u0142amanie symetrii\u2026\" \/><\/a><\/div> <h3 class=\"page-list-ext-title\"><a href=\"https:\/\/physics.uwb.edu.pl\/wf\/?page_id=6796\" title=\"Wyk\u0142ad PTF: Ile fizyki w muzyce! czyli  us\u0142ysze\u0107 zasad\u0119 nieokre\u015blono\u015bci, spontaniczne \u0142amanie symetrii\u2026\">Wyk\u0142ad PTF: Ile fizyki w muzyce! czyli  us\u0142ysze\u0107 zasad\u0119 nieokre\u015blono\u015bci, spontaniczne \u0142amanie symetrii\u2026<\/a><\/h3><div class=\"page-list-ext-item-content\">Wyk\u0142ady PTF o\/Bia\u0142ystok - zapowiedzi  \r\nZ powodu choroby prelegenta odwo\u0142any zosta\u0142 planowany na 13 stycznia 2018  wyk\u0142ad\r\nprof.&nbsp;dra&nbsp;hab.&nbsp;Piotra&nbsp;Zieli\u0144skiego&nbsp;p.t. \r\n\r\nIle fizyki w muzyce! czyli us\u0142ysze\u0107 zasad\u0119 nieokre\u015blono\u015bci, spontanicz...<\/div><\/div>\n<div class=\"page-list-ext-item\"><div class=\"page-list-ext-image\"><a href=\"https:\/\/physics.uwb.edu.pl\/wf\/?page_id=6762\" title=\"Wyk\u0142ad PTF: Ile fizyki w muzyce! czyli  us\u0142ysze\u0107 zasad\u0119 nieokre\u015blono\u015bci, spontaniczne \u0142amanie symetrii\u2026\"><img decoding=\"async\" src=\"https:\/\/physics.uwb.edu.pl\/wf\/wp-content\/uploads\/2016\/03\/wyklad-ptf-v0-150x44.png\" width=\"150\" alt=\"Wyk\u0142ad PTF: Ile fizyki w muzyce! czyli  us\u0142ysze\u0107 zasad\u0119 nieokre\u015blono\u015bci, spontaniczne \u0142amanie symetrii\u2026\" \/><\/a><\/div> <h3 class=\"page-list-ext-title\"><a href=\"https:\/\/physics.uwb.edu.pl\/wf\/?page_id=6762\" title=\"Wyk\u0142ad PTF: Ile fizyki w muzyce! czyli  us\u0142ysze\u0107 zasad\u0119 nieokre\u015blono\u015bci, spontaniczne \u0142amanie symetrii\u2026\">Wyk\u0142ad PTF: Ile fizyki w muzyce! czyli  us\u0142ysze\u0107 zasad\u0119 nieokre\u015blono\u015bci, spontaniczne \u0142amanie symetrii\u2026<\/a><\/h3><div class=\"page-list-ext-item-content\">Wyk\u0142ady PTF o\/Bia\u0142ystok - zapowiedzi  \r\nW sobot\u0119 13 stycznia 2018 roku o godz. 11.00 \r\nw sali 2011 Wydzia\u0142u Fizyki przy ul. Konstantego Cio\u0142kowskiego 1L \r\nprof. dr hab. Piotr Zieli\u0144ski  \r\nz Instytutu Fizyki J\u0105drowej im. H. Niewodnicza\u0144skiego PAN  \r\noraz...<\/div><\/div>\n<div class=\"page-list-ext-item\"><div class=\"page-list-ext-image\"><a href=\"https:\/\/physics.uwb.edu.pl\/wf\/?page_id=6692\" title=\"Wyk\u0142ad PTF: Promieniowanie jonizuj\u0105ce jest cool!\"><img decoding=\"async\" src=\"https:\/\/physics.uwb.edu.pl\/wf\/wp-content\/uploads\/2016\/03\/wyklad-ptf-v0-150x44.png\" width=\"150\" alt=\"Wyk\u0142ad PTF: Promieniowanie jonizuj\u0105ce jest cool!\" \/><\/a><\/div> <h3 class=\"page-list-ext-title\"><a href=\"https:\/\/physics.uwb.edu.pl\/wf\/?page_id=6692\" title=\"Wyk\u0142ad PTF: Promieniowanie jonizuj\u0105ce jest cool!\">Wyk\u0142ad PTF: Promieniowanie jonizuj\u0105ce jest cool!<\/a><\/h3><div class=\"page-list-ext-item-content\">Wyk\u0142ady PTF o\/Bia\u0142ystok - zapowiedzi  \r\nW sobot\u0119 9 grudnia 2017 roku o godz. 11.00\r\nw sali 2011 Wydzia\u0142u Fizyki przy ul. Konstantego Cio\u0142kowskiego 1L\r\nprof. dr hab. Ludwik Dobrzy\u0144ski \r\nz Narodowego Centrum bada\u0144J\u0105drowych\r\n05-400 Otwock, ul. A. So\u0142tana...<\/div><\/div>\n<div class=\"page-list-ext-item\"><div class=\"page-list-ext-image\"><a href=\"https:\/\/physics.uwb.edu.pl\/wf\/?page_id=6521\" title=\"Wyk\u0142ad PTF: Rozk\u0142ad bogactwa pod lup\u0105 fizyka\"><img decoding=\"async\" src=\"https:\/\/physics.uwb.edu.pl\/wf\/wp-content\/uploads\/2016\/03\/wyklad-ptf-v0-150x44.png\" width=\"150\" alt=\"Wyk\u0142ad PTF: Rozk\u0142ad bogactwa pod lup\u0105 fizyka\" \/><\/a><\/div> <h3 class=\"page-list-ext-title\"><a href=\"https:\/\/physics.uwb.edu.pl\/wf\/?page_id=6521\" title=\"Wyk\u0142ad PTF: Rozk\u0142ad bogactwa pod lup\u0105 fizyka\">Wyk\u0142ad PTF: Rozk\u0142ad bogactwa pod lup\u0105 fizyka<\/a><\/h3><div class=\"page-list-ext-item-content\">Wyk\u0142ady PTF o\/Bia\u0142ystok - zapowiedzi  \r\nW sobot\u0119 18 listopada 2017 roku o godz. 11.00\r\nw sali 2011 Wydzia\u0142u Fizyki przy ul. Konstantego Cio\u0142kowskiego 1L\r\nprof. dr hab. Zdzis\u0142aw Burda \r\nz Wydzia\u0142u Fizyki i Informatyki Stosowanej Akademii G\u00f3rniczo-Hutniczej im. Sta...<\/div><\/div>\n<div class=\"page-list-ext-item\"><div class=\"page-list-ext-image\"><a href=\"https:\/\/physics.uwb.edu.pl\/wf\/?page_id=5593\" title=\"Wyk\u0142ad PTF: W\u0119z\u0142y w teorii i praktyce\"><img decoding=\"async\" src=\"https:\/\/physics.uwb.edu.pl\/wf\/wp-content\/uploads\/2016\/03\/wyklad-ptf-v0-150x44.png\" width=\"150\" alt=\"Wyk\u0142ad PTF: W\u0119z\u0142y w teorii i praktyce\" \/><\/a><\/div> <h3 class=\"page-list-ext-title\"><a href=\"https:\/\/physics.uwb.edu.pl\/wf\/?page_id=5593\" title=\"Wyk\u0142ad PTF: W\u0119z\u0142y w teorii i praktyce\">Wyk\u0142ad PTF: W\u0119z\u0142y w teorii i praktyce<\/a><\/h3><div class=\"page-list-ext-item-content\">W sobot\u0119 3 czerwca 2017 roku o godz. 11.00\r\nw sali 2011 Wydzia\u0142u Fizyki przy ul. Konstantego Cio\u0142kowskiego 1L\r\ndr hab. Piotr Su\u0142kowski \r\nz Wydzia\u0142u Fizyki Uniwersytetu Warszawskiego\r\nwyg\u0142osi wyk\u0142ad pt.\r\nW\u0119z\u0142y w teorii i praktyce   \r\n&nbsp; &nbsp; &nbsp; T...<\/div><\/div>\n<div class=\"page-list-ext-item\"><h3 class=\"page-list-ext-title\"><a href=\"https:\/\/physics.uwb.edu.pl\/wf\/?page_id=5148\" title=\"Wyk\u0142ad PTF: Czy \u015bwiat odbity w lustrze r\u00f3\u017cni si\u0119 od \u015bwiata  realnego?\">Wyk\u0142ad PTF: Czy \u015bwiat odbity w lustrze r\u00f3\u017cni si\u0119 od \u015bwiata  realnego?<\/a><\/h3><div class=\"page-list-ext-item-content\">Wyk\u0142ady PTF o\/Bia\u0142ystok - zapowiedzi  \r\nW sobot\u0119 29 kwietnia 2017 roku o godz. 11.00\r\nw sali 2011 Wydzia\u0142u Fizyki przy ul. Konstantego Cio\u0142kowskiego 1L\r\nprof. dr hab. Ryszard \u0141a\u017any \r\nz Wydzia\u0142u Biologiczno-Chemicznego Uniwersytetu w Bia\u0142ymstoku\r\nwyg\u0142osi wyk\u0142ad pt...<\/div><\/div>\n<div class=\"page-list-ext-item\"><div class=\"page-list-ext-image\"><a href=\"https:\/\/physics.uwb.edu.pl\/wf\/?page_id=4648\" title=\"Wyk\u0142ad PTF: Czy ma\u0142e dawki promieniowania s\u0105 szkodliwe?\"><img decoding=\"async\" src=\"https:\/\/physics.uwb.edu.pl\/wf\/wp-content\/uploads\/2016\/03\/wyklad-ptf-v0-150x44.png\" width=\"150\" alt=\"Wyk\u0142ad PTF: Czy ma\u0142e dawki promieniowania s\u0105 szkodliwe?\" \/><\/a><\/div> <h3 class=\"page-list-ext-title\"><a href=\"https:\/\/physics.uwb.edu.pl\/wf\/?page_id=4648\" title=\"Wyk\u0142ad PTF: Czy ma\u0142e dawki promieniowania s\u0105 szkodliwe?\">Wyk\u0142ad PTF: Czy ma\u0142e dawki promieniowania s\u0105 szkodliwe?<\/a><\/h3><div class=\"page-list-ext-item-content\">Wyk\u0142ady PTF o\/Bia\u0142ystok - zapowiedzi  \r\nW sobot\u0119 11 marca 2017 roku o godz. 11.00\r\nw sali 2011 Wydzia\u0142u Fizyki przy ul. Konstantego Cio\u0142kowskiego 1L\r\nProfesor dr hab. Eugeniusz \u017bukowski\r\nz Wydzia\u0142u Fizyki Uniwersytetu w Bia\u0142ymstoku\r\nwyg\u0142osi wyk\u0142ad pt.\r\nCzy ...<\/div><\/div>\n<div class=\"page-list-ext-item\"><div class=\"page-list-ext-image\"><a href=\"https:\/\/physics.uwb.edu.pl\/wf\/?page_id=4366\" title=\"Wyk\u0142ad PTF: Ultraszybkie pami\u0119ci przysz\u0142o\u015bci\"><img decoding=\"async\" src=\"https:\/\/physics.uwb.edu.pl\/wf\/wp-content\/uploads\/2017\/01\/nature2017-szerenos-stupakiewicz-grafika_small-150x141.jpg\" width=\"150\" alt=\"Wyk\u0142ad PTF: Ultraszybkie pami\u0119ci przysz\u0142o\u015bci\" \/><\/a><\/div> <h3 class=\"page-list-ext-title\"><a href=\"https:\/\/physics.uwb.edu.pl\/wf\/?page_id=4366\" title=\"Wyk\u0142ad PTF: Ultraszybkie pami\u0119ci przysz\u0142o\u015bci\">Wyk\u0142ad PTF: Ultraszybkie pami\u0119ci przysz\u0142o\u015bci<\/a><\/h3><div class=\"page-list-ext-item-content\">Wyk\u0142ady PTF o\/Bia\u0142ystok - zapowiedzi  \r\nW sobot\u0119 11 lutego 2017 roku o godz. 11.00\r\nw sali 2011 Wydzia\u0142u Fizyki przy ul. Konstantego Cio\u0142kowskiego 1L\r\ndr hab. Andrzej Stupakiewicz \r\nz Wydzia\u0142u Fizyki Uniwersytetu w Bia\u0142ymstoku\r\nwyg\u0142osi wyk\u0142ad pt.\r\nUlt...<\/div><\/div>\n<div class=\"page-list-ext-item\"><div class=\"page-list-ext-image\"><a href=\"https:\/\/physics.uwb.edu.pl\/wf\/?page_id=3680\" title=\"Materia\u0142y topologiczne\"><img decoding=\"async\" src=\"https:\/\/physics.uwb.edu.pl\/wf\/wp-content\/uploads\/2016\/03\/wyklad-ptf-v0-150x44.png\" width=\"150\" alt=\"Materia\u0142y topologiczne\" \/><\/a><\/div> <h3 class=\"page-list-ext-title\"><a href=\"https:\/\/physics.uwb.edu.pl\/wf\/?page_id=3680\" title=\"Materia\u0142y topologiczne\">Materia\u0142y topologiczne<\/a><\/h3><div class=\"page-list-ext-item-content\">Wyk\u0142ady PTF o\/Bia\u0142ystok - zapowiedzi  \r\nW sobot\u0119 19 listopada 2016 roku o godz. 11.00  \r\nw sali 2011 Wydzia\u0142u Fizyki przy ul. Konstantego Cio\u0142kowskiego 1L  \r\n&nbsp;\r\nProfesor Tomasz Story \r\nz Instytutu Fizyki PAN  \r\nwyg\u0142osi wyk\u0142ad pt. \r\nMateria\u0142y topolog...<\/div><\/div>\n<div class=\"page-list-ext-item\"><div class=\"page-list-ext-image\"><a href=\"https:\/\/physics.uwb.edu.pl\/wf\/?page_id=3475\" title=\"Co si\u0119 dzieje w m\u00f3zgu nastolatka czyli o tym, dlaczego tak trudno zrozumie\u0107 doros\u0142ego - wyk\u0142ad PTF\"><img decoding=\"async\" src=\"https:\/\/physics.uwb.edu.pl\/wf\/wp-content\/uploads\/2016\/03\/wyklad-ptf-v0-150x44.png\" width=\"150\" alt=\"Co si\u0119 dzieje w m\u00f3zgu nastolatka czyli o tym, dlaczego tak trudno zrozumie\u0107 doros\u0142ego - wyk\u0142ad PTF\" \/><\/a><\/div> <h3 class=\"page-list-ext-title\"><a href=\"https:\/\/physics.uwb.edu.pl\/wf\/?page_id=3475\" title=\"Co si\u0119 dzieje w m\u00f3zgu nastolatka czyli o tym, dlaczego tak trudno zrozumie\u0107 doros\u0142ego - wyk\u0142ad PTF\">Co si\u0119 dzieje w m\u00f3zgu nastolatka czyli o tym, dlaczego tak trudno zrozumie\u0107 doros\u0142ego - wyk\u0142ad PTF<\/a><\/h3><div class=\"page-list-ext-item-content\">Wyk\u0142ady PTF o\/Bia\u0142ystok - zapowiedzi  \r\nW sobot\u0119, 29 pa\u017adziernika\u00a02016 roku o godz. 11:00 w sali 2011 przy ul. K. Cio\u0142kowskiego 1L\r\ndr Marek Kaczmarzyk \r\nz Wydzia\u0142u\u00a0Biologii i Ochrony \u015arodowiska\u00a0Uniwersytetu \u015al\u0105skiego\r\nwyg\u0142osi wyk\u0142ad pt.\r\nCo si\u0119 dzieje w ...<\/div><\/div>\n<div class=\"page-list-ext-item\"><div class=\"page-list-ext-image\"><a href=\"https:\/\/physics.uwb.edu.pl\/wf\/?page_id=791\" title=\"Narodziny astronomii fal grawitacyjnych - wyk\u0142ad PTF\"><img decoding=\"async\" src=\"https:\/\/physics.uwb.edu.pl\/wf\/wp-content\/uploads\/2016\/03\/wyklad-ptf-v0-150x44.png\" width=\"150\" alt=\"Narodziny astronomii fal grawitacyjnych - wyk\u0142ad PTF\" \/><\/a><\/div> <h3 class=\"page-list-ext-title\"><a href=\"https:\/\/physics.uwb.edu.pl\/wf\/?page_id=791\" title=\"Narodziny astronomii fal grawitacyjnych - wyk\u0142ad PTF\">Narodziny astronomii fal grawitacyjnych - wyk\u0142ad PTF<\/a><\/h3><div class=\"page-list-ext-item-content\">Wyk\u0142ady PTF o\/Bia\u0142ystok - zapowiedzi  \r\nW sobot\u0119, 19 marca 2016 roku o godz. 11:00 w sali 2011 przy ul. K. Cio\u0142kowskiego 1L\r\n prof. dr hab. Piotr Jaranowski \r\nz Wydzia\u0142u Fizyki Uniwersytetu w Bia\u0142ymstoku\r\nwyg\u0142osi wyk\u0142ad pt.\r\n Narodziny astronomii fal gra...<\/div><\/div>\n\n<\/div>\n<h2>Lista poprzednich wyk\u0142ad\u00f3w<\/h2>\n<p><a href=\"http:\/\/physics.uwb.edu.pl\/main\/popularyzacja.php\">http:\/\/physics.uwb.edu.pl\/main\/popularyzacja.php<\/a><\/p>\n<p>&nbsp;<\/p>\n","protected":false},"excerpt":{"rendered":"<p>Wyk\u0142ady PTF o\/Bia\u0142ystok &#8211; zapowiedzi Lista poprzednich wyk\u0142ad\u00f3w http:\/\/physics.uwb.edu.pl\/main\/popularyzacja.php &nbsp;<\/p>\n","protected":false},"author":2,"featured_media":1879,"parent":1227,"menu_order":2,"comment_status":"closed","ping_status":"closed","template":"","meta":{"ngg_post_thumbnail":0,"Layout":"","footnotes":""},"categories":[73],"tags":[],"class_list":["entry","author-dobrog","post-789","page","type-page","status-publish","has-post-thumbnail","category-ptf"],"jetpack_sharing_enabled":true,"jetpack_shortlink":"https:\/\/wp.me\/P7nvcn-cJ","_links":{"self":[{"href":"https:\/\/physics.uwb.edu.pl\/wf\/index.php?rest_route=\/wp\/v2\/pages\/789","targetHints":{"allow":["GET"]}}],"collection":[{"href":"https:\/\/physics.uwb.edu.pl\/wf\/index.php?rest_route=\/wp\/v2\/pages"}],"about":[{"href":"https:\/\/physics.uwb.edu.pl\/wf\/index.php?rest_route=\/wp\/v2\/types\/page"}],"author":[{"embeddable":true,"href":"https:\/\/physics.uwb.edu.pl\/wf\/index.php?rest_route=\/wp\/v2\/users\/2"}],"replies":[{"embeddable":true,"href":"https:\/\/physics.uwb.edu.pl\/wf\/index.php?rest_route=%2Fwp%2Fv2%2Fcomments&post=789"}],"version-history":[{"count":6,"href":"https:\/\/physics.uwb.edu.pl\/wf\/index.php?rest_route=\/wp\/v2\/pages\/789\/revisions"}],"predecessor-version":[{"id":11834,"href":"https:\/\/physics.uwb.edu.pl\/wf\/index.php?rest_route=\/wp\/v2\/pages\/789\/revisions\/11834"}],"up":[{"embeddable":true,"href":"https:\/\/physics.uwb.edu.pl\/wf\/index.php?rest_route=\/wp\/v2\/pages\/1227"}],"wp:featuredmedia":[{"embeddable":true,"href":"https:\/\/physics.uwb.edu.pl\/wf\/index.php?rest_route=\/wp\/v2\/media\/1879"}],"wp:attachment":[{"href":"https:\/\/physics.uwb.edu.pl\/wf\/index.php?rest_route=%2Fwp%2Fv2%2Fmedia&parent=789"}],"wp:term":[{"taxonomy":"category","embeddable":true,"href":"https:\/\/physics.uwb.edu.pl\/wf\/index.php?rest_route=%2Fwp%2Fv2%2Fcategories&post=789"},{"taxonomy":"post_tag","embeddable":true,"href":"https:\/\/physics.uwb.edu.pl\/wf\/index.php?rest_route=%2Fwp%2Fv2%2Ftags&post=789"}],"curies":[{"name":"wp","href":"https:\/\/api.w.org\/{rel}","templated":true}]}}