{"id":822,"date":"2016-03-17T08:29:58","date_gmt":"2016-03-17T07:29:58","guid":{"rendered":"http:\/\/physics.uwb.edu.pl\/wf\/?page_id=822"},"modified":"2020-01-20T13:07:43","modified_gmt":"2020-01-20T12:07:43","slug":"seminaria","status":"publish","type":"page","link":"https:\/\/physics.uwb.edu.pl\/wf\/?page_id=822","title":{"rendered":"Seminaria"},"content":{"rendered":"<h3>Seminaria Wydzia\u0142u Fizyki<\/h3>\n\n<!-- Page-list plugin v.5.9 wordpress.org\/plugins\/page-list\/ -->\n<div class=\"page-list page-list-ext \">\n<div class=\"page-list-ext-item\"><div class=\"page-list-ext-image\"><a href=\"https:\/\/physics.uwb.edu.pl\/wf\/?page_id=13164\" title=\"Wizualizacja ludzkiego nerwu wzrokowego i pasma wzrokowego poprzez mapowanie tensora dyfuzji i stopnia neuropatii\"><img decoding=\"async\" src=\"https:\/\/physics.uwb.edu.pl\/wf\/wp-content\/uploads\/2016\/10\/seminar-150x62.png\" width=\"150\" alt=\"Wizualizacja ludzkiego nerwu wzrokowego i pasma wzrokowego poprzez mapowanie tensora dyfuzji i stopnia neuropatii\" \/><\/a><\/div> <h3 class=\"page-list-ext-title\"><a href=\"https:\/\/physics.uwb.edu.pl\/wf\/?page_id=13164\" title=\"Wizualizacja ludzkiego nerwu wzrokowego i pasma wzrokowego poprzez mapowanie tensora dyfuzji i stopnia neuropatii\">Wizualizacja ludzkiego nerwu wzrokowego i pasma wzrokowego poprzez mapowanie tensora dyfuzji i stopnia neuropatii<\/a><\/h3><div class=\"page-list-ext-item-content\">Seminarium wydzia\u0142owe\r\n  \r\nDnia 2022.02.01 (wtorek)&nbsp; o godzinie 13.15, odb\u0119dzie si\u0119 wyk\u0142ad Wydzia\u0142u Fizyki na kt\u00f3rym mgr \u0141ukasz \u0141abieniec doktorant z Katedry Fizyki Materii Skondensowanej Wydzia\u0142u Fizyki UwB  wyg\u0142osi wyk\u0142ad pt.: \r\n\r\n\u201eWizualizacja ludzkiego ne...<\/div><\/div>\n<div class=\"page-list-ext-item\"><div class=\"page-list-ext-image\"><a href=\"https:\/\/physics.uwb.edu.pl\/wf\/?page_id=13196\" title=\"Litografia nanocz\u0105stek \u2013 wszechstronna metoda wytwarzania nanomateria\u0142\u00f3w magnetycznych\"><img decoding=\"async\" src=\"https:\/\/physics.uwb.edu.pl\/wf\/wp-content\/uploads\/2016\/10\/seminar-150x62.png\" width=\"150\" alt=\"Litografia nanocz\u0105stek \u2013 wszechstronna metoda wytwarzania nanomateria\u0142\u00f3w magnetycznych\" \/><\/a><\/div> <h3 class=\"page-list-ext-title\"><a href=\"https:\/\/physics.uwb.edu.pl\/wf\/?page_id=13196\" title=\"Litografia nanocz\u0105stek \u2013 wszechstronna metoda wytwarzania nanomateria\u0142\u00f3w magnetycznych\">Litografia nanocz\u0105stek \u2013 wszechstronna metoda wytwarzania nanomateria\u0142\u00f3w magnetycznych<\/a><\/h3><div class=\"page-list-ext-item-content\">Seminarium wydzia\u0142owe (online) \r\n  \r\nDnia 2022.01.25 (wtorek)&nbsp; o godzinie 14.15, odb\u0119dzie si\u0119 wyk\u0142ad (seminarium odb\u0119dzie si\u0119 \u201eonline\u201d z wykorzystaniem platformy ZOOM)  Wydzia\u0142u Fizyki na kt\u00f3rym dr Micha\u0142 Krupi\u0144ski z Instytutu Fizyki J\u0105drowej Pols...<\/div><\/div>\n<div class=\"page-list-ext-item\"><div class=\"page-list-ext-image\"><a href=\"https:\/\/physics.uwb.edu.pl\/wf\/?page_id=13129\" title=\"Giorgio Parisi and the physics of complexity\"><img decoding=\"async\" src=\"https:\/\/physics.uwb.edu.pl\/wf\/wp-content\/uploads\/2018\/10\/konwersatorium.svg-150x44.png\" width=\"150\" alt=\"Giorgio Parisi and the physics of complexity\" \/><\/a><\/div> <h3 class=\"page-list-ext-title\"><a href=\"https:\/\/physics.uwb.edu.pl\/wf\/?page_id=13129\" title=\"Giorgio Parisi and the physics of complexity\">Giorgio Parisi and the physics of complexity<\/a><\/h3><div class=\"page-list-ext-item-content\">Konwersatorium wydzia\u0142owe\r\n  \r\nDnia 2022-01-11 o godzinie 13:15 w sali 2011 Wydzia\u0142u Fizyki UwB odb\u0119dzie si\u0119 wyk\u0142ad (dost\u0119p online dla os\u00f3b spoza wydzia\u0142u) , na kt\u00f3rym prof. dr hab. Piotr Szymczak, z Wydzia\u0142u Fizyki Uniwersytetu Warszawskiego  wyg\u0142osi ...<\/div><\/div>\n<div class=\"page-list-ext-item\"><div class=\"page-list-ext-image\"><a href=\"https:\/\/physics.uwb.edu.pl\/wf\/?page_id=13098\" title=\"Hydrodynamika relatywistyczna i plazma kwarkowo-gluonowa\"><img decoding=\"async\" src=\"https:\/\/physics.uwb.edu.pl\/wf\/wp-content\/uploads\/2018\/10\/konwersatorium.svg-150x44.png\" width=\"150\" alt=\"Hydrodynamika relatywistyczna i plazma kwarkowo-gluonowa\" \/><\/a><\/div> <h3 class=\"page-list-ext-title\"><a href=\"https:\/\/physics.uwb.edu.pl\/wf\/?page_id=13098\" title=\"Hydrodynamika relatywistyczna i plazma kwarkowo-gluonowa\">Hydrodynamika relatywistyczna i plazma kwarkowo-gluonowa<\/a><\/h3><div class=\"page-list-ext-item-content\">Konwersatorium wydzia\u0142owe\r\n  \r\nDnia 2021-12-14 o godzinie 13:15 w sali 2011 Wydzia\u0142u Fizyki UwB odb\u0119dzie si\u0119 wyk\u0142ad, na kt\u00f3rym Prof. dr hab. Micha\u0142 Spali\u0144ski z Katedry Astrofizyki i Fizyki Teoretycznej, Wydzia\u0142u Fizyki, UwB  wyg\u0142osi wyk\u0142ad pt: \r\n\r\nHy...<\/div><\/div>\n<div class=\"page-list-ext-item\"><div class=\"page-list-ext-image\"><a href=\"https:\/\/physics.uwb.edu.pl\/wf\/?page_id=13093\" title=\"Histereza cz\u0119stotliwo\u015bci wzbudze\u0144 namagnesowania w wielowarstwach Ir\/Co\/Pt z oddzia\u0142ywaniem Dzyaloshinskii-Moriya\"><img decoding=\"async\" src=\"https:\/\/physics.uwb.edu.pl\/wf\/wp-content\/uploads\/2016\/10\/seminar-150x62.png\" width=\"150\" alt=\"Histereza cz\u0119stotliwo\u015bci wzbudze\u0144 namagnesowania w wielowarstwach Ir\/Co\/Pt z oddzia\u0142ywaniem Dzyaloshinskii-Moriya\" \/><\/a><\/div> <h3 class=\"page-list-ext-title\"><a href=\"https:\/\/physics.uwb.edu.pl\/wf\/?page_id=13093\" title=\"Histereza cz\u0119stotliwo\u015bci wzbudze\u0144 namagnesowania w wielowarstwach Ir\/Co\/Pt z oddzia\u0142ywaniem Dzyaloshinskii-Moriya\">Histereza cz\u0119stotliwo\u015bci wzbudze\u0144 namagnesowania w wielowarstwach Ir\/Co\/Pt z oddzia\u0142ywaniem Dzyaloshinskii-Moriya<\/a><\/h3><div class=\"page-list-ext-item-content\">Seminarium wydzia\u0142owe\r\n  \r\nDnia 2021.12.07 (wtorek)&nbsp; o godzinie 14.15, odb\u0119dzie si\u0119 wyk\u0142ad Wydzia\u0142u Fizyki na kt\u00f3rym dr hab. Ryszard Gieniusz, prof. UwB z Katedry Fizyki Magnetyk\u00f3w, Wydzia\u0142u Fizyki UwB  wyg\u0142osi wyk\u0142ad pt.: \r\n\r\n\u201eHistereza cz\u0119stotliwo...<\/div><\/div>\n<div class=\"page-list-ext-item\"><div class=\"page-list-ext-image\"><a href=\"https:\/\/physics.uwb.edu.pl\/wf\/?page_id=13063\" title=\"Evaluation of elastic properties of nanomaterials by Brillouin light scattering\"><img decoding=\"async\" src=\"https:\/\/physics.uwb.edu.pl\/wf\/wp-content\/uploads\/2016\/10\/seminar-150x62.png\" width=\"150\" alt=\"Evaluation of elastic properties of nanomaterials by Brillouin light scattering\" \/><\/a><\/div> <h3 class=\"page-list-ext-title\"><a href=\"https:\/\/physics.uwb.edu.pl\/wf\/?page_id=13063\" title=\"Evaluation of elastic properties of nanomaterials by Brillouin light scattering\">Evaluation of elastic properties of nanomaterials by Brillouin light scattering<\/a><\/h3><div class=\"page-list-ext-item-content\">Seminarium wydzia\u0142owe (online)   \r\nDnia 2021.11.30&nbsp; o godzinie 14.15, odb\u0119dzie si\u0119 wyk\u0142ad (seminarium odb\u0119dzie si\u0119 \u201eonline\u201d z wykorzystaniem platformy ZOOM)  Wydzia\u0142u Fizyki na kt\u00f3rym mgr VI\u0160NJA BABA\u010cI\u0106, z Wydzia\u0142u Fizyki Uniwersytetu Adama Mickiewic...<\/div><\/div>\n<div class=\"page-list-ext-item\"><div class=\"page-list-ext-image\"><a href=\"https:\/\/physics.uwb.edu.pl\/wf\/?page_id=13044\" title=\"Artificial Magnetic Domains Without Domain Walls in Ferrimagnetic Tb\/Co Multilayers Patterned by Ion Bombardment\"><img decoding=\"async\" src=\"https:\/\/physics.uwb.edu.pl\/wf\/wp-content\/uploads\/2021\/11\/gaoaindllngodljp-150x114.png\" width=\"150\" alt=\"Artificial Magnetic Domains Without Domain Walls in Ferrimagnetic Tb\/Co Multilayers Patterned by Ion Bombardment\" \/><\/a><\/div> <h3 class=\"page-list-ext-title\"><a href=\"https:\/\/physics.uwb.edu.pl\/wf\/?page_id=13044\" title=\"Artificial Magnetic Domains Without Domain Walls in Ferrimagnetic Tb\/Co Multilayers Patterned by Ion Bombardment\">Artificial Magnetic Domains Without Domain Walls in Ferrimagnetic Tb\/Co Multilayers Patterned by Ion Bombardment<\/a><\/h3><div class=\"page-list-ext-item-content\">Seminarium wydzia\u0142owe \"online\" \r\n  \r\nDnia 2021.11.23 (wtorek)&nbsp; o godzinie 13.15, odb\u0119dzie si\u0119 wyk\u0142ad (seminarium odb\u0119dzie si\u0119 \u201eonline\u201d z wykorzystaniem platformy ZOOM ) Wydzia\u0142u Fizyki na kt\u00f3rym dr hab. Piotr Kuswik, prof. IFM PAN, z Instytutu F...<\/div><\/div>\n<div class=\"page-list-ext-item\"><div class=\"page-list-ext-image\"><a href=\"https:\/\/physics.uwb.edu.pl\/wf\/?page_id=13033\" title=\"Postnewtonowska dynamika zwartych uk\u0142ad\u00f3w podw\u00f3jnych: przesz\u0142o\u015b\u0107, tera\u017aniejszo\u015b\u0107 i przysz\u0142o\u015b\u0107\"><img decoding=\"async\" src=\"https:\/\/physics.uwb.edu.pl\/wf\/wp-content\/uploads\/2018\/10\/konwersatorium.svg-150x44.png\" width=\"150\" alt=\"Postnewtonowska dynamika zwartych uk\u0142ad\u00f3w podw\u00f3jnych: przesz\u0142o\u015b\u0107, tera\u017aniejszo\u015b\u0107 i przysz\u0142o\u015b\u0107\" \/><\/a><\/div> <h3 class=\"page-list-ext-title\"><a href=\"https:\/\/physics.uwb.edu.pl\/wf\/?page_id=13033\" title=\"Postnewtonowska dynamika zwartych uk\u0142ad\u00f3w podw\u00f3jnych: przesz\u0142o\u015b\u0107, tera\u017aniejszo\u015b\u0107 i przysz\u0142o\u015b\u0107\">Postnewtonowska dynamika zwartych uk\u0142ad\u00f3w podw\u00f3jnych: przesz\u0142o\u015b\u0107, tera\u017aniejszo\u015b\u0107 i przysz\u0142o\u015b\u0107<\/a><\/h3><div class=\"page-list-ext-item-content\">Konwersatorium wydzia\u0142owe\r\n  \r\nDnia 2021-11-16 o godzinie 13:15 w sali 2011 Wydzia\u0142u Fizyki UwB odb\u0119dzie si\u0119 wyk\u0142ad, na kt\u00f3rym Prof. dr hab. Piotr Jaranowski z Katedry Astrofizyki i Fizyki Teoretycznej, Wydzia\u0142u Fizyki, UwB  wyg\u0142osi wyk\u0142ad pt: \r\n\r\nPost...<\/div><\/div>\n<div class=\"page-list-ext-item\"><div class=\"page-list-ext-image\"><a href=\"https:\/\/physics.uwb.edu.pl\/wf\/?page_id=13021\" title=\"Modelowanie pandemii COVID-19 cz. 2\"><img decoding=\"async\" src=\"https:\/\/physics.uwb.edu.pl\/wf\/wp-content\/uploads\/2018\/10\/konwersatorium.svg-150x44.png\" width=\"150\" alt=\"Modelowanie pandemii COVID-19 cz. 2\" \/><\/a><\/div> <h3 class=\"page-list-ext-title\"><a href=\"https:\/\/physics.uwb.edu.pl\/wf\/?page_id=13021\" title=\"Modelowanie pandemii COVID-19 cz. 2\">Modelowanie pandemii COVID-19 cz. 2<\/a><\/h3><div class=\"page-list-ext-item-content\">Konwersatorium wydzia\u0142owe\r\n  \r\nDnia 2021-11-09 o godzinie 13:15 w sali 2011 Wydzia\u0142u Fizyki UwB odb\u0119dzie si\u0119 wyk\u0142ad, na kt\u00f3rym dr Jan Kisielewski z Katedry Fizyki Magnetyk\u00f3w, Wydzia\u0142u Fizyki, UwB  wyg\u0142osi wyk\u0142ad pt: \r\n\r\n\"Modelowanie pandemii COVID-19 ...<\/div><\/div>\n<div class=\"page-list-ext-item\"><div class=\"page-list-ext-image\"><a href=\"https:\/\/physics.uwb.edu.pl\/wf\/?page_id=12979\" title=\"Variety of Magneto-plasmonic Structures: from Waveguides to Metasurfaces\"><img decoding=\"async\" src=\"https:\/\/physics.uwb.edu.pl\/wf\/wp-content\/uploads\/2016\/10\/seminar-150x62.png\" width=\"150\" alt=\"Variety of Magneto-plasmonic Structures: from Waveguides to Metasurfaces\" \/><\/a><\/div> <h3 class=\"page-list-ext-title\"><a href=\"https:\/\/physics.uwb.edu.pl\/wf\/?page_id=12979\" title=\"Variety of Magneto-plasmonic Structures: from Waveguides to Metasurfaces\">Variety of Magneto-plasmonic Structures: from Waveguides to Metasurfaces<\/a><\/h3><div class=\"page-list-ext-item-content\">Seminarium wydzia\u0142owe\r\n  \r\nDnia 2021.10.26 (wtorek)&nbsp; o godzinie 14.15, odb\u0119dzie si\u0119 wyk\u0142ad Wydzia\u0142u Fizyki na kt\u00f3rym dr Terunori Kaihara z Wydzia\u0142u Fizyki UwB  wyg\u0142osi wyk\u0142ad pt.: \r\n\r\n\u201eVariety of Magneto-plasmonic Structures: from Waveguides to Metasur...<\/div><\/div>\n<div class=\"page-list-ext-item\"><div class=\"page-list-ext-image\"><a href=\"https:\/\/physics.uwb.edu.pl\/wf\/?page_id=12897\" title=\"Rozerwanie atomowego kar\u0142a przez sztuczn\u0105 czarn\u0105 dziur\u0119\"><img decoding=\"async\" src=\"https:\/\/physics.uwb.edu.pl\/wf\/wp-content\/uploads\/2018\/10\/konwersatorium.svg-150x44.png\" width=\"150\" alt=\"Rozerwanie atomowego kar\u0142a przez sztuczn\u0105 czarn\u0105 dziur\u0119\" \/><\/a><\/div> <h3 class=\"page-list-ext-title\"><a href=\"https:\/\/physics.uwb.edu.pl\/wf\/?page_id=12897\" title=\"Rozerwanie atomowego kar\u0142a przez sztuczn\u0105 czarn\u0105 dziur\u0119\">Rozerwanie atomowego kar\u0142a przez sztuczn\u0105 czarn\u0105 dziur\u0119<\/a><\/h3><div class=\"page-list-ext-item-content\">Konwersatorium wydzia\u0142owe\r\n  \r\nDnia 2021-10-19 o godzinie 13:15 odb\u0119dzie si\u0119 wyk\u0142ad , na kt\u00f3rym dr hab. Tomasz Karpiuk z Katedry Astrofizyki i Fizyki Teoretycznej Wydzia\u0142u Fizyki UwB,  wyg\u0142osi wyk\u0142ad pt: \r\n\r\n\"Rozerwanie atomowego kar\u0142a przez sztuczn\u0105...<\/div><\/div>\n<div class=\"page-list-ext-item\"><div class=\"page-list-ext-image\"><a href=\"https:\/\/physics.uwb.edu.pl\/wf\/?page_id=12857\" title=\"Informacja o budynku Obserwatorium - Planetarium \u2013 jego funkcji, pomieszczeniach i wyposa\u017ceniu.\"><img decoding=\"async\" src=\"https:\/\/physics.uwb.edu.pl\/wf\/wp-content\/uploads\/2016\/10\/seminar-150x62.png\" width=\"150\" alt=\"Informacja o budynku Obserwatorium - Planetarium \u2013 jego funkcji, pomieszczeniach i wyposa\u017ceniu.\" \/><\/a><\/div> <h3 class=\"page-list-ext-title\"><a href=\"https:\/\/physics.uwb.edu.pl\/wf\/?page_id=12857\" title=\"Informacja o budynku Obserwatorium - Planetarium \u2013 jego funkcji, pomieszczeniach i wyposa\u017ceniu.\">Informacja o budynku Obserwatorium - Planetarium \u2013 jego funkcji, pomieszczeniach i wyposa\u017ceniu.<\/a><\/h3><div class=\"page-list-ext-item-content\">Seminarium wydzia\u0142owe\r\n  \r\nDnia 2021.10.12 (wtorek)&nbsp; o godzinie 13.15, odb\u0119dzie si\u0119 wyk\u0142ad Wydzia\u0142u Fizyki na kt\u00f3rym Andrzej Branicki z Wydzia\u0142u Fizyki UwB  wyg\u0142osi wyk\u0142ad pt.: \r\n\r\n\u201eInformacje o budynku Obserwatorium-Planetarium \u2013 jego funkcji, pom...<\/div><\/div>\n<div class=\"page-list-ext-item\"><div class=\"page-list-ext-image\"><a href=\"https:\/\/physics.uwb.edu.pl\/wf\/?page_id=12265\" title=\"KOPOLIMERY BLOKOWE Z UGRUPOWANIAMI LIPIDOWYMI \u2013 SYNTEZEA I ZASTOSOWANIE\"><img decoding=\"async\" src=\"https:\/\/physics.uwb.edu.pl\/wf\/wp-content\/uploads\/2016\/10\/seminar-150x62.png\" width=\"150\" alt=\"KOPOLIMERY BLOKOWE Z UGRUPOWANIAMI LIPIDOWYMI \u2013 SYNTEZEA I ZASTOSOWANIE\" \/><\/a><\/div> <h3 class=\"page-list-ext-title\"><a href=\"https:\/\/physics.uwb.edu.pl\/wf\/?page_id=12265\" title=\"KOPOLIMERY BLOKOWE Z UGRUPOWANIAMI LIPIDOWYMI \u2013 SYNTEZEA I ZASTOSOWANIE\">KOPOLIMERY BLOKOWE Z UGRUPOWANIAMI LIPIDOWYMI \u2013 SYNTEZEA I ZASTOSOWANIE<\/a><\/h3><div class=\"page-list-ext-item-content\">Seminarium wydzia\u0142owe (online)  \r\nDnia 2021.06.15 (wtorek)&nbsp; o godzinie 13.15, odb\u0119dzie si\u0119 wyk\u0142ad (seminarium odb\u0119dzie si\u0119 \u201eonline\u201d z wykorzystaniem platformy ZOOM)  Wydzia\u0142u Fizyki na kt\u00f3rym&nbsp;dr hab. Agnieszka Z. Wilczewska, prof. UwB (laurea...<\/div><\/div>\n<div class=\"page-list-ext-item\"><div class=\"page-list-ext-image\"><a href=\"https:\/\/physics.uwb.edu.pl\/wf\/?page_id=12226\" title=\"Kierunki najnowszych bada\u0144 prowadzonych w Instytucie In\u017cynierii Mechanicznej Wydzia\u0142u Mechanicznego Politechniki Bia\u0142ostockiej\"><img decoding=\"async\" src=\"https:\/\/physics.uwb.edu.pl\/wf\/wp-content\/uploads\/2016\/10\/seminar-150x62.png\" width=\"150\" alt=\"Kierunki najnowszych bada\u0144 prowadzonych w Instytucie In\u017cynierii Mechanicznej Wydzia\u0142u Mechanicznego Politechniki Bia\u0142ostockiej\" \/><\/a><\/div> <h3 class=\"page-list-ext-title\"><a href=\"https:\/\/physics.uwb.edu.pl\/wf\/?page_id=12226\" title=\"Kierunki najnowszych bada\u0144 prowadzonych w Instytucie In\u017cynierii Mechanicznej Wydzia\u0142u Mechanicznego Politechniki Bia\u0142ostockiej\">Kierunki najnowszych bada\u0144 prowadzonych w Instytucie In\u017cynierii Mechanicznej Wydzia\u0142u Mechanicznego Politechniki Bia\u0142ostockiej<\/a><\/h3><div class=\"page-list-ext-item-content\">Seminarium wydzia\u0142owe (online)  \r\nDnia 2021.06.08&nbsp; o godzinie 13.15, odb\u0119dzie si\u0119 wyk\u0142ad (seminarium odb\u0119dzie si\u0119 \u201eonline\u201d z wykorzystaniem platformy ZOOM)  Wydzia\u0142u Fizyki na kt\u00f3rym Prof. dr hab. in\u017c. Krzysztof J. Kurzyd\u0142owski Dyrektor Instytutu In\u017c...<\/div><\/div>\n<div class=\"page-list-ext-item\"><div class=\"page-list-ext-image\"><a href=\"https:\/\/physics.uwb.edu.pl\/wf\/?page_id=12252\" title=\"Zaproszenie na seminarium doktoranckie\"><img decoding=\"async\" src=\"https:\/\/physics.uwb.edu.pl\/wf\/wp-content\/uploads\/2019\/06\/Szkola_doktorska-150x51.png\" width=\"150\" alt=\"Zaproszenie na seminarium doktoranckie\" \/><\/a><\/div> <h3 class=\"page-list-ext-title\"><a href=\"https:\/\/physics.uwb.edu.pl\/wf\/?page_id=12252\" title=\"Zaproszenie na seminarium doktoranckie\">Zaproszenie na seminarium doktoranckie<\/a><\/h3><div class=\"page-list-ext-item-content\">Dyrektor Szko\u0142y Doktorskiej Nauk \u015acis\u0142ych i Przyrodniczych UwB dr hab. Monika Naumowicz, prof. UwB serdecznie zaprasza w dniach 07-09.06.2021 r. o godzinie 9:00 na SEMINARIUM DOKTORANCKIE na platformie Blackboard.  \r\nHarmonogram wyst\u0105pie\u0144 jest poni\u017cej.\r\n  \r\nWy...<\/div><\/div>\n<div class=\"page-list-ext-item\"><div class=\"page-list-ext-image\"><a href=\"https:\/\/physics.uwb.edu.pl\/wf\/?page_id=12200\" title=\"Badania spektralne fotoindukowanego prze\u0142\u0105czenia magnetyzacji w warstwie YIG:Co\"><img decoding=\"async\" src=\"https:\/\/physics.uwb.edu.pl\/wf\/wp-content\/uploads\/2016\/10\/seminar-150x62.png\" width=\"150\" alt=\"Badania spektralne fotoindukowanego prze\u0142\u0105czenia magnetyzacji w warstwie YIG:Co\" \/><\/a><\/div> <h3 class=\"page-list-ext-title\"><a href=\"https:\/\/physics.uwb.edu.pl\/wf\/?page_id=12200\" title=\"Badania spektralne fotoindukowanego prze\u0142\u0105czenia magnetyzacji w warstwie YIG:Co\">Badania spektralne fotoindukowanego prze\u0142\u0105czenia magnetyzacji w warstwie YIG:Co<\/a><\/h3><div class=\"page-list-ext-item-content\">Seminarium wydzia\u0142owe (online )\r\n  \r\nDnia 2021-06-01 o godzinie 14:15 odb\u0119dzie si\u0119 wyk\u0142ad (seminarium odb\u0119dzie si\u0119 \u201eonline\u201d z wykorzystaniem platformy ZOOM) , na kt\u00f3rym  mgr Antoni Frej z Katedry Fizyki Magnetyk\u00f3w Wydzia\u0142u Fizyki Uniwersytetu w Bia\u0142ymstok...<\/div><\/div>\n<div class=\"page-list-ext-item\"><div class=\"page-list-ext-image\"><a href=\"https:\/\/physics.uwb.edu.pl\/wf\/?page_id=12160\" title=\"Zastosowanie druku 3D do kszta\u0142towania wi\u0105zki promieniowania terahercowego\"><img decoding=\"async\" src=\"https:\/\/physics.uwb.edu.pl\/wf\/wp-content\/uploads\/2016\/10\/seminar-150x62.png\" width=\"150\" alt=\"Zastosowanie druku 3D do kszta\u0142towania wi\u0105zki promieniowania terahercowego\" \/><\/a><\/div> <h3 class=\"page-list-ext-title\"><a href=\"https:\/\/physics.uwb.edu.pl\/wf\/?page_id=12160\" title=\"Zastosowanie druku 3D do kszta\u0142towania wi\u0105zki promieniowania terahercowego\">Zastosowanie druku 3D do kszta\u0142towania wi\u0105zki promieniowania terahercowego<\/a><\/h3><div class=\"page-list-ext-item-content\">Seminarium wydzia\u0142owe (online )\r\n  \r\nDnia 2021-05-25 o godzinie 13:15 odb\u0119dzie si\u0119 wyk\u0142ad (seminarium odb\u0119dzie si\u0119 \u201eonline\u201d z wykorzystaniem platformy ZOOM) , na kt\u00f3rym  dr Jaros\u0142aw Bomba z Wydzia\u0142u Fizyki Uniwersytetu w Bia\u0142ymstoku wyg\u0142osi wyk\u0142ad pt: \r\n\r...<\/div><\/div>\n<div class=\"page-list-ext-item\"><div class=\"page-list-ext-image\"><a href=\"https:\/\/physics.uwb.edu.pl\/wf\/?page_id=12134\" title=\"Phonon -Magnon interactions in CoFeB\/Au multilayers\"><img decoding=\"async\" src=\"https:\/\/physics.uwb.edu.pl\/wf\/wp-content\/uploads\/2016\/10\/seminar-150x62.png\" width=\"150\" alt=\"Phonon -Magnon interactions in CoFeB\/Au multilayers\" \/><\/a><\/div> <h3 class=\"page-list-ext-title\"><a href=\"https:\/\/physics.uwb.edu.pl\/wf\/?page_id=12134\" title=\"Phonon -Magnon interactions in CoFeB\/Au multilayers\">Phonon -Magnon interactions in CoFeB\/Au multilayers<\/a><\/h3><div class=\"page-list-ext-item-content\">Seminarium wydzia\u0142owe (online )\r\n  \r\nDnia 2021-05-18 o godzinie 14:15 odb\u0119dzie si\u0119 wyk\u0142ad (seminarium odb\u0119dzie si\u0119 \u201eonline\u201d z wykorzystaniem platformy ZOOM) , na kt\u00f3rym  mgr Nandan K. P. Babu z Wydzia\u0142u Fizyki Uniwersytetu im. Adama Mickiewicza w Poznaniu ...<\/div><\/div>\n<div class=\"page-list-ext-item\"><div class=\"page-list-ext-image\"><a href=\"https:\/\/physics.uwb.edu.pl\/wf\/?page_id=12129\" title=\"Wizualizacja zjawisk fizycznych z wykorzystaniem biblioteki Box2D\"><img decoding=\"async\" src=\"https:\/\/physics.uwb.edu.pl\/wf\/wp-content\/uploads\/2016\/10\/seminar-150x62.png\" width=\"150\" alt=\"Wizualizacja zjawisk fizycznych z wykorzystaniem biblioteki Box2D\" \/><\/a><\/div> <h3 class=\"page-list-ext-title\"><a href=\"https:\/\/physics.uwb.edu.pl\/wf\/?page_id=12129\" title=\"Wizualizacja zjawisk fizycznych z wykorzystaniem biblioteki Box2D\">Wizualizacja zjawisk fizycznych z wykorzystaniem biblioteki Box2D<\/a><\/h3><div class=\"page-list-ext-item-content\">Seminarium wydzia\u0142owe (online )\r\n  \r\nDnia 2021-05-18 o godzinie 12:15 odb\u0119dzie si\u0119 wyk\u0142ad (seminarium odb\u0119dzie si\u0119 \u201eonline\u201d z wykorzystaniem platformy ZOOM ), na kt\u00f3rym  dr Andrzej Pisarski z Katedry Astrofizyki i Fizyki Teoretycznej,  wyg\u0142osi wyk\u0142ad pt: ...<\/div><\/div>\n<div class=\"page-list-ext-item\"><div class=\"page-list-ext-image\"><a href=\"https:\/\/physics.uwb.edu.pl\/wf\/?page_id=12095\" title=\"Spin distillation cooling of ultracold Bose gases\"><img decoding=\"async\" src=\"https:\/\/physics.uwb.edu.pl\/wf\/wp-content\/uploads\/2018\/10\/konwersatorium.svg-150x44.png\" width=\"150\" alt=\"Spin distillation cooling of ultracold Bose gases\" \/><\/a><\/div> <h3 class=\"page-list-ext-title\"><a href=\"https:\/\/physics.uwb.edu.pl\/wf\/?page_id=12095\" title=\"Spin distillation cooling of ultracold Bose gases\">Spin distillation cooling of ultracold Bose gases<\/a><\/h3><div class=\"page-list-ext-item-content\">Konwersatorium wydzia\u0142owe (online )\r\n  \r\nDnia 2021-05-11 o godzinie 13:15 odb\u0119dzie si\u0119 wyk\u0142ad (seminarium odb\u0119dzie si\u0119 \u201eonline\u201d z wykorzystaniem platformy ZOOM ), na kt\u00f3rym dr hab. Piotr Deuar z Instytutu Fizyki PAN Warszawa,  wyg\u0142osi wyk\u0142ad pt: \r\n\r\n\"Spi...<\/div><\/div>\n<div class=\"page-list-ext-item\"><div class=\"page-list-ext-image\"><a href=\"https:\/\/physics.uwb.edu.pl\/wf\/?page_id=12051\" title=\"Astronomia fal grawitacyjnych 2015-2021\"><img decoding=\"async\" src=\"https:\/\/physics.uwb.edu.pl\/wf\/wp-content\/uploads\/2018\/10\/konwersatorium.svg-150x44.png\" width=\"150\" alt=\"Astronomia fal grawitacyjnych 2015-2021\" \/><\/a><\/div> <h3 class=\"page-list-ext-title\"><a href=\"https:\/\/physics.uwb.edu.pl\/wf\/?page_id=12051\" title=\"Astronomia fal grawitacyjnych 2015-2021\">Astronomia fal grawitacyjnych 2015-2021<\/a><\/h3><div class=\"page-list-ext-item-content\">Konwersatorium wydzia\u0142owe (online )\r\n  \r\nDnia 2021-04-27 o godzinie 13:15 odb\u0119dzie si\u0119 wyk\u0142ad (seminarium odb\u0119dzie si\u0119 \u201eonline\u201d z wykorzystaniem platformy ZOOM ), na kt\u00f3rym prof. dr hab. Piotr Jaranowski z Pracownii Astronomii i Astrofizyki,  Katedra A...<\/div><\/div>\n<div class=\"page-list-ext-item\"><div class=\"page-list-ext-image\"><a href=\"https:\/\/physics.uwb.edu.pl\/wf\/?page_id=12041\" title=\"Spin-current and exchange coupling in MgO-based magnetic tunnel junctions\"><img decoding=\"async\" src=\"https:\/\/physics.uwb.edu.pl\/wf\/wp-content\/uploads\/2016\/10\/seminar-150x62.png\" width=\"150\" alt=\"Spin-current and exchange coupling in MgO-based magnetic tunnel junctions\" \/><\/a><\/div> <h3 class=\"page-list-ext-title\"><a href=\"https:\/\/physics.uwb.edu.pl\/wf\/?page_id=12041\" title=\"Spin-current and exchange coupling in MgO-based magnetic tunnel junctions\">Spin-current and exchange coupling in MgO-based magnetic tunnel junctions<\/a><\/h3><div class=\"page-list-ext-item-content\">Seminarium wydzia\u0142owe (online )\r\n  \r\nDnia 2021-04-20 o godzinie 14:15 odb\u0119dzie si\u0119 wyk\u0142ad (seminarium odb\u0119dzie si\u0119 \u201eonline\u201d z wykorzystaniem platformy ZOOM) , na kt\u00f3rym  mgr \u0141ukasz Gladczuk z Clarendon Laboratory, Department of Physics, University of Oxford o...<\/div><\/div>\n<div class=\"page-list-ext-item\"><div class=\"page-list-ext-image\"><a href=\"https:\/\/physics.uwb.edu.pl\/wf\/?page_id=12013\" title=\"Dynamika magnetyzacji indukowana impulsami laserowymi w warstwach stopu Heuslera Ni-Mn-Sn\"><img decoding=\"async\" src=\"https:\/\/physics.uwb.edu.pl\/wf\/wp-content\/uploads\/2016\/10\/seminar-150x62.png\" width=\"150\" alt=\"Dynamika magnetyzacji indukowana impulsami laserowymi w warstwach stopu Heuslera Ni-Mn-Sn\" \/><\/a><\/div> <h3 class=\"page-list-ext-title\"><a href=\"https:\/\/physics.uwb.edu.pl\/wf\/?page_id=12013\" title=\"Dynamika magnetyzacji indukowana impulsami laserowymi w warstwach stopu Heuslera Ni-Mn-Sn\">Dynamika magnetyzacji indukowana impulsami laserowymi w warstwach stopu Heuslera Ni-Mn-Sn<\/a><\/h3><div class=\"page-list-ext-item-content\">Seminarium wydzia\u0142owe (online )\r\n  \r\nDnia 2021-04-13 o godzinie 14:15 odb\u0119dzie si\u0119 wyk\u0142ad (seminarium odb\u0119dzie si\u0119 \u201eonline\u201d z wykorzystaniem platformy ZOOM) , na kt\u00f3rym  dr Adam Bonda z Katedry Fizyki Magnetyk\u00f3w, Wydzia\u0142u Fizyki UwB  wyg\u0142osi wyk\u0142ad pt: \r\n...<\/div><\/div>\n<div class=\"page-list-ext-item\"><div class=\"page-list-ext-image\"><a href=\"https:\/\/physics.uwb.edu.pl\/wf\/?page_id=11974\" title=\"Magnetization processes and magnetic domain structures in Ta\/CoEeB\/MgO stacks\"><img decoding=\"async\" src=\"https:\/\/physics.uwb.edu.pl\/wf\/wp-content\/uploads\/2018\/10\/konwersatorium.svg-150x44.png\" width=\"150\" alt=\"Magnetization processes and magnetic domain structures in Ta\/CoEeB\/MgO stacks\" \/><\/a><\/div> <h3 class=\"page-list-ext-title\"><a href=\"https:\/\/physics.uwb.edu.pl\/wf\/?page_id=11974\" title=\"Magnetization processes and magnetic domain structures in Ta\/CoEeB\/MgO stacks\">Magnetization processes and magnetic domain structures in Ta\/CoEeB\/MgO stacks<\/a><\/h3><div class=\"page-list-ext-item-content\">Konwersatorium wydzia\u0142owe (online )\r\n  \r\nDnia 2021-03-30 o godzinie 14:15 odb\u0119dzie si\u0119 wyk\u0142ad (seminarium odb\u0119dzie si\u0119 \u201eonline\u201d z wykorzystaniem platformy ZOOM ), na kt\u00f3rym mgr Anuj Kumar Dhiman (doktorant III roku studi\u00f3w) z Katedry Fizyki Magnetyk\u00f3w ...<\/div><\/div>\n<div class=\"page-list-ext-item\"><div class=\"page-list-ext-image\"><a href=\"https:\/\/physics.uwb.edu.pl\/wf\/?page_id=11921\" title=\"Wykorzystanie cienkich warstw do magnetoforezy cz\u0105stek magnetycznych\"><img decoding=\"async\" src=\"https:\/\/physics.uwb.edu.pl\/wf\/wp-content\/uploads\/2018\/10\/konwersatorium.svg-150x44.png\" width=\"150\" alt=\"Wykorzystanie cienkich warstw do magnetoforezy cz\u0105stek magnetycznych\" \/><\/a><\/div> <h3 class=\"page-list-ext-title\"><a href=\"https:\/\/physics.uwb.edu.pl\/wf\/?page_id=11921\" title=\"Wykorzystanie cienkich warstw do magnetoforezy cz\u0105stek magnetycznych\">Wykorzystanie cienkich warstw do magnetoforezy cz\u0105stek magnetycznych<\/a><\/h3><div class=\"page-list-ext-item-content\">Konwersatorium wydzia\u0142owe (online )\r\n  \r\nDnia 2021-03-16 o godzinie 13:15 odb\u0119dzie si\u0119 wyk\u0142ad (seminarium odb\u0119dzie si\u0119 \u201eonline\u201d z wykorzystaniem platformy ZOOM ), na kt\u00f3rym  dr hab. Maciej Urbaniak z Instytutu Fizyki Molekularnej PAN w Poznaniu,  wyg\u0142osi w...<\/div><\/div>\n<div class=\"page-list-ext-item\"><div class=\"page-list-ext-image\"><a href=\"https:\/\/physics.uwb.edu.pl\/wf\/?page_id=11896\" title=\"Uporz\u0105dkowanie magnetyczne w strukturach o zakrzywionej powierzchni\"><img decoding=\"async\" src=\"https:\/\/physics.uwb.edu.pl\/wf\/wp-content\/uploads\/2018\/10\/konwersatorium.svg-150x44.png\" width=\"150\" alt=\"Uporz\u0105dkowanie magnetyczne w strukturach o zakrzywionej powierzchni\" \/><\/a><\/div> <h3 class=\"page-list-ext-title\"><a href=\"https:\/\/physics.uwb.edu.pl\/wf\/?page_id=11896\" title=\"Uporz\u0105dkowanie magnetyczne w strukturach o zakrzywionej powierzchni\">Uporz\u0105dkowanie magnetyczne w strukturach o zakrzywionej powierzchni<\/a><\/h3><div class=\"page-list-ext-item-content\">Konwersatorium wydzia\u0142owe (online )\r\n  \r\nDnia 2021-03-09 o godzinie 13:15 odb\u0119dzie si\u0119 seminarium \"on-line\" (seminarium online odb\u0119dzie si\u0119 z wykorzystaniem platformy ZOOM ): \r\n\r\n\"Uporz\u0105dkowanie magnetyczne w strukturach o zakrzywionej powierzchni\"   \r\nS...<\/div><\/div>\n<div class=\"page-list-ext-item\"><div class=\"page-list-ext-image\"><a href=\"https:\/\/physics.uwb.edu.pl\/wf\/?page_id=11878\" title=\"Temperaturowa zmienno\u015b\u0107 w\u0142a\u015bciwo\u015bci magnetycznych w nanostrukturze Au\/Co\/NiO\"><img decoding=\"async\" src=\"https:\/\/physics.uwb.edu.pl\/wf\/wp-content\/uploads\/2018\/10\/konwersatorium.svg-150x44.png\" width=\"150\" alt=\"Temperaturowa zmienno\u015b\u0107 w\u0142a\u015bciwo\u015bci magnetycznych w nanostrukturze Au\/Co\/NiO\" \/><\/a><\/div> <h3 class=\"page-list-ext-title\"><a href=\"https:\/\/physics.uwb.edu.pl\/wf\/?page_id=11878\" title=\"Temperaturowa zmienno\u015b\u0107 w\u0142a\u015bciwo\u015bci magnetycznych w nanostrukturze Au\/Co\/NiO\">Temperaturowa zmienno\u015b\u0107 w\u0142a\u015bciwo\u015bci magnetycznych w nanostrukturze Au\/Co\/NiO<\/a><\/h3><div class=\"page-list-ext-item-content\">Seminarium wydzia\u0142owe (online )\r\n  \r\nDnia 2021-03-02 o godzinie 14:15 odb\u0119dzie si\u0119 seminarium \"on-line\" (seminarium online odb\u0119dzie si\u0119 z wykorzystaniem platformy ZOOM ): \r\n\r\n\"Temperaturowa zmienno\u015b\u0107 w\u0142a\u015bciwo\u015bci magnetycznych w nanostrukturze Au\/Co\/NiO...<\/div><\/div>\n<div class=\"page-list-ext-item\"><div class=\"page-list-ext-image\"><a href=\"https:\/\/physics.uwb.edu.pl\/wf\/?page_id=11868\" title=\"Energia stan\u00f3w zwi\u0105zanych dla sko\u0144czonej prostok\u0105tnej studni potencja\u0142u w 1 wymiarze - nowe spojrzenie na znany problem\"><img decoding=\"async\" src=\"https:\/\/physics.uwb.edu.pl\/wf\/wp-content\/uploads\/2016\/10\/seminar-150x62.png\" width=\"150\" alt=\"Energia stan\u00f3w zwi\u0105zanych dla sko\u0144czonej prostok\u0105tnej studni potencja\u0142u w 1 wymiarze - nowe spojrzenie na znany problem\" \/><\/a><\/div> <h3 class=\"page-list-ext-title\"><a href=\"https:\/\/physics.uwb.edu.pl\/wf\/?page_id=11868\" title=\"Energia stan\u00f3w zwi\u0105zanych dla sko\u0144czonej prostok\u0105tnej studni potencja\u0142u w 1 wymiarze - nowe spojrzenie na znany problem\">Energia stan\u00f3w zwi\u0105zanych dla sko\u0144czonej prostok\u0105tnej studni potencja\u0142u w 1 wymiarze - nowe spojrzenie na znany problem<\/a><\/h3><div class=\"page-list-ext-item-content\">Seminarium wydzia\u0142owe (online )\r\n  \r\nDnia 2021-03-02 o godzinie 12:15 odb\u0119dzie si\u0119 wyk\u0142ad (seminarium odb\u0119dzie si\u0119 \u201eonline\u201d z wykorzystaniem platformy ZOOM ), na kt\u00f3rym  dr hab. Jerzy A. Przeszowski, prof. UwB z Katedry Astrofizyki i Fizyki Teoretyczn...<\/div><\/div>\n<div class=\"page-list-ext-item\"><div class=\"page-list-ext-image\"><a href=\"https:\/\/physics.uwb.edu.pl\/wf\/?page_id=11801\" title=\"Hot electrons in metals for ultrafast magneto-photonics\"><img decoding=\"async\" src=\"https:\/\/physics.uwb.edu.pl\/wf\/wp-content\/uploads\/2018\/10\/konwersatorium.svg-150x44.png\" width=\"150\" alt=\"Hot electrons in metals for ultrafast magneto-photonics\" \/><\/a><\/div> <h3 class=\"page-list-ext-title\"><a href=\"https:\/\/physics.uwb.edu.pl\/wf\/?page_id=11801\" title=\"Hot electrons in metals for ultrafast magneto-photonics\">Hot electrons in metals for ultrafast magneto-photonics<\/a><\/h3><div class=\"page-list-ext-item-content\">Seminarium wydzia\u0142owe (online )\r\n  \r\nDnia 2021-01-26 o godzinie 13:15 odb\u0119dzie si\u0119 seminarium \"on-line\" (seminarium online odb\u0119dzie si\u0119 z wykorzystaniem platformy ZOOM ): \r\n\r\n\"Hot electrons in metals for ultrafast magneto-photonics\"   \r\nSerdecznie zapr...<\/div><\/div>\n<div class=\"page-list-ext-item\"><div class=\"page-list-ext-image\"><a href=\"https:\/\/physics.uwb.edu.pl\/wf\/?page_id=11768\" title=\"Modyfikowanie w\u0142a\u015bciwo\u015bci strukturalnych i magnetycznych ultracienkich warstw kobaltu poprzez na\u015bwietlanie wi\u0105zk\u0105 jon\u00f3w\"><img decoding=\"async\" src=\"https:\/\/physics.uwb.edu.pl\/wf\/wp-content\/uploads\/2016\/10\/seminar-150x62.png\" width=\"150\" alt=\"Modyfikowanie w\u0142a\u015bciwo\u015bci strukturalnych i magnetycznych ultracienkich warstw kobaltu poprzez na\u015bwietlanie wi\u0105zk\u0105 jon\u00f3w\" \/><\/a><\/div> <h3 class=\"page-list-ext-title\"><a href=\"https:\/\/physics.uwb.edu.pl\/wf\/?page_id=11768\" title=\"Modyfikowanie w\u0142a\u015bciwo\u015bci strukturalnych i magnetycznych ultracienkich warstw kobaltu poprzez na\u015bwietlanie wi\u0105zk\u0105 jon\u00f3w\">Modyfikowanie w\u0142a\u015bciwo\u015bci strukturalnych i magnetycznych ultracienkich warstw kobaltu poprzez na\u015bwietlanie wi\u0105zk\u0105 jon\u00f3w<\/a><\/h3><div class=\"page-list-ext-item-content\">Seminarium wydzia\u0142owe (online) \r\n  \r\nDnia 2021-01-18 o godzinie 14:15 odb\u0119dzie si\u0119 seminarium \u201eonline\u201d (z wykorzystaniem platformy ZOOM) , na kt\u00f3rym  mgr Marcin Maciej Jakubowski z Vigo System, S.A. O\u017car\u00f3w Mazowiecki wyg\u0142osi (przygotowany w Instytucie...<\/div><\/div>\n<div class=\"page-list-ext-item\"><div class=\"page-list-ext-image\"><a href=\"https:\/\/physics.uwb.edu.pl\/wf\/?page_id=11765\" title=\"Sars Cov 2 super-spreaders and super-spreading variant of concern 202012\/01\"><img decoding=\"async\" src=\"https:\/\/physics.uwb.edu.pl\/wf\/wp-content\/uploads\/2021\/01\/25.01-Konwersatorium-150x104.jpg\" width=\"150\" alt=\"Sars Cov 2 super-spreaders and super-spreading variant of concern 202012\/01\" \/><\/a><\/div> <h3 class=\"page-list-ext-title\"><a href=\"https:\/\/physics.uwb.edu.pl\/wf\/?page_id=11765\" title=\"Sars Cov 2 super-spreaders and super-spreading variant of concern 202012\/01\">Sars Cov 2 super-spreaders and super-spreading variant of concern 202012\/01<\/a><\/h3><div class=\"page-list-ext-item-content\">Szanowni Pa\u0144stwo,\r\npierwsze w roku 2021 Konwersatorium im. Jerzego Pniewskiego i Leopolda Infelda Wydzia\u0142u Fizyki UW odb\u0119dzie si\u0119 w poniedzia\u0142ek, 25 STYCZNIA, o godz. 16.30.\r\n\r\nTym razem b\u0119dziemy mieli przyjemno\u015b\u0107 wys\u0142uchania wyk\u0142adu PROF. TOMASZA LIPNIACKI...<\/div><\/div>\n<div class=\"page-list-ext-item\"><div class=\"page-list-ext-image\"><a href=\"https:\/\/physics.uwb.edu.pl\/wf\/?page_id=11688\" title=\"Profesor dr hab. Eugeniusz \u017bukowski - 50 lat wsp\u00f3\u0142tworzenia uniwersyteckiej fizyki w Bia\u0142ymstoku\"><img decoding=\"async\" src=\"https:\/\/physics.uwb.edu.pl\/wf\/wp-content\/uploads\/2018\/10\/konwersatorium.svg-150x44.png\" width=\"150\" alt=\"Profesor dr hab. Eugeniusz \u017bukowski - 50 lat wsp\u00f3\u0142tworzenia uniwersyteckiej fizyki w Bia\u0142ymstoku\" \/><\/a><\/div> <h3 class=\"page-list-ext-title\"><a href=\"https:\/\/physics.uwb.edu.pl\/wf\/?page_id=11688\" title=\"Profesor dr hab. Eugeniusz \u017bukowski - 50 lat wsp\u00f3\u0142tworzenia uniwersyteckiej fizyki w Bia\u0142ymstoku\">Profesor dr hab. Eugeniusz \u017bukowski - 50 lat wsp\u00f3\u0142tworzenia uniwersyteckiej fizyki w Bia\u0142ymstoku<\/a><\/h3><div class=\"page-list-ext-item-content\">Seminarium wydzia\u0142owe (online )\r\n  \r\nDnia 2020-12-15 o godzinie 12:15 odb\u0119dzie si\u0119 seminarium hybrydowe (seminarium online odb\u0119dzie si\u0119 z wykorzystaniem platformy ZOOM ): \r\n\r\n\"Profesor dr hab. Eugeniusz \u017bukowski - 50 lat wsp\u00f3\u0142tworzenia uniwersyteckiej fizyki ...<\/div><\/div>\n<div class=\"page-list-ext-item\"><div class=\"page-list-ext-image\"><a href=\"https:\/\/physics.uwb.edu.pl\/wf\/?page_id=11676\" title=\"Nagroda Nobla z fizyki 2020\"><img decoding=\"async\" src=\"https:\/\/physics.uwb.edu.pl\/wf\/wp-content\/uploads\/2018\/10\/konwersatorium.svg-150x44.png\" width=\"150\" alt=\"Nagroda Nobla z fizyki 2020\" \/><\/a><\/div> <h3 class=\"page-list-ext-title\"><a href=\"https:\/\/physics.uwb.edu.pl\/wf\/?page_id=11676\" title=\"Nagroda Nobla z fizyki 2020\">Nagroda Nobla z fizyki 2020<\/a><\/h3><div class=\"page-list-ext-item-content\">Konwersatorium wydzia\u0142owe (online )\r\n  \r\nDnia 2020-12-08 o godzinie 13:15 odb\u0119dzie si\u0119 wyk\u0142ad (konwersatorium odb\u0119dzie si\u0119 \u201eonline\u201d z wykorzystaniem platformy ZOOM ), na kt\u00f3rym prof. dr hab. Piotr Jaranowski z Katedry Astrofizyki i Fizyki Teoretycznej, Wydzia\u0142u F...<\/div><\/div>\n<div class=\"page-list-ext-item\"><div class=\"page-list-ext-image\"><a href=\"https:\/\/physics.uwb.edu.pl\/wf\/?page_id=11649\" title=\"Femto-magnetism meets spintronics: Towards integrated magneto-photonics\"><img decoding=\"async\" src=\"https:\/\/physics.uwb.edu.pl\/wf\/wp-content\/uploads\/2016\/10\/seminar-150x62.png\" width=\"150\" alt=\"Femto-magnetism meets spintronics: Towards integrated magneto-photonics\" \/><\/a><\/div> <h3 class=\"page-list-ext-title\"><a href=\"https:\/\/physics.uwb.edu.pl\/wf\/?page_id=11649\" title=\"Femto-magnetism meets spintronics: Towards integrated magneto-photonics\">Femto-magnetism meets spintronics: Towards integrated magneto-photonics<\/a><\/h3><div class=\"page-list-ext-item-content\">Seminarium wydzia\u0142owe (online )\r\n  \r\nDnia 2020-12-01 o godzinie 14:15 odb\u0119dzie si\u0119 wyk\u0142ad (seminarium odb\u0119dzie si\u0119 \u201eonline\u201d z wykorzystaniem platformy ZOOM) , na kt\u00f3rym  prof. Bert Koopmans z Eindhoven University of Technology, The Netherlands (IEEE MAGN...<\/div><\/div>\n<div class=\"page-list-ext-item\"><div class=\"page-list-ext-image\"><a href=\"https:\/\/physics.uwb.edu.pl\/wf\/?page_id=11644\" title=\"Wi\u0119zy i oddzia\u0142ywania w kwantowaniu modelu Yukawy na froncie \u015bwietlnym\"><img decoding=\"async\" src=\"https:\/\/physics.uwb.edu.pl\/wf\/wp-content\/uploads\/2016\/10\/seminar-150x62.png\" width=\"150\" alt=\"Wi\u0119zy i oddzia\u0142ywania w kwantowaniu modelu Yukawy na froncie \u015bwietlnym\" \/><\/a><\/div> <h3 class=\"page-list-ext-title\"><a href=\"https:\/\/physics.uwb.edu.pl\/wf\/?page_id=11644\" title=\"Wi\u0119zy i oddzia\u0142ywania w kwantowaniu modelu Yukawy na froncie \u015bwietlnym\">Wi\u0119zy i oddzia\u0142ywania w kwantowaniu modelu Yukawy na froncie \u015bwietlnym<\/a><\/h3><div class=\"page-list-ext-item-content\">Seminarium wydzia\u0142owe (online )\r\n  \r\nDnia 2020-12-01 o godzinie 12:00 odb\u0119dzie si\u0119 wyk\u0142ad (seminarium odb\u0119dzie si\u0119 \u201eonline\u201d z wykorzystaniem platformy ZOOM ), na kt\u00f3rym  dr Jan \u017bochowski z Katedry Astrofizyki i Fizyki Teoretycznej,  wyg\u0142osi wyk\u0142ad pt: \r...<\/div><\/div>\n<div class=\"page-list-ext-item\"><div class=\"page-list-ext-image\"><a href=\"https:\/\/physics.uwb.edu.pl\/wf\/?page_id=11617\" title=\"Modelowanie pandemii COVID-19\"><img decoding=\"async\" src=\"https:\/\/physics.uwb.edu.pl\/wf\/wp-content\/uploads\/2018\/10\/konwersatorium.svg-150x44.png\" width=\"150\" alt=\"Modelowanie pandemii COVID-19\" \/><\/a><\/div> <h3 class=\"page-list-ext-title\"><a href=\"https:\/\/physics.uwb.edu.pl\/wf\/?page_id=11617\" title=\"Modelowanie pandemii COVID-19\">Modelowanie pandemii COVID-19<\/a><\/h3><div class=\"page-list-ext-item-content\">Konwersatorium wydzia\u0142owe (online )\r\n  \r\nDnia 2020-11-24 o godzinie 13:15 odb\u0119dzie si\u0119 wyk\u0142ad (konwersatorium odb\u0119dzie si\u0119 \u201eonline\u201d z wykorzystaniem platformy ZOOM) , na kt\u00f3rym dr Jan Kisielewski z Katedry Fizyki Magnetyk\u00f3w, Wydzia\u0142u Fizyki, UwB  wyg\u0142osi...<\/div><\/div>\n<div class=\"page-list-ext-item\"><div class=\"page-list-ext-image\"><a href=\"https:\/\/physics.uwb.edu.pl\/wf\/?page_id=11611\" title=\"Metody wielopunktowe i obrazowanie oporno\u015bci powierzchniowej\"><img decoding=\"async\" src=\"https:\/\/physics.uwb.edu.pl\/wf\/wp-content\/uploads\/2018\/10\/konwersatorium.svg-150x44.png\" width=\"150\" alt=\"Metody wielopunktowe i obrazowanie oporno\u015bci powierzchniowej\" \/><\/a><\/div> <h3 class=\"page-list-ext-title\"><a href=\"https:\/\/physics.uwb.edu.pl\/wf\/?page_id=11611\" title=\"Metody wielopunktowe i obrazowanie oporno\u015bci powierzchniowej\">Metody wielopunktowe i obrazowanie oporno\u015bci powierzchniowej<\/a><\/h3><div class=\"page-list-ext-item-content\">Konwersatorium wydzia\u0142owe (online )\r\n  \r\nDnia 2020-11-17 o godzinie 13:15 odb\u0119dzie si\u0119 wyk\u0142ad (konwersatorium odb\u0119dzie si\u0119 \u201eonline\u201d z wykorzystaniem platformy ZOOM ), na kt\u00f3rym prof. dr hab. Krzysztof Szyma\u0144ski z Katedry Fizyki Materii Skondensowanej, Wydzia\u0142u Fi...<\/div><\/div>\n<div class=\"page-list-ext-item\"><div class=\"page-list-ext-image\"><a href=\"https:\/\/physics.uwb.edu.pl\/wf\/?page_id=11590\" title=\"Berezinskii-Kosterlitz-Thouless phase\"><img decoding=\"async\" src=\"https:\/\/physics.uwb.edu.pl\/wf\/wp-content\/uploads\/2018\/10\/konwersatorium.svg-150x44.png\" width=\"150\" alt=\"Berezinskii-Kosterlitz-Thouless phase\" \/><\/a><\/div> <h3 class=\"page-list-ext-title\"><a href=\"https:\/\/physics.uwb.edu.pl\/wf\/?page_id=11590\" title=\"Berezinskii-Kosterlitz-Thouless phase\">Berezinskii-Kosterlitz-Thouless phase<\/a><\/h3><div class=\"page-list-ext-item-content\">Konwersatorium wydzia\u0142owe (online )\r\n  \r\nDnia 2020-11-10 o godzinie 13:15 odb\u0119dzie si\u0119 wyk\u0142ad (konwersatorium odb\u0119dzie si\u0119 \u201eonline\u201d z wykorzystaniem platformy ZOOM ), na kt\u00f3rym dr Krzysztof Gawryluk z Katedry Astrofizyki i Fizyki Teoretycznej  wyg\u0142osi w...<\/div><\/div>\n<div class=\"page-list-ext-item\"><div class=\"page-list-ext-image\"><a href=\"https:\/\/physics.uwb.edu.pl\/wf\/?page_id=11508\" title=\"Magnetization Dynamics and Damping\"><img decoding=\"async\" src=\"https:\/\/physics.uwb.edu.pl\/wf\/wp-content\/uploads\/2016\/10\/seminar-150x62.png\" width=\"150\" alt=\"Magnetization Dynamics and Damping\" \/><\/a><\/div> <h3 class=\"page-list-ext-title\"><a href=\"https:\/\/physics.uwb.edu.pl\/wf\/?page_id=11508\" title=\"Magnetization Dynamics and Damping\">Magnetization Dynamics and Damping<\/a><\/h3><div class=\"page-list-ext-item-content\">Seminarium wydzia\u0142owe (online )\r\n  \r\nDnia 2020-10-27 o godzinie 13:15 odb\u0119dzie si\u0119 wyk\u0142ad (seminarium odb\u0119dzie si\u0119 \u201eonline\u201d z wykorzystaniem platformy ZOOM ), na kt\u00f3rym  prof. dr Tim Mewes (2020 DISTINGUISHED LECTURERS, IEEE MAGNETRICS) z University of Alabama...<\/div><\/div>\n<div class=\"page-list-ext-item\"><div class=\"page-list-ext-image\"><a href=\"https:\/\/physics.uwb.edu.pl\/wf\/?page_id=11467\" title=\"Uroczyste seminarium\"><img decoding=\"async\" src=\"https:\/\/physics.uwb.edu.pl\/wf\/wp-content\/uploads\/2016\/10\/seminar-150x62.png\" width=\"150\" alt=\"Uroczyste seminarium\" \/><\/a><\/div> <h3 class=\"page-list-ext-title\"><a href=\"https:\/\/physics.uwb.edu.pl\/wf\/?page_id=11467\" title=\"Uroczyste seminarium\">Uroczyste seminarium<\/a><\/h3><div class=\"page-list-ext-item-content\">Seminarium wydzia\u0142owe (online)\r\n  \r\nW dniu 20 pa\u017adziernika 2020 roku o godzinie 12.15 w sali 2011 rozpocznie si\u0119 uroczyste seminarium (r\u00f3wnie\u017c online) w zwi\u0105zku z zako\u0144czeniem pracy na Wydziale Fizyki Uniwersytetu w Bia\u0142ymstoku prof. dr hab. Eugeniusza \u017bukowsk...<\/div><\/div>\n<div class=\"page-list-ext-item\"><div class=\"page-list-ext-image\"><a href=\"https:\/\/physics.uwb.edu.pl\/wf\/?page_id=11384\" title=\"Klimat, energetyka \u2026 i zdrowy rozs\u0105dek\"><img decoding=\"async\" src=\"https:\/\/physics.uwb.edu.pl\/wf\/wp-content\/uploads\/2018\/10\/konwersatorium.svg-150x44.png\" width=\"150\" alt=\"Klimat, energetyka \u2026 i zdrowy rozs\u0105dek\" \/><\/a><\/div> <h3 class=\"page-list-ext-title\"><a href=\"https:\/\/physics.uwb.edu.pl\/wf\/?page_id=11384\" title=\"Klimat, energetyka \u2026 i zdrowy rozs\u0105dek\">Klimat, energetyka \u2026 i zdrowy rozs\u0105dek<\/a><\/h3><div class=\"page-list-ext-item-content\">\r\nKonwersatorium wydzia\u0142owe (online )  \r\n\r\n\r\n\r\nDnia 2020-10-13 o godzinie 13:15 w sali 2011 (r\u00f3wnie\u017c online  ) Wydzia\u0142u Fizyki UwB odb\u0119dzie si\u0119 wyk\u0142ad, na kt\u00f3rym  prof. dr hab. Ludwik Dobrzy\u0144ski  z Narodowego Centrum Bada\u0144 J\u0105drowych w Otwocku wyg\u0142osi wy...<\/div><\/div>\n<div class=\"page-list-ext-item\"><div class=\"page-list-ext-image\"><a href=\"https:\/\/physics.uwb.edu.pl\/wf\/?page_id=11181\" title=\"Wyznaczanie masy czarnej dziury w kwazarach o s\u0142abych liniach emisyjnych\"><img decoding=\"async\" src=\"https:\/\/physics.uwb.edu.pl\/wf\/wp-content\/uploads\/2016\/10\/seminar-150x62.png\" width=\"150\" alt=\"Wyznaczanie masy czarnej dziury w kwazarach o s\u0142abych liniach emisyjnych\" \/><\/a><\/div> <h3 class=\"page-list-ext-title\"><a href=\"https:\/\/physics.uwb.edu.pl\/wf\/?page_id=11181\" title=\"Wyznaczanie masy czarnej dziury w kwazarach o s\u0142abych liniach emisyjnych\">Wyznaczanie masy czarnej dziury w kwazarach o s\u0142abych liniach emisyjnych<\/a><\/h3><div class=\"page-list-ext-item-content\">Seminarium wydzia\u0142owe\r\n  \r\nDnia 2020-06-23 o godzinie 13:15 odb\u0119dzie si\u0119 wyk\u0142ad (seminarium odb\u0119dzie si\u0119 \u201eonline\u201d z wykorzystaniem platformy ZOOM), na kt\u00f3rym mgr Marin Marculewicz doktorant IV roku z Katedry Astrofizyki i Fizyki Teoretycznej Wydzia\u0142u F...<\/div><\/div>\n<div class=\"page-list-ext-item\"><div class=\"page-list-ext-image\"><a href=\"https:\/\/physics.uwb.edu.pl\/wf\/?page_id=11160\" title=\"Zaproszenie na seminarium doktoranckie\"><img decoding=\"async\" src=\"https:\/\/physics.uwb.edu.pl\/wf\/wp-content\/uploads\/2019\/06\/Szkola_doktorska-150x51.png\" width=\"150\" alt=\"Zaproszenie na seminarium doktoranckie\" \/><\/a><\/div> <h3 class=\"page-list-ext-title\"><a href=\"https:\/\/physics.uwb.edu.pl\/wf\/?page_id=11160\" title=\"Zaproszenie na seminarium doktoranckie\">Zaproszenie na seminarium doktoranckie<\/a><\/h3><div class=\"page-list-ext-item-content\">ZAPROSZENIE NA SEMINARIUM DOKTORANCKIE \r\nDyrektor Szko\u0142y Doktorskiej Nauk \u015acis\u0142ych i Przyrodniczych UwB dr hab. Monika Naumowicz, prof. UwB serdecznie zaprasza w dniach\r\n15-16.06.2020 r.  o godzinie 10.00  na SEMINARIUM DOKTORANCKIE  na platformie Mi...<\/div><\/div>\n<div class=\"page-list-ext-item\"><div class=\"page-list-ext-image\"><a href=\"https:\/\/physics.uwb.edu.pl\/wf\/?page_id=11148\" title=\"Metoda charakterystyk polowych dla autonomicznych uk\u0142ad\u00f3w r\u00f3wna\u0144 r\u00f3\u017cniczkowych rz\u0119du drugiego\"><img decoding=\"async\" src=\"https:\/\/physics.uwb.edu.pl\/wf\/wp-content\/uploads\/2016\/10\/seminar-150x62.png\" width=\"150\" alt=\"Metoda charakterystyk polowych dla autonomicznych uk\u0142ad\u00f3w r\u00f3wna\u0144 r\u00f3\u017cniczkowych rz\u0119du drugiego\" \/><\/a><\/div> <h3 class=\"page-list-ext-title\"><a href=\"https:\/\/physics.uwb.edu.pl\/wf\/?page_id=11148\" title=\"Metoda charakterystyk polowych dla autonomicznych uk\u0142ad\u00f3w r\u00f3wna\u0144 r\u00f3\u017cniczkowych rz\u0119du drugiego\">Metoda charakterystyk polowych dla autonomicznych uk\u0142ad\u00f3w r\u00f3wna\u0144 r\u00f3\u017cniczkowych rz\u0119du drugiego<\/a><\/h3><div class=\"page-list-ext-item-content\">Seminarium wydzia\u0142owe\r\n  \r\nDnia 2020-06-02 o godzinie 13:15 odb\u0119dzie si\u0119 wyk\u0142ad (seminarium odb\u0119dzie si\u0119 \u201eonline\u201d z wykorzystaniem platformy ZOOM), na kt\u00f3rym mgr Dzianis Zhalukevich doktorant III roku z Katedry Metod Matematycznych Fizyk Wydzia\u0142u Fizyki UwB ...<\/div><\/div>\n<div class=\"page-list-ext-item\"><div class=\"page-list-ext-image\"><a href=\"https:\/\/physics.uwb.edu.pl\/wf\/?page_id=11079\" title=\"Badanie w\u0142a\u015bciwo\u015bci magnetostrukturalnych stop\u00f3w MnCoGe domieszkowanych Fe\"><img decoding=\"async\" src=\"https:\/\/physics.uwb.edu.pl\/wf\/wp-content\/uploads\/2016\/10\/seminar-150x62.png\" width=\"150\" alt=\"Badanie w\u0142a\u015bciwo\u015bci magnetostrukturalnych stop\u00f3w MnCoGe domieszkowanych Fe\" \/><\/a><\/div> <h3 class=\"page-list-ext-title\"><a href=\"https:\/\/physics.uwb.edu.pl\/wf\/?page_id=11079\" title=\"Badanie w\u0142a\u015bciwo\u015bci magnetostrukturalnych stop\u00f3w MnCoGe domieszkowanych Fe\">Badanie w\u0142a\u015bciwo\u015bci magnetostrukturalnych stop\u00f3w MnCoGe domieszkowanych Fe<\/a><\/h3><div class=\"page-list-ext-item-content\">Seminarium wydzia\u0142owe\r\n  \r\nDnia 2020-05-26 o godzinie 13:15 odb\u0119dzie si\u0119 wyk\u0142ad (seminarium odb\u0119dzie si\u0119 \u201eonline\u201d z wykorzystaniem platformy ZOOM), na kt\u00f3rym mgr Micha\u0142 Mieszczy\u0144ski doktorant III roku z Katedry Fizyki Materii Skondensowanej Wydzia\u0142u Fiz...<\/div><\/div>\n<div class=\"page-list-ext-item\"><div class=\"page-list-ext-image\"><a href=\"https:\/\/physics.uwb.edu.pl\/wf\/?page_id=11019\" title=\"LiF: Mg, Cu, P \u2013 wysokoczu\u0142y detektor termoluminescencyjny\"><img decoding=\"async\" src=\"https:\/\/physics.uwb.edu.pl\/wf\/wp-content\/uploads\/2016\/10\/seminar-150x62.png\" width=\"150\" alt=\"LiF: Mg, Cu, P \u2013 wysokoczu\u0142y detektor termoluminescencyjny\" \/><\/a><\/div> <h3 class=\"page-list-ext-title\"><a href=\"https:\/\/physics.uwb.edu.pl\/wf\/?page_id=11019\" title=\"LiF: Mg, Cu, P \u2013 wysokoczu\u0142y detektor termoluminescencyjny\">LiF: Mg, Cu, P \u2013 wysokoczu\u0142y detektor termoluminescencyjny<\/a><\/h3><div class=\"page-list-ext-item-content\">Seminarium wydzia\u0142owe\r\n  \r\nDnia 2020-05-19 o godzinie 13:15 odb\u0119dzie si\u0119 wyk\u0142ad (seminarium odb\u0119dzie si\u0119 \u201eonline\u201d z wykorzystaniem platformy ZOOM), na kt\u00f3rym&nbsp;mgr Marta Tomczak doktorantka III roku z Katedry Fizyki Materii Skondensowanej Wydzia\u0142u F...<\/div><\/div>\n<div class=\"page-list-ext-item\"><div class=\"page-list-ext-image\"><a href=\"https:\/\/physics.uwb.edu.pl\/wf\/?page_id=10993\" title=\"Zastosowanie obrazowania rezonansem magnetycznym zale\u017cnym od dyfuzji w ocenie neuropatii nerwu wzrokowego\"><img decoding=\"async\" src=\"https:\/\/physics.uwb.edu.pl\/wf\/wp-content\/uploads\/2016\/10\/seminar-150x62.png\" width=\"150\" alt=\"Zastosowanie obrazowania rezonansem magnetycznym zale\u017cnym od dyfuzji w ocenie neuropatii nerwu wzrokowego\" \/><\/a><\/div> <h3 class=\"page-list-ext-title\"><a href=\"https:\/\/physics.uwb.edu.pl\/wf\/?page_id=10993\" title=\"Zastosowanie obrazowania rezonansem magnetycznym zale\u017cnym od dyfuzji w ocenie neuropatii nerwu wzrokowego\">Zastosowanie obrazowania rezonansem magnetycznym zale\u017cnym od dyfuzji w ocenie neuropatii nerwu wzrokowego<\/a><\/h3><div class=\"page-list-ext-item-content\">Seminarium wydzia\u0142owe\r\n  \r\nDnia 2020-04-28 o godzinie 13:15 odb\u0119dzie si\u0119 wyk\u0142ad (seminarium odb\u0119dzie si\u0119 \u201eonline\u201d z wykorzystaniem platformy ZOOM), na kt\u00f3rym&nbsp;mgr \u0141ukasz \u0141abieniec doktorant III roku z Katedry Fizyki Materii Skondensowanej Wydzia\u0142u Fiz...<\/div><\/div>\n<div class=\"page-list-ext-item\"><div class=\"page-list-ext-image\"><a href=\"https:\/\/physics.uwb.edu.pl\/wf\/?page_id=10739\" title=\"Badanie materia\u0142\u00f3w katodowych metod\u0105 rentgenowskiej spektroskopii absorpcyjnej i emisyjnej\"><img decoding=\"async\" src=\"https:\/\/physics.uwb.edu.pl\/wf\/wp-content\/uploads\/2016\/10\/seminar-150x62.png\" width=\"150\" alt=\"Badanie materia\u0142\u00f3w katodowych metod\u0105 rentgenowskiej spektroskopii absorpcyjnej i emisyjnej\" \/><\/a><\/div> <h3 class=\"page-list-ext-title\"><a href=\"https:\/\/physics.uwb.edu.pl\/wf\/?page_id=10739\" title=\"Badanie materia\u0142\u00f3w katodowych metod\u0105 rentgenowskiej spektroskopii absorpcyjnej i emisyjnej\">Badanie materia\u0142\u00f3w katodowych metod\u0105 rentgenowskiej spektroskopii absorpcyjnej i emisyjnej<\/a><\/h3><div class=\"page-list-ext-item-content\">Seminarium wydzia\u0142owe\r\n  \r\nDnia 2020-03-10 o godzinie 14:15 w sali 2011 Wydzia\u0142u Fizyki UwB odb\u0119dzie si\u0119 wyk\u0142ad, na kt\u00f3rym&nbsp;dr Wojciech Olszewski z Katedry Fizyki Materii Skondensowanej Wydzia\u0142u Fizyki UwB  wyg\u0142osi wyk\u0142ad pt: \r\n\r\n\"  Badanie materia\u0142...<\/div><\/div>\n<div class=\"page-list-ext-item\"><div class=\"page-list-ext-image\"><a href=\"https:\/\/physics.uwb.edu.pl\/wf\/?page_id=10737\" title=\"Grids Generator - kr\u00f3tkie wprowadzenie do programu\"><img decoding=\"async\" src=\"https:\/\/physics.uwb.edu.pl\/wf\/wp-content\/uploads\/2016\/10\/seminar-150x62.png\" width=\"150\" alt=\"Grids Generator - kr\u00f3tkie wprowadzenie do programu\" \/><\/a><\/div> <h3 class=\"page-list-ext-title\"><a href=\"https:\/\/physics.uwb.edu.pl\/wf\/?page_id=10737\" title=\"Grids Generator - kr\u00f3tkie wprowadzenie do programu\">Grids Generator - kr\u00f3tkie wprowadzenie do programu<\/a><\/h3><div class=\"page-list-ext-item-content\">Seminarium wydzia\u0142owe\r\n  \r\nDnia 2020-03-10 o godzinie 12:15 w sali 2011 Wydzia\u0142u Fizyki UwB odb\u0119dzie si\u0119 wyk\u0142ad, na kt\u00f3rym&nbsp;dr Andrzej Pisarski Katedra  Astrofizyki i Fizyki Teoretycznej  Wydzia\u0142u Fizyki UwB  wyg\u0142osi wyk\u0142ad pt: \r\n\r\n\" Grids Generato...<\/div><\/div>\n<div class=\"page-list-ext-item\"><div class=\"page-list-ext-image\"><a href=\"https:\/\/physics.uwb.edu.pl\/wf\/?page_id=10673\" title=\"Badanie statycznych i dynamicznych w\u0142a\u015bciwo\u015bci magnetyzacji w z\u0142o\u017conych strukturach magnetycznych\"><img decoding=\"async\" src=\"https:\/\/physics.uwb.edu.pl\/wf\/wp-content\/uploads\/2016\/10\/seminar-150x62.png\" width=\"150\" alt=\"Badanie statycznych i dynamicznych w\u0142a\u015bciwo\u015bci magnetyzacji w z\u0142o\u017conych strukturach magnetycznych\" \/><\/a><\/div> <h3 class=\"page-list-ext-title\"><a href=\"https:\/\/physics.uwb.edu.pl\/wf\/?page_id=10673\" title=\"Badanie statycznych i dynamicznych w\u0142a\u015bciwo\u015bci magnetyzacji w z\u0142o\u017conych strukturach magnetycznych\">Badanie statycznych i dynamicznych w\u0142a\u015bciwo\u015bci magnetyzacji w z\u0142o\u017conych strukturach magnetycznych<\/a><\/h3><div class=\"page-list-ext-item-content\">Seminarium wydzia\u0142owe\r\n  \r\nDnia 2020-03-03 o godzinie 13:15 w sali 2011 Wydzia\u0142u Fizyki UwB odb\u0119dzie si\u0119 wyk\u0142ad, na kt\u00f3rym  mgr Mateusz Zelent z Wydzia\u0142u Fizyki, Uniwersytet im. Adama Mickiewicza w Poznaniu  wyg\u0142osi wyk\u0142ad pt: \r\n\r\n\" Badanie statycznych i dynami...<\/div><\/div>\n<div class=\"page-list-ext-item\"><div class=\"page-list-ext-image\"><a href=\"https:\/\/physics.uwb.edu.pl\/wf\/?page_id=10648\" title=\"Otrzymywanie, modyfikowanie i w\u0142a\u015bciwo\u015bci fizykochemiczne wielowarstwowych fuleren\u00f3w (nanocebulki w\u0119glowe)\"><img decoding=\"async\" src=\"https:\/\/physics.uwb.edu.pl\/wf\/wp-content\/uploads\/2018\/10\/konwersatorium.svg-150x44.png\" width=\"150\" alt=\"Otrzymywanie, modyfikowanie i w\u0142a\u015bciwo\u015bci fizykochemiczne wielowarstwowych fuleren\u00f3w (nanocebulki w\u0119glowe)\" \/><\/a><\/div> <h3 class=\"page-list-ext-title\"><a href=\"https:\/\/physics.uwb.edu.pl\/wf\/?page_id=10648\" title=\"Otrzymywanie, modyfikowanie i w\u0142a\u015bciwo\u015bci fizykochemiczne wielowarstwowych fuleren\u00f3w (nanocebulki w\u0119glowe)\">Otrzymywanie, modyfikowanie i w\u0142a\u015bciwo\u015bci fizykochemiczne wielowarstwowych fuleren\u00f3w (nanocebulki w\u0119glowe)<\/a><\/h3><div class=\"page-list-ext-item-content\">\r\nKonwersatorium wydzia\u0142owe  \r\n\r\n\r\n\r\nDnia 2020-02-25 o godzinie 13:15 w sali 2011 Wydzia\u0142u Fizyki UwB odb\u0119dzie si\u0119 wyk\u0142ad, na kt\u00f3rym dr hab. Marta P\u0142o\u0144ska-Brzezi\u0144ska z Uniwersytetu Medycznego w Bia\u0142ymstoku  wyg\u0142osi wyk\u0142ad pt: \r\n\r\n\r\n\r\n\"Otrzymywanie, modyfikowan...<\/div><\/div>\n<div class=\"page-list-ext-item\"><div class=\"page-list-ext-image\"><a href=\"https:\/\/physics.uwb.edu.pl\/wf\/?page_id=10640\" title=\"Bia\u0142ka inherentnie nieuporz\u0105dkowane\"><img decoding=\"async\" src=\"https:\/\/physics.uwb.edu.pl\/wf\/wp-content\/uploads\/2018\/10\/konwersatorium.svg-150x44.png\" width=\"150\" alt=\"Bia\u0142ka inherentnie nieuporz\u0105dkowane\" \/><\/a><\/div> <h3 class=\"page-list-ext-title\"><a href=\"https:\/\/physics.uwb.edu.pl\/wf\/?page_id=10640\" title=\"Bia\u0142ka inherentnie nieuporz\u0105dkowane\">Bia\u0142ka inherentnie nieuporz\u0105dkowane<\/a><\/h3><div class=\"page-list-ext-item-content\">\r\nKonwersatorium wydzia\u0142owe  \r\n\r\n\r\n\r\nDnia 2020-02-18 o godzinie 13:15 w sali 2011 Wydzia\u0142u Fizyki UwB odb\u0119dzie si\u0119 wyk\u0142ad, na kt\u00f3rym prof. dr hab. Marek Cieplak z Instytutu Fizyki PAN  wyg\u0142osi wyk\u0142ad pt: \r\n\r\n\r\n\r\n\" Bia\u0142ka inherentnie nieuporz\u0105dkowane \"  \r\n\r\n&n...<\/div><\/div>\n<div class=\"page-list-ext-item\"><div class=\"page-list-ext-image\"><a href=\"https:\/\/physics.uwb.edu.pl\/wf\/?page_id=10597\" title=\"Czy nic mo\u017ce mie\u0107 mas\u0119 i co z tego wynika? - cz\u0119\u015b\u0107 II\"><img decoding=\"async\" src=\"https:\/\/physics.uwb.edu.pl\/wf\/wp-content\/uploads\/2016\/10\/seminar-150x62.png\" width=\"150\" alt=\"Czy nic mo\u017ce mie\u0107 mas\u0119 i co z tego wynika? - cz\u0119\u015b\u0107 II\" \/><\/a><\/div> <h3 class=\"page-list-ext-title\"><a href=\"https:\/\/physics.uwb.edu.pl\/wf\/?page_id=10597\" title=\"Czy nic mo\u017ce mie\u0107 mas\u0119 i co z tego wynika? - cz\u0119\u015b\u0107 II\">Czy nic mo\u017ce mie\u0107 mas\u0119 i co z tego wynika? - cz\u0119\u015b\u0107 II<\/a><\/h3><div class=\"page-list-ext-item-content\">Seminarium wydzia\u0142owe\r\n  \r\nDnia 2020-01-28 o godzinie 12:15 w sali 2011 Wydzia\u0142u Fizyki UwB odb\u0119dzie si\u0119 wyk\u0142ad, na kt\u00f3rym Jerzy A. Przeszowski z Katedry Astrofizyki i Fizyki Teoretycznej, Wydzia\u0142 Fizyki, Uniwersytetu w Bia\u0142ymstoku  wyg\u0142osi wyk\u0142ad pt: \r\n\r\n\"...<\/div><\/div>\n<div class=\"page-list-ext-item\"><div class=\"page-list-ext-image\"><a href=\"https:\/\/physics.uwb.edu.pl\/wf\/?page_id=10577\" title=\"Struktury domenowe w ta\u015bmach amorficznych\"><img decoding=\"async\" src=\"https:\/\/physics.uwb.edu.pl\/wf\/wp-content\/uploads\/2016\/10\/seminar-150x62.png\" width=\"150\" alt=\"Struktury domenowe w ta\u015bmach amorficznych\" \/><\/a><\/div> <h3 class=\"page-list-ext-title\"><a href=\"https:\/\/physics.uwb.edu.pl\/wf\/?page_id=10577\" title=\"Struktury domenowe w ta\u015bmach amorficznych\">Struktury domenowe w ta\u015bmach amorficznych<\/a><\/h3><div class=\"page-list-ext-item-content\">Seminarium wydzia\u0142owe\r\n  \r\nDnia 2020-01-21 o godzinie 14:15 w sali 2011 Wydzia\u0142u Fizyki UwB odb\u0119dzie si\u0119 wyk\u0142ad, na kt\u00f3rym dr hab. Marek Kisielewski, prof.UwB z Katedry Fizyki Magnetyk\u00f3w, Wydzia\u0142 Fizyki, Uniwersytetu w Bia\u0142ymstoku  wyg\u0142osi wyk\u0142ad pt: \r\n\r\n\"S...<\/div><\/div>\n<div class=\"page-list-ext-item\"><div class=\"page-list-ext-image\"><a href=\"https:\/\/physics.uwb.edu.pl\/wf\/?page_id=10537\" title=\"Czy nic mo\u017ce mie\u0107 mas\u0119 i co z tego wynika?\"><img decoding=\"async\" src=\"https:\/\/physics.uwb.edu.pl\/wf\/wp-content\/uploads\/2016\/10\/seminar-150x62.png\" width=\"150\" alt=\"Czy nic mo\u017ce mie\u0107 mas\u0119 i co z tego wynika?\" \/><\/a><\/div> <h3 class=\"page-list-ext-title\"><a href=\"https:\/\/physics.uwb.edu.pl\/wf\/?page_id=10537\" title=\"Czy nic mo\u017ce mie\u0107 mas\u0119 i co z tego wynika?\">Czy nic mo\u017ce mie\u0107 mas\u0119 i co z tego wynika?<\/a><\/h3><div class=\"page-list-ext-item-content\">Seminarium wydzia\u0142owe\r\n  \r\nDnia 2020-01-14 o godzinie 12:15 w sali 2011 Wydzia\u0142u Fizyki UwB odb\u0119dzie si\u0119 wyk\u0142ad, na kt\u00f3rym Jerzy A. Przeszowski zKatedra Astrofizyki i Fizyki Teoretycznej, Wydzia\u0142 Fizyki, Uniwersytetu w Bia\u0142ymstoku  wyg\u0142osi wyk\u0142ad pt: \r\n\r\n\"...<\/div><\/div>\n<div class=\"page-list-ext-item\"><div class=\"page-list-ext-image\"><a href=\"https:\/\/physics.uwb.edu.pl\/wf\/?page_id=10501\" title=\"WIELKA KLAPA czyli Jak zepsu\u0107 swoj\u0105 prezentacj\u0119?\"><img decoding=\"async\" src=\"https:\/\/physics.uwb.edu.pl\/wf\/wp-content\/uploads\/2018\/10\/konwersatorium.svg-150x44.png\" width=\"150\" alt=\"WIELKA KLAPA czyli Jak zepsu\u0107 swoj\u0105 prezentacj\u0119?\" \/><\/a><\/div> <h3 class=\"page-list-ext-title\"><a href=\"https:\/\/physics.uwb.edu.pl\/wf\/?page_id=10501\" title=\"WIELKA KLAPA czyli Jak zepsu\u0107 swoj\u0105 prezentacj\u0119?\">WIELKA KLAPA czyli Jak zepsu\u0107 swoj\u0105 prezentacj\u0119?<\/a><\/h3><div class=\"page-list-ext-item-content\">\r\nKonwersatorium wydzia\u0142owe  \r\n\r\n\r\n\r\nDnia 2019-12-17 o godzinie 14:15 w sali 2011 Wydzia\u0142u Fizyki UwB odb\u0119dzie si\u0119 wyk\u0142ad, na kt\u00f3rym  redaktor Wiktor Niedzicki  wyg\u0142osi wyk\u0142ad pt: \r\n\r\n\r\n\r\n\" WIELKA KLAPA czyli Jak zepsu\u0107 swoj\u0105 prezentacj\u0119? \"  \r\n\r\n&nbsp...<\/div><\/div>\n<div class=\"page-list-ext-item\"><div class=\"page-list-ext-image\"><a href=\"https:\/\/physics.uwb.edu.pl\/wf\/?page_id=10485\" title=\"Nobel z fizyki 2019: Wczesny Wszech\u015bwiat i exoplanety\"><img decoding=\"async\" src=\"https:\/\/physics.uwb.edu.pl\/wf\/wp-content\/uploads\/2018\/10\/konwersatorium.svg-150x44.png\" width=\"150\" alt=\"Nobel z fizyki 2019: Wczesny Wszech\u015bwiat i exoplanety\" \/><\/a><\/div> <h3 class=\"page-list-ext-title\"><a href=\"https:\/\/physics.uwb.edu.pl\/wf\/?page_id=10485\" title=\"Nobel z fizyki 2019: Wczesny Wszech\u015bwiat i exoplanety\">Nobel z fizyki 2019: Wczesny Wszech\u015bwiat i exoplanety<\/a><\/h3><div class=\"page-list-ext-item-content\">\r\nKonwersatorium wydzia\u0142owe  \r\n\r\n\r\n\r\nDnia 2019-12-10 o godzinie 13:15 w sali 2011 Wydzia\u0142u Fizyki UwB odb\u0119dzie si\u0119 wyk\u0142ad, na kt\u00f3rym  prof. dr hab. Marek Demia\u0144ski Wydzia\u0142 Fizyki Uniwersytetu Warszawskiego  wyg\u0142osi wyk\u0142ad pt: \r\n\r\n\r\n\r\n\" Nobel z fizyki ...<\/div><\/div>\n<div class=\"page-list-ext-item\"><div class=\"page-list-ext-image\"><a href=\"https:\/\/physics.uwb.edu.pl\/wf\/?page_id=10464\" title=\"Obliczenia ab initio struktury elektronowej i w\u0142asno\u015bci optycznych ferromagnetycznych stop\u00f3w Heuslera z pami\u0119ci\u0105 kszta\u0142tu.\"><img decoding=\"async\" src=\"https:\/\/physics.uwb.edu.pl\/wf\/wp-content\/uploads\/2016\/10\/seminar-150x62.png\" width=\"150\" alt=\"Obliczenia ab initio struktury elektronowej i w\u0142asno\u015bci optycznych ferromagnetycznych stop\u00f3w Heuslera z pami\u0119ci\u0105 kszta\u0142tu.\" \/><\/a><\/div> <h3 class=\"page-list-ext-title\"><a href=\"https:\/\/physics.uwb.edu.pl\/wf\/?page_id=10464\" title=\"Obliczenia ab initio struktury elektronowej i w\u0142asno\u015bci optycznych ferromagnetycznych stop\u00f3w Heuslera z pami\u0119ci\u0105 kszta\u0142tu.\">Obliczenia ab initio struktury elektronowej i w\u0142asno\u015bci optycznych ferromagnetycznych stop\u00f3w Heuslera z pami\u0119ci\u0105 kszta\u0142tu.<\/a><\/h3><div class=\"page-list-ext-item-content\">Seminarium wydzia\u0142owe\r\n  \r\nDnia 2019-12-03 o godzinie 14:15 w sali 2011 Wydzia\u0142u Fizyki UwB odb\u0119dzie si\u0119 wyk\u0142ad, na kt\u00f3rym dr hab. Stanis\u0142aw Uba, prof.UwB, Wydzia\u0142 Fizyki, Uniwersytetu w Bia\u0142ymstoku wyg\u0142osi wyk\u0142ad pt: \r\n\r\n\"Obliczenia ab initio struktury ...<\/div><\/div>\n<div class=\"page-list-ext-item\"><div class=\"page-list-ext-image\"><a href=\"https:\/\/physics.uwb.edu.pl\/wf\/?page_id=10461\" title=\"Dyskretyzacje dok\u0142adne i ich zastosowania w  metodach numerycznych\"><img decoding=\"async\" src=\"https:\/\/physics.uwb.edu.pl\/wf\/wp-content\/uploads\/2016\/10\/seminar-150x62.png\" width=\"150\" alt=\"Dyskretyzacje dok\u0142adne i ich zastosowania w  metodach numerycznych\" \/><\/a><\/div> <h3 class=\"page-list-ext-title\"><a href=\"https:\/\/physics.uwb.edu.pl\/wf\/?page_id=10461\" title=\"Dyskretyzacje dok\u0142adne i ich zastosowania w  metodach numerycznych\">Dyskretyzacje dok\u0142adne i ich zastosowania w  metodach numerycznych<\/a><\/h3><div class=\"page-list-ext-item-content\">Seminarium wydzia\u0142owe\r\n  \r\nDnia 2019-12-03 o godzinie 12:15 w sali 2011 Wydzia\u0142u Fizyki UwB odb\u0119dzie si\u0119 wyk\u0142ad, na kt\u00f3rym prof. dr hab. Jan L. Cie\u015bli\u0144ski z Katedry Fizyki Matematycznej, Wydzia\u0142 Fizyki, Uniwersytetu w Bia\u0142ymstoku  wyg\u0142osi wyk\u0142ad pt: \r\n\r\n\"Dy...<\/div><\/div>\n<div class=\"page-list-ext-item\"><div class=\"page-list-ext-image\"><a href=\"https:\/\/physics.uwb.edu.pl\/wf\/?page_id=10453\" title=\"Nat\u0119\u017cenie zysku w sektorze ujemnych prawdopodobie\u0144stw\"><img decoding=\"async\" src=\"https:\/\/physics.uwb.edu.pl\/wf\/wp-content\/uploads\/2018\/10\/konwersatorium.svg-150x44.png\" width=\"150\" alt=\"Nat\u0119\u017cenie zysku w sektorze ujemnych prawdopodobie\u0144stw\" \/><\/a><\/div> <h3 class=\"page-list-ext-title\"><a href=\"https:\/\/physics.uwb.edu.pl\/wf\/?page_id=10453\" title=\"Nat\u0119\u017cenie zysku w sektorze ujemnych prawdopodobie\u0144stw\">Nat\u0119\u017cenie zysku w sektorze ujemnych prawdopodobie\u0144stw<\/a><\/h3><div class=\"page-list-ext-item-content\">\r\nKonwersatorium wydzia\u0142owe  \r\n\r\n\r\n\r\nDnia 2019-11-26 o godzinie 13:15 w sali 2011 Wydzia\u0142u Fizyki UwB odb\u0119dzie si\u0119 wyk\u0142ad, na kt\u00f3rym dr Marcina Makowskiego z Katedry Fizyki Matematycznej Wydzia\u0142u Fizyki Uniwersytety w Bia\u0142ymstoku  wyg\u0142osi wyk\u0142ad pt: \r\n\r\n\r...<\/div><\/div>\n<div class=\"page-list-ext-item\"><div class=\"page-list-ext-image\"><a href=\"https:\/\/physics.uwb.edu.pl\/wf\/?page_id=10440\" title=\"Localization properties of spin waves in planar magnonic crystals and quasicrystals\"><img decoding=\"async\" src=\"https:\/\/physics.uwb.edu.pl\/wf\/wp-content\/uploads\/2016\/10\/seminar-150x62.png\" width=\"150\" alt=\"Localization properties of spin waves in planar magnonic crystals and quasicrystals\" \/><\/a><\/div> <h3 class=\"page-list-ext-title\"><a href=\"https:\/\/physics.uwb.edu.pl\/wf\/?page_id=10440\" title=\"Localization properties of spin waves in planar magnonic crystals and quasicrystals\">Localization properties of spin waves in planar magnonic crystals and quasicrystals<\/a><\/h3><div class=\"page-list-ext-item-content\">Seminarium wydzia\u0142owe\r\n  \r\nDnia 2019-11-19 o godzinie 14:15 w sali 2011 Wydzia\u0142u Fizyki UwB odb\u0119dzie si\u0119 wyk\u0142ad, na kt\u00f3rym dr Justyna Rych\u0142y z Instytutu Fizyki Molekularnej PAN w Poznaniu wyg\u0142osi wyk\u0142ad pt: \r\n\r\n\"Localization properties of spin waves in...<\/div><\/div>\n<div class=\"page-list-ext-item\"><div class=\"page-list-ext-image\"><a href=\"https:\/\/physics.uwb.edu.pl\/wf\/?page_id=10438\" title=\"Geometryczne ca\u0142kowanie numeryczne i uk\u0142ady dyssypatywne\"><img decoding=\"async\" src=\"https:\/\/physics.uwb.edu.pl\/wf\/wp-content\/uploads\/2016\/10\/seminar-150x62.png\" width=\"150\" alt=\"Geometryczne ca\u0142kowanie numeryczne i uk\u0142ady dyssypatywne\" \/><\/a><\/div> <h3 class=\"page-list-ext-title\"><a href=\"https:\/\/physics.uwb.edu.pl\/wf\/?page_id=10438\" title=\"Geometryczne ca\u0142kowanie numeryczne i uk\u0142ady dyssypatywne\">Geometryczne ca\u0142kowanie numeryczne i uk\u0142ady dyssypatywne<\/a><\/h3><div class=\"page-list-ext-item-content\">Seminarium wydzia\u0142owe\r\n  \r\nDnia 2019-11-19 o godzinie 12:15 w sali 2011 Wydzia\u0142u Fizyki UwB odb\u0119dzie si\u0119 wyk\u0142ad, na kt\u00f3rym&nbsp;mgr Artur Kobus z Katedry Fizyki Matematycznej, Wydzia\u0142 Fizyki, Uniwersytetu w Bia\u0142ymstoku  wyg\u0142osi wyk\u0142ad pt: \r\n\r\n\"Geometryczne ca\u0142kowani...<\/div><\/div>\n<div class=\"page-list-ext-item\"><div class=\"page-list-ext-image\"><a href=\"https:\/\/physics.uwb.edu.pl\/wf\/?page_id=10396\" title=\"Osi\u0105gni\u0119cia pracownik\u00f3w Wydzia\u0142u Fizyki w latach 2017-19 w \u015bwietle rozporz\u0105dzenia MNiSW o ewaluacji jako\u015bci dzia\u0142alno\u015bci naukowej\"><img decoding=\"async\" src=\"https:\/\/physics.uwb.edu.pl\/wf\/wp-content\/uploads\/2018\/10\/konwersatorium.svg-150x44.png\" width=\"150\" alt=\"Osi\u0105gni\u0119cia pracownik\u00f3w Wydzia\u0142u Fizyki w latach 2017-19 w \u015bwietle rozporz\u0105dzenia MNiSW o ewaluacji jako\u015bci dzia\u0142alno\u015bci naukowej\" \/><\/a><\/div> <h3 class=\"page-list-ext-title\"><a href=\"https:\/\/physics.uwb.edu.pl\/wf\/?page_id=10396\" title=\"Osi\u0105gni\u0119cia pracownik\u00f3w Wydzia\u0142u Fizyki w latach 2017-19 w \u015bwietle rozporz\u0105dzenia MNiSW o ewaluacji jako\u015bci dzia\u0142alno\u015bci naukowej\">Osi\u0105gni\u0119cia pracownik\u00f3w Wydzia\u0142u Fizyki w latach 2017-19 w \u015bwietle rozporz\u0105dzenia MNiSW o ewaluacji jako\u015bci dzia\u0142alno\u015bci naukowej<\/a><\/h3><div class=\"page-list-ext-item-content\">\r\nKonwersatorium wydzia\u0142owe  \r\n\r\n\r\n\r\nDnia 2019-11-12 o godzinie 13:15 w sali 2011 Wydzia\u0142u Fizyki UwB odb\u0119dzie si\u0119 wyk\u0142ad, na kt\u00f3rym prof. dr hab. Izabela \u015awi\u0119cicka prorektor ds. nauki UwB  wyg\u0142osi wyk\u0142ad pt: \r\n\r\n\r\n\r\n\"Osi\u0105gni\u0119cia pracownik\u00f3w Wydzia\u0142u Fiz...<\/div><\/div>\n<div class=\"page-list-ext-item\"><div class=\"page-list-ext-image\"><a href=\"https:\/\/physics.uwb.edu.pl\/wf\/?page_id=10382\" title=\"Badania m\u00f6ssbauerowskie magnetostrukturalnej przemiany martenzytycznej w stopach MnNiFeGe i MnCoFeGe\"><img decoding=\"async\" src=\"https:\/\/physics.uwb.edu.pl\/wf\/wp-content\/uploads\/2016\/10\/seminar-150x62.png\" width=\"150\" alt=\"Badania m\u00f6ssbauerowskie magnetostrukturalnej przemiany martenzytycznej w stopach MnNiFeGe i MnCoFeGe\" \/><\/a><\/div> <h3 class=\"page-list-ext-title\"><a href=\"https:\/\/physics.uwb.edu.pl\/wf\/?page_id=10382\" title=\"Badania m\u00f6ssbauerowskie magnetostrukturalnej przemiany martenzytycznej w stopach MnNiFeGe i MnCoFeGe\">Badania m\u00f6ssbauerowskie magnetostrukturalnej przemiany martenzytycznej w stopach MnNiFeGe i MnCoFeGe<\/a><\/h3><div class=\"page-list-ext-item-content\">Seminarium wydzia\u0142owe\r\n  \r\nDnia 2019-10-29 o godzinie 14:15 w sali 2011 Wydzia\u0142u Fizyki UwB odb\u0119dzie si\u0119 wyk\u0142ad, na kt\u00f3rym dr hab. Dariusz Satu\u0142a z Katedry Fizyki Materii Skondensowanej, Wydzia\u0142 Fizyki, Uniwersytetu w Bia\u0142ymstoku  wyg\u0142osi wyk\u0142ad pt: \r\n\r\n\"B...<\/div><\/div>\n<div class=\"page-list-ext-item\"><div class=\"page-list-ext-image\"><a href=\"https:\/\/physics.uwb.edu.pl\/wf\/?page_id=10383\" title=\",,Suwak&quot; Klaudiusza Ptolemeusza (?), gra Parrondo i relatywistyczne dodawanie pr\u0119dko\u015bci\"><img decoding=\"async\" src=\"https:\/\/physics.uwb.edu.pl\/wf\/wp-content\/uploads\/2016\/10\/seminar-150x62.png\" width=\"150\" alt=\",,Suwak&quot; Klaudiusza Ptolemeusza (?), gra Parrondo i relatywistyczne dodawanie pr\u0119dko\u015bci\" \/><\/a><\/div> <h3 class=\"page-list-ext-title\"><a href=\"https:\/\/physics.uwb.edu.pl\/wf\/?page_id=10383\" title=\",,Suwak&quot; Klaudiusza Ptolemeusza (?), gra Parrondo i relatywistyczne dodawanie pr\u0119dko\u015bci\">,,Suwak&quot; Klaudiusza Ptolemeusza (?), gra Parrondo i relatywistyczne dodawanie pr\u0119dko\u015bci<\/a><\/h3><div class=\"page-list-ext-item-content\">Seminarium wydzia\u0142owe\r\n  \r\nDnia 2019-10-29 o godzinie 12:15 w sali 2011 Wydzia\u0142u Fizyki UwB odb\u0119dzie si\u0119 wyk\u0142ad, na kt\u00f3rym prof. dr hab. Edward Piotrowski (Katedra Fizyki Matematycznej Wydzia\u0142 Fizyki UwB)  wyg\u0142osi wyk\u0142ad pt: \r\n\r\n\"Suwak\" Klaudiusza Ptolemeu...<\/div><\/div>\n<div class=\"page-list-ext-item\"><div class=\"page-list-ext-image\"><a href=\"https:\/\/physics.uwb.edu.pl\/wf\/?page_id=10328\" title=\"Absorpcja promieniowania radio- i mikrofalowego przez nanokompozyty o wysokich stratach dielektrycznych i magnetycznych\"><img decoding=\"async\" src=\"https:\/\/physics.uwb.edu.pl\/wf\/wp-content\/uploads\/2016\/10\/seminar-150x62.png\" width=\"150\" alt=\"Absorpcja promieniowania radio- i mikrofalowego przez nanokompozyty o wysokich stratach dielektrycznych i magnetycznych\" \/><\/a><\/div> <h3 class=\"page-list-ext-title\"><a href=\"https:\/\/physics.uwb.edu.pl\/wf\/?page_id=10328\" title=\"Absorpcja promieniowania radio- i mikrofalowego przez nanokompozyty o wysokich stratach dielektrycznych i magnetycznych\">Absorpcja promieniowania radio- i mikrofalowego przez nanokompozyty o wysokich stratach dielektrycznych i magnetycznych<\/a><\/h3><div class=\"page-list-ext-item-content\">Seminarium wydzia\u0142owe\r\n  \r\nDnia 2019-10-29 o godzinie 14:15 w sali 2011 Wydzia\u0142u Fizyki UwB odb\u0119dzie si\u0119 wyk\u0142ad, na kt\u00f3rym mgr in\u017c. Adrian Rado\u0144 z Zak\u0142adu Materia\u0142\u00f3w Funkcjonalnych (Sie\u0107 Badawcza \u0141UKASIEWICZ \u2013 Instytut Metali Nie\u017celaznych, Gliwice)  wyg\u0142o...<\/div><\/div>\n<div class=\"page-list-ext-item\"><div class=\"page-list-ext-image\"><a href=\"https:\/\/physics.uwb.edu.pl\/wf\/?page_id=10318\" title=\"Modeling quantum aspects of disruption  of a white dwarf star by a black hole\"><img decoding=\"async\" src=\"https:\/\/physics.uwb.edu.pl\/wf\/wp-content\/uploads\/2016\/10\/seminar-150x62.png\" width=\"150\" alt=\"Modeling quantum aspects of disruption  of a white dwarf star by a black hole\" \/><\/a><\/div> <h3 class=\"page-list-ext-title\"><a href=\"https:\/\/physics.uwb.edu.pl\/wf\/?page_id=10318\" title=\"Modeling quantum aspects of disruption  of a white dwarf star by a black hole\">Modeling quantum aspects of disruption  of a white dwarf star by a black hole<\/a><\/h3><div class=\"page-list-ext-item-content\">Seminarium wydzia\u0142owe\r\n  \r\nDnia 2019-10-29 o godzinie 12:15 w sali 2011 Wydzia\u0142u Fizyki UwB odb\u0119dzie si\u0119 wyk\u0142ad, na kt\u00f3rym prof. dr hab. Miros\u0142aw Brewczyk (Katedra Astrofizyki i Fizyki Teoretycznej Wydzia\u0142 Fizyki UwB) wyg\u0142osi wyk\u0142ad pt: \r\n\r\n\"Modeling quantum a...<\/div><\/div>\n<div class=\"page-list-ext-item\"><div class=\"page-list-ext-image\"><a href=\"https:\/\/physics.uwb.edu.pl\/wf\/?page_id=10313\" title=\"Magnetic thin films seen by magnetooptics \u2013 from sensors to magnetization dynamics\"><img decoding=\"async\" src=\"https:\/\/physics.uwb.edu.pl\/wf\/wp-content\/uploads\/2016\/10\/seminar-150x62.png\" width=\"150\" alt=\"Magnetic thin films seen by magnetooptics \u2013 from sensors to magnetization dynamics\" \/><\/a><\/div> <h3 class=\"page-list-ext-title\"><a href=\"https:\/\/physics.uwb.edu.pl\/wf\/?page_id=10313\" title=\"Magnetic thin films seen by magnetooptics \u2013 from sensors to magnetization dynamics\">Magnetic thin films seen by magnetooptics \u2013 from sensors to magnetization dynamics<\/a><\/h3><div class=\"page-list-ext-item-content\">Seminarium wydzia\u0142owe\r\n  \r\nDnia 2019-10-22 o godzinie 14:15 w sali 2011 Wydzia\u0142u Fizyki UwB odb\u0119dzie si\u0119 wyk\u0142ad, na kt\u00f3rym Prof. Dr.-Ing. Jeffrey McCord z Nanoscale Magnetic Materials - Magnetic Domains, Institute for Materials Science, Kiel University,  wyg\u0142...<\/div><\/div>\n<div class=\"page-list-ext-item\"><div class=\"page-list-ext-image\"><a href=\"https:\/\/physics.uwb.edu.pl\/wf\/?page_id=10252\" title=\"Syntetyczne hamiltoniany: pole magnetyczne i spin-orbita dla masywnych foton\u00f3w.\"><img decoding=\"async\" src=\"https:\/\/physics.uwb.edu.pl\/wf\/wp-content\/uploads\/2016\/10\/seminar-150x62.png\" width=\"150\" alt=\"Syntetyczne hamiltoniany: pole magnetyczne i spin-orbita dla masywnych foton\u00f3w.\" \/><\/a><\/div> <h3 class=\"page-list-ext-title\"><a href=\"https:\/\/physics.uwb.edu.pl\/wf\/?page_id=10252\" title=\"Syntetyczne hamiltoniany: pole magnetyczne i spin-orbita dla masywnych foton\u00f3w.\">Syntetyczne hamiltoniany: pole magnetyczne i spin-orbita dla masywnych foton\u00f3w.<\/a><\/h3><div class=\"page-list-ext-item-content\">Seminarium wydzia\u0142owe\r\n  \r\nDnia 2019-10-15 o godzinie 12:15 w sali 2011 Wydzia\u0142u Fizyki UwB odb\u0119dzie si\u0119 wyk\u0142ad, na kt\u00f3rym dr hab. Jacek Szczytko z Wydzia\u0142u Fizyki Uniwersytetu Warszawskiego,  wyg\u0142osi wyk\u0142ad pt: \r\n\r\n\"Syntetyczne hamiltoniany: pole mag...<\/div><\/div>\n<div class=\"page-list-ext-item\"><div class=\"page-list-ext-image\"><a href=\"https:\/\/physics.uwb.edu.pl\/wf\/?page_id=10243\" title=\"Seminarium fizyki teoretycznej - spotkanie organizacyjne\"><img decoding=\"async\" src=\"https:\/\/physics.uwb.edu.pl\/wf\/wp-content\/uploads\/2016\/10\/seminar-150x62.png\" width=\"150\" alt=\"Seminarium fizyki teoretycznej - spotkanie organizacyjne\" \/><\/a><\/div> <h3 class=\"page-list-ext-title\"><a href=\"https:\/\/physics.uwb.edu.pl\/wf\/?page_id=10243\" title=\"Seminarium fizyki teoretycznej - spotkanie organizacyjne\">Seminarium fizyki teoretycznej - spotkanie organizacyjne<\/a><\/h3><div class=\"page-list-ext-item-content\">Seminarium wydzia\u0142owe\r\n  \r\nDnia 2019-10-08 o godzinie 12:15 w sali 2011 Wydzia\u0142u Fizyki UwB odb\u0119dzie si\u0119 spotkanie organizacyjne. \r\nSerdecznie zapraszamy \r\nJerzy Przeszowski <\/div><\/div>\n<div class=\"page-list-ext-item\"><div class=\"page-list-ext-image\"><a href=\"https:\/\/physics.uwb.edu.pl\/wf\/?page_id=10219\" title=\"Magnetization processes from the attosecond to the picosecond timescale\"><img decoding=\"async\" src=\"https:\/\/physics.uwb.edu.pl\/wf\/wp-content\/uploads\/2016\/10\/seminar-150x62.png\" width=\"150\" alt=\"Magnetization processes from the attosecond to the picosecond timescale\" \/><\/a><\/div> <h3 class=\"page-list-ext-title\"><a href=\"https:\/\/physics.uwb.edu.pl\/wf\/?page_id=10219\" title=\"Magnetization processes from the attosecond to the picosecond timescale\">Magnetization processes from the attosecond to the picosecond timescale<\/a><\/h3><div class=\"page-list-ext-item-content\">Seminarium wydzia\u0142owe\r\n  \r\nDnia 2019-10-08 o godzinie 14:15 w sali 2011 Wydzia\u0142u Fizyki UwB odb\u0119dzie si\u0119 wyk\u0142ad, na kt\u00f3rym dr Jakob Walowski z University of Greifswald,  wyg\u0142osi wyk\u0142ad pt: \r\n\r\n\"Magnetization processes from the attosecond to the picosec...<\/div><\/div>\n<div class=\"page-list-ext-item\"><div class=\"page-list-ext-image\"><a href=\"https:\/\/physics.uwb.edu.pl\/wf\/?page_id=9903\" title=\"Nowy model ewaluacji jako\u015bci dzia\u0142alno\u015bci naukowej i kategoryzacji podmiot\u00f3w w dyscyplinach naukowych i artystycznych\"><img decoding=\"async\" src=\"https:\/\/physics.uwb.edu.pl\/wf\/wp-content\/uploads\/2016\/03\/ogloszenia-150x39.png\" width=\"150\" alt=\"Nowy model ewaluacji jako\u015bci dzia\u0142alno\u015bci naukowej i kategoryzacji podmiot\u00f3w w dyscyplinach naukowych i artystycznych\" \/><\/a><\/div> <h3 class=\"page-list-ext-title\"><a href=\"https:\/\/physics.uwb.edu.pl\/wf\/?page_id=9903\" title=\"Nowy model ewaluacji jako\u015bci dzia\u0142alno\u015bci naukowej i kategoryzacji podmiot\u00f3w w dyscyplinach naukowych i artystycznych\">Nowy model ewaluacji jako\u015bci dzia\u0142alno\u015bci naukowej i kategoryzacji podmiot\u00f3w w dyscyplinach naukowych i artystycznych<\/a><\/h3><div class=\"page-list-ext-item-content\">W imieniu Pani Prorektor prof. I. \u015awi\u0119cickiej dziekan Wydzia\u0142u Fizyki zaprasza na wyk\u0142ad przewodnicz\u0105cego Komisji Ewaluacji Nauki, prof. dra hab. B\u0142a\u017ceja Skocznia  , kt\u00f3ry odb\u0119dzie si\u0119 we wtorek 25.06   w auli Wydzia\u0142u Fizyki (sala 2011) o godz. 11.0...<\/div><\/div>\n<div class=\"page-list-ext-item\"><div class=\"page-list-ext-image\"><a href=\"https:\/\/physics.uwb.edu.pl\/wf\/?page_id=9894\" title=\"Mastering Frustration at the Nanoscale: A Study of Periodic and Quasicrystalline Nanomagnet Lattice\"><img decoding=\"async\" src=\"https:\/\/physics.uwb.edu.pl\/wf\/wp-content\/uploads\/2016\/10\/seminar-150x62.png\" width=\"150\" alt=\"Mastering Frustration at the Nanoscale: A Study of Periodic and Quasicrystalline Nanomagnet Lattice\" \/><\/a><\/div> <h3 class=\"page-list-ext-title\"><a href=\"https:\/\/physics.uwb.edu.pl\/wf\/?page_id=9894\" title=\"Mastering Frustration at the Nanoscale: A Study of Periodic and Quasicrystalline Nanomagnet Lattice\">Mastering Frustration at the Nanoscale: A Study of Periodic and Quasicrystalline Nanomagnet Lattice<\/a><\/h3><div class=\"page-list-ext-item-content\">Seminarium wydzia\u0142owe\r\n  \r\nDnia 2019-06-11 o godzinie 14:15 w sali 2011 Wydzia\u0142u Fizyki UwB odb\u0119dzie si\u0119 wyk\u0142ad, na kt\u00f3rym dr Vinayak Bhat z International Centre for Interfacing Magnetism and Superconductivity with Topological Matter \u2013 MagTop (ON-6),...<\/div><\/div>\n<div class=\"page-list-ext-item\"><div class=\"page-list-ext-image\"><a href=\"https:\/\/physics.uwb.edu.pl\/wf\/?page_id=9879\" title=\"Zastosowanie sondy scyntylacyjnej do pomiaru  in vitro aktywno\u015bci 18F-FDG we krwi\"><img decoding=\"async\" src=\"https:\/\/physics.uwb.edu.pl\/wf\/wp-content\/uploads\/2016\/10\/seminar-150x62.png\" width=\"150\" alt=\"Zastosowanie sondy scyntylacyjnej do pomiaru  in vitro aktywno\u015bci 18F-FDG we krwi\" \/><\/a><\/div> <h3 class=\"page-list-ext-title\"><a href=\"https:\/\/physics.uwb.edu.pl\/wf\/?page_id=9879\" title=\"Zastosowanie sondy scyntylacyjnej do pomiaru  in vitro aktywno\u015bci 18F-FDG we krwi\">Zastosowanie sondy scyntylacyjnej do pomiaru  in vitro aktywno\u015bci 18F-FDG we krwi<\/a><\/h3><div class=\"page-list-ext-item-content\">Seminarium wydzia\u0142owe\r\n  \r\nDnia 2019-06-11 o godzinie 14:15 w sali 2011 Wydzia\u0142u Fizyki UwB odb\u0119dzie si\u0119 wyk\u0142ad, na kt\u00f3rym mgr Anna Ostasz- Sokolik (doktorantka Wydzia\u0142u FIzyki UwB),  wyg\u0142osi wyk\u0142ad pt: \r\n\r\n\" Zastosowanie sondy scyntylacyjnej do pomia...<\/div><\/div>\n<div class=\"page-list-ext-item\"><div class=\"page-list-ext-image\"><a href=\"https:\/\/physics.uwb.edu.pl\/wf\/?page_id=9860\" title=\"Badania dynamiki namagnesowania cienkich warstw YIG przy pomocy wektorowego analizatora sieci.\"><img decoding=\"async\" src=\"https:\/\/physics.uwb.edu.pl\/wf\/wp-content\/uploads\/2016\/10\/seminar-150x62.png\" width=\"150\" alt=\"Badania dynamiki namagnesowania cienkich warstw YIG przy pomocy wektorowego analizatora sieci.\" \/><\/a><\/div> <h3 class=\"page-list-ext-title\"><a href=\"https:\/\/physics.uwb.edu.pl\/wf\/?page_id=9860\" title=\"Badania dynamiki namagnesowania cienkich warstw YIG przy pomocy wektorowego analizatora sieci.\">Badania dynamiki namagnesowania cienkich warstw YIG przy pomocy wektorowego analizatora sieci.<\/a><\/h3><div class=\"page-list-ext-item-content\">Seminarium wydzia\u0142owe\r\n  \r\nDnia 2019-06-04 o godzinie 14:15 w sali 2011 Wydzia\u0142u Fizyki UwB odb\u0119dzie si\u0119 wyk\u0142ad, na kt\u00f3rym mgr Adam Krysztofik z Instytutu Fizyki Molekularnej PAN w Poznaniu,  wyg\u0142osi wyk\u0142ad pt: \r\n\r\n\"Badania dynamiki namagnesowania cienkic...<\/div><\/div>\n<div class=\"page-list-ext-item\"><div class=\"page-list-ext-image\"><a href=\"https:\/\/physics.uwb.edu.pl\/wf\/?page_id=9853\" title=\"Internet rzeczy \u2013aplikacje steruj\u0105ce\"><img decoding=\"async\" src=\"https:\/\/physics.uwb.edu.pl\/wf\/wp-content\/uploads\/2016\/10\/seminar-150x62.png\" width=\"150\" alt=\"Internet rzeczy \u2013aplikacje steruj\u0105ce\" \/><\/a><\/div> <h3 class=\"page-list-ext-title\"><a href=\"https:\/\/physics.uwb.edu.pl\/wf\/?page_id=9853\" title=\"Internet rzeczy \u2013aplikacje steruj\u0105ce\">Internet rzeczy \u2013aplikacje steruj\u0105ce<\/a><\/h3><div class=\"page-list-ext-item-content\">Seminarium wydzia\u0142owe\r\n  \r\nDnia 2019-06-04 o godzinie 12:15 w sali 2011 Wydzia\u0142u Fizyki UwB odb\u0119dzie si\u0119 wyk\u0142ad, na kt\u00f3rym dr Cezary Walczyk (Zak\u0142ad Teorii Pola, Wydzia\u0142 Fizyki UwB),  wyg\u0142osi wyk\u0142ad pt: \r\n\r\n\"Internet rzeczy \u2013aplikacje steruj\u0105ce\"   \r\nSerdeczn...<\/div><\/div>\n<div class=\"page-list-ext-item\"><div class=\"page-list-ext-image\"><a href=\"https:\/\/physics.uwb.edu.pl\/wf\/?page_id=9803\" title=\"W\u0142a\u015bciwo\u015bci magnetospr\u0119\u017cyste i dysypatywne oraz anizotropia magnetyczna cienkich warstw stop\u00f3w Heuslera\"><img decoding=\"async\" src=\"https:\/\/physics.uwb.edu.pl\/wf\/wp-content\/uploads\/2016\/10\/seminar-150x62.png\" width=\"150\" alt=\"W\u0142a\u015bciwo\u015bci magnetospr\u0119\u017cyste i dysypatywne oraz anizotropia magnetyczna cienkich warstw stop\u00f3w Heuslera\" \/><\/a><\/div> <h3 class=\"page-list-ext-title\"><a href=\"https:\/\/physics.uwb.edu.pl\/wf\/?page_id=9803\" title=\"W\u0142a\u015bciwo\u015bci magnetospr\u0119\u017cyste i dysypatywne oraz anizotropia magnetyczna cienkich warstw stop\u00f3w Heuslera\">W\u0142a\u015bciwo\u015bci magnetospr\u0119\u017cyste i dysypatywne oraz anizotropia magnetyczna cienkich warstw stop\u00f3w Heuslera<\/a><\/h3><div class=\"page-list-ext-item-content\">Seminarium wydzia\u0142owe\r\n  \r\nDnia 2019-05-28 o godzinie 14:15 w sali 2011 Wydzia\u0142u Fizyki UwB odb\u0119dzie si\u0119 wyk\u0142ad, na kt\u00f3rym mgr O.M.Chumak z Instytutu Fizyki PAN  wyg\u0142osi wyk\u0142ad pt: \r\n\r\n\"W\u0142a\u015bciwo\u015bci magnetospr\u0119\u017cyste i dysypatywne oraz anizotropia magnetyczna ...<\/div><\/div>\n<div class=\"page-list-ext-item\"><div class=\"page-list-ext-image\"><a href=\"https:\/\/physics.uwb.edu.pl\/wf\/?page_id=9799\" title=\"Stany \u015bci\u015bni\u0119te spinowo w atomowych  kondensatach Bosego-Einsteina\"><img decoding=\"async\" src=\"https:\/\/physics.uwb.edu.pl\/wf\/wp-content\/uploads\/2016\/10\/seminar-150x62.png\" width=\"150\" alt=\"Stany \u015bci\u015bni\u0119te spinowo w atomowych  kondensatach Bosego-Einsteina\" \/><\/a><\/div> <h3 class=\"page-list-ext-title\"><a href=\"https:\/\/physics.uwb.edu.pl\/wf\/?page_id=9799\" title=\"Stany \u015bci\u015bni\u0119te spinowo w atomowych  kondensatach Bosego-Einsteina\">Stany \u015bci\u015bni\u0119te spinowo w atomowych  kondensatach Bosego-Einsteina<\/a><\/h3><div class=\"page-list-ext-item-content\">Seminarium wydzia\u0142owe\r\n  \r\nDnia 2019-05-28 o godzinie 12:15 w sali 2011 Wydzia\u0142u Fizyki UwB odb\u0119dzie si\u0119 wyk\u0142ad, na kt\u00f3rym dr hab.&nbsp; Emilia Witkowska, prof. IF PAN  (Absolwentka naszego wydzia\u0142u w 2003 r. ) wyg\u0142osi wyk\u0142ad pt: \r\n\r\n\"Stany \u015bci\u015bni\u0119te spinowo w a...<\/div><\/div>\n<div class=\"page-list-ext-item\"><div class=\"page-list-ext-image\"><a href=\"https:\/\/physics.uwb.edu.pl\/wf\/?page_id=9753\" title=\"Przyczyny redefinicji jednostek miar SI\"><img decoding=\"async\" src=\"https:\/\/physics.uwb.edu.pl\/wf\/wp-content\/uploads\/2018\/10\/konwersatorium.svg-150x44.png\" width=\"150\" alt=\"Przyczyny redefinicji jednostek miar SI\" \/><\/a><\/div> <h3 class=\"page-list-ext-title\"><a href=\"https:\/\/physics.uwb.edu.pl\/wf\/?page_id=9753\" title=\"Przyczyny redefinicji jednostek miar SI\">Przyczyny redefinicji jednostek miar SI<\/a><\/h3><div class=\"page-list-ext-item-content\">\nKonwersatorium wydzia\u0142owe  \n\n\n\nDnia 2019-05-21 o godzinie 13:15 w sali 2011 Wydzia\u0142u Fizyki UwB odb\u0119dzie si\u0119 wyk\u0142ad, na kt\u00f3rym&nbsp;dr in\u017c. Pawe\u0142 Fotowicz G\u0142\u00f3wny Urz\u0105d Miar, Warszawa wyg\u0142osi wyk\u0142ad pt: \n\n\n\n\"Przyczyny redefinicji jednostek miar SI \" \n\n...<\/div><\/div>\n<div class=\"page-list-ext-item\"><div class=\"page-list-ext-image\"><a href=\"https:\/\/physics.uwb.edu.pl\/wf\/?page_id=9729\" title=\"Wyznaczanie globalnych parametr\u00f3w  kwazar\u00f3w o s\u0142abych liniach emisyjnych\"><img decoding=\"async\" src=\"https:\/\/physics.uwb.edu.pl\/wf\/wp-content\/uploads\/2018\/10\/konwersatorium.svg-150x44.png\" width=\"150\" alt=\"Wyznaczanie globalnych parametr\u00f3w  kwazar\u00f3w o s\u0142abych liniach emisyjnych\" \/><\/a><\/div> <h3 class=\"page-list-ext-title\"><a href=\"https:\/\/physics.uwb.edu.pl\/wf\/?page_id=9729\" title=\"Wyznaczanie globalnych parametr\u00f3w  kwazar\u00f3w o s\u0142abych liniach emisyjnych\">Wyznaczanie globalnych parametr\u00f3w  kwazar\u00f3w o s\u0142abych liniach emisyjnych<\/a><\/h3><div class=\"page-list-ext-item-content\">Konwersatorium wydzia\u0142owe\r\n  \r\nDnia 2019-05-14 o godzinie 13:15 w sali 2011 Wydzia\u0142u Fizyki UwB odb\u0119dzie si\u0119 wyk\u0142ad, na kt\u00f3rym&nbsp;mgr. Marcin Marculewicz (doktorant Wydzia\u0142u Fizyki UwB)  wyg\u0142osi wyk\u0142ad pt: \r\n\r\n\"Wyznaczanie globalnych parametr\u00f3w kwazar\u00f3w ...<\/div><\/div>\n<div class=\"page-list-ext-item\"><div class=\"page-list-ext-image\"><a href=\"https:\/\/physics.uwb.edu.pl\/wf\/?page_id=9626\" title=\"Od jednego do wielu. Kolektywne w\u0142asno\u015bci kilku przyci\u0105gaj\u0105cych si\u0119 ultra-zimnych  fermion\u00f3w.\"><img decoding=\"async\" src=\"https:\/\/physics.uwb.edu.pl\/wf\/wp-content\/uploads\/2018\/10\/konwersatorium.svg-150x44.png\" width=\"150\" alt=\"Od jednego do wielu. Kolektywne w\u0142asno\u015bci kilku przyci\u0105gaj\u0105cych si\u0119 ultra-zimnych  fermion\u00f3w.\" \/><\/a><\/div> <h3 class=\"page-list-ext-title\"><a href=\"https:\/\/physics.uwb.edu.pl\/wf\/?page_id=9626\" title=\"Od jednego do wielu. Kolektywne w\u0142asno\u015bci kilku przyci\u0105gaj\u0105cych si\u0119 ultra-zimnych  fermion\u00f3w.\">Od jednego do wielu. Kolektywne w\u0142asno\u015bci kilku przyci\u0105gaj\u0105cych si\u0119 ultra-zimnych  fermion\u00f3w.<\/a><\/h3><div class=\"page-list-ext-item-content\">Konwersatorium wydzia\u0142owe\r\n  \r\nDnia 2019-04-16 o godzinie 13:15 w sali 2011 Wydzia\u0142u Fizyki UwB odb\u0119dzie si\u0119 wyk\u0142ad, na kt\u00f3rym&nbsp;dr hab. Tomasz Sowi\u0144ski z Instytutu Fizyki PAN  wyg\u0142osi wyk\u0142ad pt: \r\n\r\n\"Od jednego do wielu. Kolektywne w\u0142asno\u015bci kilku przy...<\/div><\/div>\n<div class=\"page-list-ext-item\"><div class=\"page-list-ext-image\"><a href=\"https:\/\/physics.uwb.edu.pl\/wf\/?page_id=9551\" title=\"Efekt M\u00f6ssbauera i efekt sprz\u0119\u017cenia magnetoelektrycznego w multiferroikach zawieraj\u0105cych \u017celazo\"><img decoding=\"async\" src=\"https:\/\/physics.uwb.edu.pl\/wf\/wp-content\/uploads\/2016\/10\/seminar-150x62.png\" width=\"150\" alt=\"Efekt M\u00f6ssbauera i efekt sprz\u0119\u017cenia magnetoelektrycznego w multiferroikach zawieraj\u0105cych \u017celazo\" \/><\/a><\/div> <h3 class=\"page-list-ext-title\"><a href=\"https:\/\/physics.uwb.edu.pl\/wf\/?page_id=9551\" title=\"Efekt M\u00f6ssbauera i efekt sprz\u0119\u017cenia magnetoelektrycznego w multiferroikach zawieraj\u0105cych \u017celazo\">Efekt M\u00f6ssbauera i efekt sprz\u0119\u017cenia magnetoelektrycznego w multiferroikach zawieraj\u0105cych \u017celazo<\/a><\/h3><div class=\"page-list-ext-item-content\">Seminarium wydzia\u0142owe\r\n  \r\nDnia 2019-04-09 o godzinie 13:15 w sali 2011 Wydzia\u0142u Fizyki UwB odb\u0119dzie si\u0119 wyk\u0142ad, na kt\u00f3rym&nbsp;dr hab. El\u017cbieta Jartych, z Instytutu Elektroniki i Technik Informacyjnych, Politechniki Lubelskiej  wyg\u0142osi wyk\u0142ad pt: \r\n\r\n...<\/div><\/div>\n<div class=\"page-list-ext-item\"><div class=\"page-list-ext-image\"><a href=\"https:\/\/physics.uwb.edu.pl\/wf\/?page_id=9398\" title=\"Interfacial Phenomena in Ferromagnetic \/ Non-Magnetic Thin-Films\"><img decoding=\"async\" src=\"https:\/\/physics.uwb.edu.pl\/wf\/wp-content\/uploads\/2016\/10\/seminar-150x62.png\" width=\"150\" alt=\"Interfacial Phenomena in Ferromagnetic \/ Non-Magnetic Thin-Films\" \/><\/a><\/div> <h3 class=\"page-list-ext-title\"><a href=\"https:\/\/physics.uwb.edu.pl\/wf\/?page_id=9398\" title=\"Interfacial Phenomena in Ferromagnetic \/ Non-Magnetic Thin-Films\">Interfacial Phenomena in Ferromagnetic \/ Non-Magnetic Thin-Films<\/a><\/h3><div class=\"page-list-ext-item-content\">Seminarium wydzia\u0142owe\r\n  \r\nDnia 2019-04-02 o godzinie 14:15 w sali 2011 Wydzia\u0142u Fizyki UwB odb\u0119dzie si\u0119 wyk\u0142ad, na kt\u00f3rym prof. D. Atkinson Department of Physics, Durham University, Durham, UK  wyg\u0142osi wyk\u0142ad pt: \r\n\r\n\"Interfacial Phenomena in Ferroma...<\/div><\/div>\n<div class=\"page-list-ext-item\"><div class=\"page-list-ext-image\"><a href=\"https:\/\/physics.uwb.edu.pl\/wf\/?page_id=9396\" title=\"Kilka uwag na temat symetrii chiralnej  w fizyce wysokich energii\"><img decoding=\"async\" src=\"https:\/\/physics.uwb.edu.pl\/wf\/wp-content\/uploads\/2016\/10\/seminar-150x62.png\" width=\"150\" alt=\"Kilka uwag na temat symetrii chiralnej  w fizyce wysokich energii\" \/><\/a><\/div> <h3 class=\"page-list-ext-title\"><a href=\"https:\/\/physics.uwb.edu.pl\/wf\/?page_id=9396\" title=\"Kilka uwag na temat symetrii chiralnej  w fizyce wysokich energii\">Kilka uwag na temat symetrii chiralnej  w fizyce wysokich energii<\/a><\/h3><div class=\"page-list-ext-item-content\">Seminarium wydzia\u0142owe\r\n  \r\nDnia 2019-04-02 o godzinie 12:15 w sali 2011 Wydzia\u0142u Fizyki UwB odb\u0119dzie si\u0119 wyk\u0142ad, na kt\u00f3rym dr hab. Jerzy Przeszowski z Zak\u0142adu Teorii Pola, Wydzia\u0142u Fizyki UwB  wyg\u0142osi wyk\u0142ad pt: \r\n\r\n\"Kilka uwag na temat symetrii chiralnej...<\/div><\/div>\n<div class=\"page-list-ext-item\"><div class=\"page-list-ext-image\"><a href=\"https:\/\/physics.uwb.edu.pl\/wf\/?page_id=9368\" title=\"Astrofotografia w praktyce - wiedza w pigu\u0142ce\"><img decoding=\"async\" src=\"https:\/\/physics.uwb.edu.pl\/wf\/wp-content\/uploads\/2016\/10\/seminar-150x62.png\" width=\"150\" alt=\"Astrofotografia w praktyce - wiedza w pigu\u0142ce\" \/><\/a><\/div> <h3 class=\"page-list-ext-title\"><a href=\"https:\/\/physics.uwb.edu.pl\/wf\/?page_id=9368\" title=\"Astrofotografia w praktyce - wiedza w pigu\u0142ce\">Astrofotografia w praktyce - wiedza w pigu\u0142ce<\/a><\/h3><div class=\"page-list-ext-item-content\">Seminarium wydzia\u0142owe\r\n  \r\nDnia 2019-03-26 o godzinie 14:15 w sali 2011 Wydzia\u0142u Fizyki UwB odb\u0119dzie si\u0119 wyk\u0142ad, na kt\u00f3rym&nbsp;Wojciech Burzy\u0144ski z Polskiego Towarzystwa Mi\u0142o\u015bnik\u00f3w Astronomii  wyg\u0142osi wyk\u0142ad pt: \r\n\r\n\"Astrofotografia w praktyce - wiedza w ...<\/div><\/div>\n<div class=\"page-list-ext-item\"><div class=\"page-list-ext-image\"><a href=\"https:\/\/physics.uwb.edu.pl\/wf\/?page_id=9336\" title=\"Interaktywne symulacje do wspomagania nauczania fizyki.\"><img decoding=\"async\" src=\"https:\/\/physics.uwb.edu.pl\/wf\/wp-content\/uploads\/2018\/10\/konwersatorium.svg-150x44.png\" width=\"150\" alt=\"Interaktywne symulacje do wspomagania nauczania fizyki.\" \/><\/a><\/div> <h3 class=\"page-list-ext-title\"><a href=\"https:\/\/physics.uwb.edu.pl\/wf\/?page_id=9336\" title=\"Interaktywne symulacje do wspomagania nauczania fizyki.\">Interaktywne symulacje do wspomagania nauczania fizyki.<\/a><\/h3><div class=\"page-list-ext-item-content\">Seminarium wydzia\u0142owe\r\n  \r\nDnia 2019-03-19 o godzinie 13:15 w sali 2011 Wydzia\u0142u Fizyki UwB odb\u0119dzie si\u0119 wyk\u0142ad, na kt\u00f3rym&nbsp;mgr Wojciech Dobrogowski, z Zak\u0142adu Fizyki Magnetyk\u00f3w Wydzia\u0142u Fizyki UwB  wyg\u0142osi wyk\u0142ad pt: \r\n\r\n\" Interaktywne symulacje ...<\/div><\/div>\n<div class=\"page-list-ext-item\"><div class=\"page-list-ext-image\"><a href=\"https:\/\/physics.uwb.edu.pl\/wf\/?page_id=9313\" title=\"Ferromagnetyczna niestabilno\u015b\u0107 gazu Fermiego odpychaj\u0105cych si\u0119 atom\u00f3w w sko\u0144czonych temperaturach\"><img decoding=\"async\" src=\"https:\/\/physics.uwb.edu.pl\/wf\/wp-content\/uploads\/2018\/10\/konwersatorium.svg-150x44.png\" width=\"150\" alt=\"Ferromagnetyczna niestabilno\u015b\u0107 gazu Fermiego odpychaj\u0105cych si\u0119 atom\u00f3w w sko\u0144czonych temperaturach\" \/><\/a><\/div> <h3 class=\"page-list-ext-title\"><a href=\"https:\/\/physics.uwb.edu.pl\/wf\/?page_id=9313\" title=\"Ferromagnetyczna niestabilno\u015b\u0107 gazu Fermiego odpychaj\u0105cych si\u0119 atom\u00f3w w sko\u0144czonych temperaturach\">Ferromagnetyczna niestabilno\u015b\u0107 gazu Fermiego odpychaj\u0105cych si\u0119 atom\u00f3w w sko\u0144czonych temperaturach<\/a><\/h3><div class=\"page-list-ext-item-content\">Seminarium wydzia\u0142owe\r\n  \r\nDnia 2019-03-12 o godzinie 13:15 w sali 2011 Wydzia\u0142u Fizyki UwB odb\u0119dzie si\u0119 wyk\u0142ad, na kt\u00f3rym&nbsp;mgr Jaros\u0142aw Ryszkiewicz doktorant w Zak\u0142adzie Fizyki Nieliniowej Wydzia\u0142u Fizyki UwB  wyg\u0142osi wyk\u0142ad pt: \r\n\r\n\" Ferromagne...<\/div><\/div>\n<div class=\"page-list-ext-item\"><div class=\"page-list-ext-image\"><a href=\"https:\/\/physics.uwb.edu.pl\/wf\/?page_id=9289\" title=\"Spin chirality in exchange biased thin layered systems\"><img decoding=\"async\" src=\"https:\/\/physics.uwb.edu.pl\/wf\/wp-content\/uploads\/2018\/10\/konwersatorium.svg-150x44.png\" width=\"150\" alt=\"Spin chirality in exchange biased thin layered systems\" \/><\/a><\/div> <h3 class=\"page-list-ext-title\"><a href=\"https:\/\/physics.uwb.edu.pl\/wf\/?page_id=9289\" title=\"Spin chirality in exchange biased thin layered systems\">Spin chirality in exchange biased thin layered systems<\/a><\/h3><div class=\"page-list-ext-item-content\">Seminarium wydzia\u0142owe\r\n  \r\nDnia 2019-03-05 o godzinie 13:15 w sali 2011 Wydzia\u0142u Fizyki UwB odb\u0119dzie si\u0119 wyk\u0142ad, na kt\u00f3rym&nbsp;dr Piotr Ku\u015bwik z Instytutu Fizyki Molekularnej PAN  wyg\u0142osi wyk\u0142ad pt: \r\n\r\n\"&nbsp;Spin chirality in exchange biased thin lay...<\/div><\/div>\n<div class=\"page-list-ext-item\"><div class=\"page-list-ext-image\"><a href=\"https:\/\/physics.uwb.edu.pl\/wf\/?page_id=9275\" title=\"Regu\u0142y wyboru dla ultraszybkiego zapisu fotomagnetycznego\"><img decoding=\"async\" src=\"https:\/\/physics.uwb.edu.pl\/wf\/wp-content\/uploads\/2018\/10\/konwersatorium.svg-150x44.png\" width=\"150\" alt=\"Regu\u0142y wyboru dla ultraszybkiego zapisu fotomagnetycznego\" \/><\/a><\/div> <h3 class=\"page-list-ext-title\"><a href=\"https:\/\/physics.uwb.edu.pl\/wf\/?page_id=9275\" title=\"Regu\u0142y wyboru dla ultraszybkiego zapisu fotomagnetycznego\">Regu\u0142y wyboru dla ultraszybkiego zapisu fotomagnetycznego<\/a><\/h3><div class=\"page-list-ext-item-content\">Seminarium wydzia\u0142owe\r\n  \r\nDnia 2019-02-26 o godzinie 13:15 w sali 2011 Wydzia\u0142u Fizyki UwB odb\u0119dzie si\u0119 wyk\u0142ad, na kt\u00f3rym&nbsp;dr hab. Andrzej Stupakiewicz z Zak\u0142adu Fizyki Magnetyk\u00f3w Wydzia\u0142u Fizyki UwB&nbsp; wyg\u0142osi wyk\u0142ad pt: \r\n\r\n\" Regu\u0142y wyboru dla ...<\/div><\/div>\n<div class=\"page-list-ext-item\"><div class=\"page-list-ext-image\"><a href=\"https:\/\/physics.uwb.edu.pl\/wf\/?page_id=9262\" title=\"Skyrmion Confinement and Damping Modulation in Magnetic Thin Films\"><img decoding=\"async\" src=\"https:\/\/physics.uwb.edu.pl\/wf\/wp-content\/uploads\/2016\/10\/seminar-150x62.png\" width=\"150\" alt=\"Skyrmion Confinement and Damping Modulation in Magnetic Thin Films\" \/><\/a><\/div> <h3 class=\"page-list-ext-title\"><a href=\"https:\/\/physics.uwb.edu.pl\/wf\/?page_id=9262\" title=\"Skyrmion Confinement and Damping Modulation in Magnetic Thin Films\">Skyrmion Confinement and Damping Modulation in Magnetic Thin Films<\/a><\/h3><div class=\"page-list-ext-item-content\">Seminarium wydzia\u0142owe\r\n  \r\nDnia 2019-02-19 o godzinie 14:15 w sali 2011 Wydzia\u0142u Fizyki UwB odb\u0119dzie si\u0119 wyk\u0142ad, na kt\u00f3rym&nbsp;dr S. Saha  z Laboratory for Mesoscopic Systems, Department of Materials, ETH Zurich i Paul Scherrer Institut, Villigen, Switz...<\/div><\/div>\n<div class=\"page-list-ext-item\"><div class=\"page-list-ext-image\"><a href=\"https:\/\/physics.uwb.edu.pl\/wf\/?page_id=9260\" title=\"Tworzenie gier 2D - kr\u00f3tkie wprowadzenie\"><img decoding=\"async\" src=\"https:\/\/physics.uwb.edu.pl\/wf\/wp-content\/uploads\/2016\/10\/seminar-150x62.png\" width=\"150\" alt=\"Tworzenie gier 2D - kr\u00f3tkie wprowadzenie\" \/><\/a><\/div> <h3 class=\"page-list-ext-title\"><a href=\"https:\/\/physics.uwb.edu.pl\/wf\/?page_id=9260\" title=\"Tworzenie gier 2D - kr\u00f3tkie wprowadzenie\">Tworzenie gier 2D - kr\u00f3tkie wprowadzenie<\/a><\/h3><div class=\"page-list-ext-item-content\">Seminarium wydzia\u0142owe\r\n  \r\nDnia 2019-02-19 o godzinie 12:15 w sali 2011 Wydzia\u0142u Fizyki UwB odb\u0119dzie si\u0119 wyk\u0142ad, na kt\u00f3rym dr Andrzej Pisarski &nbsp; z Zak\u0142adu Astronomii i Astrofizyki Wydzia\u0142u Fizyki UwB wyg\u0142osi wyk\u0142ad pt: \r\n\r\n\"Tworzenie gier 2D - kr\u00f3t...<\/div><\/div>\n<div class=\"page-list-ext-item\"><div class=\"page-list-ext-image\"><a href=\"https:\/\/physics.uwb.edu.pl\/wf\/?page_id=9185\" title=\"Ultrakr\u00f3tkie i mocne impulsy laserowe \u2013 Nagroda Nobla z fizyki 2018\"><img decoding=\"async\" src=\"https:\/\/physics.uwb.edu.pl\/wf\/wp-content\/uploads\/2018\/10\/konwersatorium.svg-150x44.png\" width=\"150\" alt=\"Ultrakr\u00f3tkie i mocne impulsy laserowe \u2013 Nagroda Nobla z fizyki 2018\" \/><\/a><\/div> <h3 class=\"page-list-ext-title\"><a href=\"https:\/\/physics.uwb.edu.pl\/wf\/?page_id=9185\" title=\"Ultrakr\u00f3tkie i mocne impulsy laserowe \u2013 Nagroda Nobla z fizyki 2018\">Ultrakr\u00f3tkie i mocne impulsy laserowe \u2013 Nagroda Nobla z fizyki 2018<\/a><\/h3><div class=\"page-list-ext-item-content\">Konwersatorium wydzia\u0142owe\r\n  \r\nDnia 2019-01-29 o godzinie 14:15 w sali 2011 Wydzia\u0142u Fizyki UwB odb\u0119dzie si\u0119 wyk\u0142ad, na kt\u00f3rym Prof. dr hab. Czes\u0142aw Radzewicz  z Wydzia\u0142u Fizyki Uniwersytetu Warszawskiego wyg\u0142osi wyk\u0142ad pt: \r\n\r\n\"Ultrakr\u00f3tkie i mocne im...<\/div><\/div>\n<div class=\"page-list-ext-item\"><div class=\"page-list-ext-image\"><a href=\"https:\/\/physics.uwb.edu.pl\/wf\/?page_id=9181\" title=\"Electrostatic charging of lipid membranes by adenosine triphosphate\"><img decoding=\"async\" src=\"https:\/\/physics.uwb.edu.pl\/wf\/wp-content\/uploads\/2018\/10\/konwersatorium.svg-150x44.png\" width=\"150\" alt=\"Electrostatic charging of lipid membranes by adenosine triphosphate\" \/><\/a><\/div> <h3 class=\"page-list-ext-title\"><a href=\"https:\/\/physics.uwb.edu.pl\/wf\/?page_id=9181\" title=\"Electrostatic charging of lipid membranes by adenosine triphosphate\">Electrostatic charging of lipid membranes by adenosine triphosphate<\/a><\/h3><div class=\"page-list-ext-item-content\">Konwersatorium wydzia\u0142owe\r\n  \r\nDnia 2019-01-29 o godzinie 12:15 w sali 2011 Wydzia\u0142u Fizyki UwB odb\u0119dzie si\u0119 wyk\u0142ad, na kt\u00f3rym&nbsp;prof. Horia I. Petrache  (Department of Physics, Indiana University Purdue University Indianapolis, USA) wyg\u0142osi wyk\u0142ad...<\/div><\/div>\n<div class=\"page-list-ext-item\"><div class=\"page-list-ext-image\"><a href=\"https:\/\/physics.uwb.edu.pl\/wf\/?page_id=9172\" title=\"Bozonowo-fermionowe krople kwantowe\"><img decoding=\"async\" src=\"https:\/\/physics.uwb.edu.pl\/wf\/wp-content\/uploads\/2016\/10\/seminar-150x62.png\" width=\"150\" alt=\"Bozonowo-fermionowe krople kwantowe\" \/><\/a><\/div> <h3 class=\"page-list-ext-title\"><a href=\"https:\/\/physics.uwb.edu.pl\/wf\/?page_id=9172\" title=\"Bozonowo-fermionowe krople kwantowe\">Bozonowo-fermionowe krople kwantowe<\/a><\/h3><div class=\"page-list-ext-item-content\">Seminarium wydzia\u0142owe\r\n  \r\nDnia 2019-01-22 o godzinie 12:15 w sali 2011 Wydzia\u0142u Fizyki UwB odb\u0119dzie si\u0119 wyk\u0142ad, na kt\u00f3rym dr hab. Tomasz Karpiuk &nbsp; z Zak\u0142adu Fizyki Nieliniowej Wydzia\u0142u Fizyki UwB wyg\u0142osi wyk\u0142ad pt: \r\n\r\n\"Bozonowo-fermionowe&nbsp;krople&nbsp;kwantowe  \" \r\nSerd...<\/div><\/div>\n<div class=\"page-list-ext-item\"><div class=\"page-list-ext-image\"><a href=\"https:\/\/physics.uwb.edu.pl\/wf\/?page_id=9170\" title=\"Wp\u0142yw sprz\u0119\u017cenia mi\u0119dzywarstwowego na uporz\u0105dkowanie magnetyczne i procesy magnesowania w ultracienkiej wielowarstwie Au\/Co\/Mo\/Co\/Au\"><img decoding=\"async\" src=\"https:\/\/physics.uwb.edu.pl\/wf\/wp-content\/uploads\/2016\/10\/seminar-150x62.png\" width=\"150\" alt=\"Wp\u0142yw sprz\u0119\u017cenia mi\u0119dzywarstwowego na uporz\u0105dkowanie magnetyczne i procesy magnesowania w ultracienkiej wielowarstwie Au\/Co\/Mo\/Co\/Au\" \/><\/a><\/div> <h3 class=\"page-list-ext-title\"><a href=\"https:\/\/physics.uwb.edu.pl\/wf\/?page_id=9170\" title=\"Wp\u0142yw sprz\u0119\u017cenia mi\u0119dzywarstwowego na uporz\u0105dkowanie magnetyczne i procesy magnesowania w ultracienkiej wielowarstwie Au\/Co\/Mo\/Co\/Au\">Wp\u0142yw sprz\u0119\u017cenia mi\u0119dzywarstwowego na uporz\u0105dkowanie magnetyczne i procesy magnesowania w ultracienkiej wielowarstwie Au\/Co\/Mo\/Co\/Au<\/a><\/h3><div class=\"page-list-ext-item-content\">Seminarium wydzia\u0142owe\r\n  \r\nDnia 2019-01-22 o godzinie 14:15 w sali 2011 Wydzia\u0142u Fizyki UwB odb\u0119dzie si\u0119 wyk\u0142ad, na kt\u00f3rym dr hab. Maria Tekielak &nbsp;prof. UwB z Zak\u0142adu Fizyki Magnetyk\u00f3w Wydzia\u0142u Fizyki UwB wyg\u0142osi wyk\u0142ad pt: \r\n\r\n\"Wp\u0142yw sprz\u0119\u017cenia ...<\/div><\/div>\n<div class=\"page-list-ext-item\"><div class=\"page-list-ext-image\"><a href=\"https:\/\/physics.uwb.edu.pl\/wf\/?page_id=9125\" title=\"Activation Barriers for Thermal Reversal of Ferromagnetic Nanostructures\"><img decoding=\"async\" src=\"https:\/\/physics.uwb.edu.pl\/wf\/wp-content\/uploads\/2016\/10\/seminar-150x62.png\" width=\"150\" alt=\"Activation Barriers for Thermal Reversal of Ferromagnetic Nanostructures\" \/><\/a><\/div> <h3 class=\"page-list-ext-title\"><a href=\"https:\/\/physics.uwb.edu.pl\/wf\/?page_id=9125\" title=\"Activation Barriers for Thermal Reversal of Ferromagnetic Nanostructures\">Activation Barriers for Thermal Reversal of Ferromagnetic Nanostructures<\/a><\/h3><div class=\"page-list-ext-item-content\">Seminarium wydzia\u0142owe\r\n  \r\nDnia 2019-01-15 o godzinie 13:15 w sali 2011 Wydzia\u0142u Fizyki UwB odb\u0119dzie si\u0119 wyk\u0142ad, na kt\u00f3rym dr&nbsp;Gabriel D. Chaves-O\u2019Flynn   z&nbsp; Instytutu Fizyki Molekularnej PAN w Poznaniu wyg\u0142osi wyk\u0142ad pt: \r\n\r\n\" Activation Barriers ...<\/div><\/div>\n<div class=\"page-list-ext-item\"><div class=\"page-list-ext-image\"><a href=\"https:\/\/physics.uwb.edu.pl\/wf\/?page_id=9069\" title=\"Separacja fazowa i w\u0142a\u015bciwo\u015bci stanu nadprzewodz\u0105cego nadprzewodnik\u00f3w warstwowych na bazie \u017celaza\"><img decoding=\"async\" src=\"https:\/\/physics.uwb.edu.pl\/wf\/wp-content\/uploads\/2016\/10\/seminar-150x62.png\" width=\"150\" alt=\"Separacja fazowa i w\u0142a\u015bciwo\u015bci stanu nadprzewodz\u0105cego nadprzewodnik\u00f3w warstwowych na bazie \u017celaza\" \/><\/a><\/div> <h3 class=\"page-list-ext-title\"><a href=\"https:\/\/physics.uwb.edu.pl\/wf\/?page_id=9069\" title=\"Separacja fazowa i w\u0142a\u015bciwo\u015bci stanu nadprzewodz\u0105cego nadprzewodnik\u00f3w warstwowych na bazie \u017celaza\">Separacja fazowa i w\u0142a\u015bciwo\u015bci stanu nadprzewodz\u0105cego nadprzewodnik\u00f3w warstwowych na bazie \u017celaza<\/a><\/h3><div class=\"page-list-ext-item-content\">Seminarium wydzia\u0142owe\r\n  \r\nDnia 2018-12-18 o godzinie 13:15 w sali 2011 Wydzia\u0142u Fizyki UwB odb\u0119dzie si\u0119 wyk\u0142ad, na kt\u00f3rym&nbsp;prof.&nbsp;dr&nbsp;hab.&nbsp;Roman&nbsp;Pu\u017aniak   z Instytutu&nbsp;Fizyki&nbsp;PAN&nbsp;w&nbsp;Warszawie&nbsp; wyg\u0142osi wyk\u0142ad ...<\/div><\/div>\n<div class=\"page-list-ext-item\"><div class=\"page-list-ext-image\"><a href=\"https:\/\/physics.uwb.edu.pl\/wf\/?page_id=9037\" title=\"Integratory symplektyczne i uk\u0142ady hamiltonowskie\"><img decoding=\"async\" src=\"https:\/\/physics.uwb.edu.pl\/wf\/wp-content\/uploads\/2016\/10\/seminar-150x62.png\" width=\"150\" alt=\"Integratory symplektyczne i uk\u0142ady hamiltonowskie\" \/><\/a><\/div> <h3 class=\"page-list-ext-title\"><a href=\"https:\/\/physics.uwb.edu.pl\/wf\/?page_id=9037\" title=\"Integratory symplektyczne i uk\u0142ady hamiltonowskie\">Integratory symplektyczne i uk\u0142ady hamiltonowskie<\/a><\/h3><div class=\"page-list-ext-item-content\">Seminarium wydzia\u0142owe\r\n  \r\nDnia 2018-12-18 o godzinie 12:15 w sali 2011 Wydzia\u0142u Fizyki UwB odb\u0119dzie si\u0119 wyk\u0142ad, na kt\u00f3rym mgr Artur Kobus&nbsp;  z Zak\u0142adu Fizyki Nieliniowej W.Fiz. UwB wyg\u0142osi wyk\u0142ad pt: \r\n\r\n\"Integratory&nbsp;symplektyczne&nbsp;i&nbsp;uk\u0142ady&nbsp;hamiltonowskie  \" \r\nSerd...<\/div><\/div>\n<div class=\"page-list-ext-item\"><div class=\"page-list-ext-image\"><a href=\"https:\/\/physics.uwb.edu.pl\/wf\/?page_id=8591\" title=\"POLFEL - polski laser na swobodnych elektronach\"><img decoding=\"async\" src=\"https:\/\/physics.uwb.edu.pl\/wf\/wp-content\/uploads\/2018\/10\/konwersatorium.svg-150x44.png\" width=\"150\" alt=\"POLFEL - polski laser na swobodnych elektronach\" \/><\/a><\/div> <h3 class=\"page-list-ext-title\"><a href=\"https:\/\/physics.uwb.edu.pl\/wf\/?page_id=8591\" title=\"POLFEL - polski laser na swobodnych elektronach\">POLFEL - polski laser na swobodnych elektronach<\/a><\/h3><div class=\"page-list-ext-item-content\">Konwersatorium wydzia\u0142owe\r\n  \r\nDnia 2018-12-11 o godzinie 12:15 w sali 2011 Wydzia\u0142u Fizyki UwB odb\u0119dzie si\u0119 wyk\u0142ad, na kt\u00f3rym&nbsp; dr hab. Krzysztof Kurek dyrektor&nbsp; NCBJ -\u015awierk  wyg\u0142osi wyk\u0142ad pt: \r\n\r\n\"POLFEL - polski laser na swobodnych elektron...<\/div><\/div>\n<div class=\"page-list-ext-item\"><div class=\"page-list-ext-image\"><a href=\"https:\/\/physics.uwb.edu.pl\/wf\/?page_id=8805\" title=\"Teoria Proca na froncie \u015bwietlnym\"><img decoding=\"async\" src=\"https:\/\/physics.uwb.edu.pl\/wf\/wp-content\/uploads\/2016\/10\/seminar-150x62.png\" width=\"150\" alt=\"Teoria Proca na froncie \u015bwietlnym\" \/><\/a><\/div> <h3 class=\"page-list-ext-title\"><a href=\"https:\/\/physics.uwb.edu.pl\/wf\/?page_id=8805\" title=\"Teoria Proca na froncie \u015bwietlnym\">Teoria Proca na froncie \u015bwietlnym<\/a><\/h3><div class=\"page-list-ext-item-content\">Seminarium wydzia\u0142owe\r\n  \r\nDnia 2018-12-04 o godzinie 12:15 w sali 2011 Wydzia\u0142u Fizyki UwB odb\u0119dzie si\u0119 wyk\u0142ad, na kt\u00f3rym dr El\u017cbieta Dzimida-Chmielewska  z Zak\u0142ad Teorii Pola W.Fiz. UwB wyg\u0142osi wyk\u0142ad pt: \r\n\r\n\"Teoria Proca na froncie \u015bwietlnym  \" \r\nSerde...<\/div><\/div>\n<div class=\"page-list-ext-item\"><div class=\"page-list-ext-image\"><a href=\"https:\/\/physics.uwb.edu.pl\/wf\/?page_id=8682\" title=\"Hydrodynamizacja i transszeregi\"><img decoding=\"async\" src=\"https:\/\/physics.uwb.edu.pl\/wf\/wp-content\/uploads\/2016\/10\/seminar-150x62.png\" width=\"150\" alt=\"Hydrodynamizacja i transszeregi\" \/><\/a><\/div> <h3 class=\"page-list-ext-title\"><a href=\"https:\/\/physics.uwb.edu.pl\/wf\/?page_id=8682\" title=\"Hydrodynamizacja i transszeregi\">Hydrodynamizacja i transszeregi<\/a><\/h3><div class=\"page-list-ext-item-content\">Seminarium wydzia\u0142owe\r\n  \r\nDnia 2018-11-27 o godzinie 12:15 w sali 2011 Wydzia\u0142u Fizyki UwB odb\u0119dzie si\u0119 wyk\u0142ad, na kt\u00f3rym&nbsp;Prof. dr hab.  Micha\u0142 Spali\u0144ski  z Zak\u0142ad Teorii Pola W.Fiz. UwB wyg\u0142osi wyk\u0142ad pt: \r\n\r\n\"Hydrodynamizacja i transszeregi  \" \r\nSerde...<\/div><\/div>\n<div class=\"page-list-ext-item\"><div class=\"page-list-ext-image\"><a href=\"https:\/\/physics.uwb.edu.pl\/wf\/?page_id=8680\" title=\"Transmisyjna holografia elektronowa nano-obiekt\u00f3w magnetycznych \u2013 mo\u017cliwo\u015bci badawcze\"><img decoding=\"async\" src=\"https:\/\/physics.uwb.edu.pl\/wf\/wp-content\/uploads\/2016\/10\/seminar-150x62.png\" width=\"150\" alt=\"Transmisyjna holografia elektronowa nano-obiekt\u00f3w magnetycznych \u2013 mo\u017cliwo\u015bci badawcze\" \/><\/a><\/div> <h3 class=\"page-list-ext-title\"><a href=\"https:\/\/physics.uwb.edu.pl\/wf\/?page_id=8680\" title=\"Transmisyjna holografia elektronowa nano-obiekt\u00f3w magnetycznych \u2013 mo\u017cliwo\u015bci badawcze\">Transmisyjna holografia elektronowa nano-obiekt\u00f3w magnetycznych \u2013 mo\u017cliwo\u015bci badawcze<\/a><\/h3><div class=\"page-list-ext-item-content\">Seminarium wydzia\u0142owe\r\n  \r\nDnia 2018-11-27 o godzinie 14:15 w sali 2011 Wydzia\u0142u Fizyki UwB odb\u0119dzie si\u0119 wyk\u0142ad, na kt\u00f3rym&nbsp;prof. Piotr D\u0142u\u017cewski  z Instytutu Fizyki PAN w Warszawie wyg\u0142osi wyk\u0142ad pt: \r\n\r\n\"Transmisyjna holografia elektronowa nano-obie...<\/div><\/div>\n<div class=\"page-list-ext-item\"><div class=\"page-list-ext-image\"><a href=\"https:\/\/physics.uwb.edu.pl\/wf\/?page_id=8557\" title=\"Mo\u017cliwo\u015bci badawcze Laboratorium Fizyki Neutronowej im. I.M. Franka w Zjednoczonym Instytucie Bada\u0144 J\u0105drowych\"><img decoding=\"async\" src=\"https:\/\/physics.uwb.edu.pl\/wf\/wp-content\/uploads\/2018\/10\/konwersatorium.svg-150x44.png\" width=\"150\" alt=\"Mo\u017cliwo\u015bci badawcze Laboratorium Fizyki Neutronowej im. I.M. Franka w Zjednoczonym Instytucie Bada\u0144 J\u0105drowych\" \/><\/a><\/div> <h3 class=\"page-list-ext-title\"><a href=\"https:\/\/physics.uwb.edu.pl\/wf\/?page_id=8557\" title=\"Mo\u017cliwo\u015bci badawcze Laboratorium Fizyki Neutronowej im. I.M. Franka w Zjednoczonym Instytucie Bada\u0144 J\u0105drowych\">Mo\u017cliwo\u015bci badawcze Laboratorium Fizyki Neutronowej im. I.M. Franka w Zjednoczonym Instytucie Bada\u0144 J\u0105drowych<\/a><\/h3><div class=\"page-list-ext-item-content\">Konwersatorium wydzia\u0142owe\r\n  \r\nDnia 2018-11-13 o godzinie 13:15 w sali 2011 Wydzia\u0142u Fizyki UwB odb\u0119dzie si\u0119 wyk\u0142ad, na kt\u00f3rym&nbsp;dr D. Chudoba  z Wydzia\u0142u Fizyki, Uniwersytetu im. A.Mickiewicza w Poznaniu (oraz z Laboratorium Fizyki Neutronowej im. I....<\/div><\/div>\n<div class=\"page-list-ext-item\"><div class=\"page-list-ext-image\"><a href=\"https:\/\/physics.uwb.edu.pl\/wf\/?page_id=8447\" title=\"Spintronika antyferromagnetyczna \u2013 prze\u0142\u0105czanie CuMnAs pr\u0105dem elektrycznym\"><img decoding=\"async\" src=\"https:\/\/physics.uwb.edu.pl\/wf\/wp-content\/uploads\/2018\/10\/konwersatorium.svg-150x44.png\" width=\"150\" alt=\"Spintronika antyferromagnetyczna \u2013 prze\u0142\u0105czanie CuMnAs pr\u0105dem elektrycznym\" \/><\/a><\/div> <h3 class=\"page-list-ext-title\"><a href=\"https:\/\/physics.uwb.edu.pl\/wf\/?page_id=8447\" title=\"Spintronika antyferromagnetyczna \u2013 prze\u0142\u0105czanie CuMnAs pr\u0105dem elektrycznym\">Spintronika antyferromagnetyczna \u2013 prze\u0142\u0105czanie CuMnAs pr\u0105dem elektrycznym<\/a><\/h3><div class=\"page-list-ext-item-content\">Konwersatorium wydzia\u0142owe\r\n  \r\nDnia 2018-11-06 o godzinie 13:15 w sali 2011 Wydzia\u0142u Fizyki UwB odb\u0119dzie si\u0119 wyk\u0142ad, na kt\u00f3rym mgr Micha\u0142 Grzybowski  z Mi\u0119dzynarodowe Centrum Sprz\u0119\u017cenia Magnetyzmu i Nadprzewodnictwa z Materi\u0105 Topologiczn\u0105, Instytut Fi...<\/div><\/div>\n<div class=\"page-list-ext-item\"><div class=\"page-list-ext-image\"><a href=\"https:\/\/physics.uwb.edu.pl\/wf\/?page_id=8432\" title=\"Nowe materia\u0142y opracowywane przez Instytut Metali Nie\u017celaznych dla potrzeb energetyki, energoelektroniki i medycyny.\"><img decoding=\"async\" src=\"https:\/\/physics.uwb.edu.pl\/wf\/wp-content\/uploads\/2016\/10\/seminar-150x62.png\" width=\"150\" alt=\"Nowe materia\u0142y opracowywane przez Instytut Metali Nie\u017celaznych dla potrzeb energetyki, energoelektroniki i medycyny.\" \/><\/a><\/div> <h3 class=\"page-list-ext-title\"><a href=\"https:\/\/physics.uwb.edu.pl\/wf\/?page_id=8432\" title=\"Nowe materia\u0142y opracowywane przez Instytut Metali Nie\u017celaznych dla potrzeb energetyki, energoelektroniki i medycyny.\">Nowe materia\u0142y opracowywane przez Instytut Metali Nie\u017celaznych dla potrzeb energetyki, energoelektroniki i medycyny.<\/a><\/h3><div class=\"page-list-ext-item-content\">Seminarium wydzia\u0142owe\r\n  \r\nDnia 2018-10-30 o godzinie 14:15 w sali 2011 Wydzia\u0142u Fizyki UwB odb\u0119dzie si\u0119 wyk\u0142ad, na kt\u00f3rym mgr Przemys\u0142aw Zackiewicz  z Instytutu Metali Niezale\u017cnych w Gliwicach wyg\u0142osi wyk\u0142ad pt: \r\n\r\n\"Nowe materia\u0142y opracowywane przez Inst...<\/div><\/div>\n<div class=\"page-list-ext-item\"><div class=\"page-list-ext-image\"><a href=\"https:\/\/physics.uwb.edu.pl\/wf\/?page_id=8430\" title=\"Model Yukawy oraz funkcje Wightmana na froncie \u015bwietlnym\"><img decoding=\"async\" src=\"https:\/\/physics.uwb.edu.pl\/wf\/wp-content\/uploads\/2016\/10\/seminar-150x62.png\" width=\"150\" alt=\"Model Yukawy oraz funkcje Wightmana na froncie \u015bwietlnym\" \/><\/a><\/div> <h3 class=\"page-list-ext-title\"><a href=\"https:\/\/physics.uwb.edu.pl\/wf\/?page_id=8430\" title=\"Model Yukawy oraz funkcje Wightmana na froncie \u015bwietlnym\">Model Yukawy oraz funkcje Wightmana na froncie \u015bwietlnym<\/a><\/h3><div class=\"page-list-ext-item-content\">Seminarium wydzia\u0142owe\r\n  \r\nDnia 2018-10-30 o godzinie 12:15 w sali 2011 Wydzia\u0142u Fizyki UwB odb\u0119dzie si\u0119 wyk\u0142ad, na kt\u00f3rym dr Jan \u017bochowski  z Zak\u0142adu Teorii Pola Wydzia\u0142u Fizyki UwB wyg\u0142osi wyk\u0142ad pt: \r\n\r\n\"Model Yukawy oraz funkcje Wightmana na froncie...<\/div><\/div>\n<div class=\"page-list-ext-item\"><div class=\"page-list-ext-image\"><a href=\"https:\/\/physics.uwb.edu.pl\/wf\/?page_id=8412\" title=\"Nowa metoda separacji moleku\u0142 chiralnych o r\u00f3\u017cnym kierunku skr\u0119cenia przy u\u017cyciu nanostruktur magnetycznych\"><img decoding=\"async\" src=\"https:\/\/physics.uwb.edu.pl\/wf\/wp-content\/uploads\/2018\/10\/konwersatorium.svg-150x44.png\" width=\"150\" alt=\"Nowa metoda separacji moleku\u0142 chiralnych o r\u00f3\u017cnym kierunku skr\u0119cenia przy u\u017cyciu nanostruktur magnetycznych\" \/><\/a><\/div> <h3 class=\"page-list-ext-title\"><a href=\"https:\/\/physics.uwb.edu.pl\/wf\/?page_id=8412\" title=\"Nowa metoda separacji moleku\u0142 chiralnych o r\u00f3\u017cnym kierunku skr\u0119cenia przy u\u017cyciu nanostruktur magnetycznych\">Nowa metoda separacji moleku\u0142 chiralnych o r\u00f3\u017cnym kierunku skr\u0119cenia przy u\u017cyciu nanostruktur magnetycznych<\/a><\/h3><div class=\"page-list-ext-item-content\">Konwersatorium wydzia\u0142owe\r\n  \r\nDnia 2018-10-23 o godzinie 13:15 w sali 2011 Wydzia\u0142u Fizyki UwB odb\u0119dzie si\u0119 wyk\u0142ad, na kt\u00f3rym&nbsp;prof. dr hab. Lech Tomasz Baczewski  z Instytutu Fizyki PAN w Warszawie wyg\u0142osi wyk\u0142ad pt: \r\n\r\n\"Nowa metoda separacji moleku\u0142...<\/div><\/div>\n<div class=\"page-list-ext-item\"><div class=\"page-list-ext-image\"><a href=\"https:\/\/physics.uwb.edu.pl\/wf\/?page_id=8394\" title=\"Obcinanie ogona kulombowskiego,  sinus kardynal(ski)ny, o\u015b czasowa z dziurk\u0105 \u2013 czyli  co mo\u017cna znale\u017a\u0107 w rachunkach z dystrybucjami temperowanymi\"><img decoding=\"async\" src=\"https:\/\/physics.uwb.edu.pl\/wf\/wp-content\/uploads\/2016\/10\/seminar-150x62.png\" width=\"150\" alt=\"Obcinanie ogona kulombowskiego,  sinus kardynal(ski)ny, o\u015b czasowa z dziurk\u0105 \u2013 czyli  co mo\u017cna znale\u017a\u0107 w rachunkach z dystrybucjami temperowanymi\" \/><\/a><\/div> <h3 class=\"page-list-ext-title\"><a href=\"https:\/\/physics.uwb.edu.pl\/wf\/?page_id=8394\" title=\"Obcinanie ogona kulombowskiego,  sinus kardynal(ski)ny, o\u015b czasowa z dziurk\u0105 \u2013 czyli  co mo\u017cna znale\u017a\u0107 w rachunkach z dystrybucjami temperowanymi\">Obcinanie ogona kulombowskiego,  sinus kardynal(ski)ny, o\u015b czasowa z dziurk\u0105 \u2013 czyli  co mo\u017cna znale\u017a\u0107 w rachunkach z dystrybucjami temperowanymi<\/a><\/h3><div class=\"page-list-ext-item-content\">Seminarium wydzia\u0142owe\r\n  \r\nDnia 2018-10-16 o godzinie 12:15 w sali 2011 Wydzia\u0142u Fizyki UwB odb\u0119dzie si\u0119 wyk\u0142ad, na kt\u00f3rym dr hab. Jerzy Przeszowski z Zak\u0142adu Teorii Pola Wydzia\u0142u Fizyki UwB  wyg\u0142osi wyk\u0142ad pt: \r\n\r\n\"Obcinanie ogona kulombowskiego,  sinus ka...<\/div><\/div>\n<div class=\"page-list-ext-item\"><div class=\"page-list-ext-image\"><a href=\"https:\/\/physics.uwb.edu.pl\/wf\/?page_id=8390\" title=\"Lokalna struktura i w\u0142asno\u015bci magnetyczne epitaksjalnych warstw Mn5Ge3 domieszkowanych w\u0119glem\"><img decoding=\"async\" src=\"https:\/\/physics.uwb.edu.pl\/wf\/wp-content\/uploads\/2016\/10\/seminar-150x62.png\" width=\"150\" alt=\"Lokalna struktura i w\u0142asno\u015bci magnetyczne epitaksjalnych warstw Mn5Ge3 domieszkowanych w\u0119glem\" \/><\/a><\/div> <h3 class=\"page-list-ext-title\"><a href=\"https:\/\/physics.uwb.edu.pl\/wf\/?page_id=8390\" title=\"Lokalna struktura i w\u0142asno\u015bci magnetyczne epitaksjalnych warstw Mn5Ge3 domieszkowanych w\u0119glem\">Lokalna struktura i w\u0142asno\u015bci magnetyczne epitaksjalnych warstw Mn5Ge3 domieszkowanych w\u0119glem<\/a><\/h3><div class=\"page-list-ext-item-content\">seminarium wydzia\u0142owe\r\n  \r\nDnia 2018-10-16 o godzinie 14:15 w sali 2011 Wydzia\u0142u Fizyki UwB odb\u0119dzie si\u0119 wyk\u0142ad, na kt\u00f3rym Roger Kalvig z Instytutu Fizyki IFPAN w Warszawie &nbsp;  wyg\u0142osi wyk\u0142ad pt: \r\n\r\n\"Lokalna struktura i w\u0142asno\u015bci magnetyczne epitaksja...<\/div><\/div>\n<div class=\"page-list-ext-item\"><div class=\"page-list-ext-image\"><a href=\"https:\/\/physics.uwb.edu.pl\/wf\/?page_id=8040\" title=\"Anizotropia i oddzia\u0142ywania w magnetycznych strukturach cienkowarstwowych\"><img decoding=\"async\" src=\"https:\/\/physics.uwb.edu.pl\/wf\/wp-content\/uploads\/2016\/10\/seminar-150x62.png\" width=\"150\" alt=\"Anizotropia i oddzia\u0142ywania w magnetycznych strukturach cienkowarstwowych\" \/><\/a><\/div> <h3 class=\"page-list-ext-title\"><a href=\"https:\/\/physics.uwb.edu.pl\/wf\/?page_id=8040\" title=\"Anizotropia i oddzia\u0142ywania w magnetycznych strukturach cienkowarstwowych\">Anizotropia i oddzia\u0142ywania w magnetycznych strukturach cienkowarstwowych<\/a><\/h3><div class=\"page-list-ext-item-content\">Seminarium wydzia\u0142owe\r\n  \r\nDnia 2018-06-12 o godzinie 14:15 w sali 2011 Wydzia\u0142u Fizyki UwB odb\u0119dzie si\u0119 wyk\u0142ad, na kt\u00f3rym dr Micha\u0142 Matczak z Instytutu Fizyki Molekularnej PAN w Poznaniu &nbsp;  wyg\u0142osi wyk\u0142ad pt: \r\n\r\n\"Anizotropia i oddzia\u0142ywania w magnety...<\/div><\/div>\n<div class=\"page-list-ext-item\"><div class=\"page-list-ext-image\"><a href=\"https:\/\/physics.uwb.edu.pl\/wf\/?page_id=8044\" title=\"MES w praktyce\"><img decoding=\"async\" src=\"https:\/\/physics.uwb.edu.pl\/wf\/wp-content\/uploads\/2016\/10\/seminar-150x62.png\" width=\"150\" alt=\"MES w praktyce\" \/><\/a><\/div> <h3 class=\"page-list-ext-title\"><a href=\"https:\/\/physics.uwb.edu.pl\/wf\/?page_id=8044\" title=\"MES w praktyce\">MES w praktyce<\/a><\/h3><div class=\"page-list-ext-item-content\">Seminarium wydzia\u0142owe\r\n  \r\nDnia 2018-06-12 o godzinie 12:15 w sali 2011 Wydzia\u0142u Fizyki UwB odb\u0119dzie si\u0119 wyk\u0142ad, na kt\u00f3rym dr Cezary Walczyk z Zak\u0142adu Teorii Pola Wydzia\u0142u Fizyki Uniwersytetu w Bia\u0142ymstoku &nbsp;  wyg\u0142osi wyk\u0142ad pt: \r\n\r\n\"MES w praktyce...<\/div><\/div>\n<div class=\"page-list-ext-item\"><div class=\"page-list-ext-image\"><a href=\"https:\/\/physics.uwb.edu.pl\/wf\/?page_id=8017\" title=\"Modyfikacja w\u0142a\u015bciwo\u015bci ultracienkich warstw kobaltu z wykorzystaniem bombardowania jonami\"><img decoding=\"async\" src=\"https:\/\/physics.uwb.edu.pl\/wf\/wp-content\/uploads\/2016\/10\/seminar-150x62.png\" width=\"150\" alt=\"Modyfikacja w\u0142a\u015bciwo\u015bci ultracienkich warstw kobaltu z wykorzystaniem bombardowania jonami\" \/><\/a><\/div> <h3 class=\"page-list-ext-title\"><a href=\"https:\/\/physics.uwb.edu.pl\/wf\/?page_id=8017\" title=\"Modyfikacja w\u0142a\u015bciwo\u015bci ultracienkich warstw kobaltu z wykorzystaniem bombardowania jonami\">Modyfikacja w\u0142a\u015bciwo\u015bci ultracienkich warstw kobaltu z wykorzystaniem bombardowania jonami<\/a><\/h3><div class=\"page-list-ext-item-content\">Seminarium wydzia\u0142owe\r\n  \r\nDnia 2018-06-05 o godzinie 13:15 w sali 2011 Wydzia\u0142u Fizyki UwB odb\u0119dzie si\u0119 wyk\u0142ad, na kt\u00f3rym dr J\u00f3zef Sveklo z Wydzia\u0142u Fizyki Uniwersytetu w Bia\u0142ymstoku &nbsp;  wyg\u0142osi wyk\u0142ad pt: \r\n\r\n\"Modyfikacja w\u0142a\u015bciwo\u015bci ultracienkich...<\/div><\/div>\n<div class=\"page-list-ext-item\"><div class=\"page-list-ext-image\"><a href=\"https:\/\/physics.uwb.edu.pl\/wf\/?page_id=7973\" title=\"Mikroskopia fotoelektronowa wzbudze\u0144 plazmonicznych w skali femto\/nano\"><img decoding=\"async\" src=\"https:\/\/physics.uwb.edu.pl\/wf\/wp-content\/uploads\/2016\/10\/seminar-150x62.png\" width=\"150\" alt=\"Mikroskopia fotoelektronowa wzbudze\u0144 plazmonicznych w skali femto\/nano\" \/><\/a><\/div> <h3 class=\"page-list-ext-title\"><a href=\"https:\/\/physics.uwb.edu.pl\/wf\/?page_id=7973\" title=\"Mikroskopia fotoelektronowa wzbudze\u0144 plazmonicznych w skali femto\/nano\">Mikroskopia fotoelektronowa wzbudze\u0144 plazmonicznych w skali femto\/nano<\/a><\/h3><div class=\"page-list-ext-item-content\">Seminarium wydzia\u0142owe\r\n  \r\nDnia 2018-05-29 o godzinie 14:15 w sali 2011 Wydzia\u0142u Fizyki UwB odb\u0119dzie si\u0119 wyk\u0142ad, na kt\u00f3rym dr Maciej D\u0105browski z Department of Physics and Astronomy, Univeristy of Pittsburgh, Pennsylvania, USA &nbsp;  wyg\u0142osi wyk\u0142ad pt: \r\n\r\n...<\/div><\/div>\n<div class=\"page-list-ext-item\"><div class=\"page-list-ext-image\"><a href=\"https:\/\/physics.uwb.edu.pl\/wf\/?page_id=7971\" title=\"Kwazary o s\u0142abych liniach emisyjnych\"><img decoding=\"async\" src=\"https:\/\/physics.uwb.edu.pl\/wf\/wp-content\/uploads\/2016\/10\/seminar-150x62.png\" width=\"150\" alt=\"Kwazary o s\u0142abych liniach emisyjnych\" \/><\/a><\/div> <h3 class=\"page-list-ext-title\"><a href=\"https:\/\/physics.uwb.edu.pl\/wf\/?page_id=7971\" title=\"Kwazary o s\u0142abych liniach emisyjnych\">Kwazary o s\u0142abych liniach emisyjnych<\/a><\/h3><div class=\"page-list-ext-item-content\">Seminarium wydzia\u0142owe\r\n  \r\nDnia 2018-05-29 o godzinie 12:15 w sali 2011 Wydzia\u0142u Fizyki UwB odb\u0119dzie si\u0119 wyk\u0142ad, na kt\u00f3rym dr hab. Marek Niko\u0142ajuk  z  Zak\u0142adu Astronomii i Astrofizyki  Wydzia\u0142u Fizyki Uniwersytetu w Bia\u0142ymstoku&nbsp;  wyg\u0142osi wyk\u0142ad pt:...<\/div><\/div>\n<div class=\"page-list-ext-item\"><div class=\"page-list-ext-image\"><a href=\"https:\/\/physics.uwb.edu.pl\/wf\/?page_id=7917\" title=\"Perspektywy rozwoju nauki w mniejszych o\u015brodkach akademickich w kontek\u015bcie ustawy 2.0.\"><img decoding=\"async\" src=\"https:\/\/physics.uwb.edu.pl\/wf\/wp-content\/uploads\/2016\/10\/seminar-150x62.png\" width=\"150\" alt=\"Perspektywy rozwoju nauki w mniejszych o\u015brodkach akademickich w kontek\u015bcie ustawy 2.0.\" \/><\/a><\/div> <h3 class=\"page-list-ext-title\"><a href=\"https:\/\/physics.uwb.edu.pl\/wf\/?page_id=7917\" title=\"Perspektywy rozwoju nauki w mniejszych o\u015brodkach akademickich w kontek\u015bcie ustawy 2.0.\">Perspektywy rozwoju nauki w mniejszych o\u015brodkach akademickich w kontek\u015bcie ustawy 2.0.<\/a><\/h3><div class=\"page-list-ext-item-content\">Wyk\u0142ad\r\n  \r\nDnia 2018-05-25 o godzinie 15:00 w sali 2011 Wydzia\u0142u Fizyki UwB odb\u0119dzie si\u0119 wyk\u0142ad, na kt\u00f3rym prof. dr hab. Jan Cie\u015bli\u0144ski  z  Wydzia\u0142u Fizyki Uniwersytetu w Bia\u0142ymstoku&nbsp;  wyg\u0142osi wyk\u0142ad pt: \r\n\r\n\"Perspektywy rozwoju nauki w mniejszyc...<\/div><\/div>\n<div class=\"page-list-ext-item\"><div class=\"page-list-ext-image\"><a href=\"https:\/\/physics.uwb.edu.pl\/wf\/?page_id=7915\" title=\"Teoria wzgl\u0119dno\u015bci vs informacja kwantowa\"><img decoding=\"async\" src=\"https:\/\/physics.uwb.edu.pl\/wf\/wp-content\/uploads\/2016\/10\/seminar-150x62.png\" width=\"150\" alt=\"Teoria wzgl\u0119dno\u015bci vs informacja kwantowa\" \/><\/a><\/div> <h3 class=\"page-list-ext-title\"><a href=\"https:\/\/physics.uwb.edu.pl\/wf\/?page_id=7915\" title=\"Teoria wzgl\u0119dno\u015bci vs informacja kwantowa\">Teoria wzgl\u0119dno\u015bci vs informacja kwantowa<\/a><\/h3><div class=\"page-list-ext-item-content\">Seminarium wydzia\u0142owe\r\n  \r\nDnia 2018-05-22 o godzinie 13:15 w sali 2011 Wydzia\u0142u Fizyki UwB odb\u0119dzie si\u0119 seminarium, na kt\u00f3rym dr hab. Andrzej Dragan  z Instytutu Fizyki Teoretycznej Uniwersytetu Warszawskiego  wyg\u0142osi wyk\u0142ad pt: \r\n&nbsp;\r\n\"Teoria&nbsp;wzgl\u0119dno\u015bci&nbsp;vs  informa...<\/div><\/div>\n<div class=\"page-list-ext-item\"><div class=\"page-list-ext-image\"><a href=\"https:\/\/physics.uwb.edu.pl\/wf\/?page_id=7873\" title=\"Optyczne w\u0142a\u015bciwo\u015bci mocno niedopasowanych zwi\u0105zk\u00f3w p\u00f3\u0142przewodnikowych\"><img decoding=\"async\" src=\"https:\/\/physics.uwb.edu.pl\/wf\/wp-content\/uploads\/2016\/10\/seminar-150x62.png\" width=\"150\" alt=\"Optyczne w\u0142a\u015bciwo\u015bci mocno niedopasowanych zwi\u0105zk\u00f3w p\u00f3\u0142przewodnikowych\" \/><\/a><\/div> <h3 class=\"page-list-ext-title\"><a href=\"https:\/\/physics.uwb.edu.pl\/wf\/?page_id=7873\" title=\"Optyczne w\u0142a\u015bciwo\u015bci mocno niedopasowanych zwi\u0105zk\u00f3w p\u00f3\u0142przewodnikowych\">Optyczne w\u0142a\u015bciwo\u015bci mocno niedopasowanych zwi\u0105zk\u00f3w p\u00f3\u0142przewodnikowych<\/a><\/h3><div class=\"page-list-ext-item-content\">Seminarium wydzia\u0142owe\r\n  \r\nDnia 2018-05-15 o godzinie 14:15 w sali 2011 Wydzia\u0142u Fizyki UwB odb\u0119dzie si\u0119 seminarium, na kt\u00f3rym dr hab. in\u017c. Robert Kudrawiec  z Wydzia\u0142u Podstawowych Problem\u00f3w Techniki, Politechniki Wroc\u0142awskiej wyg\u0142osi wyk\u0142ad pt: \r\n&nbs...<\/div><\/div>\n<div class=\"page-list-ext-item\"><div class=\"page-list-ext-image\"><a href=\"https:\/\/physics.uwb.edu.pl\/wf\/?page_id=7869\" title=\"Darmowy podr\u0119cznik &quot;Fizyka dla szk\u00f3\u0142 wy\u017cszych&quot;\"><img decoding=\"async\" src=\"https:\/\/physics.uwb.edu.pl\/wf\/wp-content\/uploads\/2016\/10\/seminar-150x62.png\" width=\"150\" alt=\"Darmowy podr\u0119cznik &quot;Fizyka dla szk\u00f3\u0142 wy\u017cszych&quot;\" \/><\/a><\/div> <h3 class=\"page-list-ext-title\"><a href=\"https:\/\/physics.uwb.edu.pl\/wf\/?page_id=7869\" title=\"Darmowy podr\u0119cznik &quot;Fizyka dla szk\u00f3\u0142 wy\u017cszych&quot;\">Darmowy podr\u0119cznik &quot;Fizyka dla szk\u00f3\u0142 wy\u017cszych&quot;<\/a><\/h3><div class=\"page-list-ext-item-content\">Seminarium wydzia\u0142owe\r\n  \r\nDnia 2018-05-15 o godzinie 12:15 w sali 2011 Wydzia\u0142u Fizyki UwB odb\u0119dzie si\u0119 seminarium, na kt\u00f3rym mgr Paulina Szczuci\u0144ska  z fundacji Katalyst Education, partner OpenStax przy Rice University wyg\u0142osi wyk\u0142ad pt: \r\n&nbsp;\r\nDarmowy podr\u0119cz...<\/div><\/div>\n<div class=\"page-list-ext-item\"><div class=\"page-list-ext-image\"><a href=\"https:\/\/physics.uwb.edu.pl\/wf\/?page_id=7836\" title=\"Study of spin pumping in Co thin film vis-\u0155-vis seed and capping layers using ferromagnetic resonance spectroscopy\"><img decoding=\"async\" src=\"https:\/\/physics.uwb.edu.pl\/wf\/wp-content\/uploads\/2016\/10\/seminar-150x62.png\" width=\"150\" alt=\"Study of spin pumping in Co thin film vis-\u0155-vis seed and capping layers using ferromagnetic resonance spectroscopy\" \/><\/a><\/div> <h3 class=\"page-list-ext-title\"><a href=\"https:\/\/physics.uwb.edu.pl\/wf\/?page_id=7836\" title=\"Study of spin pumping in Co thin film vis-\u0155-vis seed and capping layers using ferromagnetic resonance spectroscopy\">Study of spin pumping in Co thin film vis-\u0155-vis seed and capping layers using ferromagnetic resonance spectroscopy<\/a><\/h3><div class=\"page-list-ext-item-content\">Seminarium wydzia\u0142owe\r\n  \r\nDnia 2018-05-08 o godzinie 14:15 w sali 2011 Wydzia\u0142u Fizyki UwB odb\u0119dzie si\u0119 seminarium, na kt\u00f3rym&nbsp;&nbsp; mgr Sukanta Kumar Jena z Instytutu Fizyki PAN w Warszawie wyg\u0142osi wyk\u0142ad pt:\r\n\r\n&nbsp;\r\n\"Study of spin pumping in Co ...<\/div><\/div>\n<div class=\"page-list-ext-item\"><div class=\"page-list-ext-image\"><a href=\"https:\/\/physics.uwb.edu.pl\/wf\/?page_id=7800\" title=\"Czy dystrybucje s\u0105 przydatnym narz\u0119dziem pracy dla fizyka teoretyka?\"><img decoding=\"async\" src=\"https:\/\/physics.uwb.edu.pl\/wf\/wp-content\/uploads\/2016\/10\/seminar-150x62.png\" width=\"150\" alt=\"Czy dystrybucje s\u0105 przydatnym narz\u0119dziem pracy dla fizyka teoretyka?\" \/><\/a><\/div> <h3 class=\"page-list-ext-title\"><a href=\"https:\/\/physics.uwb.edu.pl\/wf\/?page_id=7800\" title=\"Czy dystrybucje s\u0105 przydatnym narz\u0119dziem pracy dla fizyka teoretyka?\">Czy dystrybucje s\u0105 przydatnym narz\u0119dziem pracy dla fizyka teoretyka?<\/a><\/h3><div class=\"page-list-ext-item-content\">Seminarium wydzia\u0142owe\r\n  \r\nDnia 2018-05-08 o godzinie 12:15 w sali 2011 Wydzia\u0142u Fizyki UwB odb\u0119dzie si\u0119 seminarium, na kt\u00f3rym&nbsp; dr hab. Jerzy Przeszowski  z Zak\u0142adu Teorii Pola Wydzia\u0142u Fizyki UwB wyg\u0142osi wyk\u0142ad pt: \r\n&nbsp;\r\n\"Czy dystrybucje s\u0105 przyd...<\/div><\/div>\n<div class=\"page-list-ext-item\"><div class=\"page-list-ext-image\"><a href=\"https:\/\/physics.uwb.edu.pl\/wf\/?page_id=7787\" title=\"Spintronika: magnetyczne z\u0142\u0105cza tunelowe, spin-torque oscylatory, spinowy efekt Halla\"><img decoding=\"async\" src=\"https:\/\/physics.uwb.edu.pl\/wf\/wp-content\/uploads\/2016\/10\/seminar-150x62.png\" width=\"150\" alt=\"Spintronika: magnetyczne z\u0142\u0105cza tunelowe, spin-torque oscylatory, spinowy efekt Halla\" \/><\/a><\/div> <h3 class=\"page-list-ext-title\"><a href=\"https:\/\/physics.uwb.edu.pl\/wf\/?page_id=7787\" title=\"Spintronika: magnetyczne z\u0142\u0105cza tunelowe, spin-torque oscylatory, spinowy efekt Halla\">Spintronika: magnetyczne z\u0142\u0105cza tunelowe, spin-torque oscylatory, spinowy efekt Halla<\/a><\/h3><div class=\"page-list-ext-item-content\">Seminarium wydzia\u0142owe\r\n  \r\nDnia 2018-04-24 o godzinie 13:15 w sali 2011 Wydzia\u0142u Fizyki UwB odb\u0119dzie si\u0119 seminarium, na kt\u00f3rym&nbsp;prof. dr hab. Tomasz Stobiecki  z&nbsp; Wydzia\u0142u Fizyki i Informatyki Stosowanej AGH w Krakowie wyg\u0142osi wyk\u0142ad pt: \r\n&...<\/div><\/div>\n<div class=\"page-list-ext-item\"><div class=\"page-list-ext-image\"><a href=\"https:\/\/physics.uwb.edu.pl\/wf\/?page_id=7733\" title=\"Co s\u0142ycha\u0107? Rzecz o rozpoznawaniu  d\u017awi\u0119ku przez narz\u0105d s\u0142uchu\"><img decoding=\"async\" src=\"https:\/\/physics.uwb.edu.pl\/wf\/wp-content\/uploads\/2016\/10\/seminar-150x62.png\" width=\"150\" alt=\"Co s\u0142ycha\u0107? Rzecz o rozpoznawaniu  d\u017awi\u0119ku przez narz\u0105d s\u0142uchu\" \/><\/a><\/div> <h3 class=\"page-list-ext-title\"><a href=\"https:\/\/physics.uwb.edu.pl\/wf\/?page_id=7733\" title=\"Co s\u0142ycha\u0107? Rzecz o rozpoznawaniu  d\u017awi\u0119ku przez narz\u0105d s\u0142uchu\">Co s\u0142ycha\u0107? Rzecz o rozpoznawaniu  d\u017awi\u0119ku przez narz\u0105d s\u0142uchu<\/a><\/h3><div class=\"page-list-ext-item-content\">Seminarium wydzia\u0142owe\r\n  \r\nDnia 2018-04-17 o godzinie 13:15 w sali 2011 Wydzia\u0142u Fizyki UwB odb\u0119dzie si\u0119 seminarium, na kt\u00f3rym&nbsp;prof. dr hab. Krzysztof Szyma\u0144ski  z&nbsp; Zak\u0142adu Fizyki Cia\u0142a Sta\u0142ego Wydzia\u0142u Fizyki Uniwersytetu w Bia\u0142ymstoku wyg\u0142osi wy...<\/div><\/div>\n<div class=\"page-list-ext-item\"><div class=\"page-list-ext-image\"><a href=\"https:\/\/physics.uwb.edu.pl\/wf\/?page_id=7726\" title=\"Grafen \u2013 od teorii do aplikacji\"><img decoding=\"async\" src=\"https:\/\/physics.uwb.edu.pl\/wf\/wp-content\/uploads\/2018\/04\/screenshot.154-150x37.jpg\" width=\"150\" alt=\"Grafen \u2013 od teorii do aplikacji\" \/><\/a><\/div> <h3 class=\"page-list-ext-title\"><a href=\"https:\/\/physics.uwb.edu.pl\/wf\/?page_id=7726\" title=\"Grafen \u2013 od teorii do aplikacji\">Grafen \u2013 od teorii do aplikacji<\/a><\/h3><div class=\"page-list-ext-item-content\">Seminarium\r\n  \r\nDnia 2018-04-13 o godzinie 13:15 w sali 2011 Wydzia\u0142u Fizyki UwB odb\u0119dzie si\u0119 seminarium, na kt\u00f3rym&nbsp;prof. dr hab. Zbigniew Klusek  z&nbsp; Zak\u0142adu Fizyki Cia\u0142a Sta\u0142ego Wydzia\u0142u Fizyki Uniwersytetu \u0141\u00f3dzkiego wyg\u0142osi wyk\u0142ad pt: \r\n&nbsp...<\/div><\/div>\n<div class=\"page-list-ext-item\"><div class=\"page-list-ext-image\"><a href=\"https:\/\/physics.uwb.edu.pl\/wf\/?page_id=7623\" title=\"Symulatory kwantowe\"><img decoding=\"async\" src=\"https:\/\/physics.uwb.edu.pl\/wf\/wp-content\/uploads\/2016\/10\/seminar-150x62.png\" width=\"150\" alt=\"Symulatory kwantowe\" \/><\/a><\/div> <h3 class=\"page-list-ext-title\"><a href=\"https:\/\/physics.uwb.edu.pl\/wf\/?page_id=7623\" title=\"Symulatory kwantowe\">Symulatory kwantowe<\/a><\/h3><div class=\"page-list-ext-item-content\">Seminarium wydzia\u0142owe  \r\nDnia 2018-03-27 o godzinie 13:15 w sali 2011 Wydzia\u0142u Fizyki UwB odb\u0119dzie si\u0119 seminarium, na kt\u00f3rym&nbsp;prof. dr hab.&nbsp; Miros\u0142aw Brewczyk  z&nbsp; Zak\u0142adu Fizyki Nieliniowej Wydzia\u0142u Fizyki Uniwersytetu w Bia\u0142ystoku wyg\u0142osi ...<\/div><\/div>\n<div class=\"page-list-ext-item\"><div class=\"page-list-ext-image\"><a href=\"https:\/\/physics.uwb.edu.pl\/wf\/?page_id=7648\" title=\"Promieniotw\u00f3rczo\u015b\u0107 naturalna \u2013 wyniki pomiar\u00f3w na Wydziale Fizyki UwB\"><img decoding=\"async\" src=\"https:\/\/physics.uwb.edu.pl\/wf\/wp-content\/uploads\/2016\/10\/seminar-150x62.png\" width=\"150\" alt=\"Promieniotw\u00f3rczo\u015b\u0107 naturalna \u2013 wyniki pomiar\u00f3w na Wydziale Fizyki UwB\" \/><\/a><\/div> <h3 class=\"page-list-ext-title\"><a href=\"https:\/\/physics.uwb.edu.pl\/wf\/?page_id=7648\" title=\"Promieniotw\u00f3rczo\u015b\u0107 naturalna \u2013 wyniki pomiar\u00f3w na Wydziale Fizyki UwB\">Promieniotw\u00f3rczo\u015b\u0107 naturalna \u2013 wyniki pomiar\u00f3w na Wydziale Fizyki UwB<\/a><\/h3><div class=\"page-list-ext-item-content\">Seminarium wydzia\u0142owe  \r\nDnia 2018-03-21 o godzinie 13:15 w sali 2011 Wydzia\u0142u Fizyki UwB odb\u0119dzie si\u0119 seminarium, na kt\u00f3rym&nbsp; prof. dr hab. Eugeniusz \u017bukowski  z&nbsp; Wydzia\u0142u Fizyki Uniwersytetu w Bia\u0142ystoku wyg\u0142osi wyk\u0142ad pt: \r\n&nbsp;\r\n\"Promieniotw\u00f3rczo\u015b\u0107 naturalna \u2013 ...<\/div><\/div>\n<div class=\"page-list-ext-item\"><div class=\"page-list-ext-image\"><a href=\"https:\/\/physics.uwb.edu.pl\/wf\/?page_id=6923\" title=\"Optyczny dost\u0119p do pojedynczej domieszki magnetycznej\"><img decoding=\"async\" src=\"https:\/\/physics.uwb.edu.pl\/wf\/wp-content\/uploads\/2016\/10\/seminar-150x62.png\" width=\"150\" alt=\"Optyczny dost\u0119p do pojedynczej domieszki magnetycznej\" \/><\/a><\/div> <h3 class=\"page-list-ext-title\"><a href=\"https:\/\/physics.uwb.edu.pl\/wf\/?page_id=6923\" title=\"Optyczny dost\u0119p do pojedynczej domieszki magnetycznej\">Optyczny dost\u0119p do pojedynczej domieszki magnetycznej<\/a><\/h3><div class=\"page-list-ext-item-content\">Seminarium wydzia\u0142owe  \r\nDnia 2018-02-20 o godzinie 13:15 w sali 2011 Wydzia\u0142u Fizyki UwB odb\u0119dzie si\u0119 seminarium, na kt\u00f3rym&nbsp;dr hab. Wojciech Pacuski  z&nbsp; Wydzia\u0142u Fizyki Uniwersytetu Warszawskiego wyg\u0142osi wyk\u0142ad pt: \r\n&nbsp;\r\n\" Optyczny dost\u0119p ...<\/div><\/div>\n<div class=\"page-list-ext-item\"><div class=\"page-list-ext-image\"><a href=\"https:\/\/physics.uwb.edu.pl\/wf\/?page_id=6944\" title=\"Resonant optical effects in 1D magnetoplasmonic crystals (PhD thesis)\"><img decoding=\"async\" src=\"https:\/\/physics.uwb.edu.pl\/wf\/wp-content\/uploads\/2016\/10\/seminar-150x62.png\" width=\"150\" alt=\"Resonant optical effects in 1D magnetoplasmonic crystals (PhD thesis)\" \/><\/a><\/div> <h3 class=\"page-list-ext-title\"><a href=\"https:\/\/physics.uwb.edu.pl\/wf\/?page_id=6944\" title=\"Resonant optical effects in 1D magnetoplasmonic crystals (PhD thesis)\">Resonant optical effects in 1D magnetoplasmonic crystals (PhD thesis)<\/a><\/h3><div class=\"page-list-ext-item-content\">Seminarium Zak\u0142adu Fizyki Magnetyk\u00f3w\r\n  \r\nDnia 2018-02-16 o godzinie 12:15 w sali 1030 ZFM Wydzia\u0142u Fizyki UwB odb\u0119dzie si\u0119 seminarium, na kt\u00f3rym&nbsp;Mgr Alexander Chekhov  z Uniwersytetu w Moskwie wyg\u0142osi referat pt: \r\n&nbsp;\r\n\" Resonant optical effect...<\/div><\/div>\n<div class=\"page-list-ext-item\"><div class=\"page-list-ext-image\"><a href=\"https:\/\/physics.uwb.edu.pl\/wf\/?page_id=6987\" title=\"Muzeum Uniwersytetu Jagiello\u0144skiego jako miejsce popularyzacji i ochrony dziedzictwa nauk \u015bcis\u0142ych\"><img decoding=\"async\" src=\"https:\/\/physics.uwb.edu.pl\/wf\/wp-content\/uploads\/2016\/10\/seminar-150x62.png\" width=\"150\" alt=\"Muzeum Uniwersytetu Jagiello\u0144skiego jako miejsce popularyzacji i ochrony dziedzictwa nauk \u015bcis\u0142ych\" \/><\/a><\/div> <h3 class=\"page-list-ext-title\"><a href=\"https:\/\/physics.uwb.edu.pl\/wf\/?page_id=6987\" title=\"Muzeum Uniwersytetu Jagiello\u0144skiego jako miejsce popularyzacji i ochrony dziedzictwa nauk \u015bcis\u0142ych\">Muzeum Uniwersytetu Jagiello\u0144skiego jako miejsce popularyzacji i ochrony dziedzictwa nauk \u015bcis\u0142ych<\/a><\/h3><div class=\"page-list-ext-item-content\">Seminarium wydzia\u0142owe  \r\nDnia 2018-02-27 o godzinie 13:15 w sali 2011 Wydzia\u0142u Fizyki UwB odb\u0119dzie si\u0119 seminarium, na kt\u00f3rym&nbsp;dr Maciej Kluza z Uniwersytetu Jagiello\u0144skiego wyg\u0142osi wyk\u0142ad pt: \r\n&nbsp;\" Muzeum Uniwersytetu Jagiello\u0144skiego jako mie...<\/div><\/div>\n<div class=\"page-list-ext-item\"><div class=\"page-list-ext-image\"><a href=\"https:\/\/physics.uwb.edu.pl\/wf\/?page_id=6824\" title=\"Skupienie promieniowania rentgenowskiego do rekordowo ma\u0142ego ogniska przy wykorzystaniu wielowarstwowych soczewek Lauego\"><img decoding=\"async\" src=\"https:\/\/physics.uwb.edu.pl\/wf\/wp-content\/uploads\/2016\/10\/seminar-150x62.png\" width=\"150\" alt=\"Skupienie promieniowania rentgenowskiego do rekordowo ma\u0142ego ogniska przy wykorzystaniu wielowarstwowych soczewek Lauego\" \/><\/a><\/div> <h3 class=\"page-list-ext-title\"><a href=\"https:\/\/physics.uwb.edu.pl\/wf\/?page_id=6824\" title=\"Skupienie promieniowania rentgenowskiego do rekordowo ma\u0142ego ogniska przy wykorzystaniu wielowarstwowych soczewek Lauego\">Skupienie promieniowania rentgenowskiego do rekordowo ma\u0142ego ogniska przy wykorzystaniu wielowarstwowych soczewek Lauego<\/a><\/h3><div class=\"page-list-ext-item-content\">Konwersatorium wydzia\u0142owe  \r\nDnia 2018-01-30 o godzinie 13:15 w sali 2011 Wydzia\u0142u Fizyki UwB odb\u0119dzie si\u0119 konwersatorim, na kt\u00f3rym dr hab.&nbsp; Andrzej Andrejczuk  z Zak\u0142adu Fizyki Cia\u0142a Sta\u0142ego Wydzia\u0142u Fizyki UwB wyg\u0142osi wyk\u0142ad pt: \r\n&nbsp;\r\n\"  Skupienie...<\/div><\/div>\n<div class=\"page-list-ext-item\"><div class=\"page-list-ext-image\"><a href=\"https:\/\/physics.uwb.edu.pl\/wf\/?page_id=6793\" title=\"Badania i technologie j\u0105drowe w NCBJ\"><img decoding=\"async\" src=\"https:\/\/physics.uwb.edu.pl\/wf\/wp-content\/uploads\/2016\/10\/seminar-150x62.png\" width=\"150\" alt=\"Badania i technologie j\u0105drowe w NCBJ\" \/><\/a><\/div> <h3 class=\"page-list-ext-title\"><a href=\"https:\/\/physics.uwb.edu.pl\/wf\/?page_id=6793\" title=\"Badania i technologie j\u0105drowe w NCBJ\">Badania i technologie j\u0105drowe w NCBJ<\/a><\/h3><div class=\"page-list-ext-item-content\">Konwersatorium wydzia\u0142owe  \r\nDnia 2018-01-23 o godzinie 13:15 w sali 2011 Wydzia\u0142u Fizyki UwB odb\u0119dzie si\u0119 konwersatorim, na kt\u00f3rym dr hab.&nbsp; Krzysztof Kurek  z Narodowego Centrum Bada\u0144 J\u0105drowych wyg\u0142osi wyk\u0142ad pt: \r\n&nbsp; \r\n\" Badania i technolo...<\/div><\/div>\n<div class=\"page-list-ext-item\"><div class=\"page-list-ext-image\"><a href=\"https:\/\/physics.uwb.edu.pl\/wf\/?page_id=6773\" title=\"Funkcjona\u0142y liniowe w opisie kwantowej teorii pola\"><img decoding=\"async\" src=\"https:\/\/physics.uwb.edu.pl\/wf\/wp-content\/uploads\/2016\/10\/seminar-150x62.png\" width=\"150\" alt=\"Funkcjona\u0142y liniowe w opisie kwantowej teorii pola\" \/><\/a><\/div> <h3 class=\"page-list-ext-title\"><a href=\"https:\/\/physics.uwb.edu.pl\/wf\/?page_id=6773\" title=\"Funkcjona\u0142y liniowe w opisie kwantowej teorii pola\">Funkcjona\u0142y liniowe w opisie kwantowej teorii pola<\/a><\/h3><div class=\"page-list-ext-item-content\">Seminarium wydzia\u0142owe  \r\nDnia 2018-01-16 o godzinie 12:15 w sali 2011 Wydzia\u0142u Fizyki UwB odb\u0119dzie si\u0119 seminarium, na kt\u00f3rym dr hab. Jerzy Przeszowski z Zak\u0142adu Teorii Pola WF UwB wyg\u0142osi wyk\u0142ad pt: \r\n&nbsp; \r\n\" Funkcjona\u0142y liniowe w opisie  kwantowe...<\/div><\/div>\n<div class=\"page-list-ext-item\"><div class=\"page-list-ext-image\"><a href=\"https:\/\/physics.uwb.edu.pl\/wf\/?page_id=6771\" title=\"Identyfikacja defekt\u00f3w strukturalnych w cia\u0142ach sta\u0142ych z wykorzystaniem spektroskopii anihilacji pozytron\u00f3w\"><img decoding=\"async\" src=\"https:\/\/physics.uwb.edu.pl\/wf\/wp-content\/uploads\/2016\/10\/seminar-150x62.png\" width=\"150\" alt=\"Identyfikacja defekt\u00f3w strukturalnych w cia\u0142ach sta\u0142ych z wykorzystaniem spektroskopii anihilacji pozytron\u00f3w\" \/><\/a><\/div> <h3 class=\"page-list-ext-title\"><a href=\"https:\/\/physics.uwb.edu.pl\/wf\/?page_id=6771\" title=\"Identyfikacja defekt\u00f3w strukturalnych w cia\u0142ach sta\u0142ych z wykorzystaniem spektroskopii anihilacji pozytron\u00f3w\">Identyfikacja defekt\u00f3w strukturalnych w cia\u0142ach sta\u0142ych z wykorzystaniem spektroskopii anihilacji pozytron\u00f3w<\/a><\/h3><div class=\"page-list-ext-item-content\">Seminarium wydzia\u0142owe  \r\nDnia 2018-01-16 o godzinie 14:15 w sali 2011 Wydzia\u0142u Fizyki UwB odb\u0119dzie si\u0119 seminarium, na kt\u00f3rym dr hab. \u0141ukasz Kila\u0144ski z Instytutu Fizyki PAN wyg\u0142osi wyk\u0142ad pt: \r\n&nbsp; \r\n\"Identyfikacja defekt\u00f3w strukturalnych w cia\u0142ach...<\/div><\/div>\n<div class=\"page-list-ext-item\"><div class=\"page-list-ext-image\"><a href=\"https:\/\/physics.uwb.edu.pl\/wf\/?page_id=6655\" title=\"O Marianie Smoluchowskim w setn\u0105 rocznic\u0119 \u015bmierci\"><img decoding=\"async\" src=\"https:\/\/physics.uwb.edu.pl\/wf\/wp-content\/uploads\/2016\/10\/seminar-150x62.png\" width=\"150\" alt=\"O Marianie Smoluchowskim w setn\u0105 rocznic\u0119 \u015bmierci\" \/><\/a><\/div> <h3 class=\"page-list-ext-title\"><a href=\"https:\/\/physics.uwb.edu.pl\/wf\/?page_id=6655\" title=\"O Marianie Smoluchowskim w setn\u0105 rocznic\u0119 \u015bmierci\">O Marianie Smoluchowskim w setn\u0105 rocznic\u0119 \u015bmierci<\/a><\/h3><div class=\"page-list-ext-item-content\">Konwersatorium wydzia\u0142owe  \r\nDnia 2017-11-21 o godzinie 14:15 w sali 2011 Wydzia\u0142u Fizyki UwB odb\u0119dzie si\u0119 konwersatorium, na kt\u00f3rym prof. dr hab. Bogdan Cichocki z Instytutu Fizyki Teoretycznej, Wydzia\u0142u Fizyki, Uniwersytetu Warszawskiego wyg\u0142osi wyk\u0142ad...<\/div><\/div>\n<div class=\"page-list-ext-item\"><div class=\"page-list-ext-image\"><a href=\"https:\/\/physics.uwb.edu.pl\/wf\/?page_id=6511\" title=\"Spintroniczna magnonika  z udzia\u0142em chiralno\u015bci\"><img decoding=\"async\" src=\"https:\/\/physics.uwb.edu.pl\/wf\/wp-content\/uploads\/2017\/11\/magnetic-monopoles-01-150x135.png\" width=\"150\" alt=\"Spintroniczna magnonika  z udzia\u0142em chiralno\u015bci\" \/><\/a><\/div> <h3 class=\"page-list-ext-title\"><a href=\"https:\/\/physics.uwb.edu.pl\/wf\/?page_id=6511\" title=\"Spintroniczna magnonika  z udzia\u0142em chiralno\u015bci\">Spintroniczna magnonika  z udzia\u0142em chiralno\u015bci<\/a><\/h3><div class=\"page-list-ext-item-content\">Seminarium Wydzia\u0142owe  \r\nDnia 2017-11-7&nbsp; &nbsp;o godzinie 13:15  w sali 2011  odb\u0119dzie si\u0119 seminarium wydzia\u0142owe , na kt\u00f3rym prof. dr hab. Andrzej Maziewski&nbsp; (Zak\u0142ad Fizyki Magnetyk\u00f3w WF UwB)&nbsp; wyg\u0142osi referat \r\n\r\nSpintroniczna magnonika\r\nz udzia\u0142e...<\/div><\/div>\n<div class=\"page-list-ext-item\"><div class=\"page-list-ext-image\"><a href=\"https:\/\/physics.uwb.edu.pl\/wf\/?page_id=6272\" title=\"Nobel za s\u0142uchanie Wszech\u015bwiata - zapraszamy na otwarty wyk\u0142ad prof. Jaranowskiego, 24 pa\u017adziernika\"><img decoding=\"async\" src=\"https:\/\/physics.uwb.edu.pl\/wf\/wp-content\/uploads\/2017\/10\/p-jaranowski-150x100.jpg\" width=\"150\" alt=\"Nobel za s\u0142uchanie Wszech\u015bwiata - zapraszamy na otwarty wyk\u0142ad prof. Jaranowskiego, 24 pa\u017adziernika\" \/><\/a><\/div> <h3 class=\"page-list-ext-title\"><a href=\"https:\/\/physics.uwb.edu.pl\/wf\/?page_id=6272\" title=\"Nobel za s\u0142uchanie Wszech\u015bwiata - zapraszamy na otwarty wyk\u0142ad prof. Jaranowskiego, 24 pa\u017adziernika\">Nobel za s\u0142uchanie Wszech\u015bwiata - zapraszamy na otwarty wyk\u0142ad prof. Jaranowskiego, 24 pa\u017adziernika<\/a><\/h3><div class=\"page-list-ext-item-content\">\r\nNobel za s\u0142uchanie Wszech\u015bwiata - zapraszamy na otwarty wyk\u0142ad prof. Jaranowskiego, 24 pa\u017adziernika \r\n \r\n&nbsp; \r\n\r\n\r\nSerdecznie zapraszamy na jedyny w Bia\u0142ymstoku wyk\u0142ad - popularnonaukowy, otwarty - o najwa\u017cniejszych odkryciach ostatnich miesi\u0119cy w dzied...<\/div><\/div>\n<div class=\"page-list-ext-item\"><div class=\"page-list-ext-image\"><a href=\"https:\/\/physics.uwb.edu.pl\/wf\/?page_id=5740\" title=\"Analityczna teoria wzgl\u0119dno\u015bci i pierwsze bezpo\u015brednie detekcje fal grawitacyjnych\"><img decoding=\"async\" src=\"https:\/\/physics.uwb.edu.pl\/wf\/wp-content\/uploads\/2016\/10\/seminar-150x62.png\" width=\"150\" alt=\"Analityczna teoria wzgl\u0119dno\u015bci i pierwsze bezpo\u015brednie detekcje fal grawitacyjnych\" \/><\/a><\/div> <h3 class=\"page-list-ext-title\"><a href=\"https:\/\/physics.uwb.edu.pl\/wf\/?page_id=5740\" title=\"Analityczna teoria wzgl\u0119dno\u015bci i pierwsze bezpo\u015brednie detekcje fal grawitacyjnych\">Analityczna teoria wzgl\u0119dno\u015bci i pierwsze bezpo\u015brednie detekcje fal grawitacyjnych<\/a><\/h3><div class=\"page-list-ext-item-content\">Seminarium Fizyki Teoretycznej  \r\nDnia 2017-06-13  o godzinie 12:15  w sali 2011  odb\u0119dzie si\u0119 seminarium fizyki teoretycznej , na kt\u00f3rym prof. dr hab. Piotr Jaranowski  (Wydzia\u0142 Fizyki UwB) wyg\u0142osi referat \r\n\r\nAnalityczna teoria wzgl\u0119dno\u015bci\r\ni pierws...<\/div><\/div>\n<div class=\"page-list-ext-item\"><div class=\"page-list-ext-image\"><a href=\"https:\/\/physics.uwb.edu.pl\/wf\/?page_id=5638\" title=\"Konwersatorium &quot;Nowy algorytm jako szansa rozwoju dla naszej uczelni&quot;\"><img decoding=\"async\" src=\"https:\/\/physics.uwb.edu.pl\/wf\/wp-content\/uploads\/2016\/10\/seminar-150x62.png\" width=\"150\" alt=\"Konwersatorium &quot;Nowy algorytm jako szansa rozwoju dla naszej uczelni&quot;\" \/><\/a><\/div> <h3 class=\"page-list-ext-title\"><a href=\"https:\/\/physics.uwb.edu.pl\/wf\/?page_id=5638\" title=\"Konwersatorium &quot;Nowy algorytm jako szansa rozwoju dla naszej uczelni&quot;\">Konwersatorium &quot;Nowy algorytm jako szansa rozwoju dla naszej uczelni&quot;<\/a><\/h3><div class=\"page-list-ext-item-content\">W dniu 6 czerwca 2017 roku  (wtorek) o godzinie 13:15  w sali 2011 Wydzia\u0142u Fizyki UwB (Bia\u0142ystok, ul. K.Cio\u0142kowskiego 1L), rozpocznie si\u0119 Konwersatorium Wydzia\u0142u Fizyki , na kt\u00f3rym prof.  dr hab. Jan L. Cie\u015bli\u0144ski  (Wydzia\u0142 Fizyki UwB)      wyg\u0142osi ...<\/div><\/div>\n<div class=\"page-list-ext-item\"><div class=\"page-list-ext-image\"><a href=\"https:\/\/physics.uwb.edu.pl\/wf\/?page_id=5568\" title=\"Konwersatorium &quot;Ultrafast and Very Small: Discover Nanoscale Magnetism With Picosecond Time Resolution Using X-Rays&quot;\"><img decoding=\"async\" src=\"https:\/\/physics.uwb.edu.pl\/wf\/wp-content\/uploads\/2016\/10\/seminar-150x62.png\" width=\"150\" alt=\"Konwersatorium &quot;Ultrafast and Very Small: Discover Nanoscale Magnetism With Picosecond Time Resolution Using X-Rays&quot;\" \/><\/a><\/div> <h3 class=\"page-list-ext-title\"><a href=\"https:\/\/physics.uwb.edu.pl\/wf\/?page_id=5568\" title=\"Konwersatorium &quot;Ultrafast and Very Small: Discover Nanoscale Magnetism With Picosecond Time Resolution Using X-Rays&quot;\">Konwersatorium &quot;Ultrafast and Very Small: Discover Nanoscale Magnetism With Picosecond Time Resolution Using X-Rays&quot;<\/a><\/h3><div class=\"page-list-ext-item-content\">W dniu 30 maja 2017  roku (wtorek) o godzinie 13:15 w sali 2011 Wydzia\u0142u Fizyki  UwB, (Bia\u0142ystok, ul. K.Cio\u0142kowskiego 1L), rozpocznie si\u0119 konwersatorium, na kt\u00f3rym prof. Hendrik Ohldag  z SLAC National Accelerator Laboratory, Menlo Park, California, USA,...<\/div><\/div>\n<div class=\"page-list-ext-item\"><div class=\"page-list-ext-image\"><a href=\"https:\/\/physics.uwb.edu.pl\/wf\/?page_id=5452\" title=\"Mody fizyczne i niefizyczne w modelu Proca dla r\u00f3\u017cnych warunk\u00f3w cechowania\"><img decoding=\"async\" src=\"https:\/\/physics.uwb.edu.pl\/wf\/wp-content\/uploads\/2016\/10\/seminar-150x62.png\" width=\"150\" alt=\"Mody fizyczne i niefizyczne w modelu Proca dla r\u00f3\u017cnych warunk\u00f3w cechowania\" \/><\/a><\/div> <h3 class=\"page-list-ext-title\"><a href=\"https:\/\/physics.uwb.edu.pl\/wf\/?page_id=5452\" title=\"Mody fizyczne i niefizyczne w modelu Proca dla r\u00f3\u017cnych warunk\u00f3w cechowania\">Mody fizyczne i niefizyczne w modelu Proca dla r\u00f3\u017cnych warunk\u00f3w cechowania<\/a><\/h3><div class=\"page-list-ext-item-content\">Dnia 2017-05-23  o godzinie 12:15  w sali 2011  odb\u0119dzie si\u0119 seminarium fizyki teoretycznej , na kt\u00f3rym dr El\u017cbieta Dzimida-Chmielewska       (Wydzia\u0142 Fizyki UwB) wyg\u0142osi referat \r\n\r\nMody fizyczne i niefizyczne w modelu Proca dla r\u00f3\u017cnych warunk\u00f3w cechowan...<\/div><\/div>\n<div class=\"page-list-ext-item\"><div class=\"page-list-ext-image\"><a href=\"https:\/\/physics.uwb.edu.pl\/wf\/?page_id=5390\" title=\"Fazy magnetyczne w Pt\/Co\/Pt wytwarzane impulsami lasera femtosekundowego\"><img decoding=\"async\" src=\"https:\/\/physics.uwb.edu.pl\/wf\/wp-content\/uploads\/2016\/10\/seminar-150x62.png\" width=\"150\" alt=\"Fazy magnetyczne w Pt\/Co\/Pt wytwarzane impulsami lasera femtosekundowego\" \/><\/a><\/div> <h3 class=\"page-list-ext-title\"><a href=\"https:\/\/physics.uwb.edu.pl\/wf\/?page_id=5390\" title=\"Fazy magnetyczne w Pt\/Co\/Pt wytwarzane impulsami lasera femtosekundowego\">Fazy magnetyczne w Pt\/Co\/Pt wytwarzane impulsami lasera femtosekundowego<\/a><\/h3><div class=\"page-list-ext-item-content\">Dnia 2017-05-16  o godzinie 14:15  w sali 2011  odb\u0119dzie si\u0119 seminarium, na kt\u00f3rym dr Jan Kisielewski (Wydzia\u0142 Fizyki UwB) wyg\u0142osi referat pt:\r\nFazy magnetyczne w Pt\/Co\/Pt wytwarzane impulsami lasera femtosekundowego\r\n  \r\n&nbsp;Na\u015bwietlanie uk\u0142adu Pt\/Co\/...<\/div><\/div>\n<div class=\"page-list-ext-item\"><div class=\"page-list-ext-image\"><a href=\"https:\/\/physics.uwb.edu.pl\/wf\/?page_id=5388\" title=\"Pewne uog\u00f3lnienie oscylatora harmonicznego\"><img decoding=\"async\" src=\"https:\/\/physics.uwb.edu.pl\/wf\/wp-content\/uploads\/2016\/10\/seminar-150x62.png\" width=\"150\" alt=\"Pewne uog\u00f3lnienie oscylatora harmonicznego\" \/><\/a><\/div> <h3 class=\"page-list-ext-title\"><a href=\"https:\/\/physics.uwb.edu.pl\/wf\/?page_id=5388\" title=\"Pewne uog\u00f3lnienie oscylatora harmonicznego\">Pewne uog\u00f3lnienie oscylatora harmonicznego<\/a><\/h3><div class=\"page-list-ext-item-content\">Dnia 2017-05-16  o godzinie 12:15  w sali 2011  odb\u0119dzie si\u0119 seminarium fizyki teoretycznej , na kt\u00f3rym dr hab. Zbigniew Hasiewicz  (Wydzia\u0142 Fizyki UwB) wyg\u0142osi referat \r\n\r\nPewne uog\u00f3lnienie oscylatora harmonicznego\r\n       \r\nPrzedstawiony b\u0119dzie pewien...<\/div><\/div>\n<div class=\"page-list-ext-item\"><div class=\"page-list-ext-image\"><a href=\"https:\/\/physics.uwb.edu.pl\/wf\/?page_id=5374\" title=\"Cherenkov Telescope Array\"><img decoding=\"async\" src=\"https:\/\/physics.uwb.edu.pl\/wf\/wp-content\/uploads\/2016\/10\/seminar-150x62.png\" width=\"150\" alt=\"Cherenkov Telescope Array\" \/><\/a><\/div> <h3 class=\"page-list-ext-title\"><a href=\"https:\/\/physics.uwb.edu.pl\/wf\/?page_id=5374\" title=\"Cherenkov Telescope Array\">Cherenkov Telescope Array<\/a><\/h3><div class=\"page-list-ext-item-content\">Dnia 2017-05-09  o godzinie 12:15  w sali 2011  odb\u0119dzie si\u0119 seminarium fizyki teoretycznej , na kt\u00f3rym dr hab. Marek Niko\u0142ajuk  (Wydzia\u0142 Fizyki UwB) wyg\u0142osi referat\r\nCherenkov Telescope Array       \r\nCo noc wpadaj\u0105 do naszej astmosfery relatywistyczne na\u0142ado...<\/div><\/div>\n<div class=\"page-list-ext-item\"><div class=\"page-list-ext-image\"><a href=\"https:\/\/physics.uwb.edu.pl\/wf\/?page_id=5158\" title=\"Hydrodynamizacja\"><img decoding=\"async\" src=\"https:\/\/physics.uwb.edu.pl\/wf\/wp-content\/uploads\/2016\/10\/seminar-150x62.png\" width=\"150\" alt=\"Hydrodynamizacja\" \/><\/a><\/div> <h3 class=\"page-list-ext-title\"><a href=\"https:\/\/physics.uwb.edu.pl\/wf\/?page_id=5158\" title=\"Hydrodynamizacja\">Hydrodynamizacja<\/a><\/h3><div class=\"page-list-ext-item-content\">Dnia 2017-04-25  o godzinie 12:15  w sali 2011  odb\u0119dzie si\u0119 seminarium fizyki teoretycznej , na kt\u00f3rym prof. dr hab. Micha\u0142 Spali\u0144ski  (Wydzia\u0142 Fizyki UwB) wyg\u0142osi referat\r\nHydrodynamizacja       \r\nDynamika plazmy kwarkowo-gluonowej tworzonej w eksp...<\/div><\/div>\n<div class=\"page-list-ext-item\"><div class=\"page-list-ext-image\"><a href=\"https:\/\/physics.uwb.edu.pl\/wf\/?page_id=5145\" title=\"Badanie wzbudze\u0144 magnetycznych w strukturyzowanych warstwach granat\u00f3w z wykorzystaniem spektroskopii nieelastycznego rozpraszania \u015bwiat\u0142a Brillouina\"><img decoding=\"async\" src=\"https:\/\/physics.uwb.edu.pl\/wf\/wp-content\/uploads\/2016\/10\/seminar-150x62.png\" width=\"150\" alt=\"Badanie wzbudze\u0144 magnetycznych w strukturyzowanych warstwach granat\u00f3w z wykorzystaniem spektroskopii nieelastycznego rozpraszania \u015bwiat\u0142a Brillouina\" \/><\/a><\/div> <h3 class=\"page-list-ext-title\"><a href=\"https:\/\/physics.uwb.edu.pl\/wf\/?page_id=5145\" title=\"Badanie wzbudze\u0144 magnetycznych w strukturyzowanych warstwach granat\u00f3w z wykorzystaniem spektroskopii nieelastycznego rozpraszania \u015bwiat\u0142a Brillouina\">Badanie wzbudze\u0144 magnetycznych w strukturyzowanych warstwach granat\u00f3w z wykorzystaniem spektroskopii nieelastycznego rozpraszania \u015bwiat\u0142a Brillouina<\/a><\/h3><div class=\"page-list-ext-item-content\">Dnia 2017-04-25  o godzinie 14:15  w sali 2011  odb\u0119dzie si\u0119 seminarium, na kt\u00f3rym dr hab. Ryszard Gieniusz, prof. UwB, (Wydzia\u0142 Fizyki UwB) wyg\u0142osi referat pt:\r\nBadanie wzbudze\u0144 magnetycznych w strukturyzowanych warstwach granat\u00f3w z wykorzystaniem spektr...<\/div><\/div>\n<div class=\"page-list-ext-item\"><div class=\"page-list-ext-image\"><a href=\"https:\/\/physics.uwb.edu.pl\/wf\/?page_id=5082\" title=\"Arduino i sie\u0107 sensorowa\"><img decoding=\"async\" src=\"https:\/\/physics.uwb.edu.pl\/wf\/wp-content\/uploads\/2016\/10\/seminar-150x62.png\" width=\"150\" alt=\"Arduino i sie\u0107 sensorowa\" \/><\/a><\/div> <h3 class=\"page-list-ext-title\"><a href=\"https:\/\/physics.uwb.edu.pl\/wf\/?page_id=5082\" title=\"Arduino i sie\u0107 sensorowa\">Arduino i sie\u0107 sensorowa<\/a><\/h3><div class=\"page-list-ext-item-content\">Dnia 2017-04-11  o godzinie 12:15  w sali 2011  odb\u0119dzie si\u0119 seminarium fizyki teoretycznej , na kt\u00f3rym dr Cezary Walczyk  (Wydzia\u0142 Fizyki UwB) wyg\u0142osi referat\r\nArduino i sie\u0107 sensorowa      \r\nNa seminarium zaprezentowane zostan\u0105 najpopularniejsze sposob...<\/div><\/div>\n<div class=\"page-list-ext-item\"><div class=\"page-list-ext-image\"><a href=\"https:\/\/physics.uwb.edu.pl\/wf\/?page_id=4851\" title=\"O transformacji Darboux-B\u00e4cklunda\"><img decoding=\"async\" src=\"https:\/\/physics.uwb.edu.pl\/wf\/wp-content\/uploads\/2016\/10\/seminar-150x62.png\" width=\"150\" alt=\"O transformacji Darboux-B\u00e4cklunda\" \/><\/a><\/div> <h3 class=\"page-list-ext-title\"><a href=\"https:\/\/physics.uwb.edu.pl\/wf\/?page_id=4851\" title=\"O transformacji Darboux-B\u00e4cklunda\">O transformacji Darboux-B\u00e4cklunda<\/a><\/h3><div class=\"page-list-ext-item-content\">Dnia 2017-03-28  o godzinie 12:15  w sali 2011  odb\u0119dzie si\u0119 seminarium fizyki teoretycznej , na kt\u00f3rym prof. dr hab. Jan L. Cie\u015bli\u0144ski  (Wydzia\u0142 Fizyki UwB) wyg\u0142osi referat\r\nO transformacji Darboux-B\u00e4cklunda       \r\nPrzedstawione zostan\u0105 podstawy konstruk...<\/div><\/div>\n<div class=\"page-list-ext-item\"><div class=\"page-list-ext-image\"><a href=\"https:\/\/physics.uwb.edu.pl\/wf\/?page_id=4765\" title=\"Zrenormalizowany hamiltonian modelu Yukawy w podej\u015bciu na froncie \u015bwietlnym\"><img decoding=\"async\" src=\"https:\/\/physics.uwb.edu.pl\/wf\/wp-content\/uploads\/2016\/10\/seminar-150x62.png\" width=\"150\" alt=\"Zrenormalizowany hamiltonian modelu Yukawy w podej\u015bciu na froncie \u015bwietlnym\" \/><\/a><\/div> <h3 class=\"page-list-ext-title\"><a href=\"https:\/\/physics.uwb.edu.pl\/wf\/?page_id=4765\" title=\"Zrenormalizowany hamiltonian modelu Yukawy w podej\u015bciu na froncie \u015bwietlnym\">Zrenormalizowany hamiltonian modelu Yukawy w podej\u015bciu na froncie \u015bwietlnym<\/a><\/h3><div class=\"page-list-ext-item-content\">Dnia 2017-03-21  o godzinie 12:15  w sali 2011  odb\u0119dzie si\u0119 seminarium fizyki teoretycznej , na kt\u00f3rym dr Jan \u017bochowski  (Wydzia\u0142 Fizyki UwB) wyg\u0142osi referat\r\n     Zrenormalizowany hamiltonian modelu Yukawy w podej\u015bciu na froncie \u015bwietlnym  \r\nNa seminar...<\/div><\/div>\n<div class=\"page-list-ext-item\"><div class=\"page-list-ext-image\"><a href=\"https:\/\/physics.uwb.edu.pl\/wf\/?page_id=4748\" title=\"Niestabilno\u015b\u0107 ferromagnetyczna gazu fermionowego w pu\u0142apce harmonicznej\"><img decoding=\"async\" src=\"https:\/\/physics.uwb.edu.pl\/wf\/wp-content\/uploads\/2016\/10\/seminar-150x62.png\" width=\"150\" alt=\"Niestabilno\u015b\u0107 ferromagnetyczna gazu fermionowego w pu\u0142apce harmonicznej\" \/><\/a><\/div> <h3 class=\"page-list-ext-title\"><a href=\"https:\/\/physics.uwb.edu.pl\/wf\/?page_id=4748\" title=\"Niestabilno\u015b\u0107 ferromagnetyczna gazu fermionowego w pu\u0142apce harmonicznej\">Niestabilno\u015b\u0107 ferromagnetyczna gazu fermionowego w pu\u0142apce harmonicznej<\/a><\/h3><div class=\"page-list-ext-item-content\">Dnia 2017-03-14  o godzinie 12:15  w sali 2011  odb\u0119dzie si\u0119 seminarium fizyki teoretycznej , na kt\u00f3rym dr hab. Tomasz Karpiuk  (Wydzia\u0142 Fizyki UwB) wyg\u0142osi referat\r\nNiestabilno\u015b\u0107 ferromagnetyczna gazu fermionowego w pu\u0142apce harmonicznej  \r\nW referac...<\/div><\/div>\n<div class=\"page-list-ext-item\"><div class=\"page-list-ext-image\"><a href=\"https:\/\/physics.uwb.edu.pl\/wf\/?page_id=4631\" title=\"Functionalized Hybrid Nanomagnets: NewMaterials for Innovations in Energy Storage and Medical Theranostics\"><img decoding=\"async\" src=\"https:\/\/physics.uwb.edu.pl\/wf\/wp-content\/uploads\/2016\/10\/seminar-150x62.png\" width=\"150\" alt=\"Functionalized Hybrid Nanomagnets: NewMaterials for Innovations in Energy Storage and Medical Theranostics\" \/><\/a><\/div> <h3 class=\"page-list-ext-title\"><a href=\"https:\/\/physics.uwb.edu.pl\/wf\/?page_id=4631\" title=\"Functionalized Hybrid Nanomagnets: NewMaterials for Innovations in Energy Storage and Medical Theranostics\">Functionalized Hybrid Nanomagnets: NewMaterials for Innovations in Energy Storage and Medical Theranostics<\/a><\/h3><div class=\"page-list-ext-item-content\">Dnia 2017-03-07  o godzinie 13:15  w sali 2011  odb\u0119dzie si\u0119 seminarium, na kt\u00f3rym prof. Michael Farle z University of Duisburg-Essen, Germany, oraz Immanuel Kant z Baltic Federal University, Russia,wyg\u0142osi referat pt:\r\nFunctionalized Hybrid Nanomagnets: New...<\/div><\/div>\n<div class=\"page-list-ext-item\"><div class=\"page-list-ext-image\"><a href=\"https:\/\/physics.uwb.edu.pl\/wf\/?page_id=4551\" title=\"Nagroda  Nobla  z  fizyki  2016\"><img decoding=\"async\" src=\"https:\/\/physics.uwb.edu.pl\/wf\/wp-content\/uploads\/2016\/10\/seminar-150x62.png\" width=\"150\" alt=\"Nagroda  Nobla  z  fizyki  2016\" \/><\/a><\/div> <h3 class=\"page-list-ext-title\"><a href=\"https:\/\/physics.uwb.edu.pl\/wf\/?page_id=4551\" title=\"Nagroda  Nobla  z  fizyki  2016\">Nagroda  Nobla  z  fizyki  2016<\/a><\/h3><div class=\"page-list-ext-item-content\">Dnia 2017-02-28  o godzinie 13:15  w sali 2011  odb\u0119dzie si\u0119 seminarium, na kt\u00f3rym prof. dr hab. Jakub Tworzyd\u0142o z&nbsp;Instytutu Fizyki Teoretycznej Uniwersytetu Warszawskiego wyg\u0142osi referat pt:\r\nNagroda&nbsp; Nobla&nbsp; z&nbsp; fizyki&nbsp; 2016\r\n  \r\n&...<\/div><\/div>\n<div class=\"page-list-ext-item\"><div class=\"page-list-ext-image\"><a href=\"https:\/\/physics.uwb.edu.pl\/wf\/?page_id=4507\" title=\"Extreme Light Infrastructure (ELI) - impulsowe lasery wielkiej mocy, jako nowe narz\u0119dzie badawcze dla fizyk\u00f3w\"><img decoding=\"async\" src=\"https:\/\/physics.uwb.edu.pl\/wf\/wp-content\/uploads\/2016\/10\/seminar-150x62.png\" width=\"150\" alt=\"Extreme Light Infrastructure (ELI) - impulsowe lasery wielkiej mocy, jako nowe narz\u0119dzie badawcze dla fizyk\u00f3w\" \/><\/a><\/div> <h3 class=\"page-list-ext-title\"><a href=\"https:\/\/physics.uwb.edu.pl\/wf\/?page_id=4507\" title=\"Extreme Light Infrastructure (ELI) - impulsowe lasery wielkiej mocy, jako nowe narz\u0119dzie badawcze dla fizyk\u00f3w\">Extreme Light Infrastructure (ELI) - impulsowe lasery wielkiej mocy, jako nowe narz\u0119dzie badawcze dla fizyk\u00f3w<\/a><\/h3><div class=\"page-list-ext-item-content\">Dnia 2017-02-21  o godzinie 13:15  w sali 2011  odb\u0119dzie si\u0119 seminarium, na kt\u00f3rym prof. dr hab. in\u017c. Henryk Fiedorowicz z&nbsp;Instytutu Optoelektroniki Wojskowej Akademii Technicznej wyg\u0142osi referat pt:\r\nExtreme Light Infrastructure (ELI) - impulsowe lase...<\/div><\/div>\n<div class=\"page-list-ext-item\"><div class=\"page-list-ext-image\"><a href=\"https:\/\/physics.uwb.edu.pl\/wf\/?page_id=4233\" title=\"Nowa technologia ultraszybkiego zapisu informacji\"><img decoding=\"async\" src=\"https:\/\/physics.uwb.edu.pl\/wf\/wp-content\/uploads\/2017\/01\/nature2017-szerenos-stupakiewicz-grafika_small-150x141.jpg\" width=\"150\" alt=\"Nowa technologia ultraszybkiego zapisu informacji\" \/><\/a><\/div> <h3 class=\"page-list-ext-title\"><a href=\"https:\/\/physics.uwb.edu.pl\/wf\/?page_id=4233\" title=\"Nowa technologia ultraszybkiego zapisu informacji\">Nowa technologia ultraszybkiego zapisu informacji<\/a><\/h3><div class=\"page-list-ext-item-content\">Dnia 2017-01-31 &nbsp;o godzinie 13:15  w sali 2011  odb\u0119dzie si\u0119 konwersatorium, na kt\u00f3rym dr hab. Andrzej Stupakiewicz , prof. UwB&nbsp;wyg\u0142osi referat pt:\r\nNowa technologia ultraszybkiego zapisu informacji\r\n  \r\nZaprezentowana zostanie najnowsza met...<\/div><\/div>\n<div class=\"page-list-ext-item\"><div class=\"page-list-ext-image\"><a href=\"https:\/\/physics.uwb.edu.pl\/wf\/?page_id=4207\" title=\"W\u0142asno\u015bci \\Delta_{+}(x) w sensie dystrybucji {\\mathscr S}(\\mathbb R^3)\"><img decoding=\"async\" src=\"https:\/\/physics.uwb.edu.pl\/wf\/wp-content\/uploads\/2016\/10\/seminar-150x62.png\" width=\"150\" alt=\"W\u0142asno\u015bci \\Delta_{+}(x) w sensie dystrybucji {\\mathscr S}(\\mathbb R^3)\" \/><\/a><\/div> <h3 class=\"page-list-ext-title\"><a href=\"https:\/\/physics.uwb.edu.pl\/wf\/?page_id=4207\" title=\"W\u0142asno\u015bci \\Delta_{+}(x) w sensie dystrybucji {\\mathscr S}(\\mathbb R^3)\">W\u0142asno\u015bci \\Delta_{+}(x) w sensie dystrybucji {\\mathscr S}(\\mathbb R^3)<\/a><\/h3><div class=\"page-list-ext-item-content\">Dnia 2017-01-24  o godzinie 12:15  w sali 2011  odb\u0119dzie si\u0119 seminarium, na kt\u00f3rym dr hab. Jerzy Przeszowski wyg\u0142osi referat pt:\r\nW\u0142asno\u015bci \\Delta_{+}(x) w sensie dystrybucji {\\mathscr S}(\\mathbb R^3)\r\n  \r\n&nbsp;\\Delta_{+}(x) jest znan\u0105 i wa\u017cn\u0105 wielko\u015bc...<\/div><\/div>\n<div class=\"page-list-ext-item\"><div class=\"page-list-ext-image\"><a href=\"https:\/\/physics.uwb.edu.pl\/wf\/?page_id=4129\" title=\"Wybrane w\u0142a\u015bciwo\u015bci magnetyczne sztucznego lodu spinowego\"><img decoding=\"async\" src=\"https:\/\/physics.uwb.edu.pl\/wf\/wp-content\/uploads\/2016\/10\/seminar-150x62.png\" width=\"150\" alt=\"Wybrane w\u0142a\u015bciwo\u015bci magnetyczne sztucznego lodu spinowego\" \/><\/a><\/div> <h3 class=\"page-list-ext-title\"><a href=\"https:\/\/physics.uwb.edu.pl\/wf\/?page_id=4129\" title=\"Wybrane w\u0142a\u015bciwo\u015bci magnetyczne sztucznego lodu spinowego\">Wybrane w\u0142a\u015bciwo\u015bci magnetyczne sztucznego lodu spinowego<\/a><\/h3><div class=\"page-list-ext-item-content\">Dnia 2017-01-17  o godzinie 14:15  w sali 2011  odb\u0119dzie si\u0119 seminarium, na kt\u00f3rym prof. dr hab. Marek Kisielewski wyg\u0142osi referat pt:\r\nWybrane w\u0142a\u015bciwo\u015bci magnetyczne sztucznego lodu spinowego\r\n  \r\n&nbsp;  <\/div><\/div>\n<div class=\"page-list-ext-item\"><div class=\"page-list-ext-image\"><a href=\"https:\/\/physics.uwb.edu.pl\/wf\/?page_id=4113\" title=\"Powierzchnie pseudosferyczne i algebry Clifforda\"><img decoding=\"async\" src=\"https:\/\/physics.uwb.edu.pl\/wf\/wp-content\/uploads\/2016\/10\/seminar-150x62.png\" width=\"150\" alt=\"Powierzchnie pseudosferyczne i algebry Clifforda\" \/><\/a><\/div> <h3 class=\"page-list-ext-title\"><a href=\"https:\/\/physics.uwb.edu.pl\/wf\/?page_id=4113\" title=\"Powierzchnie pseudosferyczne i algebry Clifforda\">Powierzchnie pseudosferyczne i algebry Clifforda<\/a><\/h3><div class=\"page-list-ext-item-content\">Dnia 2017-01-10  o godzinie 12:15  w sali 2011  odb\u0119dzie si\u0119 seminarium, na kt\u00f3rym mgr Artur Kobus, Politechnika Bia\u0142ostocka,&nbsp;Wydzia\u0142 Budownictwa i In\u017cynierii \u015arodowiska\r\n(absolwent naszego wydzia\u0142u w 2014 roku) we wsp\u00f3\u0142pracy z profesorem Janem L. ...<\/div><\/div>\n<div class=\"page-list-ext-item\"><div class=\"page-list-ext-image\"><a href=\"https:\/\/physics.uwb.edu.pl\/wf\/?page_id=4066\" title=\"Single-shot simulations of dynamics of quantum dark solitons\"><img decoding=\"async\" src=\"https:\/\/physics.uwb.edu.pl\/wf\/wp-content\/uploads\/2016\/10\/seminar-150x62.png\" width=\"150\" alt=\"Single-shot simulations of dynamics of quantum dark solitons\" \/><\/a><\/div> <h3 class=\"page-list-ext-title\"><a href=\"https:\/\/physics.uwb.edu.pl\/wf\/?page_id=4066\" title=\"Single-shot simulations of dynamics of quantum dark solitons\">Single-shot simulations of dynamics of quantum dark solitons<\/a><\/h3><div class=\"page-list-ext-item-content\">Dnia 2016-12-20  o godzinie 12:15  w sali 2011  odb\u0119dzie si\u0119 seminarium, na kt\u00f3rym prof. dr hab. Miros\u0142aw Brewczyk wyg\u0142osi referat pt:\r\nSingle-shot simulations of dynamics of quantum dark solitons  \r\nEigenstates of Bose particles with repulsive contact inte...<\/div><\/div>\n<div class=\"page-list-ext-item\"><div class=\"page-list-ext-image\"><a href=\"https:\/\/physics.uwb.edu.pl\/wf\/?page_id=3884\" title=\"Living Cell Fate in a High-Gradient Magnetic Field\"><img decoding=\"async\" src=\"https:\/\/physics.uwb.edu.pl\/wf\/wp-content\/uploads\/2016\/10\/seminar-150x62.png\" width=\"150\" alt=\"Living Cell Fate in a High-Gradient Magnetic Field\" \/><\/a><\/div> <h3 class=\"page-list-ext-title\"><a href=\"https:\/\/physics.uwb.edu.pl\/wf\/?page_id=3884\" title=\"Living Cell Fate in a High-Gradient Magnetic Field\">Living Cell Fate in a High-Gradient Magnetic Field<\/a><\/h3><div class=\"page-list-ext-item-content\">Dnia 2016-12-13  o godzinie 13:15  w sali 2011  odb\u0119dzie si\u0119 seminarium, na kt\u00f3rym prof. Vitalii Zablotskii z Department of Optical and Biophysical Systems, Institute of Physics AS CR, Prague, Czech Republic, wyg\u0142osi referat pt:\r\nLiving Cell Fate in ...<\/div><\/div>\n<div class=\"page-list-ext-item\"><div class=\"page-list-ext-image\"><a href=\"https:\/\/physics.uwb.edu.pl\/wf\/?page_id=3881\" title=\"Spin\u00a0Dynamics in Inhomogeneously Magnetized Systems\"><img decoding=\"async\" src=\"https:\/\/physics.uwb.edu.pl\/wf\/wp-content\/uploads\/2016\/10\/seminar-150x62.png\" width=\"150\" alt=\"Spin\u00a0Dynamics in Inhomogeneously Magnetized Systems\" \/><\/a><\/div> <h3 class=\"page-list-ext-title\"><a href=\"https:\/\/physics.uwb.edu.pl\/wf\/?page_id=3881\" title=\"Spin\u00a0Dynamics in Inhomogeneously Magnetized Systems\">Spin\u00a0Dynamics in Inhomogeneously Magnetized Systems<\/a><\/h3><div class=\"page-list-ext-item-content\">Dnia 2016-12-06  o godzinie 13:15  w sali 2011  odb\u0119dzie si\u0119 seminarium, na kt\u00f3rym prof. Teruo Ono z Kyoto University, Japan, wyg\u0142osi referat pt:\r\nSpin Dynamics in Inhomogeneously Magnetized Systems   \r\nWorldwide efforts are underway to create revolutionary and...<\/div><\/div>\n<div class=\"page-list-ext-item\"><div class=\"page-list-ext-image\"><a href=\"https:\/\/physics.uwb.edu.pl\/wf\/?page_id=3835\" title=\"Thermal solitons as revealed by static structure factor\"><img decoding=\"async\" src=\"https:\/\/physics.uwb.edu.pl\/wf\/wp-content\/uploads\/2016\/10\/seminar-150x62.png\" width=\"150\" alt=\"Thermal solitons as revealed by static structure factor\" \/><\/a><\/div> <h3 class=\"page-list-ext-title\"><a href=\"https:\/\/physics.uwb.edu.pl\/wf\/?page_id=3835\" title=\"Thermal solitons as revealed by static structure factor\">Thermal solitons as revealed by static structure factor<\/a><\/h3><div class=\"page-list-ext-item-content\">Dnia 2016-11-29  o godzinie 12:15  w sali 2011  odb\u0119dzie si\u0119 seminarium, na kt\u00f3rym dr Krzysztof Gawryluk wyg\u0142osi referat pt:\r\nThermal solitons as revealed by static structure factor   \r\nWe study, within a framework of the classical fields approximation, the...<\/div><\/div>\n<div class=\"page-list-ext-item\"><div class=\"page-list-ext-image\"><a href=\"https:\/\/physics.uwb.edu.pl\/wf\/?page_id=3823\" title=\"Kondo-like behaviour and GMR effect in granular Co-Cu  microwires\"><img decoding=\"async\" src=\"https:\/\/physics.uwb.edu.pl\/wf\/wp-content\/uploads\/2016\/10\/seminar-150x62.png\" width=\"150\" alt=\"Kondo-like behaviour and GMR effect in granular Co-Cu  microwires\" \/><\/a><\/div> <h3 class=\"page-list-ext-title\"><a href=\"https:\/\/physics.uwb.edu.pl\/wf\/?page_id=3823\" title=\"Kondo-like behaviour and GMR effect in granular Co-Cu  microwires\">Kondo-like behaviour and GMR effect in granular Co-Cu  microwires<\/a><\/h3><div class=\"page-list-ext-item-content\">Dnia 2016-11-23  o godzinie 14:15  w sali 1032  odb\u0119dzie si\u0119 seminarium, na kt\u00f3rym&nbsp;prof. dr Arkady Zhukov z University of Basque Country, San Sebastian, Spain wyg\u0142osi referat pt:\r\nKondo-like behaviour and GMR effect in granular Co-Cu microwires   \r...<\/div><\/div>\n<div class=\"page-list-ext-item\"><div class=\"page-list-ext-image\"><a href=\"https:\/\/physics.uwb.edu.pl\/wf\/?page_id=3702\" title=\"Dynamika materii skondensowanej z wykorzystaniem relaksometrii Magnetycznego Rezonansu J\u0105drowego\"><img decoding=\"async\" src=\"https:\/\/physics.uwb.edu.pl\/wf\/wp-content\/uploads\/2016\/10\/seminar-150x62.png\" width=\"150\" alt=\"Dynamika materii skondensowanej z wykorzystaniem relaksometrii Magnetycznego Rezonansu J\u0105drowego\" \/><\/a><\/div> <h3 class=\"page-list-ext-title\"><a href=\"https:\/\/physics.uwb.edu.pl\/wf\/?page_id=3702\" title=\"Dynamika materii skondensowanej z wykorzystaniem relaksometrii Magnetycznego Rezonansu J\u0105drowego\">Dynamika materii skondensowanej z wykorzystaniem relaksometrii Magnetycznego Rezonansu J\u0105drowego<\/a><\/h3><div class=\"page-list-ext-item-content\">Dnia 2016-11-15  o godzinie 13:15  w sali 2011  odb\u0119dzie si\u0119 seminarium, na kt\u00f3rym&nbsp; dr hab. Danuta Kruk, prof. UWM z Wydzia\u0142u Matematyki i Informatyki Uniwersytetu Warmi\u0144sko-Mazurskiego w Olsztynie, wyg\u0142osi referat pt:\r\nDynamika materii skondensowanej z wyk...<\/div><\/div>\n<div class=\"page-list-ext-item\"><div class=\"page-list-ext-image\"><a href=\"https:\/\/physics.uwb.edu.pl\/wf\/?page_id=3588\" title=\"Ultraszybkie nietermiczne prze\u0142\u0105czenie magnetyzacji w dielektryku YIG:Co\"><img decoding=\"async\" src=\"https:\/\/physics.uwb.edu.pl\/wf\/wp-content\/uploads\/2016\/10\/seminar-150x62.png\" width=\"150\" alt=\"Ultraszybkie nietermiczne prze\u0142\u0105czenie magnetyzacji w dielektryku YIG:Co\" \/><\/a><\/div> <h3 class=\"page-list-ext-title\"><a href=\"https:\/\/physics.uwb.edu.pl\/wf\/?page_id=3588\" title=\"Ultraszybkie nietermiczne prze\u0142\u0105czenie magnetyzacji w dielektryku YIG:Co\">Ultraszybkie nietermiczne prze\u0142\u0105czenie magnetyzacji w dielektryku YIG:Co<\/a><\/h3><div class=\"page-list-ext-item-content\">Dnia 2016-11-08  o godzinie 13:15  w sali 2011  odb\u0119dzie si\u0119 seminarium, na kt\u00f3rym\u00a0 mgr Krzysztof Szerenos wyg\u0142osi referat pt:\r\nUltraszybkie nietermiczne prze\u0142\u0105czenie magnetyzacji w dielektryku YIG:Co   \r\nW ostatnich latach s\u0105 prowadzone intensywnie poszuki...<\/div><\/div>\n<div class=\"page-list-ext-item\"><div class=\"page-list-ext-image\"><a href=\"https:\/\/physics.uwb.edu.pl\/wf\/?page_id=3543\" title=\"O konsekwencjach systemu finansowania polskiego szkolnictwa wy\u017cszego\"><img decoding=\"async\" src=\"https:\/\/physics.uwb.edu.pl\/wf\/wp-content\/uploads\/2016\/10\/seminar-150x62.png\" width=\"150\" alt=\"O konsekwencjach systemu finansowania polskiego szkolnictwa wy\u017cszego\" \/><\/a><\/div> <h3 class=\"page-list-ext-title\"><a href=\"https:\/\/physics.uwb.edu.pl\/wf\/?page_id=3543\" title=\"O konsekwencjach systemu finansowania polskiego szkolnictwa wy\u017cszego\">O konsekwencjach systemu finansowania polskiego szkolnictwa wy\u017cszego<\/a><\/h3><div class=\"page-list-ext-item-content\">Dnia 2016-10-25  o godzinie 12:15  w sali 2011  odb\u0119dzie si\u0119 seminarium, na kt\u00f3rym\u00a0 prof. dr hab. Jan L. Cie\u015bli\u0144ski wyg\u0142osi referat pt:\r\nO konsekwencjach systemu finansowania\r\npolskiego szkolnictwa wy\u017cszego   \r\nPrzedstawiony zostanie obecny algorytm podzia\u0142...<\/div><\/div>\n<div class=\"page-list-ext-item\"><div class=\"page-list-ext-image\"><a href=\"https:\/\/physics.uwb.edu.pl\/wf\/?page_id=3541\" title=\"Wp\u0142yw struktury na w\u0142asno\u015bci magnetyczne matryc kropek i antykropek z prostopad\u0142\u0105 anizotropi\u0105 magnetyczn\u0105\"><img decoding=\"async\" src=\"https:\/\/physics.uwb.edu.pl\/wf\/wp-content\/uploads\/2016\/10\/seminar-150x62.png\" width=\"150\" alt=\"Wp\u0142yw struktury na w\u0142asno\u015bci magnetyczne matryc kropek i antykropek z prostopad\u0142\u0105 anizotropi\u0105 magnetyczn\u0105\" \/><\/a><\/div> <h3 class=\"page-list-ext-title\"><a href=\"https:\/\/physics.uwb.edu.pl\/wf\/?page_id=3541\" title=\"Wp\u0142yw struktury na w\u0142asno\u015bci magnetyczne matryc kropek i antykropek z prostopad\u0142\u0105 anizotropi\u0105 magnetyczn\u0105\">Wp\u0142yw struktury na w\u0142asno\u015bci magnetyczne matryc kropek i antykropek z prostopad\u0142\u0105 anizotropi\u0105 magnetyczn\u0105<\/a><\/h3><div class=\"page-list-ext-item-content\">Dnia 2016-10-25  o godzinie 14:15  w sali 2011  odb\u0119dzie si\u0119 seminarium, na kt\u00f3rym dr in\u017c. Micha\u0142 Krupi\u0144ski z Instytutu Fizyki J\u0105drowej PAN w Krakowie wyg\u0142osi referat pt:\r\nWp\u0142yw struktury na w\u0142asno\u015bci magnetyczne matryc kropek i antykropek z prostopa...<\/div><\/div>\n<div class=\"page-list-ext-item\"><div class=\"page-list-ext-image\"><a href=\"https:\/\/physics.uwb.edu.pl\/wf\/?page_id=3455\" title=\"Lorentz symmetry breaking and self-interaction within novel light front quantization procedure\"><img decoding=\"async\" src=\"https:\/\/physics.uwb.edu.pl\/wf\/wp-content\/uploads\/2016\/10\/seminar-150x62.png\" width=\"150\" alt=\"Lorentz symmetry breaking and self-interaction within novel light front quantization procedure\" \/><\/a><\/div> <h3 class=\"page-list-ext-title\"><a href=\"https:\/\/physics.uwb.edu.pl\/wf\/?page_id=3455\" title=\"Lorentz symmetry breaking and self-interaction within novel light front quantization procedure\">Lorentz symmetry breaking and self-interaction within novel light front quantization procedure<\/a><\/h3><div class=\"page-list-ext-item-content\">Dnia 2016-10-18  o godzinie 12:15  w sali 2011  odb\u0119dzie si\u0119 seminarium, na kt\u00f3rym dr hab. Jerzy Przeszowski wyg\u0142osi referat pt:\r\nLorentz symmetry breaking and self-interaction within novel light front\r\nquantization procedure  \r\nNowa procedura kwantowania na ...<\/div><\/div>\n<div class=\"page-list-ext-item\"><div class=\"page-list-ext-image\"><a href=\"https:\/\/physics.uwb.edu.pl\/wf\/?page_id=3361\" title=\"Virtual and remote laboratories as a mean to provide experimentation activities in distance and blended learning scenarios\"><img decoding=\"async\" src=\"https:\/\/physics.uwb.edu.pl\/wf\/wp-content\/uploads\/2016\/10\/seminar-150x62.png\" width=\"150\" alt=\"Virtual and remote laboratories as a mean to provide experimentation activities in distance and blended learning scenarios\" \/><\/a><\/div> <h3 class=\"page-list-ext-title\"><a href=\"https:\/\/physics.uwb.edu.pl\/wf\/?page_id=3361\" title=\"Virtual and remote laboratories as a mean to provide experimentation activities in distance and blended learning scenarios\">Virtual and remote laboratories as a mean to provide experimentation activities in distance and blended learning scenarios<\/a><\/h3><div class=\"page-list-ext-item-content\">Dnia 2016-10-11  o godzinie 12:15  w sali 2011  odb\u0119dzie si\u0119 seminarium, na kt\u00f3rym dr\u00a0Luis de la Torre Cubillo z National Distance Education University (UNED), Madrid, Spain wyg\u0142osi referat pt:\r\nVirtual and remote laboratories as a mean to provide expe...<\/div><\/div>\n<div class=\"page-list-ext-item\"><div class=\"page-list-ext-image\"><a href=\"https:\/\/physics.uwb.edu.pl\/wf\/?page_id=3188\" title=\"X-ray absorption spectroscopy at SAGA-LS and its applications for materials science\"><img decoding=\"async\" src=\"https:\/\/physics.uwb.edu.pl\/wf\/wp-content\/uploads\/2016\/10\/seminar-150x62.png\" width=\"150\" alt=\"X-ray absorption spectroscopy at SAGA-LS and its applications for materials science\" \/><\/a><\/div> <h3 class=\"page-list-ext-title\"><a href=\"https:\/\/physics.uwb.edu.pl\/wf\/?page_id=3188\" title=\"X-ray absorption spectroscopy at SAGA-LS and its applications for materials science\">X-ray absorption spectroscopy at SAGA-LS and its applications for materials science<\/a><\/h3><div class=\"page-list-ext-item-content\">Dnia 2016-09-27  o godzinie 14:15  w sali 2011  odb\u0119dzie si\u0119 seminarium, na kt\u00f3rym dr\u00a0Toshihiro Okajima z Kyushu Synchrotron Light Research Center, Tosu, Saga 841-0005, Japan (SAGA-LS, Saga Light Source) wyg\u0142osi referat pt:\r\nX-ray absorption spectroscopy at S...<\/div><\/div>\n<div class=\"page-list-ext-item\"><div class=\"page-list-ext-image\"><a href=\"https:\/\/physics.uwb.edu.pl\/wf\/?page_id=2864\" title=\"Intryguj\u0105ce materia\u0142y na bazie skutterudytu\"><img decoding=\"async\" src=\"https:\/\/physics.uwb.edu.pl\/wf\/wp-content\/uploads\/2016\/03\/seminaria-150x50.png\" width=\"150\" alt=\"Intryguj\u0105ce materia\u0142y na bazie skutterudytu\" \/><\/a><\/div> <h3 class=\"page-list-ext-title\"><a href=\"https:\/\/physics.uwb.edu.pl\/wf\/?page_id=2864\" title=\"Intryguj\u0105ce materia\u0142y na bazie skutterudytu\">Intryguj\u0105ce materia\u0142y na bazie skutterudytu<\/a><\/h3><div class=\"page-list-ext-item-content\">Dnia 2016-05-31  o godzinie 12:15  w sali 2011  odb\u0119dzie si\u0119 seminarium, na kt\u00f3rym prof. dr hab. Andrzej \u015alebarski z Instytutu Fizyki Uniwersytetu \u015al\u0105skiego w Katowicach wyg\u0142osi wyk\u0142ad pt:\r\nIntryguj\u0105ce materia\u0142y na bazie skutterudytu; r\u00f3\u017cne zastosowani...<\/div><\/div>\n<div class=\"page-list-ext-item\"><div class=\"page-list-ext-image\"><a href=\"https:\/\/physics.uwb.edu.pl\/wf\/?page_id=2252\" title=\"Excitation and guiding of propagating spin waves in media with graded magnonic index\"><img decoding=\"async\" src=\"https:\/\/physics.uwb.edu.pl\/wf\/wp-content\/uploads\/2016\/03\/seminaria-150x50.png\" width=\"150\" alt=\"Excitation and guiding of propagating spin waves in media with graded magnonic index\" \/><\/a><\/div> <h3 class=\"page-list-ext-title\"><a href=\"https:\/\/physics.uwb.edu.pl\/wf\/?page_id=2252\" title=\"Excitation and guiding of propagating spin waves in media with graded magnonic index\">Excitation and guiding of propagating spin waves in media with graded magnonic index<\/a><\/h3><div class=\"page-list-ext-item-content\">Dnia 2016-04-19  o godzinie 12:15  w sali 2011  odb\u0119dzie si\u0119 seminarium, na kt\u00f3rym prof. dr\u00a0V. V. Kruglyak z Physics and Astronomy, University of Exeter, Exeter, United Kingdom, wyg\u0142osi referat pt:\r\nExcitation and guiding of propagating spin waves in m...<\/div><\/div>\n<div class=\"page-list-ext-item\"><div class=\"page-list-ext-image\"><a href=\"https:\/\/physics.uwb.edu.pl\/wf\/?page_id=1189\" title=\"Pierwsza bezpo\u015brednia detekcja fal grawitacyjnych z uk\u0142adu dw\u00f3ch zlewaj\u0105cych si\u0119 czarnych dziur\"><img decoding=\"async\" src=\"https:\/\/physics.uwb.edu.pl\/wf\/wp-content\/uploads\/2016\/03\/seminaria-150x50.png\" width=\"150\" alt=\"Pierwsza bezpo\u015brednia detekcja fal grawitacyjnych z uk\u0142adu dw\u00f3ch zlewaj\u0105cych si\u0119 czarnych dziur\" \/><\/a><\/div> <h3 class=\"page-list-ext-title\"><a href=\"https:\/\/physics.uwb.edu.pl\/wf\/?page_id=1189\" title=\"Pierwsza bezpo\u015brednia detekcja fal grawitacyjnych z uk\u0142adu dw\u00f3ch zlewaj\u0105cych si\u0119 czarnych dziur\">Pierwsza bezpo\u015brednia detekcja fal grawitacyjnych z uk\u0142adu dw\u00f3ch zlewaj\u0105cych si\u0119 czarnych dziur<\/a><\/h3><div class=\"page-list-ext-item-content\">Dnia 2016-03-22  o godzinie 12:15  w sali 2011  odb\u0119dzie si\u0119 seminarium, na kt\u00f3rym prof. dr hab. Piotr Jaranowski wyg\u0142osi referat pt:\r\nPierwsza bezpo\u015brednia detekcja fal grawitacyjnych z uk\u0142adu dw\u00f3ch zlewaj\u0105cych si\u0119 czarnych dziur  \r\nW dniu 14 wrze\u015bnia...<\/div><\/div>\n\n<\/div>\n","protected":false},"excerpt":{"rendered":"<p>Seminaria Wydzia\u0142u Fizyki<\/p>\n","protected":false},"author":2,"featured_media":1282,"parent":430,"menu_order":0,"comment_status":"closed","ping_status":"closed","template":"","meta":{"ngg_post_thumbnail":0,"Layout":"","footnotes":""},"categories":[42],"tags":[],"class_list":["entry","author-dobrog","post-822","page","type-page","status-publish","has-post-thumbnail","category-nauka_pl"],"jetpack_sharing_enabled":true,"jetpack_shortlink":"https:\/\/wp.me\/P7nvcn-dg","_links":{"self":[{"href":"https:\/\/physics.uwb.edu.pl\/wf\/index.php?rest_route=\/wp\/v2\/pages\/822","targetHints":{"allow":["GET"]}}],"collection":[{"href":"https:\/\/physics.uwb.edu.pl\/wf\/index.php?rest_route=\/wp\/v2\/pages"}],"about":[{"href":"https:\/\/physics.uwb.edu.pl\/wf\/index.php?rest_route=\/wp\/v2\/types\/page"}],"author":[{"embeddable":true,"href":"https:\/\/physics.uwb.edu.pl\/wf\/index.php?rest_route=\/wp\/v2\/users\/2"}],"replies":[{"embeddable":true,"href":"https:\/\/physics.uwb.edu.pl\/wf\/index.php?rest_route=%2Fwp%2Fv2%2Fcomments&post=822"}],"version-history":[{"count":29,"href":"https:\/\/physics.uwb.edu.pl\/wf\/index.php?rest_route=\/wp\/v2\/pages\/822\/revisions"}],"predecessor-version":[{"id":10592,"href":"https:\/\/physics.uwb.edu.pl\/wf\/index.php?rest_route=\/wp\/v2\/pages\/822\/revisions\/10592"}],"up":[{"embeddable":true,"href":"https:\/\/physics.uwb.edu.pl\/wf\/index.php?rest_route=\/wp\/v2\/pages\/430"}],"wp:featuredmedia":[{"embeddable":true,"href":"https:\/\/physics.uwb.edu.pl\/wf\/index.php?rest_route=\/wp\/v2\/media\/1282"}],"wp:attachment":[{"href":"https:\/\/physics.uwb.edu.pl\/wf\/index.php?rest_route=%2Fwp%2Fv2%2Fmedia&parent=822"}],"wp:term":[{"taxonomy":"category","embeddable":true,"href":"https:\/\/physics.uwb.edu.pl\/wf\/index.php?rest_route=%2Fwp%2Fv2%2Fcategories&post=822"},{"taxonomy":"post_tag","embeddable":true,"href":"https:\/\/physics.uwb.edu.pl\/wf\/index.php?rest_route=%2Fwp%2Fv2%2Ftags&post=822"}],"curies":[{"name":"wp","href":"https:\/\/api.w.org\/{rel}","templated":true}]}}