{"id":9616,"date":"2019-04-05T10:52:31","date_gmt":"2019-04-05T08:52:31","guid":{"rendered":"http:\/\/physics.uwb.edu.pl\/wf\/?page_id=9616"},"modified":"2019-04-05T10:52:31","modified_gmt":"2019-04-05T08:52:31","slug":"wyklad-ptf-promieniowanie-jonizujace-jest-cool-2-3-2-2-2-2-2-2","status":"publish","type":"page","link":"https:\/\/physics.uwb.edu.pl\/wf\/?page_id=9616","title":{"rendered":"Wyk\u0142ady PTF: Kszta\u0142t Wszech\u015bwiata"},"content":{"rendered":"<p><em><strong>Wyk\u0142ady PTF o\/Bia\u0142ystok &#8211; zapowiedzi<\/strong><\/em><\/p>\n<p style=\"text-align: center\">W sobot\u0119 13 kwietnia 2019 roku o godz. 11.00<br \/>\nw sali 2011 Wydzia\u0142u Fizyki przy ul. Konstantego Cio\u0142kowskiego 1L<br \/>\n<strong>Dr Stanis\u0142aw Bajtlik<\/strong><br \/>\nz <em>Centrum Astronomicznego im. Miko\u0142aja Kopernika, PAN, Warszawa<\/em><br \/>\nwyg\u0142osi wyk\u0142ad pt.<br \/>\n<strong>Kszta\u0142t Wszech\u015bwiata<\/strong><\/p>\n<p><strong>\u00a0<\/strong><\/p>\n<p style=\"text-align: justify\">Og\u00f3lna teoria wzgl\u0119dno\u015bci powi\u0105za\u0142a przestrze\u0144 z czasem, w czterowymiarow\u0105 czasoprzestrze\u0144, a materi\u0119 z metrycznymi w\u0142asno\u015bciami czasoprzestrzeni. Metryczne w\u0142asno\u015bci to takie, kt\u00f3re m\u00f3wi\u0105 np. jak wyznacza\u0107 odleg\u0142o\u015bci, ile wynosi suma k\u0105t\u00f3w w tr\u00f3jk\u0105tach i jak si\u0119 ma obw\u00f3d okr\u0119gu do jego \u015brednicy. Czasoprzestrze\u0144 mo\u017ce by\u0107 zakrzywiona, a jej geometria r\u00f3\u017cna od euklidesowej. Powstaje pytanie jaka jest krzywizna realnej czasoprzestrzeni. Obserwacje astronomiczne wskazuj\u0105, \u017ce Wszech\u015bwiat jest albo euklidesowy, albo bardzo bliski euklidesowego. To nie rozstrzyga jaki jest \u201ekszta\u0142t\u201d Wszech\u015bwiata.<br \/>\nEuklidesowe przestrzenie mog\u0105 mie\u0107 r\u00f3\u017cne topologie (m\u00f3wi\u0105c nie\u015bci\u015ble \u201ekszta\u0142ty\u201d). Wszech\u015bwiat o nietrywialnej topologii m\u00f3g\u0142by mie\u0107 zaskakuj\u0105ce w\u0142asno\u015bci, a bli\u017aniacy, z \u201eparadoksu bli\u017ani\u0105t\u201d byliby jeszcze bardziej paradoksalni. Jak si\u0119 przekona\u0107 o tym jaki jest \u201ekszta\u0142t\u201d Wszech\u015bwiata?<\/p>\n<p style=\"text-align: justify\"><em>Dr Stanis\u0142aw Bajtlik zajmuje si\u0119 kosmologi\u0105 i popularyzacj\u0105 nauki. Jest autorem kilkudziesi\u0119ciu prac <\/em><em>naukowych i kilkuset artyku\u0142\u00f3w, program\u00f3w radiowych i audycji telewizyjnych o charakterze <\/em><em>popularnonaukowym oraz ksi\u0105\u017cki \u201eKosmiczny alfabet\u201d. Artyku\u0142y popularne publikowa\u0142 m.in. w \u015awiecie <\/em><em>Nauki, Spectrum der Wissenschaft, Wiedzy i \u017byciu, Polityce, Gazecie Wyborczej, Post\u0119pach Fizyki, M\u0142odym <\/em><em>Techniku, Post\u0119pach Astronomii, Akademii Tygodniku Powszechnym. By\u0142 autorem ca\u0142orocznego, codziennego <\/em><em>cyklu audycji nadawanych w 2000 roku przez Polskie Radio Bis \u201eKosmiczne zwi\u0105zki\u201d. Wraz z Arkadiuszem <\/em><em>Or\u0142owskim prowadzi\u0142 w latach 2005-2007 program popularnonaukowy w TVP1 \u201eSymulator faktu\u201d. Jest <\/em><em>cz\u0142onkiem Rady Programowej Warszawskiego Festiwalu Nauki.<\/em><\/p>\n<p>Wszystkie osoby zainteresowane serdecznie zapraszamy!<br \/>\nZarz\u0105d OB PTF<\/p>\n","protected":false},"excerpt":{"rendered":"<p>Wyk\u0142ady PTF o\/Bia\u0142ystok &#8211; zapowiedzi W sobot\u0119 13 kwietnia 2019 roku o godz. 11.00 w sali 2011 Wydzia\u0142u Fizyki przy ul. Konstantego Cio\u0142kowskiego 1L Dr Stanis\u0142aw Bajtlik z Centrum Astronomicznego <a href=\"https:\/\/physics.uwb.edu.pl\/wf\/?page_id=9616\" class=\"more-link\">[&hellip;]<\/a><\/p>\n","protected":false},"author":10,"featured_media":1879,"parent":789,"menu_order":0,"comment_status":"closed","ping_status":"closed","template":"","meta":{"ngg_post_thumbnail":0,"Layout":"","footnotes":""},"categories":[40],"tags":[],"class_list":["entry","author-pzaleski","post-9616","page","type-page","status-publish","has-post-thumbnail","category-ptf_wyklad"],"jetpack_sharing_enabled":true,"jetpack_shortlink":"https:\/\/wp.me\/P7nvcn-2v6","_links":{"self":[{"href":"https:\/\/physics.uwb.edu.pl\/wf\/index.php?rest_route=\/wp\/v2\/pages\/9616","targetHints":{"allow":["GET"]}}],"collection":[{"href":"https:\/\/physics.uwb.edu.pl\/wf\/index.php?rest_route=\/wp\/v2\/pages"}],"about":[{"href":"https:\/\/physics.uwb.edu.pl\/wf\/index.php?rest_route=\/wp\/v2\/types\/page"}],"author":[{"embeddable":true,"href":"https:\/\/physics.uwb.edu.pl\/wf\/index.php?rest_route=\/wp\/v2\/users\/10"}],"replies":[{"embeddable":true,"href":"https:\/\/physics.uwb.edu.pl\/wf\/index.php?rest_route=%2Fwp%2Fv2%2Fcomments&post=9616"}],"version-history":[{"count":1,"href":"https:\/\/physics.uwb.edu.pl\/wf\/index.php?rest_route=\/wp\/v2\/pages\/9616\/revisions"}],"predecessor-version":[{"id":9617,"href":"https:\/\/physics.uwb.edu.pl\/wf\/index.php?rest_route=\/wp\/v2\/pages\/9616\/revisions\/9617"}],"up":[{"embeddable":true,"href":"https:\/\/physics.uwb.edu.pl\/wf\/index.php?rest_route=\/wp\/v2\/pages\/789"}],"wp:featuredmedia":[{"embeddable":true,"href":"https:\/\/physics.uwb.edu.pl\/wf\/index.php?rest_route=\/wp\/v2\/media\/1879"}],"wp:attachment":[{"href":"https:\/\/physics.uwb.edu.pl\/wf\/index.php?rest_route=%2Fwp%2Fv2%2Fmedia&parent=9616"}],"wp:term":[{"taxonomy":"category","embeddable":true,"href":"https:\/\/physics.uwb.edu.pl\/wf\/index.php?rest_route=%2Fwp%2Fv2%2Fcategories&post=9616"},{"taxonomy":"post_tag","embeddable":true,"href":"https:\/\/physics.uwb.edu.pl\/wf\/index.php?rest_route=%2Fwp%2Fv2%2Ftags&post=9616"}],"curies":[{"name":"wp","href":"https:\/\/api.w.org\/{rel}","templated":true}]}}